{"id":2347,"date":"2018-10-18T11:46:30","date_gmt":"2018-10-18T11:46:30","guid":{"rendered":"https:\/\/www.muzeubuzau.ro\/?post_type=event&amp;p=2347"},"modified":"2018-10-18T11:46:30","modified_gmt":"2018-10-18T11:46:30","slug":"milenii-tezaurizate-creatie-si-spiritualitate","status":"publish","type":"event","link":"http:\/\/muzeubuzau.ro\/en\/events\/milenii-tezaurizate-creatie-si-spiritualitate\/","title":{"rendered":"Milenii tezaurizate. Crea\u021bie \u0219i spiritualitate"},"content":{"rendered":"<h3 style=\"text-align: center;\"><strong>Comunicat<\/strong><\/h3>\n<p>[dropcap type=&#8221;secondary&#8221;]Muzeul Jude\u021bean Buz\u0103u, institu\u021bie de cultur\u0103 \u0219i cercetare ce func\u021bioneaz\u0103 sub autoritatea Consiliului Jude\u021bean Buz\u0103u, cu sediul \u00een municipiul Buz\u0103u, bd. \u201dNicolae B\u0103lcescu\u201d, nr. 50, jud. Buz\u0103u, reprezentat legal de c\u0103tre dr. Daniel Costache \u00een calitate de Manager, anun\u021b\u0103 organizarea, \u00een Anul Centenar, a celei de-a XVIII-a edi\u021bii a sesiunii de comunic\u0103ri \u0219tiin\u021bifice <strong><em>Milenii tezaurizate. Crea\u021bie \u0219i spiritualitate<\/em><\/strong><strong>.[\/dropcap]<\/strong><\/p>\n<p>Programul manifest\u0103rii include comunic\u0103ri reunite \u00een cadrul a dou\u0103 sec\u021biuni:<\/p>\n<ol>\n<li><strong>Preistoria Carpa\u0163ilor de Curbur\u0103 \u015fi a zonelor \u00eenvecinate &#8211; cercet\u0103ri recente privind neo-eneoliticul \u0219i epoca bronzului<\/strong><\/li>\n<li><strong>Habitat \u015fi morminte din epoca fierului (sec. XII a. Chr. &#8211; I p. Chr.). Locuirile din a\u0219ez\u0103ri, cet\u0103\u021bi, <em>dave<\/em> \u0219i descoperirile funerare din preajma acestora.<\/strong><\/li>\n<\/ol>\n<p>La aceast\u0103 activitate \u015ftiin\u0163ific\u0103, al\u0103turi de speciali\u015ftii muzeului particip\u0103 invita\u0163i de la mai multe institu\u0163ii de profil din Romania, printre care se afl\u0103: Institutul de Arheologie &#8222;Vasile P\u00e2rvan&#8221;, Bucure\u015fti; Institutul de Arheologie Ia\u015fi; Institutul de Antropologie &#8222;Fr. I. Rainer&#8221;, Bucure\u015fti; Centrul de Cercet\u0103ri Antropologice \u201eOlga Necrasov\u201d, Academia Rom\u00e2n\u0103 &#8211; Filiala Ia\u015fi; Universitatea Bucure\u015fti; Complexul Muzeal Na\u0163ional Curtea Domneasc\u0103, T\u00e2rgovi\u015fte; Muzeul Na\u0163ional al Carpa\u0163ilor R\u0103s\u0103riteni, Sf\u00e2ntu Gheorghe; Muzeul Na\u0163ional de Istorie a Transilvaniei, Cluj Napoca; Muzeul de Istorie \u015fi Arheologie Prahova; Muzeul de Istorie Na\u0163ional\u0103 \u015fi Arheologie, Constan\u0163a; Muzeul Jude\u0163ean Teleorman, Complexul Muzeal &#8222;Iulian Antonescu&#8221;, Bac\u0103u; Muzeul Jude\u0163ean Bra\u015fov. Totodat\u0103, vor fi prezen\u0163i la Buz\u0103u pentru a participa la activitatea men\u0163ionat\u0103 \u015fi colaboratori fideli ai muzeului, reputa\u0163i cercet\u0103tori din Republica Moldova (de la Universitatea de Stat din Moldova, Muzeul Na\u0163ional de Istorie a Moldovei, Institutul de Cercet\u0103ri Bioarheologice \u015fi Etnoculturale, Chi\u015fin\u0103u).<\/p>\n<p>Deschiderea oficial\u0103 a sesiunii \u0219tiin\u021bifice va avea loc joi, 25 octombrie 2018, ora 12.00 \u00een sala Amfiteatru a Muzeului Jude\u021bean Buz\u0103u (B-dul \u201dNicolae B\u0103lcescu\u201d, nr. 50, mun. Buz\u0103u), iar \u00een cadrul \u015fedin\u0163ei de inaugurare vor fi sus\u021binute dou\u0103 prezent\u0103ri care doresc s\u0103 aduc\u0103 \u00een aten\u0163ia unui public mai larg unele teme referitoare la perioada dacic\u0103:<\/p>\n<p>&#8211; Valeriu S\u00eerbu, Diana D\u0103v\u00eenc\u0103, <strong><em>Dacii \u0219i c\u00e2inii: de la \u00eenhum\u0103ri rituale la buc\u0103t\u0103rie<\/em><\/strong><\/p>\n<p>&#8211; Adrian B\u0103l\u0103\u0219escu, <strong><em>Arheozoologia c\u00e2inelui. Cel mai bun prieten al omului, sau o surs\u0103 de hrana a dacilor<\/em><\/strong>.<\/p>\n<p>Comunic\u0103rile \u015ftiin\u0163ifice \u015fi discu\u0163iile circumscrise temelor celor dou\u0103 sec\u0163iuni vor fi prezentate \u00een continuare, \u00een dup\u0103-amiaza zilei de 25 octombrie \u015fi pe tot parcursul zilei urm\u0103toare, \u00een spa\u0163iile amenajate \u00een acest sens \u00een cadrul spa\u0163iului expozi\u0163ional al muzeului. Accesul publicului la lucr\u0103rile sesiunii este liber.<\/p>\n<p>&nbsp;<\/p>\n<p style=\"text-align: center;\">Muzeul Jude\u021bean Buz\u0103u<\/p>\n<p style=\"text-align: center;\">Manager<\/p>\n<p style=\"text-align: center;\">dr. Daniel Costache<\/p>\n","protected":false},"featured_media":2348,"template":"","meta":{"site-sidebar-layout":"default","site-content-layout":"","ast-site-content-layout":"","site-content-style":"default","site-sidebar-style":"default","ast-global-header-display":"","ast-banner-title-visibility":"","ast-main-header-display":"","ast-hfb-above-header-display":"","ast-hfb-below-header-display":"","ast-hfb-mobile-header-display":"","site-post-title":"","ast-breadcrumbs-content":"","ast-featured-img":"","footer-sml-layout":"","theme-transparent-header-meta":"","adv-header-id-meta":"","stick-header-meta":"","header-above-stick-meta":"","header-main-stick-meta":"","header-below-stick-meta":"","astra-migrate-meta-layouts":"default","ast-page-background-enabled":"default","ast-page-background-meta":{"desktop":{"background-color":"var(--ast-global-color-4)","background-image":"","background-repeat":"repeat","background-position":"center center","background-size":"auto","background-attachment":"scroll","background-type":"","background-media":"","overlay-type":"","overlay-color":"","overlay-opacity":"","overlay-gradient":""},"tablet":{"background-color":"","background-image":"","background-repeat":"repeat","background-position":"center center","background-size":"auto","background-attachment":"scroll","background-type":"","background-media":"","overlay-type":"","overlay-color":"","overlay-opacity":"","overlay-gradient":""},"mobile":{"background-color":"","background-image":"","background-repeat":"repeat","background-position":"center center","background-size":"auto","background-attachment":"scroll","background-type":"","background-media":"","overlay-type":"","overlay-color":"","overlay-opacity":"","overlay-gradient":""}},"ast-content-background-meta":{"desktop":{"background-color":"var(--ast-global-color-5)","background-image":"","background-repeat":"repeat","background-position":"center center","background-size":"auto","background-attachment":"scroll","background-type":"","background-media":"","overlay-type":"","overlay-color":"","overlay-opacity":"","overlay-gradient":""},"tablet":{"background-color":"var(--ast-global-color-5)","background-image":"","background-repeat":"repeat","background-position":"center center","background-size":"auto","background-attachment":"scroll","background-type":"","background-media":"","overlay-type":"","overlay-color":"","overlay-opacity":"","overlay-gradient":""},"mobile":{"background-color":"var(--ast-global-color-5)","background-image":"","background-repeat":"repeat","background-position":"center center","background-size":"auto","background-attachment":"scroll","background-type":"","background-media":"","overlay-type":"","overlay-color":"","overlay-opacity":"","overlay-gradient":""}}},"class_list":["post-2347","event","type-event","status-publish","has-post-thumbnail","hentry"],"_links":{"self":[{"href":"http:\/\/muzeubuzau.ro\/en\/wp-json\/wp\/v2\/event\/2347"}],"collection":[{"href":"http:\/\/muzeubuzau.ro\/en\/wp-json\/wp\/v2\/event"}],"about":[{"href":"http:\/\/muzeubuzau.ro\/en\/wp-json\/wp\/v2\/types\/event"}],"wp:featuredmedia":[{"embeddable":true,"href":"http:\/\/muzeubuzau.ro\/en\/wp-json\/wp\/v2\/media\/2348"}],"wp:attachment":[{"href":"http:\/\/muzeubuzau.ro\/en\/wp-json\/wp\/v2\/media?parent=2347"}],"curies":[{"name":"wp","href":"https:\/\/api.w.org\/{rel}","templated":true}]}}