{"id":4611,"date":"2021-11-22T12:35:19","date_gmt":"2021-11-22T12:35:19","guid":{"rendered":"https:\/\/www.muzeubuzau.ro\/?post_type=event&amp;p=4611"},"modified":"2021-11-22T12:35:19","modified_gmt":"2021-11-22T12:35:19","slug":"expozitia-razboiul-din-afganistan-vazut-prin-obiectivul-foto-al-militarilor-romani-2001-2021","status":"publish","type":"event","link":"http:\/\/muzeubuzau.ro\/en\/events\/expozitia-razboiul-din-afganistan-vazut-prin-obiectivul-foto-al-militarilor-romani-2001-2021\/","title":{"rendered":"Expozi\u021bia \u201eR\u0103zboiul din Afganistan v\u0103zut prin obiectivul foto  al militarilor rom\u00e2ni 2001-2021\u201d"},"content":{"rendered":"<div id=\"pl-4611\"  class=\"panel-layout\" >\n<div id=\"pg-4611-0\"  class=\"panel-grid panel-no-style\"  data-ratio=\"1\"  data-ratio-direction=\"right\" >\n<div id=\"pgc-4611-0-0\"  class=\"panel-grid-cell\"  data-weight=\"1\" >\n<div id=\"panel-4611-0-0-0\" class=\"so-panel widget widget_sow-editor panel-first-child panel-last-child\" data-index=\"0\" data-style=\"{&quot;background_image_attachment&quot;:false,&quot;background_display&quot;:&quot;tile&quot;}\" >\n<div class=\"so-widget-sow-editor so-widget-sow-editor-base\">\n<div class=\"siteorigin-widget-tinymce textwidget\">\n<p>&nbsp;<\/p>\n<p><strong>Muzeul Jude\u021bean Buz\u0103u<\/strong>, institu\u021bie de cultur\u0103 \u0219i cercetare ce func\u021bioneaz\u0103 sub autoritatea <strong>Consiliului Jude\u021bean Buz\u0103u<\/strong>, cu sediul \u00een mun. Buz\u0103u, Aleea Castanilor, nr. 1, anun\u021b\u0103 deschiderea expozi\u021biei \u201e<strong>R\u0103zboiul din Afganistan v\u0103zut prin obiectivul foto al militarilor rom\u00e2ni 2001-2021<\/strong>\u201d, organizat\u0103 \u00een parteneriat cu <strong>Divizia 2 Infanterie \u201eGetica\u201d \u0219i Inspectoratul Jude\u021bean de Jandarmi Buz\u0103u<\/strong>.<\/p>\n<p>&nbsp;<\/p>\n<p>Publicul va avea prilejul s\u0103 admire o serie de fotografii inedite care ilustreaz\u0103 participarea contingentelor militare rom\u00e2ne\u0219ti \u00een misiuni interna\u021bionale desf\u0103\u0219urate \u00een Afganistan. Sunt redate, astfel, aspecte edificatoare privind experien\u021be personale \u0219i de grup, momente de conflict, de relaxare, fotografii aeriene, de la sol, sau imagini cu autohtoni, impresion\u00e2nd imaginile cu cei mai inocen\u021bi dintre ace\u0219tia, copiii, victime ale r\u0103zboiului.<\/p>\n<p>&nbsp;<\/p>\n<p>Proiectul expozi\u021bional este integrat \u00een expozi\u021bia \u201c<strong>Armata rom\u00e2n\u0103 \u00een R\u0103zboiul cel Mare 1916-1918<\/strong>\u201d, realizat\u0103 \u00een colaborare cu <strong>Muzeul Militar Na\u021bional \u201eRegele Ferdinand I\u201d<\/strong>, demersul muzeistic urm\u0103rind s\u0103 creeze un arc peste timp, aduc\u00e2nd \u00een aten\u021bia publicului, \u00een primul r\u00e2nd, contribu\u021bia uman\u0103 a Rom\u00e2niei la efortul de r\u0103zboi. Sunt prezentate \u00een oglind\u0103 diverse aspecte ale ac\u021biunilor militare din Marele R\u0103zboi \u0219i ale R\u0103zboiului din Afganistan, \u00een condi\u021bii diferite de tehnic\u0103 militar\u0103, ordin geopolitic, de relief \u0219i de clim\u0103.<\/p>\n<p>&nbsp;<\/p>\n<p>Vernisajul expozi\u021biei \u201eR\u0103zboiul din Afganistan v\u0103zut prin obiectivul foto al militarilor rom\u00e2ni 2001-2021\u201d va avea loc <strong>luni, 29 noiembrie, \u00eencep\u00e2nd cu ora 11:00<\/strong>, la sediul Muzeului Jude\u021bean Buz\u0103u.<\/p>\n<p>&nbsp;<\/p>\n<p>Intrarea este liber\u0103, \u00een ziua evenimentului, \u00eens\u0103 accesul este permis cu respectarea normelor actuale.<\/p>\n<p>&nbsp;<\/p>\n<p>V\u0103 a\u0219tept\u0103m la muzeu!<\/p>\n<h4 style=\"text-align: center;\"><strong>Manager<\/strong><\/h4>\n<h4 style=\"text-align: center;\"><strong>dr. Daniel Costache<\/strong><\/h4>\n<\/div>\n<\/div>\n<\/div>\n<\/div>\n<\/div>\n<\/div>\n","protected":false},"featured_media":4612,"template":"","meta":{"site-sidebar-layout":"default","site-content-layout":"","ast-site-content-layout":"","site-content-style":"default","site-sidebar-style":"default","ast-global-header-display":"","ast-banner-title-visibility":"","ast-main-header-display":"","ast-hfb-above-header-display":"","ast-hfb-below-header-display":"","ast-hfb-mobile-header-display":"","site-post-title":"","ast-breadcrumbs-content":"","ast-featured-img":"","footer-sml-layout":"","theme-transparent-header-meta":"","adv-header-id-meta":"","stick-header-meta":"","header-above-stick-meta":"","header-main-stick-meta":"","header-below-stick-meta":"","astra-migrate-meta-layouts":"default","ast-page-background-enabled":"default","ast-page-background-meta":{"desktop":{"background-color":"var(--ast-global-color-4)","background-image":"","background-repeat":"repeat","background-position":"center center","background-size":"auto","background-attachment":"scroll","background-type":"","background-media":"","overlay-type":"","overlay-color":"","overlay-opacity":"","overlay-gradient":""},"tablet":{"background-color":"","background-image":"","background-repeat":"repeat","background-position":"center center","background-size":"auto","background-attachment":"scroll","background-type":"","background-media":"","overlay-type":"","overlay-color":"","overlay-opacity":"","overlay-gradient":""},"mobile":{"background-color":"","background-image":"","background-repeat":"repeat","background-position":"center center","background-size":"auto","background-attachment":"scroll","background-type":"","background-media":"","overlay-type":"","overlay-color":"","overlay-opacity":"","overlay-gradient":""}},"ast-content-background-meta":{"desktop":{"background-color":"var(--ast-global-color-5)","background-image":"","background-repeat":"repeat","background-position":"center center","background-size":"auto","background-attachment":"scroll","background-type":"","background-media":"","overlay-type":"","overlay-color":"","overlay-opacity":"","overlay-gradient":""},"tablet":{"background-color":"var(--ast-global-color-5)","background-image":"","background-repeat":"repeat","background-position":"center center","background-size":"auto","background-attachment":"scroll","background-type":"","background-media":"","overlay-type":"","overlay-color":"","overlay-opacity":"","overlay-gradient":""},"mobile":{"background-color":"var(--ast-global-color-5)","background-image":"","background-repeat":"repeat","background-position":"center center","background-size":"auto","background-attachment":"scroll","background-type":"","background-media":"","overlay-type":"","overlay-color":"","overlay-opacity":"","overlay-gradient":""}}},"class_list":["post-4611","event","type-event","status-publish","has-post-thumbnail","hentry"],"_links":{"self":[{"href":"http:\/\/muzeubuzau.ro\/en\/wp-json\/wp\/v2\/event\/4611"}],"collection":[{"href":"http:\/\/muzeubuzau.ro\/en\/wp-json\/wp\/v2\/event"}],"about":[{"href":"http:\/\/muzeubuzau.ro\/en\/wp-json\/wp\/v2\/types\/event"}],"wp:featuredmedia":[{"embeddable":true,"href":"http:\/\/muzeubuzau.ro\/en\/wp-json\/wp\/v2\/media\/4612"}],"wp:attachment":[{"href":"http:\/\/muzeubuzau.ro\/en\/wp-json\/wp\/v2\/media?parent=4611"}],"curies":[{"name":"wp","href":"https:\/\/api.w.org\/{rel}","templated":true}]}}