{"id":5494,"date":"2023-01-09T10:27:49","date_gmt":"2023-01-09T10:27:49","guid":{"rendered":"https:\/\/www.muzeubuzau.ro\/?post_type=event&amp;p=5494"},"modified":"2023-01-09T10:27:49","modified_gmt":"2023-01-09T10:27:49","slug":"ziua-culturii-nationale-la-muzeul-judetean-buzau","status":"publish","type":"event","link":"http:\/\/muzeubuzau.ro\/en\/events\/ziua-culturii-nationale-la-muzeul-judetean-buzau\/","title":{"rendered":"Ziua Culturii Na\u021bionale la Muzeul Jude\u021bean Buz\u0103u"},"content":{"rendered":"<div id=\"pl-5494\"  class=\"panel-layout\" >\n<div id=\"pg-5494-0\"  class=\"panel-grid panel-no-style\"  data-style=\"{&quot;background_image_attachment&quot;:false,&quot;background_display&quot;:&quot;tile&quot;,&quot;cell_alignment&quot;:&quot;flex-start&quot;}\"  data-ratio=\"1\"  data-ratio-direction=\"right\" >\n<div id=\"pgc-5494-0-0\"  class=\"panel-grid-cell panel-grid-cell-empty\"  data-weight=\"0.049828178694158\" ><\/div>\n<div id=\"pgc-5494-0-1\"  class=\"panel-grid-cell panel-grid-cell-mobile-last\"  data-weight=\"0.90034364261168\" >\n<div id=\"panel-5494-0-1-0\" class=\"so-panel widget widget_sow-editor panel-first-child panel-last-child\" data-index=\"0\" data-style=\"{&quot;background_image_attachment&quot;:false,&quot;background_display&quot;:&quot;tile&quot;}\" >\n<div class=\"so-widget-sow-editor so-widget-sow-editor-base\">\n<div class=\"siteorigin-widget-tinymce textwidget\">\n<h2 style=\"text-align: center;\"><strong>Comunicat de pres\u0103<\/strong><\/h2>\n<p><strong>Muzeul Jude\u021bean Buz\u0103u<\/strong>, institu\u021bie de cultur\u0103, art\u0103 \u0219i cercetare ce func\u021bioneaz\u0103 sub autoritatea <strong>Consiliului Jude\u021bean Buz\u0103u<\/strong>, anun\u021b\u0103 organizarea evenimentului<strong><em> Ziua Culturii Na\u021bionale la Muzeul Jude\u021bean Buz\u0103u<\/em><\/strong>. Fiind prima \u00eent\u00e2lnire cu publicul muzeal din acest an v\u0103 propunem o serie de evenimente care deja au devenit tradi\u021bionale \u00een activitatea noastr\u0103:<\/p>\n<p>10.00 \u2013 <strong>Conferin\u021ba de pres\u0103 anual\u0103 a Muzeului Jude\u021bean Buz\u0103u<\/strong>; lansarea <strong>Ofertei culturale, educative \u0219i \u0219tiin\u021bifice pentru anul 2023<\/strong>;<\/p>\n<p><strong>10.30<\/strong> \u2013 Lansare de carte \u0219tiin\u021bific\u0103:<\/p>\n<ul>\n<li><strong><em>Mousaios<\/em>, nr. XXV\/2022<\/strong> revist\u0103 de studii \u0219i articole de arheologie. Acest num\u0103r cuprinde rezultatele cercet\u0103rilor din teren \u0219i de arhiv\u0103 cu privire la investiga\u021biile \u0219tiin\u021bifice \u00eentreprinse \u00een cadrul proiectului <em>Peisaje ascunse: explorarea prin teledetec\u021bie \u0219i LiDAR a drumurilor, grani\u021belor \u0219i c\u00e2mpurilor de lupt\u0103 din Carpa\u021bii de Sud-Est, CNCS-UEFISCDI 90\/2016, PN-III-P4-ID-PCCF-2016-0090.<\/em><\/li>\n<li><strong><em>Analele Buz\u0103ului<\/em>, nr. XIV\/2022<\/strong> revist\u0103 ce cuprinde studii \u0219i cercet\u0103ri \u00een leg\u0103tur\u0103 cu evolu\u021bia istoric\u0103 a jude\u021bului Buz\u0103u.<\/li>\n<li><strong><em>Catalog de Restaurare. Patrimoniul cultural a doua via\u021b\u0103<\/em>, nr. III\/2021-2022<\/strong> publica\u021bie dedicat\u0103 activit\u0103\u021bii laboratoarelor de restaurare din Rom\u00e2nia.<\/li>\n<\/ul>\n<p><strong>11.00<\/strong> \u2013 Prezentarea de carte \u0219tiin\u021bific\u0103, din biblioteca <em>Mousaios<\/em>, premiat\u0103 \u00een anul 2022:<\/p>\n<ul>\n<li><strong>Mihai Constantinescu<\/strong> (Institutul de Antropologie <em>Francisc Reiner<\/em> Bucure\u0219ti), <strong><em>\u00cenceputurile culturii Monteoru. A\u0219ezarea de la N\u0103eni Z\u0103noaga. Cetatea 2<\/em><\/strong> \u2013 premiul \u201dVasile P\u00e2rvan\u201d al Academiei Rom\u00e2ne (decembrie 2022);<\/li>\n<li><strong>Daniel Garv\u0103n<\/strong> (Muzeul Jude\u021bean Buz\u0103u), <strong><em>Valea C\u0103lm\u0103\u021buiului \u00een Neo-Eneolitic<\/em><\/strong> \u2013 premiul <em>Ion Spiru<\/em> al Muzeului Jude\u021bean Teleorman (decembrie 2022);<\/li>\n<\/ul>\n<p>&nbsp;<\/p>\n<p><strong>11.30<\/strong> \u2013 Vernisajul expozi\u021biei temporare <strong><em>Descoperiri arheologice recente de pe teritoriul jude\u021bului Buz\u0103u<\/em><\/strong>, proiect expozi\u021bional ajuns la cea de a patra edi\u021bie, ce valorific\u0103 muzeal artefacte descoperite pe teritoriul jude\u021bului nostru \u00een campaniile arheologice recent \u00eencheiate.<\/p>\n<p>Accesul la toate aceste evenimente este gratuit.<\/p>\n<p>\u00cen ziua de <strong>15 ianuarie 2023<\/strong> accesul este gratuit la vizitarea tuturor colec\u021biilor Muzeului Jude\u021bean Buz\u0103u.<\/p>\n<p>V\u0103 a\u0219tept\u0103m la muzeu!<\/p>\n<\/div>\n<\/div>\n<\/div>\n<\/div>\n<div id=\"pgc-5494-0-2\"  class=\"panel-grid-cell panel-grid-cell-empty\"  data-weight=\"0.049828178694158\" ><\/div>\n<\/div>\n<\/div>\n","protected":false},"featured_media":5495,"template":"","meta":{"site-sidebar-layout":"default","site-content-layout":"","ast-site-content-layout":"","site-content-style":"default","site-sidebar-style":"default","ast-global-header-display":"","ast-banner-title-visibility":"","ast-main-header-display":"","ast-hfb-above-header-display":"","ast-hfb-below-header-display":"","ast-hfb-mobile-header-display":"","site-post-title":"","ast-breadcrumbs-content":"","ast-featured-img":"","footer-sml-layout":"","theme-transparent-header-meta":"","adv-header-id-meta":"","stick-header-meta":"","header-above-stick-meta":"","header-main-stick-meta":"","header-below-stick-meta":"","astra-migrate-meta-layouts":"default","ast-page-background-enabled":"default","ast-page-background-meta":{"desktop":{"background-color":"var(--ast-global-color-4)","background-image":"","background-repeat":"repeat","background-position":"center center","background-size":"auto","background-attachment":"scroll","background-type":"","background-media":"","overlay-type":"","overlay-color":"","overlay-opacity":"","overlay-gradient":""},"tablet":{"background-color":"","background-image":"","background-repeat":"repeat","background-position":"center center","background-size":"auto","background-attachment":"scroll","background-type":"","background-media":"","overlay-type":"","overlay-color":"","overlay-opacity":"","overlay-gradient":""},"mobile":{"background-color":"","background-image":"","background-repeat":"repeat","background-position":"center center","background-size":"auto","background-attachment":"scroll","background-type":"","background-media":"","overlay-type":"","overlay-color":"","overlay-opacity":"","overlay-gradient":""}},"ast-content-background-meta":{"desktop":{"background-color":"var(--ast-global-color-5)","background-image":"","background-repeat":"repeat","background-position":"center center","background-size":"auto","background-attachment":"scroll","background-type":"","background-media":"","overlay-type":"","overlay-color":"","overlay-opacity":"","overlay-gradient":""},"tablet":{"background-color":"var(--ast-global-color-5)","background-image":"","background-repeat":"repeat","background-position":"center center","background-size":"auto","background-attachment":"scroll","background-type":"","background-media":"","overlay-type":"","overlay-color":"","overlay-opacity":"","overlay-gradient":""},"mobile":{"background-color":"var(--ast-global-color-5)","background-image":"","background-repeat":"repeat","background-position":"center center","background-size":"auto","background-attachment":"scroll","background-type":"","background-media":"","overlay-type":"","overlay-color":"","overlay-opacity":"","overlay-gradient":""}}},"class_list":["post-5494","event","type-event","status-publish","has-post-thumbnail","hentry"],"_links":{"self":[{"href":"http:\/\/muzeubuzau.ro\/en\/wp-json\/wp\/v2\/event\/5494"}],"collection":[{"href":"http:\/\/muzeubuzau.ro\/en\/wp-json\/wp\/v2\/event"}],"about":[{"href":"http:\/\/muzeubuzau.ro\/en\/wp-json\/wp\/v2\/types\/event"}],"wp:featuredmedia":[{"embeddable":true,"href":"http:\/\/muzeubuzau.ro\/en\/wp-json\/wp\/v2\/media\/5495"}],"wp:attachment":[{"href":"http:\/\/muzeubuzau.ro\/en\/wp-json\/wp\/v2\/media?parent=5494"}],"curies":[{"name":"wp","href":"https:\/\/api.w.org\/{rel}","templated":true}]}}