{"id":6643,"date":"2025-02-26T14:30:47","date_gmt":"2025-02-26T14:30:47","guid":{"rendered":"https:\/\/muzeubuzau.ro\/?post_type=event&#038;p=6643"},"modified":"2025-02-26T14:30:47","modified_gmt":"2025-02-26T14:30:47","slug":"expozitia-temporara-martisorul-patrimoniul-cultural-imaterial-unesco","status":"publish","type":"event","link":"http:\/\/muzeubuzau.ro\/en\/events\/expozitia-temporara-martisorul-patrimoniul-cultural-imaterial-unesco\/","title":{"rendered":"Expozi\u021bia temporar\u0103 \u201eM\u0103r\u021bi\u0219orul &#8211; patrimoniul cultural imaterial UNESCO\u201d"},"content":{"rendered":"\n<p><br><br><p class=\"MsoNormal\" align=\"center\" style=\"text-align:center;line-height:150%\"><b><span lang=\"RO\" style=\"mso-ansi-language:RO\">Comunicat de pres\u0103<\/span><\/b><\/p><p class=\"MsoNormal\" style=\"text-align:center;line-height:150%\" align=\"center\"><b><span lang=\"RO\" style=\"mso-ansi-language:RO\">Expozi\u021bia temporar\u0103<\/span><\/b><\/p><p class=\"MsoNormal\" style=\"text-align:center;line-height:150%\" align=\"center\"><b><span lang=\"RO\" style=\"mso-ansi-language:RO\">\u201eM\u0103r\u021bi\u0219orul &#8211; patrimoniul cultural<br>imaterial UNESCO\u201d<\/span><\/b><\/p><p class=\"MsoNormal\" style=\"text-align:justify;text-indent:42.55pt;line-height:\n150%\"><span lang=\"RO\" style=\"mso-ansi-language:RO\">\u00a0<\/span><\/p><p class=\"MsoNormal\" style=\"text-align:justify;text-indent:42.55pt;line-height:\n150%\"><span lang=\"RO\" style=\"mso-ansi-language:RO\">Muzeul Jude\u021bean Buz\u0103u, institu\u021bie de cultur\u0103, art\u0103 \u0219i cercetare, ce func\u021bioneaz\u0103 sub autoritatea Consiliului Jude\u021bean Buz\u0103u, anun\u021b\u0103 participarea \u00een cadrul unui proiect expozi\u021bional interna\u021bional dedicat m\u0103r\u021bi\u0219orului. \u0218i \u00een acest an muzeul buzoian, al\u0103turi de I.C.R. Bruxelles, Ambasada Rom\u00e2niei \u00een Regatul Belgiei, Asocia\u021bia RoAth \u0219i Prim\u0103ria ora\u0219ului Ath, va expune la Maison de la La\u00efcit\u00e9 o expozi\u021bie panotat\u0103 dedicat\u0103 semnifica\u021biei tradi\u021biilor de m\u0103r\u021bi\u0219or.<\/span><\/p><p class=\"MsoNormal\" style=\"text-align:justify;text-indent:42.55pt;line-height:\n150%\"><span lang=\"RO\" style=\"mso-ansi-language:RO\">Evenimentul va avea loc s\u00e2mb\u0103t\u0103, 1 martie 2025, \u00een prezen\u021ba ES Andreea P\u0103st\u00e2rnac, Ambasadorul Rom\u00e2niei \u00een Regatul Belgiei, a reprezentan\u021bilor ICR Bruxelles, a autorit\u0103\u021bilor locale, a publicului rom\u00e2n \u0219i belgian.<\/span><\/p><p class=\"MsoNormal\" style=\"text-align:justify;text-indent:42.55pt;line-height:\n150%\"><span lang=\"RO\" style=\"mso-ansi-language:RO\">M\u0103r\u021bi\u0219orul, inclus \u00een lista reprezentativ\u0103 UNESCO a patrimoniului imaterial al umanit\u0103\u021bii, este una dintre cele mai r\u0103sp\u00e2ndite tradi\u021bii rom\u00e2ne\u0219ti, parte a patrimoniul cultural na\u021bional. M\u0103r\u021bi\u0219orul este s\u0103rb\u0103torit \u00een comunit\u0103\u021bile rom\u00e2ne\u0219ti din \u00eentreaga lume.<\/span><\/p><p class=\"MsoNormal\" style=\"text-align:justify;text-indent:42.55pt;line-height:\n150%\"><span lang=\"RO\" style=\"mso-ansi-language:RO\">Expozi\u021bia \u201eM\u0103r\u021bi\u0219orul &#8211; patrimoniul cultural imaterial UNESCO\u201d, cuprinde 12 panouri de mari dimensiuni cu informa\u021bii despre acest obicei, cu imagini \u0219i text \u00een limbile rom\u00e2n\u0103, englez\u0103 \u0219i francez\u0103. Muzeul Jude\u021bean Buz\u0103u de\u021bine \u0219i administreaz\u0103 un bogat patrimoniu tematic legat de tradi\u021bia m\u0103r\u021bi\u0219orului la rom\u00e2ni. Mesajul expozi\u021biei este complex, anume acela legat de tradi\u021bie, simbol, valoare cultural\u0103 \u0219i spiritual\u0103 a poporului rom\u00e2n.<\/span><\/p><p class=\"MsoNormal\" style=\"text-align:justify;text-indent:42.55pt;line-height:\n150%\"><span lang=\"RO\" style=\"mso-ansi-language:RO\">Proiectul se \u00eenscrie \u00een linia evenimentelor de diploma\u021bie public\u0103 \u0219i cultural\u0103 care marcheaz\u0103 patrimoniul cultural comun european \u015fi pune \u00een valoare, printr-un proiect de parteneriat, buna cooperare dintre ICR Bruxelles \u0219i misiunile diplomatice din Benelux, institu\u021biile culturale ale Rom\u00e2niei \u0219i asocia\u021biile rom\u00e2ne\u0219ti din Belgia.<\/span><\/p><p class=\"MsoNormal\" style=\"text-align:justify;text-indent:42.55pt;line-height:\n150%\"><span lang=\"RO\" style=\"mso-ansi-language:RO\">Expozi\u021bia r\u0103m\u00e2ne deschis\u0103, la Maison de la La\u00efcit\u00e9, \u00een perioada 1 &#8211; 8 martie 2025.<\/span><\/p><p class=\"MsoNormal\" style=\"text-align:justify;text-indent:42.55pt;line-height:\n150%\"><\/p><p class=\"MsoNormal\" style=\"text-align:center;line-height:150%\" align=\"center\"><span lang=\"RO\" style=\"mso-ansi-language:RO\">Manager,<\/span><\/p><p class=\"MsoNormal\" style=\"text-align:center;line-height:150%\" align=\"center\"><span lang=\"RO\" style=\"mso-ansi-language:RO\">dr. Daniel COSTACHE<b><span style=\"color:black;mso-themecolor:text1\"><\/span><\/b><\/span><\/p><\/p>\n","protected":false},"featured_media":6644,"template":"","meta":{"site-sidebar-layout":"default","site-content-layout":"","ast-site-content-layout":"","site-content-style":"default","site-sidebar-style":"default","ast-global-header-display":"","ast-banner-title-visibility":"","ast-main-header-display":"","ast-hfb-above-header-display":"","ast-hfb-below-header-display":"","ast-hfb-mobile-header-display":"","site-post-title":"","ast-breadcrumbs-content":"","ast-featured-img":"","footer-sml-layout":"","theme-transparent-header-meta":"","adv-header-id-meta":"","stick-header-meta":"","header-above-stick-meta":"","header-main-stick-meta":"","header-below-stick-meta":"","astra-migrate-meta-layouts":"default","ast-page-background-enabled":"default","ast-page-background-meta":{"desktop":{"background-color":"var(--ast-global-color-4)","background-image":"","background-repeat":"repeat","background-position":"center center","background-size":"auto","background-attachment":"scroll","background-type":"","background-media":"","overlay-type":"","overlay-color":"","overlay-opacity":"","overlay-gradient":""},"tablet":{"background-color":"","background-image":"","background-repeat":"repeat","background-position":"center center","background-size":"auto","background-attachment":"scroll","background-type":"","background-media":"","overlay-type":"","overlay-color":"","overlay-opacity":"","overlay-gradient":""},"mobile":{"background-color":"","background-image":"","background-repeat":"repeat","background-position":"center center","background-size":"auto","background-attachment":"scroll","background-type":"","background-media":"","overlay-type":"","overlay-color":"","overlay-opacity":"","overlay-gradient":""}},"ast-content-background-meta":{"desktop":{"background-color":"var(--ast-global-color-5)","background-image":"","background-repeat":"repeat","background-position":"center center","background-size":"auto","background-attachment":"scroll","background-type":"","background-media":"","overlay-type":"","overlay-color":"","overlay-opacity":"","overlay-gradient":""},"tablet":{"background-color":"var(--ast-global-color-5)","background-image":"","background-repeat":"repeat","background-position":"center center","background-size":"auto","background-attachment":"scroll","background-type":"","background-media":"","overlay-type":"","overlay-color":"","overlay-opacity":"","overlay-gradient":""},"mobile":{"background-color":"var(--ast-global-color-5)","background-image":"","background-repeat":"repeat","background-position":"center center","background-size":"auto","background-attachment":"scroll","background-type":"","background-media":"","overlay-type":"","overlay-color":"","overlay-opacity":"","overlay-gradient":""}}},"class_list":["post-6643","event","type-event","status-publish","has-post-thumbnail","hentry"],"_links":{"self":[{"href":"http:\/\/muzeubuzau.ro\/en\/wp-json\/wp\/v2\/event\/6643"}],"collection":[{"href":"http:\/\/muzeubuzau.ro\/en\/wp-json\/wp\/v2\/event"}],"about":[{"href":"http:\/\/muzeubuzau.ro\/en\/wp-json\/wp\/v2\/types\/event"}],"wp:featuredmedia":[{"embeddable":true,"href":"http:\/\/muzeubuzau.ro\/en\/wp-json\/wp\/v2\/media\/6644"}],"wp:attachment":[{"href":"http:\/\/muzeubuzau.ro\/en\/wp-json\/wp\/v2\/media?parent=6643"}],"curies":[{"name":"wp","href":"https:\/\/api.w.org\/{rel}","templated":true}]}}