{"id":7610,"date":"2026-02-24T13:04:57","date_gmt":"2026-02-24T13:04:57","guid":{"rendered":"https:\/\/muzeubuzau.ro\/?post_type=event&#038;p=7610"},"modified":"2026-02-24T13:04:57","modified_gmt":"2026-02-24T13:04:57","slug":"maratonul-cultural-educativ-fara-violenta-oriunde-acasa-la-scoala-pe-strada","status":"publish","type":"event","link":"http:\/\/muzeubuzau.ro\/en\/events\/maratonul-cultural-educativ-fara-violenta-oriunde-acasa-la-scoala-pe-strada\/","title":{"rendered":"Maratonul cultural-educativ \u201eF\u0103r\u0103 violen\u021b\u0103 oriunde: acas\u0103, la \u0219coal\u0103, pe strad\u0103\u201d"},"content":{"rendered":"\n<p><p class=\"MsoNormal\" align=\"center\" style=\"margin-bottom:0cm;text-align:center;\nline-height:150%\"><b><span lang=\"ro\" style=\"font-size:12.0pt;line-height:150%;\nfont-family:&quot;Times New Roman&quot;,serif\">COMUNICAT DE PRES\u0102<\/span><\/b><\/p><br><p class=\"MsoNormal\" style=\"margin-bottom:0cm;text-align:justify;text-indent:\n36.0pt;line-height:150%\"><span lang=\"RO\" style=\"font-size:12.0pt;line-height:\n150%;font-family:&quot;Times New Roman&quot;,serif;mso-ansi-language:RO\">Muzeul Jude\u021bean Buz\u0103u, \u00een parteneriat cu Inspectoratul de Jandarmi Jude\u021bean Buz\u0103u, Inspectoratul de Poli\u021bie Jude\u021bean Buz\u0103u, Centrul Jude\u021bean de Resurse \u0219i de Asisten\u021b\u0103 Educa\u021bional\u0103 Buz\u0103u, D.G.A.S.P.C. Buz\u0103u, Direc\u021bia Na\u021bional\u0103 de Proba\u021biune &#8211; Serviciul de Proba\u021biune Buz\u0103u \u0219i Inspectoratul \u0218colar Jude\u021bean Buz\u0103u lanseaz\u0103 maratonul cultural-educativ <b><i>F\u0103r\u0103 violen\u021b\u0103 oriunde: acas\u0103, la \u0219coal\u0103, pe strad\u0103<\/i><\/b>.<\/span><\/p><br><p class=\"MsoNormal\" style=\"margin-bottom:0cm;text-align:justify;text-indent:\n36.0pt;line-height:150%\"><span lang=\"RO\" style=\"font-size:12.0pt;line-height:\n150%;font-family:&quot;Times New Roman&quot;,serif;mso-ansi-language:RO\">Acest proiect, desf\u0103\u0219urat \u00een cadrul <i>Programului Anual de Implicare Social\u0103<\/i>, a fost dezvoltat ca r\u0103spuns la o problem\u0103 tot mai vizibil\u0103 \u00een comunitate: cre\u0219terea violen\u021belor comise de minori \u0219i normalizarea agresivit\u0103\u021bii \u00een spa\u021biile cotidiene. Proiectul porne\u0219te de la premisa c\u0103 violen\u021ba nu poate fi tratat\u0103 ca o succesiune de episoade izolate, ci ca un semnal de vulnerabilitate social\u0103 cu efect direct asupra climatului educa\u021bional, siguran\u021bei publice \u0219i dezvolt\u0103rii s\u0103n\u0103toase a copiilor \u0219i adolescen\u021bilor.<\/span><\/p><br><p class=\"MsoNormal\" style=\"margin-bottom:0cm;text-align:justify;text-indent:\n36.0pt;line-height:150%\"><span lang=\"RO\" style=\"font-size:12.0pt;line-height:\n150%;font-family:&quot;Times New Roman&quot;,serif;mso-ansi-language:RO\">Ini\u021biativa propune un model de interven\u021bie cultural\u0103 \u0219i educativ\u0103 \u00een care muzeul \u00ee\u0219i asum\u0103 rolul de actor civic, un spa\u021biu credibil, neutru \u0219i accesibil, capabil s\u0103 stimuleze reflec\u021bia, dialogul \u0219i schimbarea de comportament. <\/span><\/p><br><p class=\"MsoNormal\" style=\"margin-bottom:0cm;text-align:justify;text-indent:\n36.0pt;line-height:150%\"><span lang=\"RO\" style=\"font-size:12.0pt;line-height:\n150%;font-family:&quot;Times New Roman&quot;,serif;mso-ansi-language:RO\">Maratonul creeaz\u0103 o platform\u0103 de \u00eent\u00e2lnire \u00eentre tineri, p\u0103rin\u021bi, profesori \u0219i speciali\u0219ti (psihologi, consilieri \u0219colari, reprezentan\u021bi ai institu\u021biilor cu atribu\u021bii \u00een protec\u021bia copilului etc.), pentru recunoa\u0219terea formelor de violen\u021b\u0103, \u00een\u021belegerea mecanismelor care o genereaz\u0103 \u0219i identificarea unor alternative s\u0103n\u0103toase de comunicare \u0219i reac\u021bie.<\/span><\/p><br><p class=\"MsoNormal\" style=\"margin-bottom:0cm;text-align:justify;text-indent:\n36.0pt;line-height:150%\"><span lang=\"RO\" style=\"font-size:12.0pt;line-height:\n150%;font-family:&quot;Times New Roman&quot;,serif;mso-ansi-language:RO\">Programul este g\u00e2ndit ca o suit\u0103 coerent\u0103 de activit\u0103\u021bi, desf\u0103\u0219urate pe parcursul mai multor zile \u0219i combin\u0103 instrumente culturale cu metode participative: ateliere pentru adolescen\u021bi, sesiuni de dialog ghidat, dezbateri, proiec\u021bii \u0219i discu\u021bii tematice. Componenta educa\u021bional\u0103 include exerci\u021bii practice de tip role-play, scenarii de mediere, tehnici de gestionare a conflictului \u0219i elemente de comunicare non-violent\u0103, adaptate v\u00e2rstei participan\u021bilor. Obiectivul major este prevenirea prin informare, con\u0219tientizare \u0219i formarea competen\u021belor socio-emo\u021bionale, sub un mesaj public unitar: violen\u021ba nu este acceptabil\u0103 \u00een nicio form\u0103 \u0219i \u00een niciun spa\u021biu.<\/span><\/p><br><p class=\"MsoNormal\" style=\"margin-bottom:0cm;text-align:justify;text-indent:\n36.0pt;line-height:150%\"><span lang=\"RO\" style=\"font-size:12.0pt;line-height:\n150%;font-family:&quot;Times New Roman&quot;,serif;mso-ansi-language:RO\">Activit\u0103\u021bile vor avea loc \u00een zilele de 25 \u0219i 26 februarie 2026, \u00een intervalul 12:00\u201314:00, la Centrul Muzeal \u201eI. C. Br\u0103tianu\u201d Buz\u0103u.<\/span><\/p><br><br><p class=\"MsoNormal\" style=\"margin-bottom:0cm;text-align:center;\nline-height:150%\" align=\"center\"><b><span lang=\"RO\" style=\"font-size:12.0pt;line-height:150%;\nfont-family:&quot;Times New Roman&quot;,serif;mso-ansi-language:RO\">Muzeul Jude\u021bean Buz\u0103u<\/span><\/b><b style=\"mso-bidi-font-weight:normal\"><span lang=\"RO\" style=\"font-size:12.0pt;\nline-height:150%;font-family:&quot;Times New Roman&quot;,serif;mso-ansi-language:RO\"><br>Manager, <span style=\"mso-bidi-font-weight:bold\">dr. Daniel Costache<\/span><\/span><\/b><\/p><br><br><p class=\"MsoNormal\" style=\"margin-bottom:0cm;text-align:justify;line-height:\n150%\"><\/p><p class=\"MsoNormal\" style=\"margin-bottom:0cm;text-align:justify;line-height:\n150%\"><b style=\"mso-bidi-font-weight:normal\"><span lang=\"RO\" style=\"font-size:\n12.0pt;line-height:150%;font-family:&quot;Times New Roman&quot;,serif;mso-ansi-language:\nRO\">Program<\/span><\/b>:<\/p><p class=\"MsoNormal\" style=\"margin-bottom:0cm;text-align:justify;line-height:\n150%\"><\/p><p class=\"MsoNormal\" style=\"margin-bottom:0cm;text-align:justify;line-height:\n150%\"><b style=\"mso-bidi-font-weight:normal\"><span lang=\"RO\" style=\"font-size:\n12.0pt;line-height:150%;font-family:&quot;Times New Roman&quot;,serif;mso-ansi-language:\nRO\">25 februarie 2026<\/span><\/b><\/p><br><p class=\"MsoNormal\" style=\"margin-bottom:0cm;text-align:justify;line-height:\n150%\"><span lang=\"RO\" style=\"font-size:12.0pt;line-height:150%;font-family:&quot;Times New Roman&quot;,serif;\nmso-ansi-language:RO;mso-bidi-font-weight:bold\">12.00 \u2013 12.20 \/ Deschiderea lucr\u0103rilor. Prezentarea proiectului. Scop \u0219i obiective.<\/span><\/p><br><p class=\"MsoNormal\" style=\"margin-bottom:0cm;text-align:justify;line-height:\n150%\"><span lang=\"RO\" style=\"font-size:12.0pt;line-height:150%;font-family:&quot;Times New Roman&quot;,serif;\nmso-ansi-language:RO;mso-bidi-font-weight:bold\">12.20 \u2013 12.50 \/ Panel 1 I.P.J.\/ Biroul Siguran\u021b\u0103 \u0218colar\u0103.<\/span><\/p><br><p class=\"MsoNormal\" style=\"margin-bottom:0cm;text-align:justify;line-height:\n150%\"><span lang=\"RO\" style=\"font-size:12.0pt;line-height:150%;font-family:&quot;Times New Roman&quot;,serif;\nmso-ansi-language:RO;mso-bidi-font-weight:bold\">12.50 \u2013 13.10 \/ Pauz\u0103 de Cafe<\/span><\/p><p class=\"MsoNormal\" style=\"margin-bottom:0cm;text-align:justify;line-height:\n150%\"><\/p><p class=\"MsoNormal\" style=\"margin-bottom:0cm;text-align:justify;line-height:\n150%\"><span lang=\"RO\" style=\"font-size:12.0pt;line-height:150%;font-family:&quot;Times New Roman&quot;,serif;\nmso-ansi-language:RO;mso-bidi-font-weight:bold\">13.10 \u2013 13.40 \/ Panel 2 I.J.J.<\/span><\/p><br><p class=\"MsoNormal\" style=\"margin-bottom:0cm;text-align:justify;line-height:\n150%\"><span lang=\"RO\" style=\"font-size:12.0pt;line-height:150%;font-family:&quot;Times New Roman&quot;,serif;\nmso-ansi-language:RO;mso-bidi-font-weight:bold\">13.40 \u2013 14.00 \/ Panel 3 Serviciul de Proba\u021biune<\/span><\/p><p class=\"MsoNormal\" style=\"margin-bottom:0cm;text-align:justify;line-height:\n150%\"><\/p><br><p class=\"MsoNormal\" style=\"margin-bottom:0cm;text-align:justify;line-height:\n150%\"><b style=\"mso-bidi-font-weight:normal\"><span lang=\"RO\" style=\"font-size:\n12.0pt;line-height:150%;font-family:&quot;Times New Roman&quot;,serif;mso-ansi-language:\nRO\">26 februarie 2026<\/span><\/b><\/p><br><p class=\"MsoNormal\" style=\"margin-bottom:0cm;text-align:justify;line-height:\n150%\"><span lang=\"RO\" style=\"font-size:12.0pt;line-height:150%;font-family:&quot;Times New Roman&quot;,serif;\nmso-ansi-language:RO;mso-bidi-font-weight:bold\">12.00 \u2013 12.40 \/ Panel 4 C.J.R.A.E.<\/span><\/p><br><p class=\"MsoNormal\" style=\"margin-bottom:0cm;text-align:justify;line-height:\n150%\"><span lang=\"RO\" style=\"font-size:12.0pt;line-height:150%;font-family:&quot;Times New Roman&quot;,serif;\nmso-ansi-language:RO;mso-bidi-font-weight:bold\">12.40 \u2013 13.00 \/ Panel 5 D.G.A.S.P.C.<\/span><\/p><br><p class=\"MsoNormal\" style=\"margin-bottom:0cm;text-align:justify;line-height:\n150%\"><span lang=\"RO\" style=\"font-size:12.0pt;line-height:150%;font-family:&quot;Times New Roman&quot;,serif;\nmso-ansi-language:RO;mso-bidi-font-weight:bold\">13.00 \u2013 13.15 \/ Pauz\u0103 de cafe<\/span><\/p><br><p class=\"MsoNormal\" style=\"margin-bottom:0cm;text-align:justify;line-height:\n150%\"><\/p><p class=\"MsoNormal\" style=\"margin-bottom:0cm;text-align:justify;line-height:\n150%\"><span lang=\"RO\" style=\"font-size:12.0pt;line-height:150%;font-family:&quot;Times New Roman&quot;,serif;\nmso-ansi-language:RO;mso-bidi-font-weight:bold\">13.15 \u2013 13.45 \/ Panel 6 Muzeul Jude\u021bean Buz\u0103u<\/span><\/p><br><p class=\"MsoNormal\" style=\"margin-bottom:0cm;text-align:justify;line-height:\n150%\"><span lang=\"RO\" style=\"font-size:12.0pt;line-height:150%;font-family:&quot;Times New Roman&quot;,serif;\nmso-ansi-language:RO;mso-bidi-font-weight:bold\">13.45 \u2013 14.00 \/ Concluziile zile<\/span>i<\/p><br><p class=\"MsoNormal\" style=\"margin-bottom:0cm;text-align:justify;line-height:\n150%\"><\/p><p class=\"MsoNormal\" style=\"margin-bottom:0cm;text-align:justify;line-height:\n150%\"><b style=\"mso-bidi-font-weight:normal\"><span lang=\"RO\" style=\"font-size:\n12.0pt;line-height:150%;font-family:&quot;Times New Roman&quot;,serif;mso-ansi-language:\nRO\">27 februarie \u2013 06 martie 2026<\/span><\/b><span lang=\"RO\" style=\"font-size:\n12.0pt;line-height:150%;font-family:&quot;Times New Roman&quot;,serif;mso-ansi-language:\nRO;mso-bidi-font-weight:bold\"><\/span><\/p><span lang=\"RO\" style=\"font-size:12.0pt;line-height:150%;font-family:&quot;Times New Roman&quot;,serif;\nmso-ansi-language:RO;mso-bidi-font-weight:bold\">Ateliere de autocunoa\u0219tere \u201eC\u0103l\u0103tor \u00een lumea emo\u021biilor\u201d \/ participare pe baz\u0103 de programare la num\u0103rul de telefon 0784 692 166.<\/span><br><\/p>\n","protected":false},"featured_media":7611,"template":"","meta":{"site-sidebar-layout":"default","site-content-layout":"","ast-site-content-layout":"","site-content-style":"default","site-sidebar-style":"default","ast-global-header-display":"","ast-banner-title-visibility":"","ast-main-header-display":"","ast-hfb-above-header-display":"","ast-hfb-below-header-display":"","ast-hfb-mobile-header-display":"","site-post-title":"","ast-breadcrumbs-content":"","ast-featured-img":"","footer-sml-layout":"","theme-transparent-header-meta":"","adv-header-id-meta":"","stick-header-meta":"","header-above-stick-meta":"","header-main-stick-meta":"","header-below-stick-meta":"","astra-migrate-meta-layouts":"default","ast-page-background-enabled":"default","ast-page-background-meta":{"desktop":{"background-color":"var(--ast-global-color-4)","background-image":"","background-repeat":"repeat","background-position":"center center","background-size":"auto","background-attachment":"scroll","background-type":"","background-media":"","overlay-type":"","overlay-color":"","overlay-opacity":"","overlay-gradient":""},"tablet":{"background-color":"","background-image":"","background-repeat":"repeat","background-position":"center center","background-size":"auto","background-attachment":"scroll","background-type":"","background-media":"","overlay-type":"","overlay-color":"","overlay-opacity":"","overlay-gradient":""},"mobile":{"background-color":"","background-image":"","background-repeat":"repeat","background-position":"center center","background-size":"auto","background-attachment":"scroll","background-type":"","background-media":"","overlay-type":"","overlay-color":"","overlay-opacity":"","overlay-gradient":""}},"ast-content-background-meta":{"desktop":{"background-color":"var(--ast-global-color-5)","background-image":"","background-repeat":"repeat","background-position":"center center","background-size":"auto","background-attachment":"scroll","background-type":"","background-media":"","overlay-type":"","overlay-color":"","overlay-opacity":"","overlay-gradient":""},"tablet":{"background-color":"var(--ast-global-color-5)","background-image":"","background-repeat":"repeat","background-position":"center center","background-size":"auto","background-attachment":"scroll","background-type":"","background-media":"","overlay-type":"","overlay-color":"","overlay-opacity":"","overlay-gradient":""},"mobile":{"background-color":"var(--ast-global-color-5)","background-image":"","background-repeat":"repeat","background-position":"center center","background-size":"auto","background-attachment":"scroll","background-type":"","background-media":"","overlay-type":"","overlay-color":"","overlay-opacity":"","overlay-gradient":""}}},"class_list":["post-7610","event","type-event","status-publish","has-post-thumbnail","hentry"],"_links":{"self":[{"href":"http:\/\/muzeubuzau.ro\/en\/wp-json\/wp\/v2\/event\/7610"}],"collection":[{"href":"http:\/\/muzeubuzau.ro\/en\/wp-json\/wp\/v2\/event"}],"about":[{"href":"http:\/\/muzeubuzau.ro\/en\/wp-json\/wp\/v2\/types\/event"}],"wp:featuredmedia":[{"embeddable":true,"href":"http:\/\/muzeubuzau.ro\/en\/wp-json\/wp\/v2\/media\/7611"}],"wp:attachment":[{"href":"http:\/\/muzeubuzau.ro\/en\/wp-json\/wp\/v2\/media?parent=7610"}],"curies":[{"name":"wp","href":"https:\/\/api.w.org\/{rel}","templated":true}]}}