{"id":7623,"date":"2026-03-10T09:19:53","date_gmt":"2026-03-10T09:19:53","guid":{"rendered":"https:\/\/muzeubuzau.ro\/?post_type=event&#038;p=7623"},"modified":"2026-03-10T09:19:53","modified_gmt":"2026-03-10T09:19:53","slug":"expozitia-muzeului-politiei-romane","status":"publish","type":"event","link":"http:\/\/muzeubuzau.ro\/en\/events\/expozitia-muzeului-politiei-romane\/","title":{"rendered":"Expozi\u021bia Muzeului Poli\u021biei Rom\u00e2ne"},"content":{"rendered":"\n<p><br><p class=\"MsoNormal\" align=\"center\" style=\"margin-bottom:0cm;text-align:center;\nline-height:150%\"><b><span lang=\"RO\" style=\"font-family:&quot;Times New Roman&quot;,serif;\nmso-ascii-theme-font:major-bidi;mso-hansi-theme-font:major-bidi;mso-bidi-theme-font:\nmajor-bidi;mso-ansi-language:RO\">COMUNICAT DE PRES\u0102<\/span><\/b><\/p><br><br><p class=\"MsoNormal\" style=\"margin-bottom:0cm;text-align:justify;text-indent:\n36.0pt;line-height:150%\"><\/p><p class=\"MsoNormal\" style=\"margin-bottom:0cm;text-align:justify;text-indent:\n36.0pt;line-height:150%\"><span lang=\"RO\" style=\"font-family:&quot;Times New Roman&quot;,serif;\nmso-ascii-theme-font:major-bidi;mso-hansi-theme-font:major-bidi;mso-bidi-theme-font:\nmajor-bidi;mso-ansi-language:RO\">Expozi\u021bia Muzeului Poli\u021biei Rom\u00e2ne ajunge la Buz\u0103u<\/span>.<\/p><p class=\"MsoNormal\" style=\"margin-bottom:0cm;text-align:justify;text-indent:\n36.0pt;line-height:150%\"><\/p><br><p class=\"MsoNormal\" style=\"margin-bottom:0cm;text-align:justify;text-indent:\n36.0pt;line-height:150%\"><span lang=\"RO\" style=\"font-family:&quot;Times New Roman&quot;,serif;\nmso-ascii-theme-font:major-bidi;mso-hansi-theme-font:major-bidi;mso-bidi-theme-font:\nmajor-bidi;mso-ansi-language:RO\">\u00centre 11\u0219i 13 martie 2026, v\u0103 a\u0219tept\u0103m la Centrul Muzeal \u201eI. C. Br\u0103tianu\u201d Buz\u0103u, la un eveniment special organizat de Inspectoratul de Poli\u021bie Jude\u021bean Buz\u0103u, \u00een cadrul activit\u0103\u021bilor dedicate Zilei Poli\u021biei Rom\u00e2ne (25 martie).<\/span><\/p><p class=\"MsoNormal\" style=\"margin-bottom:0cm;text-align:justify;text-indent:\n36.0pt;line-height:150%\"><\/p><br><p class=\"MsoNormal\" style=\"margin-bottom:0cm;text-align:justify;text-indent:\n36.0pt;line-height:150%\"><span lang=\"RO\" style=\"font-family:&quot;Times New Roman&quot;,serif;\nmso-ascii-theme-font:major-bidi;mso-hansi-theme-font:major-bidi;mso-bidi-theme-font:\nmajor-bidi;mso-ansi-language:RO\">Ce ve\u021bi putea vedea \u0219i face:<\/span><\/p><br><p class=\"MsoListParagraphCxSpFirst\" style=\"margin-top:0cm;margin-right:0cm;\nmargin-bottom:0cm;margin-left:54.0pt;mso-add-space:auto;text-align:justify;\ntext-indent:-18.0pt;line-height:150%;mso-list:l0 level1 lfo2\"><span lang=\"RO\" style=\"font-family:Symbol;mso-fareast-font-family:Symbol;mso-bidi-font-family:\nSymbol;mso-ansi-language:RO\"><span style=\"mso-list:Ignore\">\u00b7<span style=\"font:7.0pt &quot;Times New Roman&quot;\">\u00a0\u00a0\u00a0\u00a0\u00a0\u00a0\u00a0\u00a0<\/span><\/span><\/span><span lang=\"RO\" style=\"font-family:&quot;Times New Roman&quot;,serif;mso-ascii-theme-font:major-bidi;\nmso-hansi-theme-font:major-bidi;mso-bidi-theme-font:major-bidi;mso-ansi-language:\nRO\">exponate care spun povestea profesiei de poli\u021bist (vestimenta\u021bie, echipamente, repere din evolu\u021bia institu\u021biei);<\/span><\/p><br><br><p class=\"MsoListParagraphCxSpMiddle\" style=\"margin-top:0cm;margin-right:0cm;\nmargin-bottom:0cm;margin-left:54.0pt;mso-add-space:auto;text-align:justify;\ntext-indent:-18.0pt;line-height:150%;mso-list:l0 level1 lfo2\"><span lang=\"RO\" style=\"font-family:Symbol;mso-fareast-font-family:Symbol;mso-bidi-font-family:\nSymbol;mso-ansi-language:RO\"><span style=\"mso-list:Ignore\">\u00b7<span style=\"font:7.0pt &quot;Times New Roman&quot;\">\u00a0\u00a0\u00a0\u00a0\u00a0\u00a0\u00a0\u00a0<\/span><\/span><\/span><span lang=\"RO\" style=\"font-family:&quot;Times New Roman&quot;,serif;mso-ascii-theme-font:major-bidi;\nmso-hansi-theme-font:major-bidi;mso-bidi-theme-font:major-bidi;mso-ansi-language:\nRO\">prezent\u0103ri \u0219i momente explicative pentru public;<\/span><\/p><br><br><p class=\"MsoListParagraphCxSpMiddle\" style=\"margin-top:0cm;margin-right:0cm;\nmargin-bottom:0cm;margin-left:54.0pt;mso-add-space:auto;text-align:justify;\ntext-indent:-18.0pt;line-height:150%;mso-list:l0 level1 lfo2\"><span lang=\"RO\" style=\"font-family:Symbol;mso-fareast-font-family:Symbol;mso-bidi-font-family:\nSymbol;mso-ansi-language:RO\"><span style=\"mso-list:Ignore\">\u00b7<span style=\"font:7.0pt &quot;Times New Roman&quot;\">\u00a0\u00a0\u00a0\u00a0\u00a0\u00a0\u00a0\u00a0<\/span><\/span><\/span><span lang=\"RO\" style=\"font-family:&quot;Times New Roman&quot;,serif;mso-ascii-theme-font:major-bidi;\nmso-hansi-theme-font:major-bidi;mso-bidi-theme-font:major-bidi;mso-ansi-language:\nRO\">tehnic\u0103 \u0219i dot\u0103ri de actualitate, aduse \u00een muzeu de poli\u021bi\u0219tii buzoieni;<\/span><\/p><br><br><p class=\"MsoListParagraphCxSpMiddle\" style=\"margin-top:0cm;margin-right:0cm;\nmargin-bottom:0cm;margin-left:54.0pt;mso-add-space:auto;text-align:justify;\ntext-indent:-18.0pt;line-height:150%;mso-list:l0 level1 lfo2\"><span lang=\"RO\" style=\"font-family:Symbol;mso-fareast-font-family:Symbol;mso-bidi-font-family:\nSymbol;mso-ansi-language:RO\"><span style=\"mso-list:Ignore\">\u00b7<span style=\"font:7.0pt &quot;Times New Roman&quot;\">\u00a0\u00a0\u00a0\u00a0\u00a0\u00a0\u00a0\u00a0<\/span><\/span><\/span><span lang=\"RO\" style=\"font-family:&quot;Times New Roman&quot;,serif;mso-ascii-theme-font:major-bidi;\nmso-hansi-theme-font:major-bidi;mso-bidi-theme-font:major-bidi;mso-ansi-language:\nRO\">activit\u0103\u021bi educa\u021bionale pentru copii \u0219i tineri: lec\u021bii deschise, ateliere, concursuri (educa\u021bie rutier\u0103, prevenire);<\/span><\/p><br><br><p class=\"MsoListParagraphCxSpLast\" style=\"margin-top:0cm;margin-right:0cm;\nmargin-bottom:0cm;margin-left:54.0pt;mso-add-space:auto;text-align:justify;\ntext-indent:-18.0pt;line-height:150%;mso-list:l0 level1 lfo2\"><span lang=\"RO\" style=\"font-family:Symbol;mso-fareast-font-family:Symbol;mso-bidi-font-family:\nSymbol;mso-ansi-language:RO\"><span style=\"mso-list:Ignore\">\u00b7<span style=\"font:7.0pt &quot;Times New Roman&quot;\">\u00a0\u00a0\u00a0\u00a0\u00a0\u00a0\u00a0\u00a0<\/span><\/span><\/span><span lang=\"RO\" style=\"font-family:&quot;Times New Roman&quot;,serif;mso-ascii-theme-font:major-bidi;\nmso-hansi-theme-font:major-bidi;mso-bidi-theme-font:major-bidi;mso-ansi-language:\nRO\">traseu aplicativ cu specific poli\u021bienesc (inspirat din probele sportive pentru admiterea \u00een \u0219colile de poli\u021bie).<\/span><\/p><br><br><p class=\"MsoNormal\" style=\"margin-bottom:0cm;text-align:justify;text-indent:\n36.0pt;line-height:150%\"><\/p><p class=\"MsoNormal\" style=\"margin-bottom:0cm;text-align:justify;text-indent:\n36.0pt;line-height:150%\"><span lang=\"RO\" style=\"font-family:&quot;Times New Roman&quot;,serif;\nmso-ascii-theme-font:major-bidi;mso-hansi-theme-font:major-bidi;mso-bidi-theme-font:\nmajor-bidi;mso-ansi-language:RO\">Programul evenimentelor:<\/span><\/p><br><p class=\"MsoListParagraphCxSpFirst\" style=\"margin-top:0cm;margin-right:0cm;\nmargin-bottom:0cm;margin-left:72.0pt;mso-add-space:auto;text-align:justify;\ntext-indent:-18.0pt;line-height:150%;mso-list:l1 level1 lfo1\"><span lang=\"RO\" style=\"font-family:Symbol;mso-fareast-font-family:Symbol;mso-bidi-font-family:\nSymbol;mso-ansi-language:RO\"><span style=\"mso-list:Ignore\">\u00b7<span style=\"font:7.0pt &quot;Times New Roman&quot;\">\u00a0\u00a0\u00a0\u00a0\u00a0\u00a0\u00a0\u00a0<\/span><\/span><\/span><span lang=\"RO\" style=\"font-family:&quot;Times New Roman&quot;,serif;mso-ascii-theme-font:major-bidi;\nmso-hansi-theme-font:major-bidi;mso-bidi-theme-font:major-bidi;mso-ansi-language:\nRO\">11 martie | 10:00\u201315:00<\/span><\/p><br><br><p class=\"MsoListParagraphCxSpMiddle\" style=\"margin-top:0cm;margin-right:0cm;\nmargin-bottom:0cm;margin-left:72.0pt;mso-add-space:auto;text-align:justify;\ntext-indent:-18.0pt;line-height:150%;mso-list:l1 level1 lfo1\"><span lang=\"RO\" style=\"font-family:Symbol;mso-fareast-font-family:Symbol;mso-bidi-font-family:\nSymbol;mso-ansi-language:RO\"><span style=\"mso-list:Ignore\">\u00b7<span style=\"font:7.0pt &quot;Times New Roman&quot;\">\u00a0\u00a0\u00a0\u00a0\u00a0\u00a0\u00a0\u00a0<\/span><\/span><\/span><span lang=\"RO\" style=\"font-family:&quot;Times New Roman&quot;,serif;mso-ascii-theme-font:major-bidi;\nmso-hansi-theme-font:major-bidi;mso-bidi-theme-font:major-bidi;mso-ansi-language:\nRO\">12 martie | 10:00\u201318:00<\/span><\/p><br><br><p class=\"MsoListParagraphCxSpLast\" style=\"margin-top:0cm;margin-right:0cm;\nmargin-bottom:0cm;margin-left:72.0pt;mso-add-space:auto;text-align:justify;\ntext-indent:-18.0pt;line-height:150%;mso-list:l1 level1 lfo1\"><span lang=\"RO\" style=\"font-family:Symbol;mso-fareast-font-family:Symbol;mso-bidi-font-family:\nSymbol;mso-ansi-language:RO\"><span style=\"mso-list:Ignore\">\u00b7<span style=\"font:7.0pt &quot;Times New Roman&quot;\">\u00a0\u00a0\u00a0\u00a0\u00a0\u00a0\u00a0\u00a0<\/span><\/span><\/span><span lang=\"RO\" style=\"font-family:&quot;Times New Roman&quot;,serif;mso-ascii-theme-font:major-bidi;\nmso-hansi-theme-font:major-bidi;mso-bidi-theme-font:major-bidi;mso-ansi-language:\nRO\">13 martie | 10:00\u201314:00<\/span><\/p><br><p class=\"MsoNormal\" style=\"margin-bottom:0cm;text-align:justify;text-indent:\n36.0pt;line-height:150%\"><\/p><p class=\"MsoNormal\" style=\"margin-bottom:0cm;text-align:justify;text-indent:\n36.0pt;line-height:150%\"><span lang=\"RO\" style=\"font-family:&quot;Times New Roman&quot;,serif;\nmso-ascii-theme-font:major-bidi;mso-hansi-theme-font:major-bidi;mso-bidi-theme-font:\nmajor-bidi;mso-ansi-language:RO\">Accesul este gratuit \u00een \u00eentregul complex, pe durata programului de vizit\u0103 al Centrului Muzeal \u201eI. C. Br\u0103tianu\u201d, \u00eentre orele 09:00\u201317:00.<\/span><\/p><p class=\"MsoNormal\" style=\"margin-bottom:0cm;text-align:justify;text-indent:\n36.0pt;line-height:150%\"><\/p><br><p class=\"MsoNormal\" style=\"margin-bottom:0cm;text-align:justify;text-indent:\n36.0pt;line-height:150%\"><span lang=\"RO\" style=\"font-family:&quot;Times New Roman&quot;,serif;\nmso-ascii-theme-font:major-bidi;mso-hansi-theme-font:major-bidi;mso-bidi-theme-font:\nmajor-bidi;mso-ansi-language:RO\">Evenimentul este realizat cu sprijinul Muzeului Jude\u021bean Buz\u0103u \u0219i al Muzeului Na\u021bional al Poli\u021biei Rom\u00e2ne din T\u00e2rgovi\u0219te. <\/span><\/p><br><br><\/p>\n","protected":false},"featured_media":7624,"template":"","meta":{"site-sidebar-layout":"default","site-content-layout":"","ast-site-content-layout":"","site-content-style":"default","site-sidebar-style":"default","ast-global-header-display":"","ast-banner-title-visibility":"","ast-main-header-display":"","ast-hfb-above-header-display":"","ast-hfb-below-header-display":"","ast-hfb-mobile-header-display":"","site-post-title":"","ast-breadcrumbs-content":"","ast-featured-img":"","footer-sml-layout":"","theme-transparent-header-meta":"","adv-header-id-meta":"","stick-header-meta":"","header-above-stick-meta":"","header-main-stick-meta":"","header-below-stick-meta":"","astra-migrate-meta-layouts":"default","ast-page-background-enabled":"default","ast-page-background-meta":{"desktop":{"background-color":"var(--ast-global-color-4)","background-image":"","background-repeat":"repeat","background-position":"center center","background-size":"auto","background-attachment":"scroll","background-type":"","background-media":"","overlay-type":"","overlay-color":"","overlay-opacity":"","overlay-gradient":""},"tablet":{"background-color":"","background-image":"","background-repeat":"repeat","background-position":"center center","background-size":"auto","background-attachment":"scroll","background-type":"","background-media":"","overlay-type":"","overlay-color":"","overlay-opacity":"","overlay-gradient":""},"mobile":{"background-color":"","background-image":"","background-repeat":"repeat","background-position":"center center","background-size":"auto","background-attachment":"scroll","background-type":"","background-media":"","overlay-type":"","overlay-color":"","overlay-opacity":"","overlay-gradient":""}},"ast-content-background-meta":{"desktop":{"background-color":"var(--ast-global-color-5)","background-image":"","background-repeat":"repeat","background-position":"center center","background-size":"auto","background-attachment":"scroll","background-type":"","background-media":"","overlay-type":"","overlay-color":"","overlay-opacity":"","overlay-gradient":""},"tablet":{"background-color":"var(--ast-global-color-5)","background-image":"","background-repeat":"repeat","background-position":"center center","background-size":"auto","background-attachment":"scroll","background-type":"","background-media":"","overlay-type":"","overlay-color":"","overlay-opacity":"","overlay-gradient":""},"mobile":{"background-color":"var(--ast-global-color-5)","background-image":"","background-repeat":"repeat","background-position":"center center","background-size":"auto","background-attachment":"scroll","background-type":"","background-media":"","overlay-type":"","overlay-color":"","overlay-opacity":"","overlay-gradient":""}}},"class_list":["post-7623","event","type-event","status-publish","has-post-thumbnail","hentry"],"_links":{"self":[{"href":"http:\/\/muzeubuzau.ro\/en\/wp-json\/wp\/v2\/event\/7623"}],"collection":[{"href":"http:\/\/muzeubuzau.ro\/en\/wp-json\/wp\/v2\/event"}],"about":[{"href":"http:\/\/muzeubuzau.ro\/en\/wp-json\/wp\/v2\/types\/event"}],"wp:featuredmedia":[{"embeddable":true,"href":"http:\/\/muzeubuzau.ro\/en\/wp-json\/wp\/v2\/media\/7624"}],"wp:attachment":[{"href":"http:\/\/muzeubuzau.ro\/en\/wp-json\/wp\/v2\/media?parent=7623"}],"curies":[{"name":"wp","href":"https:\/\/api.w.org\/{rel}","templated":true}]}}