{"id":394,"date":"2024-09-16T08:12:08","date_gmt":"2024-09-16T08:12:08","guid":{"rendered":"https:\/\/muzeubuzau.ro\/?page_id=394"},"modified":"2024-09-17T07:14:07","modified_gmt":"2024-09-17T07:14:07","slug":"evenimente","status":"publish","type":"page","link":"http:\/\/muzeubuzau.ro\/en\/evenimente\/","title":{"rendered":"Events"},"content":{"rendered":"<div class=\"container\">\n        <!-- C\u00e2mpul de c\u0103utare cu stil din plugin -->\n        <form method=\"GET\" action=\"\" data-trp-original-action=\"\">\n            <input type=\"text\" name=\"search\" id=\"searchInputPlugin\" class=\"astra-search-input\" placeholder=\"C\u0103utare post\u0103ri...\" value=\"\">\n        <input type=\"hidden\" name=\"trp-form-language\" value=\"en\"\/><\/form>\n\n        <div class=\"astra-post-grid-container\">\n                                                <div class=\"astra-post-grid-item\">\n                        <a href=\"http:\/\/muzeubuzau.ro\/en\/events\/sesiunea-nationala-de-comunicari-stiintifice-milenii-tezaurizate-creatie-si-spiritualitate-editia-a-xxiv-a\/\" class=\"astra-post-grid-link\">\n                                                            <div class=\"astra-post-grid-thumbnail thumb\" style=\"width: 300px; height: 200px; overflow: hidden;\">\n                                    <img fetchpriority=\"high\" decoding=\"async\" width=\"1811\" height=\"2560\" src=\"https:\/\/muzeubuzau.ro\/wp-content\/uploads\/2026\/04\/Afis-sesiune-2026-scaled.jpg\" class=\"attachment-full size-full wp-post-image\" alt=\"\" style=\"width: 100%; height: 100%; object-fit: cover;\" srcset=\"https:\/\/muzeubuzau.ro\/wp-content\/uploads\/2026\/04\/Afis-sesiune-2026-scaled.jpg 1811w, https:\/\/muzeubuzau.ro\/wp-content\/uploads\/2026\/04\/Afis-sesiune-2026-212x300.jpg 212w, https:\/\/muzeubuzau.ro\/wp-content\/uploads\/2026\/04\/Afis-sesiune-2026-724x1024.jpg 724w, https:\/\/muzeubuzau.ro\/wp-content\/uploads\/2026\/04\/Afis-sesiune-2026-768x1086.jpg 768w, https:\/\/muzeubuzau.ro\/wp-content\/uploads\/2026\/04\/Afis-sesiune-2026-1087x1536.jpg 1087w, https:\/\/muzeubuzau.ro\/wp-content\/uploads\/2026\/04\/Afis-sesiune-2026-1449x2048.jpg 1449w, https:\/\/muzeubuzau.ro\/wp-content\/uploads\/2026\/04\/Afis-sesiune-2026-8x12.jpg 8w\" sizes=\"(max-width: 1811px) 100vw, 1811px\" \/>\n                                <\/div>\n                                                        <h2 class=\"astra-post-grid-title\">Sesiunea Na\u021bional\u0103 de Comunic\u0103ri \u0218tiin\u021bifice \u201eMilenii tezaurizate. Crea\u021bie \u0219i spiritualitate\u201d, edi\u021bia a XXIV-a<\/h2>\n                        <\/a>\n                        <p class=\"astra-post-grid-excerpt\">Comunicat de pres\u0103\u00a0Muzeul Jude\u021bean Buz\u0103u, institu\u021bie de cultur\u0103 aflat\u0103 sub autoritatea Consiliului Jude\u021bean Buz\u0103u, anun\u021b\u0103 organizarea Sesiunii Na\u021bionale de Comunic\u0103ri&hellip;<\/p>\n                    <\/div>\n                                    <div class=\"astra-post-grid-item\">\n                        <a href=\"http:\/\/muzeubuzau.ro\/en\/events\/expozitia-temporara-nazuinta-de-zbor\/\" class=\"astra-post-grid-link\">\n                                                            <div class=\"astra-post-grid-thumbnail thumb\" style=\"width: 300px; height: 200px; overflow: hidden;\">\n                                    <img decoding=\"async\" width=\"3179\" height=\"4494\" src=\"https:\/\/muzeubuzau.ro\/wp-content\/uploads\/2026\/04\/1_Afis_final.png\" class=\"attachment-full size-full wp-post-image\" alt=\"\" style=\"width: 100%; height: 100%; object-fit: cover;\" srcset=\"https:\/\/muzeubuzau.ro\/wp-content\/uploads\/2026\/04\/1_Afis_final.png 3179w, https:\/\/muzeubuzau.ro\/wp-content\/uploads\/2026\/04\/1_Afis_final-212x300.png 212w, https:\/\/muzeubuzau.ro\/wp-content\/uploads\/2026\/04\/1_Afis_final-724x1024.png 724w, https:\/\/muzeubuzau.ro\/wp-content\/uploads\/2026\/04\/1_Afis_final-768x1086.png 768w, https:\/\/muzeubuzau.ro\/wp-content\/uploads\/2026\/04\/1_Afis_final-1087x1536.png 1087w, https:\/\/muzeubuzau.ro\/wp-content\/uploads\/2026\/04\/1_Afis_final-1449x2048.png 1449w, https:\/\/muzeubuzau.ro\/wp-content\/uploads\/2026\/04\/1_Afis_final-8x12.png 8w\" sizes=\"(max-width: 3179px) 100vw, 3179px\" \/>\n                                <\/div>\n                                                        <h2 class=\"astra-post-grid-title\">Expozi\u021bia temporar\u0103 \u201eN\u0103zuin\u021ba de zbor\u201d<\/h2>\n                        <\/a>\n                        <p class=\"astra-post-grid-excerpt\">Comunicat de pres\u0103 Expozi\u021bia temporar\u0103 \u201eN\u0103zuin\u021ba de zbor\u201d \u00a0 Muzeul Jude\u021bean Buz\u0103u, institu\u021bie de cultur\u0103 \u0219i cercetare aflat\u0103 sub autoritatea&hellip;<\/p>\n                    <\/div>\n                                    <div class=\"astra-post-grid-item\">\n                        <a href=\"http:\/\/muzeubuzau.ro\/en\/events\/izvoare-de-lumina-icoane-si-oua-incondeiate\/\" class=\"astra-post-grid-link\">\n                                                            <div class=\"astra-post-grid-thumbnail thumb\" style=\"width: 300px; height: 200px; overflow: hidden;\">\n                                    <img decoding=\"async\" width=\"1131\" height=\"1600\" src=\"https:\/\/muzeubuzau.ro\/wp-content\/uploads\/2026\/03\/Afis.jpeg\" class=\"attachment-full size-full wp-post-image\" alt=\"\" style=\"width: 100%; height: 100%; object-fit: cover;\" srcset=\"https:\/\/muzeubuzau.ro\/wp-content\/uploads\/2026\/03\/Afis.jpeg 1131w, https:\/\/muzeubuzau.ro\/wp-content\/uploads\/2026\/03\/Afis-212x300.jpeg 212w, https:\/\/muzeubuzau.ro\/wp-content\/uploads\/2026\/03\/Afis-724x1024.jpeg 724w, https:\/\/muzeubuzau.ro\/wp-content\/uploads\/2026\/03\/Afis-768x1086.jpeg 768w, https:\/\/muzeubuzau.ro\/wp-content\/uploads\/2026\/03\/Afis-1086x1536.jpeg 1086w, https:\/\/muzeubuzau.ro\/wp-content\/uploads\/2026\/03\/Afis-8x12.jpeg 8w\" sizes=\"(max-width: 1131px) 100vw, 1131px\" \/>\n                                <\/div>\n                                                        <h2 class=\"astra-post-grid-title\">Izvoare de lumin\u0103: icoane \u0219i ou\u0103 \u00eencondeiate<\/h2>\n                        <\/a>\n                        <p class=\"astra-post-grid-excerpt\">COMUNICAT DE PRES\u0102 Izvoare de lumin\u0103: icoane \u0219i ou\u0103 \u00eencondeiateVernisaj la Muzeul de Etnografie \u201eVergu-M\u0103n\u0103il\u0103\u201d din Buz\u0103u Muzeul Jude\u021bean Buz\u0103u&hellip;<\/p>\n                    <\/div>\n                                    <div class=\"astra-post-grid-item\">\n                        <a href=\"http:\/\/muzeubuzau.ro\/en\/events\/ziua-mondiala-a-apei\/\" class=\"astra-post-grid-link\">\n                                                            <div class=\"astra-post-grid-thumbnail thumb\" style=\"width: 300px; height: 200px; overflow: hidden;\">\n                                    <img loading=\"lazy\" decoding=\"async\" width=\"1728\" height=\"2560\" src=\"https:\/\/muzeubuzau.ro\/wp-content\/uploads\/2026\/03\/Afis-Ziua-Mondiala-a-Apei-2026-scaled.jpg\" class=\"attachment-full size-full wp-post-image\" alt=\"\" style=\"width: 100%; height: 100%; object-fit: cover;\" srcset=\"https:\/\/muzeubuzau.ro\/wp-content\/uploads\/2026\/03\/Afis-Ziua-Mondiala-a-Apei-2026-scaled.jpg 1728w, https:\/\/muzeubuzau.ro\/wp-content\/uploads\/2026\/03\/Afis-Ziua-Mondiala-a-Apei-2026-202x300.jpg 202w, https:\/\/muzeubuzau.ro\/wp-content\/uploads\/2026\/03\/Afis-Ziua-Mondiala-a-Apei-2026-691x1024.jpg 691w, https:\/\/muzeubuzau.ro\/wp-content\/uploads\/2026\/03\/Afis-Ziua-Mondiala-a-Apei-2026-768x1138.jpg 768w, https:\/\/muzeubuzau.ro\/wp-content\/uploads\/2026\/03\/Afis-Ziua-Mondiala-a-Apei-2026-1037x1536.jpg 1037w, https:\/\/muzeubuzau.ro\/wp-content\/uploads\/2026\/03\/Afis-Ziua-Mondiala-a-Apei-2026-1382x2048.jpg 1382w, https:\/\/muzeubuzau.ro\/wp-content\/uploads\/2026\/03\/Afis-Ziua-Mondiala-a-Apei-2026-8x12.jpg 8w\" sizes=\"(max-width: 1728px) 100vw, 1728px\" \/>\n                                <\/div>\n                                                        <h2 class=\"astra-post-grid-title\">Ziua Mondial\u0103 a Apei<\/h2>\n                        <\/a>\n                        <p class=\"astra-post-grid-excerpt\">COMUNICAT DE PRES\u0102Ziua Mondial\u0103 a Apei, marcat\u0103 la Muzeul Jude\u021bean Buz\u0103u Cu prilejul Zilei Mondiale a Apei, Muzeul Jude\u021bean Buz\u0103u,&hellip;<\/p>\n                    <\/div>\n                                    <div class=\"astra-post-grid-item\">\n                        <a href=\"http:\/\/muzeubuzau.ro\/en\/events\/expozitia-temporara-miros-de-paine-calda-painea-in-epoca-regatului-dac\/\" class=\"astra-post-grid-link\">\n                                                            <div class=\"astra-post-grid-thumbnail thumb\" style=\"width: 300px; height: 200px; overflow: hidden;\">\n                                    <img loading=\"lazy\" decoding=\"async\" width=\"794\" height=\"1082\" src=\"https:\/\/muzeubuzau.ro\/wp-content\/uploads\/2026\/03\/Miros-de-paine-calda.png\" class=\"attachment-full size-full wp-post-image\" alt=\"\" style=\"width: 100%; height: 100%; object-fit: cover;\" srcset=\"https:\/\/muzeubuzau.ro\/wp-content\/uploads\/2026\/03\/Miros-de-paine-calda.png 794w, https:\/\/muzeubuzau.ro\/wp-content\/uploads\/2026\/03\/Miros-de-paine-calda-220x300.png 220w, https:\/\/muzeubuzau.ro\/wp-content\/uploads\/2026\/03\/Miros-de-paine-calda-751x1024.png 751w, https:\/\/muzeubuzau.ro\/wp-content\/uploads\/2026\/03\/Miros-de-paine-calda-768x1047.png 768w, https:\/\/muzeubuzau.ro\/wp-content\/uploads\/2026\/03\/Miros-de-paine-calda-9x12.png 9w\" sizes=\"(max-width: 794px) 100vw, 794px\" \/>\n                                <\/div>\n                                                        <h2 class=\"astra-post-grid-title\">Expozi\u021bia temporar\u0103 \u201eMiros de p\u00e2ine cald\u0103. P\u00e2inea \u00een epoca Regatului Dac\u201d<\/h2>\n                        <\/a>\n                        <p class=\"astra-post-grid-excerpt\">Comunicat de pres\u0103 \u00a0 Expozi\u021bia temporar\u0103 \u201eMiros de p\u00e2ine cald\u0103. P\u00e2inea \u00een epoca Regatului Dac\u201d Muzeul Jude\u021bean Buz\u0103u, institu\u021bie de&hellip;<\/p>\n                    <\/div>\n                                    <div class=\"astra-post-grid-item\">\n                        <a href=\"http:\/\/muzeubuzau.ro\/en\/events\/expozitia-muzeului-politiei-romane\/\" class=\"astra-post-grid-link\">\n                                                            <div class=\"astra-post-grid-thumbnail thumb\" style=\"width: 300px; height: 200px; overflow: hidden;\">\n                                    <img loading=\"lazy\" decoding=\"async\" width=\"1066\" height=\"1600\" src=\"https:\/\/muzeubuzau.ro\/wp-content\/uploads\/2026\/03\/pol.jpeg\" class=\"attachment-full size-full wp-post-image\" alt=\"\" style=\"width: 100%; height: 100%; object-fit: cover;\" srcset=\"https:\/\/muzeubuzau.ro\/wp-content\/uploads\/2026\/03\/pol.jpeg 1066w, https:\/\/muzeubuzau.ro\/wp-content\/uploads\/2026\/03\/pol-200x300.jpeg 200w, https:\/\/muzeubuzau.ro\/wp-content\/uploads\/2026\/03\/pol-682x1024.jpeg 682w, https:\/\/muzeubuzau.ro\/wp-content\/uploads\/2026\/03\/pol-768x1153.jpeg 768w, https:\/\/muzeubuzau.ro\/wp-content\/uploads\/2026\/03\/pol-1023x1536.jpeg 1023w, https:\/\/muzeubuzau.ro\/wp-content\/uploads\/2026\/03\/pol-8x12.jpeg 8w\" sizes=\"(max-width: 1066px) 100vw, 1066px\" \/>\n                                <\/div>\n                                                        <h2 class=\"astra-post-grid-title\">Expozi\u021bia Muzeului Poli\u021biei Rom\u00e2ne<\/h2>\n                        <\/a>\n                        <p class=\"astra-post-grid-excerpt\">COMUNICAT DE PRES\u0102 Expozi\u021bia Muzeului Poli\u021biei Rom\u00e2ne ajunge la Buz\u0103u. \u00centre 11\u0219i 13 martie 2026, v\u0103 a\u0219tept\u0103m la Centrul Muzeal&hellip;<\/p>\n                    <\/div>\n                                    <div class=\"astra-post-grid-item\">\n                        <a href=\"http:\/\/muzeubuzau.ro\/en\/events\/proiect-cultural-schimb-de-retete\/\" class=\"astra-post-grid-link\">\n                                                            <div class=\"astra-post-grid-thumbnail thumb\" style=\"width: 300px; height: 200px; overflow: hidden;\">\n                                    <img loading=\"lazy\" decoding=\"async\" width=\"1131\" height=\"1600\" src=\"https:\/\/muzeubuzau.ro\/wp-content\/uploads\/2026\/03\/Afis-Schimb-de-Retete-2026.jpg\" class=\"attachment-full size-full wp-post-image\" alt=\"\" style=\"width: 100%; height: 100%; object-fit: cover;\" srcset=\"https:\/\/muzeubuzau.ro\/wp-content\/uploads\/2026\/03\/Afis-Schimb-de-Retete-2026.jpg 1131w, https:\/\/muzeubuzau.ro\/wp-content\/uploads\/2026\/03\/Afis-Schimb-de-Retete-2026-212x300.jpg 212w, https:\/\/muzeubuzau.ro\/wp-content\/uploads\/2026\/03\/Afis-Schimb-de-Retete-2026-724x1024.jpg 724w, https:\/\/muzeubuzau.ro\/wp-content\/uploads\/2026\/03\/Afis-Schimb-de-Retete-2026-768x1086.jpg 768w, https:\/\/muzeubuzau.ro\/wp-content\/uploads\/2026\/03\/Afis-Schimb-de-Retete-2026-1086x1536.jpg 1086w, https:\/\/muzeubuzau.ro\/wp-content\/uploads\/2026\/03\/Afis-Schimb-de-Retete-2026-8x12.jpg 8w\" sizes=\"(max-width: 1131px) 100vw, 1131px\" \/>\n                                <\/div>\n                                                        <h2 class=\"astra-post-grid-title\">Proiectul cultural \u201eSchimb de re\u021bete\u201d<\/h2>\n                        <\/a>\n                        <p class=\"astra-post-grid-excerpt\">COMUNICAT DE PRES\u0102 \u201eSchimb de Re\u021bete\u201d ajunge la Buz\u0103u: patrimoniul culinar devine experien\u021b\u0103 participativ\u0103. Proiectul cultural independent \u201eCaiete de Re\u021bete\u201d&hellip;<\/p>\n                    <\/div>\n                                    <div class=\"astra-post-grid-item\">\n                        <a href=\"http:\/\/muzeubuzau.ro\/en\/events\/concursul-national-margareta-sterian-editia-a-xvi-a\/\" class=\"astra-post-grid-link\">\n                                                            <div class=\"astra-post-grid-thumbnail thumb\" style=\"width: 300px; height: 200px; overflow: hidden;\">\n                                    <img loading=\"lazy\" decoding=\"async\" width=\"886\" height=\"1252\" src=\"https:\/\/muzeubuzau.ro\/wp-content\/uploads\/2026\/02\/Afis-expo-Natura-echilibru-fragil-2026.png\" class=\"attachment-full size-full wp-post-image\" alt=\"\" style=\"width: 100%; height: 100%; object-fit: cover;\" srcset=\"https:\/\/muzeubuzau.ro\/wp-content\/uploads\/2026\/02\/Afis-expo-Natura-echilibru-fragil-2026.png 886w, https:\/\/muzeubuzau.ro\/wp-content\/uploads\/2026\/02\/Afis-expo-Natura-echilibru-fragil-2026-212x300.png 212w, https:\/\/muzeubuzau.ro\/wp-content\/uploads\/2026\/02\/Afis-expo-Natura-echilibru-fragil-2026-725x1024.png 725w, https:\/\/muzeubuzau.ro\/wp-content\/uploads\/2026\/02\/Afis-expo-Natura-echilibru-fragil-2026-768x1085.png 768w, https:\/\/muzeubuzau.ro\/wp-content\/uploads\/2026\/02\/Afis-expo-Natura-echilibru-fragil-2026-8x12.png 8w\" sizes=\"(max-width: 886px) 100vw, 886px\" \/>\n                                <\/div>\n                                                        <h2 class=\"astra-post-grid-title\">Concursul Na\u021bional \u201eMargareta Sterian\u201d, edi\u021bia a XVI-a<\/h2>\n                        <\/a>\n                        <p class=\"astra-post-grid-excerpt\">COMUNICAT DE PRES\u0102 \u00a0 Vernisaj \u0219i festivitate de premiere \u2013 Concursul Na\u021bional \u201eMargareta Sterian\u201d, edi\u021bia a XVI-a \u00a0 S\u00e2mb\u0103t\u0103, 28&hellip;<\/p>\n                    <\/div>\n                                    <div class=\"astra-post-grid-item\">\n                        <a href=\"http:\/\/muzeubuzau.ro\/en\/events\/maratonul-cultural-educativ-fara-violenta-oriunde-acasa-la-scoala-pe-strada\/\" class=\"astra-post-grid-link\">\n                                                            <div class=\"astra-post-grid-thumbnail thumb\" style=\"width: 300px; height: 200px; overflow: hidden;\">\n                                    <img loading=\"lazy\" decoding=\"async\" width=\"1065\" height=\"1600\" src=\"https:\/\/muzeubuzau.ro\/wp-content\/uploads\/2026\/02\/Afis-Maraton-Antiviolenta-2026.jpg\" class=\"attachment-full size-full wp-post-image\" alt=\"\" style=\"width: 100%; height: 100%; object-fit: cover;\" srcset=\"https:\/\/muzeubuzau.ro\/wp-content\/uploads\/2026\/02\/Afis-Maraton-Antiviolenta-2026.jpg 1065w, https:\/\/muzeubuzau.ro\/wp-content\/uploads\/2026\/02\/Afis-Maraton-Antiviolenta-2026-200x300.jpg 200w, https:\/\/muzeubuzau.ro\/wp-content\/uploads\/2026\/02\/Afis-Maraton-Antiviolenta-2026-682x1024.jpg 682w, https:\/\/muzeubuzau.ro\/wp-content\/uploads\/2026\/02\/Afis-Maraton-Antiviolenta-2026-768x1154.jpg 768w, https:\/\/muzeubuzau.ro\/wp-content\/uploads\/2026\/02\/Afis-Maraton-Antiviolenta-2026-1022x1536.jpg 1022w, https:\/\/muzeubuzau.ro\/wp-content\/uploads\/2026\/02\/Afis-Maraton-Antiviolenta-2026-8x12.jpg 8w\" sizes=\"(max-width: 1065px) 100vw, 1065px\" \/>\n                                <\/div>\n                                                        <h2 class=\"astra-post-grid-title\">Maratonul cultural-educativ \u201eF\u0103r\u0103 violen\u021b\u0103 oriunde: acas\u0103, la \u0219coal\u0103, pe strad\u0103\u201d<\/h2>\n                        <\/a>\n                        <p class=\"astra-post-grid-excerpt\">COMUNICAT DE PRES\u0102 Muzeul Jude\u021bean Buz\u0103u, \u00een parteneriat cu Inspectoratul de Jandarmi Jude\u021bean Buz\u0103u, Inspectoratul de Poli\u021bie Jude\u021bean Buz\u0103u, Centrul&hellip;<\/p>\n                    <\/div>\n                                    <div class=\"astra-post-grid-item\">\n                        <a href=\"http:\/\/muzeubuzau.ro\/en\/events\/expresii-de-primavara-ed-a-ii-a\/\" class=\"astra-post-grid-link\">\n                                                            <div class=\"astra-post-grid-thumbnail thumb\" style=\"width: 300px; height: 200px; overflow: hidden;\">\n                                    <img loading=\"lazy\" decoding=\"async\" width=\"901\" height=\"2560\" src=\"https:\/\/muzeubuzau.ro\/wp-content\/uploads\/2026\/02\/2AFIS-Expresii-de-Primavara-02-scaled.jpg\" class=\"attachment-full size-full wp-post-image\" alt=\"\" style=\"width: 100%; height: 100%; object-fit: cover;\" srcset=\"https:\/\/muzeubuzau.ro\/wp-content\/uploads\/2026\/02\/2AFIS-Expresii-de-Primavara-02-scaled.jpg 901w, https:\/\/muzeubuzau.ro\/wp-content\/uploads\/2026\/02\/2AFIS-Expresii-de-Primavara-02-106x300.jpg 106w, https:\/\/muzeubuzau.ro\/wp-content\/uploads\/2026\/02\/2AFIS-Expresii-de-Primavara-02-360x1024.jpg 360w, https:\/\/muzeubuzau.ro\/wp-content\/uploads\/2026\/02\/2AFIS-Expresii-de-Primavara-02-768x2182.jpg 768w, https:\/\/muzeubuzau.ro\/wp-content\/uploads\/2026\/02\/2AFIS-Expresii-de-Primavara-02-541x1536.jpg 541w, https:\/\/muzeubuzau.ro\/wp-content\/uploads\/2026\/02\/2AFIS-Expresii-de-Primavara-02-721x2048.jpg 721w, https:\/\/muzeubuzau.ro\/wp-content\/uploads\/2026\/02\/2AFIS-Expresii-de-Primavara-02-4x12.jpg 4w\" sizes=\"(max-width: 901px) 100vw, 901px\" \/>\n                                <\/div>\n                                                        <h2 class=\"astra-post-grid-title\">Expresii de Prim\u0103var\u0103, ed. a II-a<\/h2>\n                        <\/a>\n                        <p class=\"astra-post-grid-excerpt\">COMUNICAT DE PRES\u0102 Expresii de Prim\u0103var\u0103, ed. a II-a \u00a0 Muzeul Jude\u021bean Buz\u0103u anun\u021b\u0103 lansarea celei de-a doua edi\u021bii a&hellip;<\/p>\n                    <\/div>\n                                    <div class=\"astra-post-grid-item\">\n                        <a href=\"http:\/\/muzeubuzau.ro\/en\/events\/expozitia-temporara-babel-by-romeo-ioan\/\" class=\"astra-post-grid-link\">\n                                                            <div class=\"astra-post-grid-thumbnail thumb\" style=\"width: 300px; height: 200px; overflow: hidden;\">\n                                    <img loading=\"lazy\" decoding=\"async\" width=\"1811\" height=\"2560\" src=\"https:\/\/muzeubuzau.ro\/wp-content\/uploads\/2026\/02\/2026-Afis-BABEL-_page-0001-scaled.jpg\" class=\"attachment-full size-full wp-post-image\" alt=\"\" style=\"width: 100%; height: 100%; object-fit: cover;\" srcset=\"https:\/\/muzeubuzau.ro\/wp-content\/uploads\/2026\/02\/2026-Afis-BABEL-_page-0001-scaled.jpg 1811w, https:\/\/muzeubuzau.ro\/wp-content\/uploads\/2026\/02\/2026-Afis-BABEL-_page-0001-212x300.jpg 212w, https:\/\/muzeubuzau.ro\/wp-content\/uploads\/2026\/02\/2026-Afis-BABEL-_page-0001-724x1024.jpg 724w, https:\/\/muzeubuzau.ro\/wp-content\/uploads\/2026\/02\/2026-Afis-BABEL-_page-0001-768x1086.jpg 768w, https:\/\/muzeubuzau.ro\/wp-content\/uploads\/2026\/02\/2026-Afis-BABEL-_page-0001-1086x1536.jpg 1086w, https:\/\/muzeubuzau.ro\/wp-content\/uploads\/2026\/02\/2026-Afis-BABEL-_page-0001-1449x2048.jpg 1449w, https:\/\/muzeubuzau.ro\/wp-content\/uploads\/2026\/02\/2026-Afis-BABEL-_page-0001-8x12.jpg 8w\" sizes=\"(max-width: 1811px) 100vw, 1811px\" \/>\n                                <\/div>\n                                                        <h2 class=\"astra-post-grid-title\">Expozi\u021bia temporar\u0103 \u201eBABEL\u201d by Romeo Ioan<\/h2>\n                        <\/a>\n                        <p class=\"astra-post-grid-excerpt\">COMUNICAT DE PRES\u0102 Muzeul Jude\u021bean Buz\u0103u verniseaz\u0103 expozi\u021bia \u201eBABEL\u201d, semnat\u0103 de Romeo Ioan 13 februarie 2026 \u00a0 \u00cen data de&hellip;<\/p>\n                    <\/div>\n                                    <div class=\"astra-post-grid-item\">\n                        <a href=\"http:\/\/muzeubuzau.ro\/en\/events\/keeping-the-exhibition-alive-editia-a-viii-a\/\" class=\"astra-post-grid-link\">\n                                                            <div class=\"astra-post-grid-thumbnail thumb\" style=\"width: 300px; height: 200px; overflow: hidden;\">\n                                    <img loading=\"lazy\" decoding=\"async\" width=\"2560\" height=\"1815\" src=\"https:\/\/muzeubuzau.ro\/wp-content\/uploads\/2026\/02\/web-2026-00-00-AFIS-Keeping-the-exhibition-alive-WEB-scaled.jpg\" class=\"attachment-full size-full wp-post-image\" alt=\"\" style=\"width: 100%; height: 100%; object-fit: cover;\" srcset=\"https:\/\/muzeubuzau.ro\/wp-content\/uploads\/2026\/02\/web-2026-00-00-AFIS-Keeping-the-exhibition-alive-WEB-scaled.jpg 2560w, https:\/\/muzeubuzau.ro\/wp-content\/uploads\/2026\/02\/web-2026-00-00-AFIS-Keeping-the-exhibition-alive-WEB-300x213.jpg 300w, https:\/\/muzeubuzau.ro\/wp-content\/uploads\/2026\/02\/web-2026-00-00-AFIS-Keeping-the-exhibition-alive-WEB-1024x726.jpg 1024w, https:\/\/muzeubuzau.ro\/wp-content\/uploads\/2026\/02\/web-2026-00-00-AFIS-Keeping-the-exhibition-alive-WEB-768x544.jpg 768w, https:\/\/muzeubuzau.ro\/wp-content\/uploads\/2026\/02\/web-2026-00-00-AFIS-Keeping-the-exhibition-alive-WEB-1536x1089.jpg 1536w, https:\/\/muzeubuzau.ro\/wp-content\/uploads\/2026\/02\/web-2026-00-00-AFIS-Keeping-the-exhibition-alive-WEB-2048x1452.jpg 2048w, https:\/\/muzeubuzau.ro\/wp-content\/uploads\/2026\/02\/web-2026-00-00-AFIS-Keeping-the-exhibition-alive-WEB-18x12.jpg 18w\" sizes=\"(max-width: 2560px) 100vw, 2560px\" \/>\n                                <\/div>\n                                                        <h2 class=\"astra-post-grid-title\">\u201eKeeping the Exhibition Alive\u201d, edi\u021bia a VIII-a<\/h2>\n                        <\/a>\n                        <p class=\"astra-post-grid-excerpt\">COMUNICAT DE PRES\u0102 \u201eKeeping the Exhibition Alive\u201d, edi\u021bia a VIII-a muzica readuce publicul \u00een spa\u021biile muzeal Muzeul Jude\u021bean Buz\u0103u, institu\u021bie&hellip;<\/p>\n                    <\/div>\n                                    <div class=\"astra-post-grid-item\">\n                        <a href=\"http:\/\/muzeubuzau.ro\/en\/events\/salonul-de-sculptura-mica-gheorghe-coman-si-nicapetre\/\" class=\"astra-post-grid-link\">\n                                                            <div class=\"astra-post-grid-thumbnail thumb\" style=\"width: 300px; height: 200px; overflow: hidden;\">\n                                    <img loading=\"lazy\" decoding=\"async\" width=\"1142\" height=\"1600\" src=\"https:\/\/muzeubuzau.ro\/wp-content\/uploads\/2026\/01\/AFIS-Salonul-de-sculptura-mica-Braila.jpeg\" class=\"attachment-full size-full wp-post-image\" alt=\"\" style=\"width: 100%; height: 100%; object-fit: cover;\" srcset=\"https:\/\/muzeubuzau.ro\/wp-content\/uploads\/2026\/01\/AFIS-Salonul-de-sculptura-mica-Braila.jpeg 1142w, https:\/\/muzeubuzau.ro\/wp-content\/uploads\/2026\/01\/AFIS-Salonul-de-sculptura-mica-Braila-214x300.jpeg 214w, https:\/\/muzeubuzau.ro\/wp-content\/uploads\/2026\/01\/AFIS-Salonul-de-sculptura-mica-Braila-731x1024.jpeg 731w, https:\/\/muzeubuzau.ro\/wp-content\/uploads\/2026\/01\/AFIS-Salonul-de-sculptura-mica-Braila-768x1076.jpeg 768w, https:\/\/muzeubuzau.ro\/wp-content\/uploads\/2026\/01\/AFIS-Salonul-de-sculptura-mica-Braila-1096x1536.jpeg 1096w, https:\/\/muzeubuzau.ro\/wp-content\/uploads\/2026\/01\/AFIS-Salonul-de-sculptura-mica-Braila-9x12.jpeg 9w\" sizes=\"(max-width: 1142px) 100vw, 1142px\" \/>\n                                <\/div>\n                                                        <h2 class=\"astra-post-grid-title\">SALONUL DE SCULPTUR\u0102 MIC\u0102 \u201eGHEORGHE COMAN\u201d \u0218I NIC\u0102PETRE<\/h2>\n                        <\/a>\n                        <p class=\"astra-post-grid-excerpt\">Centrul Cultural Nic\u0103petre \u01c0 27.01. \u2013 28.03.2026 Vernisaj: mar\u021bi, 27 ianuarie 2026, ora 12:00 Muzeul Br\u0103ilei \u201eCarol I\u201d v\u0103 invit\u0103&hellip;<\/p>\n                    <\/div>\n                                    <div class=\"astra-post-grid-item\">\n                        <a href=\"http:\/\/muzeubuzau.ro\/en\/events\/expozitia-temporara-unfold-by-ana-maria-galeteanu\/\" class=\"astra-post-grid-link\">\n                                                            <div class=\"astra-post-grid-thumbnail thumb\" style=\"width: 300px; height: 200px; overflow: hidden;\">\n                                    <img loading=\"lazy\" decoding=\"async\" width=\"1414\" height=\"2000\" src=\"https:\/\/muzeubuzau.ro\/wp-content\/uploads\/2026\/01\/2026-Afis-Ana-Maria-Galeteanu-unfold-A3.png\" class=\"attachment-full size-full wp-post-image\" alt=\"\" style=\"width: 100%; height: 100%; object-fit: cover;\" srcset=\"https:\/\/muzeubuzau.ro\/wp-content\/uploads\/2026\/01\/2026-Afis-Ana-Maria-Galeteanu-unfold-A3.png 1414w, https:\/\/muzeubuzau.ro\/wp-content\/uploads\/2026\/01\/2026-Afis-Ana-Maria-Galeteanu-unfold-A3-212x300.png 212w, https:\/\/muzeubuzau.ro\/wp-content\/uploads\/2026\/01\/2026-Afis-Ana-Maria-Galeteanu-unfold-A3-724x1024.png 724w, https:\/\/muzeubuzau.ro\/wp-content\/uploads\/2026\/01\/2026-Afis-Ana-Maria-Galeteanu-unfold-A3-768x1086.png 768w, https:\/\/muzeubuzau.ro\/wp-content\/uploads\/2026\/01\/2026-Afis-Ana-Maria-Galeteanu-unfold-A3-1086x1536.png 1086w, https:\/\/muzeubuzau.ro\/wp-content\/uploads\/2026\/01\/2026-Afis-Ana-Maria-Galeteanu-unfold-A3-8x12.png 8w\" sizes=\"(max-width: 1414px) 100vw, 1414px\" \/>\n                                <\/div>\n                                                        <h2 class=\"astra-post-grid-title\">Expozi\u021bia temporar\u0103 \u201e[un]fold\u201d by Ana-Maria G\u0103le\u021beanu<\/h2>\n                        <\/a>\n                        <p class=\"astra-post-grid-excerpt\">Expozi\u021bia \u201e[un]fold\u201d semnat\u0103 de Ana-Maria G\u0103le\u021beanu se deschide la Buz\u0103u sub forma unui pop-up show \u00a0 Titlu: Pop-up show \u201e[un]fold\u201d&hellip;<\/p>\n                    <\/div>\n                                    <div class=\"astra-post-grid-item\">\n                        <a href=\"http:\/\/muzeubuzau.ro\/en\/events\/unirea-principatelor-romane\/\" class=\"astra-post-grid-link\">\n                                                            <div class=\"astra-post-grid-thumbnail thumb\" style=\"width: 300px; height: 200px; overflow: hidden;\">\n                                    <img loading=\"lazy\" decoding=\"async\" width=\"1219\" height=\"870\" src=\"https:\/\/muzeubuzau.ro\/wp-content\/uploads\/2026\/01\/AFIS-Mica-Unire-2026_AFIS.jpg\" class=\"attachment-full size-full wp-post-image\" alt=\"\" style=\"width: 100%; height: 100%; object-fit: cover;\" srcset=\"https:\/\/muzeubuzau.ro\/wp-content\/uploads\/2026\/01\/AFIS-Mica-Unire-2026_AFIS.jpg 1219w, https:\/\/muzeubuzau.ro\/wp-content\/uploads\/2026\/01\/AFIS-Mica-Unire-2026_AFIS-300x214.jpg 300w, https:\/\/muzeubuzau.ro\/wp-content\/uploads\/2026\/01\/AFIS-Mica-Unire-2026_AFIS-1024x731.jpg 1024w, https:\/\/muzeubuzau.ro\/wp-content\/uploads\/2026\/01\/AFIS-Mica-Unire-2026_AFIS-768x548.jpg 768w, https:\/\/muzeubuzau.ro\/wp-content\/uploads\/2026\/01\/AFIS-Mica-Unire-2026_AFIS-18x12.jpg 18w\" sizes=\"(max-width: 1219px) 100vw, 1219px\" \/>\n                                <\/div>\n                                                        <h2 class=\"astra-post-grid-title\">Unirea Principatelor Rom\u00e2ne<\/h2>\n                        <\/a>\n                        <p class=\"astra-post-grid-excerpt\">Comunicat de pres\u0103 Activit\u0103\u021bi cultural-educative dedicate Unirii Principatelor Rom\u00e2ne \u00cen acest an se \u00eemplinesc 167 de ani de la Unirea&hellip;<\/p>\n                    <\/div>\n                                    <div class=\"astra-post-grid-item\">\n                        <a href=\"http:\/\/muzeubuzau.ro\/en\/events\/ateliere-mestesugaresti-2026\/\" class=\"astra-post-grid-link\">\n                                                            <div class=\"astra-post-grid-thumbnail thumb\" style=\"width: 300px; height: 200px; overflow: hidden;\">\n                                    <img loading=\"lazy\" decoding=\"async\" width=\"2560\" height=\"1811\" src=\"https:\/\/muzeubuzau.ro\/wp-content\/uploads\/2026\/01\/2026-AFIS-WEB-Ateliere-Mestesugaresti-01-scaled.jpg\" class=\"attachment-full size-full wp-post-image\" alt=\"\" style=\"width: 100%; height: 100%; object-fit: cover;\" srcset=\"https:\/\/muzeubuzau.ro\/wp-content\/uploads\/2026\/01\/2026-AFIS-WEB-Ateliere-Mestesugaresti-01-scaled.jpg 2560w, https:\/\/muzeubuzau.ro\/wp-content\/uploads\/2026\/01\/2026-AFIS-WEB-Ateliere-Mestesugaresti-01-300x212.jpg 300w, https:\/\/muzeubuzau.ro\/wp-content\/uploads\/2026\/01\/2026-AFIS-WEB-Ateliere-Mestesugaresti-01-1024x724.jpg 1024w, https:\/\/muzeubuzau.ro\/wp-content\/uploads\/2026\/01\/2026-AFIS-WEB-Ateliere-Mestesugaresti-01-768x543.jpg 768w, https:\/\/muzeubuzau.ro\/wp-content\/uploads\/2026\/01\/2026-AFIS-WEB-Ateliere-Mestesugaresti-01-1536x1087.jpg 1536w, https:\/\/muzeubuzau.ro\/wp-content\/uploads\/2026\/01\/2026-AFIS-WEB-Ateliere-Mestesugaresti-01-2048x1449.jpg 2048w, https:\/\/muzeubuzau.ro\/wp-content\/uploads\/2026\/01\/2026-AFIS-WEB-Ateliere-Mestesugaresti-01-18x12.jpg 18w\" sizes=\"(max-width: 2560px) 100vw, 2560px\" \/>\n                                <\/div>\n                                                        <h2 class=\"astra-post-grid-title\">Ateliere me\u0219te\u0219ug\u0103re\u0219ti 2026<\/h2>\n                        <\/a>\n                        <p class=\"astra-post-grid-excerpt\">Comunicat de pres\u0103 Ateliere me\u0219te\u0219ug\u0103re\u0219ti 2026 Muzeul Jude\u021bean Buz\u0103u, institu\u021bie de cultur\u0103, cercetare \u0219i art\u0103, ce func\u021bioneaz\u0103 sub autoritatea Consiliului&hellip;<\/p>\n                    <\/div>\n                                    <div class=\"astra-post-grid-item\">\n                        <a href=\"http:\/\/muzeubuzau.ro\/en\/events\/ziua-culturii-nationale-2026\/\" class=\"astra-post-grid-link\">\n                                                            <div class=\"astra-post-grid-thumbnail thumb\" style=\"width: 300px; height: 200px; overflow: hidden;\">\n                                    <img loading=\"lazy\" decoding=\"async\" width=\"2384\" height=\"1684\" src=\"https:\/\/muzeubuzau.ro\/wp-content\/uploads\/2026\/01\/2026-AFIS-WEB-Ziua-Culturii-2026_AFIS.jpg\" class=\"attachment-full size-full wp-post-image\" alt=\"\" style=\"width: 100%; height: 100%; object-fit: cover;\" srcset=\"https:\/\/muzeubuzau.ro\/wp-content\/uploads\/2026\/01\/2026-AFIS-WEB-Ziua-Culturii-2026_AFIS.jpg 2384w, https:\/\/muzeubuzau.ro\/wp-content\/uploads\/2026\/01\/2026-AFIS-WEB-Ziua-Culturii-2026_AFIS-300x212.jpg 300w, https:\/\/muzeubuzau.ro\/wp-content\/uploads\/2026\/01\/2026-AFIS-WEB-Ziua-Culturii-2026_AFIS-1024x723.jpg 1024w, https:\/\/muzeubuzau.ro\/wp-content\/uploads\/2026\/01\/2026-AFIS-WEB-Ziua-Culturii-2026_AFIS-768x542.jpg 768w, https:\/\/muzeubuzau.ro\/wp-content\/uploads\/2026\/01\/2026-AFIS-WEB-Ziua-Culturii-2026_AFIS-1536x1085.jpg 1536w, https:\/\/muzeubuzau.ro\/wp-content\/uploads\/2026\/01\/2026-AFIS-WEB-Ziua-Culturii-2026_AFIS-2048x1447.jpg 2048w, https:\/\/muzeubuzau.ro\/wp-content\/uploads\/2026\/01\/2026-AFIS-WEB-Ziua-Culturii-2026_AFIS-18x12.jpg 18w\" sizes=\"(max-width: 2384px) 100vw, 2384px\" \/>\n                                <\/div>\n                                                        <h2 class=\"astra-post-grid-title\">Ziua Culturii Na\u021bionale 2026<\/h2>\n                        <\/a>\n                        <p class=\"astra-post-grid-excerpt\">Comunicat de pres\u0103 Ziua Culturii Na\u021bionale Muzeul Jude\u021bean Buz\u0103u anun\u021b\u0103 organizarea, cu prilejul Zilei Culturii Na\u021bionale, a seriei anuale de&hellip;<\/p>\n                    <\/div>\n                                    <div class=\"astra-post-grid-item\">\n                        <a href=\"http:\/\/muzeubuzau.ro\/en\/events\/copilaria-lui-chopin-magia-craciunului\/\" class=\"astra-post-grid-link\">\n                                                            <div class=\"astra-post-grid-thumbnail thumb\" style=\"width: 300px; height: 200px; overflow: hidden;\">\n                                    <img loading=\"lazy\" decoding=\"async\" width=\"1131\" height=\"1600\" src=\"https:\/\/muzeubuzau.ro\/wp-content\/uploads\/2025\/12\/MJB_Clasic-e-Fantastic.jpg\" class=\"attachment-full size-full wp-post-image\" alt=\"\" style=\"width: 100%; height: 100%; object-fit: cover;\" srcset=\"https:\/\/muzeubuzau.ro\/wp-content\/uploads\/2025\/12\/MJB_Clasic-e-Fantastic.jpg 1131w, https:\/\/muzeubuzau.ro\/wp-content\/uploads\/2025\/12\/MJB_Clasic-e-Fantastic-212x300.jpg 212w, https:\/\/muzeubuzau.ro\/wp-content\/uploads\/2025\/12\/MJB_Clasic-e-Fantastic-724x1024.jpg 724w, https:\/\/muzeubuzau.ro\/wp-content\/uploads\/2025\/12\/MJB_Clasic-e-Fantastic-768x1086.jpg 768w, https:\/\/muzeubuzau.ro\/wp-content\/uploads\/2025\/12\/MJB_Clasic-e-Fantastic-1086x1536.jpg 1086w, https:\/\/muzeubuzau.ro\/wp-content\/uploads\/2025\/12\/MJB_Clasic-e-Fantastic-8x12.jpg 8w\" sizes=\"(max-width: 1131px) 100vw, 1131px\" \/>\n                                <\/div>\n                                                        <h2 class=\"astra-post-grid-title\">\u201eCopil\u0103ria lui Chopin, Magia Cr\u0103ciunului\u201d<\/h2>\n                        <\/a>\n                        <p class=\"astra-post-grid-excerpt\">Institutul Polonez aduce la Buz\u0103u Copil\u0103ria lui Chopin, Magia Cr\u0103ciunului &#8211; Dou\u0103 spectacole gratuite pentru copii, pe 13 decembrie 2025&hellip;<\/p>\n                    <\/div>\n                                    <div class=\"astra-post-grid-item\">\n                        <a href=\"http:\/\/muzeubuzau.ro\/en\/events\/expozitia-temporara-mare-munte-si-culoare\/\" class=\"astra-post-grid-link\">\n                                                            <div class=\"astra-post-grid-thumbnail thumb\" style=\"width: 300px; height: 200px; overflow: hidden;\">\n                                    <img loading=\"lazy\" decoding=\"async\" width=\"1977\" height=\"2560\" src=\"https:\/\/muzeubuzau.ro\/wp-content\/uploads\/2025\/11\/AFIS-Liga-Navala-Romana-Expozitia-Munte-Mare-si-culoare-01-scaled.jpg\" class=\"attachment-full size-full wp-post-image\" alt=\"\" style=\"width: 100%; height: 100%; object-fit: cover;\" srcset=\"https:\/\/muzeubuzau.ro\/wp-content\/uploads\/2025\/11\/AFIS-Liga-Navala-Romana-Expozitia-Munte-Mare-si-culoare-01-scaled.jpg 1977w, https:\/\/muzeubuzau.ro\/wp-content\/uploads\/2025\/11\/AFIS-Liga-Navala-Romana-Expozitia-Munte-Mare-si-culoare-01-232x300.jpg 232w, https:\/\/muzeubuzau.ro\/wp-content\/uploads\/2025\/11\/AFIS-Liga-Navala-Romana-Expozitia-Munte-Mare-si-culoare-01-791x1024.jpg 791w, https:\/\/muzeubuzau.ro\/wp-content\/uploads\/2025\/11\/AFIS-Liga-Navala-Romana-Expozitia-Munte-Mare-si-culoare-01-768x994.jpg 768w, https:\/\/muzeubuzau.ro\/wp-content\/uploads\/2025\/11\/AFIS-Liga-Navala-Romana-Expozitia-Munte-Mare-si-culoare-01-1186x1536.jpg 1186w, https:\/\/muzeubuzau.ro\/wp-content\/uploads\/2025\/11\/AFIS-Liga-Navala-Romana-Expozitia-Munte-Mare-si-culoare-01-1582x2048.jpg 1582w, https:\/\/muzeubuzau.ro\/wp-content\/uploads\/2025\/11\/AFIS-Liga-Navala-Romana-Expozitia-Munte-Mare-si-culoare-01-9x12.jpg 9w\" sizes=\"(max-width: 1977px) 100vw, 1977px\" \/>\n                                <\/div>\n                                                        <h2 class=\"astra-post-grid-title\">Expozi\u021bia temporar\u0103 \u201eMare, Munte \u0219i Culoare\u201d<\/h2>\n                        <\/a>\n                        <p class=\"astra-post-grid-excerpt\">Comunicat de pres\u0103 Expozi\u021bie temporar\u0103 Mare, Munte \u0219i Culoare Muzeul Jude\u021bean Buz\u0103u \u00een colaborare cu Liga Naval\u0103 Rom\u00e2n\u0103 \u2013 Filiala&hellip;<\/p>\n                    <\/div>\n                                    <div class=\"astra-post-grid-item\">\n                        <a href=\"http:\/\/muzeubuzau.ro\/en\/events\/in-memoriam-alexandru-marghiloman-1854-1925\/\" class=\"astra-post-grid-link\">\n                                                            <div class=\"astra-post-grid-thumbnail thumb\" style=\"width: 300px; height: 200px; overflow: hidden;\">\n                                    <img loading=\"lazy\" decoding=\"async\" width=\"1815\" height=\"2560\" src=\"https:\/\/muzeubuzau.ro\/wp-content\/uploads\/2025\/11\/AFIS-In-memoriam-Alexandru-Marghiloman-01-scaled.jpg\" class=\"attachment-full size-full wp-post-image\" alt=\"\" style=\"width: 100%; height: 100%; object-fit: cover;\" srcset=\"https:\/\/muzeubuzau.ro\/wp-content\/uploads\/2025\/11\/AFIS-In-memoriam-Alexandru-Marghiloman-01-scaled.jpg 1815w, https:\/\/muzeubuzau.ro\/wp-content\/uploads\/2025\/11\/AFIS-In-memoriam-Alexandru-Marghiloman-01-213x300.jpg 213w, https:\/\/muzeubuzau.ro\/wp-content\/uploads\/2025\/11\/AFIS-In-memoriam-Alexandru-Marghiloman-01-726x1024.jpg 726w, https:\/\/muzeubuzau.ro\/wp-content\/uploads\/2025\/11\/AFIS-In-memoriam-Alexandru-Marghiloman-01-768x1083.jpg 768w, https:\/\/muzeubuzau.ro\/wp-content\/uploads\/2025\/11\/AFIS-In-memoriam-Alexandru-Marghiloman-01-1089x1536.jpg 1089w, https:\/\/muzeubuzau.ro\/wp-content\/uploads\/2025\/11\/AFIS-In-memoriam-Alexandru-Marghiloman-01-1452x2048.jpg 1452w, https:\/\/muzeubuzau.ro\/wp-content\/uploads\/2025\/11\/AFIS-In-memoriam-Alexandru-Marghiloman-01-9x12.jpg 9w\" sizes=\"(max-width: 1815px) 100vw, 1815px\" \/>\n                                <\/div>\n                                                        <h2 class=\"astra-post-grid-title\">In memoriam Alexandru Marghiloman (1854-1925)<\/h2>\n                        <\/a>\n                        <p class=\"astra-post-grid-excerpt\">COMUNICAT DE PRES\u0102\u00a0 In memoriam Alexandru Marghiloman (1854 &#8211; 1925)\u00a0 \u00a0\u00a0\u00a0\u00a0\u00a0\u00a0\u00a0\u00a0\u00a0\u00a0\u00a0 Muzeul Jude\u021bean Buz\u0103u \u00een parteneriat cu Muzeul Na\u021bional de&hellip;<\/p>\n                    <\/div>\n                                    <div class=\"astra-post-grid-item\">\n                        <a href=\"http:\/\/muzeubuzau.ro\/en\/events\/play-science-festival-2025\/\" class=\"astra-post-grid-link\">\n                                                            <div class=\"astra-post-grid-thumbnail thumb\" style=\"width: 300px; height: 200px; overflow: hidden;\">\n                                    <img loading=\"lazy\" decoding=\"async\" width=\"1080\" height=\"1350\" src=\"https:\/\/muzeubuzau.ro\/wp-content\/uploads\/2025\/11\/Afis-vertical-Play-Science-Festival-2025.jpg\" class=\"attachment-full size-full wp-post-image\" alt=\"\" style=\"width: 100%; height: 100%; object-fit: cover;\" srcset=\"https:\/\/muzeubuzau.ro\/wp-content\/uploads\/2025\/11\/Afis-vertical-Play-Science-Festival-2025.jpg 1080w, https:\/\/muzeubuzau.ro\/wp-content\/uploads\/2025\/11\/Afis-vertical-Play-Science-Festival-2025-240x300.jpg 240w, https:\/\/muzeubuzau.ro\/wp-content\/uploads\/2025\/11\/Afis-vertical-Play-Science-Festival-2025-819x1024.jpg 819w, https:\/\/muzeubuzau.ro\/wp-content\/uploads\/2025\/11\/Afis-vertical-Play-Science-Festival-2025-768x960.jpg 768w, https:\/\/muzeubuzau.ro\/wp-content\/uploads\/2025\/11\/Afis-vertical-Play-Science-Festival-2025-10x12.jpg 10w\" sizes=\"(max-width: 1080px) 100vw, 1080px\" \/>\n                                <\/div>\n                                                        <h2 class=\"astra-post-grid-title\">Play Science Festival 2025<\/h2>\n                        <\/a>\n                        <p class=\"astra-post-grid-excerpt\">Comunicat de pres\u0103 \u00a0Play Science Festival Muzeul Jude\u021bean Buz\u0103u \u00een parteneriat cu Funda\u021bia Comunitar\u0103 Buz\u0103u organizeaz\u0103 Play Science Festival, primul&hellip;<\/p>\n                    <\/div>\n                                    <div class=\"astra-post-grid-item\">\n                        <a href=\"http:\/\/muzeubuzau.ro\/en\/events\/ateliere-vocationale\/\" class=\"astra-post-grid-link\">\n                                                            <div class=\"astra-post-grid-thumbnail thumb\" style=\"width: 300px; height: 200px; overflow: hidden;\">\n                                    <img loading=\"lazy\" decoding=\"async\" width=\"1817\" height=\"2560\" src=\"https:\/\/muzeubuzau.ro\/wp-content\/uploads\/2025\/10\/Afis-web-atelier-vocational-scaled.jpg\" class=\"attachment-full size-full wp-post-image\" alt=\"\" style=\"width: 100%; height: 100%; object-fit: cover;\" srcset=\"https:\/\/muzeubuzau.ro\/wp-content\/uploads\/2025\/10\/Afis-web-atelier-vocational-scaled.jpg 1817w, https:\/\/muzeubuzau.ro\/wp-content\/uploads\/2025\/10\/Afis-web-atelier-vocational-213x300.jpg 213w, https:\/\/muzeubuzau.ro\/wp-content\/uploads\/2025\/10\/Afis-web-atelier-vocational-727x1024.jpg 727w, https:\/\/muzeubuzau.ro\/wp-content\/uploads\/2025\/10\/Afis-web-atelier-vocational-768x1082.jpg 768w, https:\/\/muzeubuzau.ro\/wp-content\/uploads\/2025\/10\/Afis-web-atelier-vocational-1090x1536.jpg 1090w, https:\/\/muzeubuzau.ro\/wp-content\/uploads\/2025\/10\/Afis-web-atelier-vocational-1453x2048.jpg 1453w, https:\/\/muzeubuzau.ro\/wp-content\/uploads\/2025\/10\/Afis-web-atelier-vocational-9x12.jpg 9w\" sizes=\"(max-width: 1817px) 100vw, 1817px\" \/>\n                                <\/div>\n                                                        <h2 class=\"astra-post-grid-title\">ATELIERE VOCA\u021aIONALE<\/h2>\n                        <\/a>\n                        <p class=\"astra-post-grid-excerpt\">ATELIERE VOCA\u021aIONALE, 5-25 OCTOMBRIE 2025 Muzeul Jude\u021bean Buz\u0103u, institu\u021bie de cultur\u0103, cercetare \u0219i art\u0103, ce func\u021bioneaz\u0103 sub autoritatea Consiliului Jude\u021bean&hellip;<\/p>\n                    <\/div>\n                                    <div class=\"astra-post-grid-item\">\n                        <a href=\"http:\/\/muzeubuzau.ro\/en\/events\/noaptea-cercetatorilor-europeni-2\/\" class=\"astra-post-grid-link\">\n                                                            <div class=\"astra-post-grid-thumbnail thumb\" style=\"width: 300px; height: 200px; overflow: hidden;\">\n                                    <img loading=\"lazy\" decoding=\"async\" width=\"1134\" height=\"1600\" src=\"https:\/\/muzeubuzau.ro\/wp-content\/uploads\/2025\/09\/2025-Afis-Noapte-cercetatorilor-2025.jpg\" class=\"attachment-full size-full wp-post-image\" alt=\"\" style=\"width: 100%; height: 100%; object-fit: cover;\" srcset=\"https:\/\/muzeubuzau.ro\/wp-content\/uploads\/2025\/09\/2025-Afis-Noapte-cercetatorilor-2025.jpg 1134w, https:\/\/muzeubuzau.ro\/wp-content\/uploads\/2025\/09\/2025-Afis-Noapte-cercetatorilor-2025-213x300.jpg 213w, https:\/\/muzeubuzau.ro\/wp-content\/uploads\/2025\/09\/2025-Afis-Noapte-cercetatorilor-2025-726x1024.jpg 726w, https:\/\/muzeubuzau.ro\/wp-content\/uploads\/2025\/09\/2025-Afis-Noapte-cercetatorilor-2025-768x1084.jpg 768w, https:\/\/muzeubuzau.ro\/wp-content\/uploads\/2025\/09\/2025-Afis-Noapte-cercetatorilor-2025-1089x1536.jpg 1089w, https:\/\/muzeubuzau.ro\/wp-content\/uploads\/2025\/09\/2025-Afis-Noapte-cercetatorilor-2025-9x12.jpg 9w\" sizes=\"(max-width: 1134px) 100vw, 1134px\" \/>\n                                <\/div>\n                                                        <h2 class=\"astra-post-grid-title\">European Researchers Night<\/h2>\n                        <\/a>\n                        <p class=\"astra-post-grid-excerpt\">Comunicat de pres\u0103 \u00a0 Muzeul Jude\u021bean Buz\u0103u anun\u021b\u0103 organizarea evenimentului \u201eNoaptea Cercet\u0103torilor Europeni\u201d, ce va avea loc vineri, 26 septembrie&hellip;<\/p>\n                    <\/div>\n                                    <div class=\"astra-post-grid-item\">\n                        <a href=\"http:\/\/muzeubuzau.ro\/en\/events\/expozitia-temporara-lumea-loteriei-romanesti-de-la-afacere-la-binefacere-1837-1989\/\" class=\"astra-post-grid-link\">\n                                                            <div class=\"astra-post-grid-thumbnail thumb\" style=\"width: 300px; height: 200px; overflow: hidden;\">\n                                    <img loading=\"lazy\" decoding=\"async\" width=\"1810\" height=\"2560\" src=\"https:\/\/muzeubuzau.ro\/wp-content\/uploads\/2025\/09\/Afis-loterie_buzau-scaled.jpg\" class=\"attachment-full size-full wp-post-image\" alt=\"\" style=\"width: 100%; height: 100%; object-fit: cover;\" srcset=\"https:\/\/muzeubuzau.ro\/wp-content\/uploads\/2025\/09\/Afis-loterie_buzau-scaled.jpg 1810w, https:\/\/muzeubuzau.ro\/wp-content\/uploads\/2025\/09\/Afis-loterie_buzau-212x300.jpg 212w, https:\/\/muzeubuzau.ro\/wp-content\/uploads\/2025\/09\/Afis-loterie_buzau-724x1024.jpg 724w, https:\/\/muzeubuzau.ro\/wp-content\/uploads\/2025\/09\/Afis-loterie_buzau-768x1086.jpg 768w, https:\/\/muzeubuzau.ro\/wp-content\/uploads\/2025\/09\/Afis-loterie_buzau-1086x1536.jpg 1086w, https:\/\/muzeubuzau.ro\/wp-content\/uploads\/2025\/09\/Afis-loterie_buzau-1448x2048.jpg 1448w, https:\/\/muzeubuzau.ro\/wp-content\/uploads\/2025\/09\/Afis-loterie_buzau-8x12.jpg 8w\" sizes=\"(max-width: 1810px) 100vw, 1810px\" \/>\n                                <\/div>\n                                                        <h2 class=\"astra-post-grid-title\">Expozi\u021bia temporar\u0103 \u201eLumea loteriei rom\u00e2ne\u0219ti: de la afacere la binefacere (1837-1989)\u201d<\/h2>\n                        <\/a>\n                        <p class=\"astra-post-grid-excerpt\">Comunicat de pres\u0103 \u00a0 Muzeul Na\u021bional de Istorie Rom\u00e2niei \u00een parteneriat cu Muzeul Jude\u021bean Buz\u0103u anun\u021b\u0103 vernisajul expozi\u021biei \u201eLumea loteriei&hellip;<\/p>\n                    <\/div>\n                                    <div class=\"astra-post-grid-item\">\n                        <a href=\"http:\/\/muzeubuzau.ro\/en\/events\/expozitia-temporara-satul-romanesc-si-tragedia-colectivizarii\/\" class=\"astra-post-grid-link\">\n                                                            <div class=\"astra-post-grid-thumbnail thumb\" style=\"width: 300px; height: 200px; overflow: hidden;\">\n                                    <img loading=\"lazy\" decoding=\"async\" width=\"1134\" height=\"1600\" src=\"https:\/\/muzeubuzau.ro\/wp-content\/uploads\/2025\/09\/Afis.jpg\" class=\"attachment-full size-full wp-post-image\" alt=\"\" style=\"width: 100%; height: 100%; object-fit: cover;\" srcset=\"https:\/\/muzeubuzau.ro\/wp-content\/uploads\/2025\/09\/Afis.jpg 1134w, https:\/\/muzeubuzau.ro\/wp-content\/uploads\/2025\/09\/Afis-213x300.jpg 213w, https:\/\/muzeubuzau.ro\/wp-content\/uploads\/2025\/09\/Afis-726x1024.jpg 726w, https:\/\/muzeubuzau.ro\/wp-content\/uploads\/2025\/09\/Afis-768x1084.jpg 768w, https:\/\/muzeubuzau.ro\/wp-content\/uploads\/2025\/09\/Afis-1089x1536.jpg 1089w, https:\/\/muzeubuzau.ro\/wp-content\/uploads\/2025\/09\/Afis-9x12.jpg 9w\" sizes=\"(max-width: 1134px) 100vw, 1134px\" \/>\n                                <\/div>\n                                                        <h2 class=\"astra-post-grid-title\">Expozi\u021bia temporar\u0103 \u201eSatul rom\u00e2nesc \u0219i tragedia colectiviz\u0103rii\u201d<\/h2>\n                        <\/a>\n                        <p class=\"astra-post-grid-excerpt\">Comunicat de pres\u0103 Muzeul Jude\u021bean Buz\u0103u, \u00een parteneriat cu Muzeul Ororilor Comunismului din Rom\u00e2nia, anun\u021b\u0103 deschiderea expozi\u021biei temporare \u201eSatul rom\u00e2nesc&hellip;<\/p>\n                    <\/div>\n                                    <div class=\"astra-post-grid-item\">\n                        <a href=\"http:\/\/muzeubuzau.ro\/en\/events\/salonul-de-sculptura-mica-gheorghe-coman\/\" class=\"astra-post-grid-link\">\n                                                            <div class=\"astra-post-grid-thumbnail thumb\" style=\"width: 300px; height: 200px; overflow: hidden;\">\n                                    <img loading=\"lazy\" decoding=\"async\" width=\"1131\" height=\"1600\" src=\"https:\/\/muzeubuzau.ro\/wp-content\/uploads\/2025\/08\/Afis-Salonul-de-sculptura-mica-2025.jpg\" class=\"attachment-full size-full wp-post-image\" alt=\"\" style=\"width: 100%; height: 100%; object-fit: cover;\" srcset=\"https:\/\/muzeubuzau.ro\/wp-content\/uploads\/2025\/08\/Afis-Salonul-de-sculptura-mica-2025.jpg 1131w, https:\/\/muzeubuzau.ro\/wp-content\/uploads\/2025\/08\/Afis-Salonul-de-sculptura-mica-2025-212x300.jpg 212w, https:\/\/muzeubuzau.ro\/wp-content\/uploads\/2025\/08\/Afis-Salonul-de-sculptura-mica-2025-724x1024.jpg 724w, https:\/\/muzeubuzau.ro\/wp-content\/uploads\/2025\/08\/Afis-Salonul-de-sculptura-mica-2025-768x1086.jpg 768w, https:\/\/muzeubuzau.ro\/wp-content\/uploads\/2025\/08\/Afis-Salonul-de-sculptura-mica-2025-1086x1536.jpg 1086w, https:\/\/muzeubuzau.ro\/wp-content\/uploads\/2025\/08\/Afis-Salonul-de-sculptura-mica-2025-8x12.jpg 8w\" sizes=\"(max-width: 1131px) 100vw, 1131px\" \/>\n                                <\/div>\n                                                        <h2 class=\"astra-post-grid-title\">Salonul de sculptur\u0103 mic\u0103 \u201eGheorghe Coman\u201d<\/h2>\n                        <\/a>\n                        <p class=\"astra-post-grid-excerpt\">Comunicat de pres\u0103 Salonul de sculptur\u0103 mic\u0103 \u201eGheorghe Coman\u201d Muzeul Jude\u021bean Buz\u0103u, institu\u021bie de cultur\u0103, cercetare \u0219i art\u0103, ce func\u021bioneaz\u0103&hellip;<\/p>\n                    <\/div>\n                                    <div class=\"astra-post-grid-item\">\n                        <a href=\"http:\/\/muzeubuzau.ro\/en\/events\/7539\/\" class=\"astra-post-grid-link\">\n                                                            <div class=\"astra-post-grid-thumbnail thumb\" style=\"width: 300px; height: 200px; overflow: hidden;\">\n                                    <img loading=\"lazy\" decoding=\"async\" width=\"1131\" height=\"1600\" src=\"https:\/\/muzeubuzau.ro\/wp-content\/uploads\/2025\/08\/2025-Afis-Ziua-portilor-deschise-Gruiu-Darii-2025.jpg\" class=\"attachment-full size-full wp-post-image\" alt=\"\" style=\"width: 100%; height: 100%; object-fit: cover;\" srcset=\"https:\/\/muzeubuzau.ro\/wp-content\/uploads\/2025\/08\/2025-Afis-Ziua-portilor-deschise-Gruiu-Darii-2025.jpg 1131w, https:\/\/muzeubuzau.ro\/wp-content\/uploads\/2025\/08\/2025-Afis-Ziua-portilor-deschise-Gruiu-Darii-2025-212x300.jpg 212w, https:\/\/muzeubuzau.ro\/wp-content\/uploads\/2025\/08\/2025-Afis-Ziua-portilor-deschise-Gruiu-Darii-2025-724x1024.jpg 724w, https:\/\/muzeubuzau.ro\/wp-content\/uploads\/2025\/08\/2025-Afis-Ziua-portilor-deschise-Gruiu-Darii-2025-768x1086.jpg 768w, https:\/\/muzeubuzau.ro\/wp-content\/uploads\/2025\/08\/2025-Afis-Ziua-portilor-deschise-Gruiu-Darii-2025-1086x1536.jpg 1086w, https:\/\/muzeubuzau.ro\/wp-content\/uploads\/2025\/08\/2025-Afis-Ziua-portilor-deschise-Gruiu-Darii-2025-8x12.jpg 8w\" sizes=\"(max-width: 1131px) 100vw, 1131px\" \/>\n                                <\/div>\n                                                        <h2 class=\"astra-post-grid-title\">Open Doors Day at the Pietroasa Mic\u0103 - Gruiu D\u0103rii archaeological siteOpen Doors Day on the archaeological site Pietroasa Mic \u2013 Gruiu D\u0103rii<\/h2>\n                        <\/a>\n                        <p class=\"astra-post-grid-excerpt\">Comunicat de pres\u0103 Reprogramarea evenimentului Ziua Por\u021bilor Deschise pe \u0219antierul arheologic Pietroasa Mic\u0103 \u2013 Gruiu D\u0103rii \u00centruc\u00e2t ziua de joi,&hellip;<\/p>\n                    <\/div>\n                                    <div class=\"astra-post-grid-item\">\n                        <a href=\"http:\/\/muzeubuzau.ro\/en\/events\/mosteniri-colectionate-3\/\" class=\"astra-post-grid-link\">\n                                                            <div class=\"astra-post-grid-thumbnail thumb\" style=\"width: 300px; height: 200px; overflow: hidden;\">\n                                    <img loading=\"lazy\" decoding=\"async\" width=\"1131\" height=\"1600\" src=\"https:\/\/muzeubuzau.ro\/wp-content\/uploads\/2025\/07\/Afis-mosteniri-Colectionate-expozitie-Ionel-Popa-2025.jpg\" class=\"attachment-full size-full wp-post-image\" alt=\"\" style=\"width: 100%; height: 100%; object-fit: cover;\" srcset=\"https:\/\/muzeubuzau.ro\/wp-content\/uploads\/2025\/07\/Afis-mosteniri-Colectionate-expozitie-Ionel-Popa-2025.jpg 1131w, https:\/\/muzeubuzau.ro\/wp-content\/uploads\/2025\/07\/Afis-mosteniri-Colectionate-expozitie-Ionel-Popa-2025-212x300.jpg 212w, https:\/\/muzeubuzau.ro\/wp-content\/uploads\/2025\/07\/Afis-mosteniri-Colectionate-expozitie-Ionel-Popa-2025-724x1024.jpg 724w, https:\/\/muzeubuzau.ro\/wp-content\/uploads\/2025\/07\/Afis-mosteniri-Colectionate-expozitie-Ionel-Popa-2025-768x1086.jpg 768w, https:\/\/muzeubuzau.ro\/wp-content\/uploads\/2025\/07\/Afis-mosteniri-Colectionate-expozitie-Ionel-Popa-2025-1086x1536.jpg 1086w, https:\/\/muzeubuzau.ro\/wp-content\/uploads\/2025\/07\/Afis-mosteniri-Colectionate-expozitie-Ionel-Popa-2025-8x12.jpg 8w\" sizes=\"(max-width: 1131px) 100vw, 1131px\" \/>\n                                <\/div>\n                                                        <h2 class=\"astra-post-grid-title\">Mo\u0219teniri colec\u021bionate 3<\/h2>\n                        <\/a>\n                        <p class=\"astra-post-grid-excerpt\">Comunicat de pres\u0103\u00a0 \u00a0\u00a0\u00a0\u00a0\u00a0\u00a0\u00a0\u00a0\u00a0\u00a0\u00a0 Muzeul Jude\u021bean Buz\u0103u anun\u021b\u0103 vernisarea unei noi expozi\u021bii de colec\u021bionar, \u00een cadrul Programului Mo\u0219teniri colec\u021bionate, vineri,&hellip;<\/p>\n                    <\/div>\n                                    <div class=\"astra-post-grid-item\">\n                        <a href=\"http:\/\/muzeubuzau.ro\/en\/events\/ludoteca-din-gradina-3\/\" class=\"astra-post-grid-link\">\n                                                            <div class=\"astra-post-grid-thumbnail thumb\" style=\"width: 300px; height: 200px; overflow: hidden;\">\n                                    <img loading=\"lazy\" decoding=\"async\" width=\"636\" height=\"867\" src=\"https:\/\/muzeubuzau.ro\/wp-content\/uploads\/2025\/06\/Afis-ludoteca-din-gradina-2025.jpg\" class=\"attachment-full size-full wp-post-image\" alt=\"\" style=\"width: 100%; height: 100%; object-fit: cover;\" srcset=\"https:\/\/muzeubuzau.ro\/wp-content\/uploads\/2025\/06\/Afis-ludoteca-din-gradina-2025.jpg 636w, https:\/\/muzeubuzau.ro\/wp-content\/uploads\/2025\/06\/Afis-ludoteca-din-gradina-2025-220x300.jpg 220w, https:\/\/muzeubuzau.ro\/wp-content\/uploads\/2025\/06\/Afis-ludoteca-din-gradina-2025-9x12.jpg 9w\" sizes=\"(max-width: 636px) 100vw, 636px\" \/>\n                                <\/div>\n                                                        <h2 class=\"astra-post-grid-title\">LUDOTECA DIN GR\u0102DIN\u0102<\/h2>\n                        <\/a>\n                        <p class=\"astra-post-grid-excerpt\">Comunicat \u201eLUDOTECA DIN GR\u0102DIN\u0102\u201d \u00a0 Muzeul Jude\u021bean Buz\u0103u, institu\u021bie de cultur\u0103, cercetare \u0219i art\u0103, ce func\u021bioneaz\u0103 sub autoritatea Consiliului Jude\u021bean&hellip;<\/p>\n                    <\/div>\n                                    <div class=\"astra-post-grid-item\">\n                        <a href=\"http:\/\/muzeubuzau.ro\/en\/events\/expozitia-ovidiu-maitec-100\/\" class=\"astra-post-grid-link\">\n                                                            <div class=\"astra-post-grid-thumbnail thumb\" style=\"width: 300px; height: 200px; overflow: hidden;\">\n                                    <img loading=\"lazy\" decoding=\"async\" width=\"1500\" height=\"2000\" src=\"https:\/\/muzeubuzau.ro\/wp-content\/uploads\/2025\/06\/Afis-Ovidiu-Maitec-100.jpg\" class=\"attachment-full size-full wp-post-image\" alt=\"\" style=\"width: 100%; height: 100%; object-fit: cover;\" srcset=\"https:\/\/muzeubuzau.ro\/wp-content\/uploads\/2025\/06\/Afis-Ovidiu-Maitec-100.jpg 1500w, https:\/\/muzeubuzau.ro\/wp-content\/uploads\/2025\/06\/Afis-Ovidiu-Maitec-100-225x300.jpg 225w, https:\/\/muzeubuzau.ro\/wp-content\/uploads\/2025\/06\/Afis-Ovidiu-Maitec-100-768x1024.jpg 768w, https:\/\/muzeubuzau.ro\/wp-content\/uploads\/2025\/06\/Afis-Ovidiu-Maitec-100-1152x1536.jpg 1152w, https:\/\/muzeubuzau.ro\/wp-content\/uploads\/2025\/06\/Afis-Ovidiu-Maitec-100-9x12.jpg 9w\" sizes=\"(max-width: 1500px) 100vw, 1500px\" \/>\n                                <\/div>\n                                                        <h2 class=\"astra-post-grid-title\">Expozi\u021bia \u201eOvidiu Maitec 100\u201d<\/h2>\n                        <\/a>\n                        <p class=\"astra-post-grid-excerpt\">\u00a0 Expozi\u021bia Ovidiu Maitec 100 la Muzeul Na\u021bional Brukenthal din Sibiu, din 20 iunie \u00a0 Cu prilejul centenarului de la&hellip;<\/p>\n                    <\/div>\n                                    <div class=\"astra-post-grid-item\">\n                        <a href=\"http:\/\/muzeubuzau.ro\/en\/events\/ziua-internationala-a-copilului-la-muzeul-judetean-buzau\/\" class=\"astra-post-grid-link\">\n                                                            <div class=\"astra-post-grid-thumbnail thumb\" style=\"width: 300px; height: 200px; overflow: hidden;\">\n                                    <img loading=\"lazy\" decoding=\"async\" width=\"1817\" height=\"2560\" src=\"https:\/\/muzeubuzau.ro\/wp-content\/uploads\/2025\/05\/2025-AFIS-1-iunie-01-scaled.jpg\" class=\"attachment-full size-full wp-post-image\" alt=\"\" style=\"width: 100%; height: 100%; object-fit: cover;\" srcset=\"https:\/\/muzeubuzau.ro\/wp-content\/uploads\/2025\/05\/2025-AFIS-1-iunie-01-scaled.jpg 1817w, https:\/\/muzeubuzau.ro\/wp-content\/uploads\/2025\/05\/2025-AFIS-1-iunie-01-213x300.jpg 213w, https:\/\/muzeubuzau.ro\/wp-content\/uploads\/2025\/05\/2025-AFIS-1-iunie-01-727x1024.jpg 727w, https:\/\/muzeubuzau.ro\/wp-content\/uploads\/2025\/05\/2025-AFIS-1-iunie-01-768x1082.jpg 768w, https:\/\/muzeubuzau.ro\/wp-content\/uploads\/2025\/05\/2025-AFIS-1-iunie-01-1090x1536.jpg 1090w, https:\/\/muzeubuzau.ro\/wp-content\/uploads\/2025\/05\/2025-AFIS-1-iunie-01-1453x2048.jpg 1453w, https:\/\/muzeubuzau.ro\/wp-content\/uploads\/2025\/05\/2025-AFIS-1-iunie-01-9x12.jpg 9w\" sizes=\"(max-width: 1817px) 100vw, 1817px\" \/>\n                                <\/div>\n                                                        <h2 class=\"astra-post-grid-title\">Ziua Interna\u021bional\u0103 a Copilului la Muzeul Jude\u021bean Buz\u0103u<\/h2>\n                        <\/a>\n                        <p class=\"astra-post-grid-excerpt\">Comunicat de pres\u0103 \u00a0 \u00a0 \u00a0 \u00a0 Muzeul Jude\u021bean Buz\u0103u, institu\u021bie de cultur\u0103, cercetare \u0219i art\u0103 ce func\u021bioneaz\u0103 sub autoritatea&hellip;<\/p>\n                    <\/div>\n                                    <div class=\"astra-post-grid-item\">\n                        <a href=\"http:\/\/muzeubuzau.ro\/en\/events\/mamutul-de-la-buzau-un-colt-din-preistorie\/\" class=\"astra-post-grid-link\">\n                                                            <div class=\"astra-post-grid-thumbnail thumb\" style=\"width: 300px; height: 200px; overflow: hidden;\">\n                                    <img loading=\"lazy\" decoding=\"async\" width=\"1815\" height=\"2560\" src=\"https:\/\/muzeubuzau.ro\/wp-content\/uploads\/2025\/05\/5.-AFIS-Noaptea-Muzeelor-mamut-01-scaled.jpg\" class=\"attachment-full size-full wp-post-image\" alt=\"\" style=\"width: 100%; height: 100%; object-fit: cover;\" srcset=\"https:\/\/muzeubuzau.ro\/wp-content\/uploads\/2025\/05\/5.-AFIS-Noaptea-Muzeelor-mamut-01-scaled.jpg 1815w, https:\/\/muzeubuzau.ro\/wp-content\/uploads\/2025\/05\/5.-AFIS-Noaptea-Muzeelor-mamut-01-213x300.jpg 213w, https:\/\/muzeubuzau.ro\/wp-content\/uploads\/2025\/05\/5.-AFIS-Noaptea-Muzeelor-mamut-01-726x1024.jpg 726w, https:\/\/muzeubuzau.ro\/wp-content\/uploads\/2025\/05\/5.-AFIS-Noaptea-Muzeelor-mamut-01-768x1083.jpg 768w, https:\/\/muzeubuzau.ro\/wp-content\/uploads\/2025\/05\/5.-AFIS-Noaptea-Muzeelor-mamut-01-1089x1536.jpg 1089w, https:\/\/muzeubuzau.ro\/wp-content\/uploads\/2025\/05\/5.-AFIS-Noaptea-Muzeelor-mamut-01-1452x2048.jpg 1452w, https:\/\/muzeubuzau.ro\/wp-content\/uploads\/2025\/05\/5.-AFIS-Noaptea-Muzeelor-mamut-01-9x12.jpg 9w\" sizes=\"(max-width: 1815px) 100vw, 1815px\" \/>\n                                <\/div>\n                                                        <h2 class=\"astra-post-grid-title\">Mamutul de la Buz\u0103u, un col\u021b din preistorie<\/h2>\n                        <\/a>\n                        <p class=\"astra-post-grid-excerpt\">Mamutul de la Buz\u0103u, un col\u021b din preistorie Muzeul Jude\u021bean Buz\u0103u, institu\u021bie de cultur\u0103, cercetare \u0219i art\u0103 ce func\u021bioneaz\u0103 sub&hellip;<\/p>\n                    <\/div>\n                                    <div class=\"astra-post-grid-item\">\n                        <a href=\"http:\/\/muzeubuzau.ro\/en\/events\/7515\/\" class=\"astra-post-grid-link\">\n                                                            <div class=\"astra-post-grid-thumbnail thumb\" style=\"width: 300px; height: 200px; overflow: hidden;\">\n                                    <img loading=\"lazy\" decoding=\"async\" width=\"1815\" height=\"2560\" src=\"https:\/\/muzeubuzau.ro\/wp-content\/uploads\/2025\/05\/2.-AFIS-Noaptea-Muzeelor-Friguras-1-01-scaled.jpg\" class=\"attachment-full size-full wp-post-image\" alt=\"\" style=\"width: 100%; height: 100%; object-fit: cover;\" srcset=\"https:\/\/muzeubuzau.ro\/wp-content\/uploads\/2025\/05\/2.-AFIS-Noaptea-Muzeelor-Friguras-1-01-scaled.jpg 1815w, https:\/\/muzeubuzau.ro\/wp-content\/uploads\/2025\/05\/2.-AFIS-Noaptea-Muzeelor-Friguras-1-01-213x300.jpg 213w, https:\/\/muzeubuzau.ro\/wp-content\/uploads\/2025\/05\/2.-AFIS-Noaptea-Muzeelor-Friguras-1-01-726x1024.jpg 726w, https:\/\/muzeubuzau.ro\/wp-content\/uploads\/2025\/05\/2.-AFIS-Noaptea-Muzeelor-Friguras-1-01-768x1083.jpg 768w, https:\/\/muzeubuzau.ro\/wp-content\/uploads\/2025\/05\/2.-AFIS-Noaptea-Muzeelor-Friguras-1-01-1089x1536.jpg 1089w, https:\/\/muzeubuzau.ro\/wp-content\/uploads\/2025\/05\/2.-AFIS-Noaptea-Muzeelor-Friguras-1-01-1452x2048.jpg 1452w, https:\/\/muzeubuzau.ro\/wp-content\/uploads\/2025\/05\/2.-AFIS-Noaptea-Muzeelor-Friguras-1-01-9x12.jpg 9w\" sizes=\"(max-width: 1815px) 100vw, 1815px\" \/>\n                                <\/div>\n                                                        <h2 class=\"astra-post-grid-title\">Expozi\u021bia temporar\u0103 \u201eVertical Clouds\u201d<\/h2>\n                        <\/a>\n                        <p class=\"astra-post-grid-excerpt\">Comunicat de pres\u0103 Muzeul Jude\u021bean Buz\u0103u, institu\u021bie de cultur\u0103, cercetare \u0219i art\u0103 ce func\u021bioneaz\u0103 sub autoritatea\u00a0Consiliului Jude\u021bean Buz\u0103u, cu sediul&hellip;<\/p>\n                    <\/div>\n                                    <div class=\"astra-post-grid-item\">\n                        <a href=\"http:\/\/muzeubuzau.ro\/en\/events\/expozitia-temporara-zestrea-romaneasca-de-sarbatoare\/\" class=\"astra-post-grid-link\">\n                                                            <div class=\"astra-post-grid-thumbnail thumb\" style=\"width: 300px; height: 200px; overflow: hidden;\">\n                                    <img loading=\"lazy\" decoding=\"async\" width=\"1815\" height=\"2560\" src=\"https:\/\/muzeubuzau.ro\/wp-content\/uploads\/2025\/05\/4.-AFIS-Noaptea-Muzeelor-Vergu-01-scaled.jpg\" class=\"attachment-full size-full wp-post-image\" alt=\"\" style=\"width: 100%; height: 100%; object-fit: cover;\" srcset=\"https:\/\/muzeubuzau.ro\/wp-content\/uploads\/2025\/05\/4.-AFIS-Noaptea-Muzeelor-Vergu-01-scaled.jpg 1815w, https:\/\/muzeubuzau.ro\/wp-content\/uploads\/2025\/05\/4.-AFIS-Noaptea-Muzeelor-Vergu-01-213x300.jpg 213w, https:\/\/muzeubuzau.ro\/wp-content\/uploads\/2025\/05\/4.-AFIS-Noaptea-Muzeelor-Vergu-01-726x1024.jpg 726w, https:\/\/muzeubuzau.ro\/wp-content\/uploads\/2025\/05\/4.-AFIS-Noaptea-Muzeelor-Vergu-01-768x1083.jpg 768w, https:\/\/muzeubuzau.ro\/wp-content\/uploads\/2025\/05\/4.-AFIS-Noaptea-Muzeelor-Vergu-01-1089x1536.jpg 1089w, https:\/\/muzeubuzau.ro\/wp-content\/uploads\/2025\/05\/4.-AFIS-Noaptea-Muzeelor-Vergu-01-1452x2048.jpg 1452w, https:\/\/muzeubuzau.ro\/wp-content\/uploads\/2025\/05\/4.-AFIS-Noaptea-Muzeelor-Vergu-01-9x12.jpg 9w\" sizes=\"(max-width: 1815px) 100vw, 1815px\" \/>\n                                <\/div>\n                                                        <h2 class=\"astra-post-grid-title\">Expozi\u021bia temporar\u0103 \u201eZestrea rom\u00e2neasc\u0103 de s\u0103rb\u0103toare\u201d<\/h2>\n                        <\/a>\n                        <p class=\"astra-post-grid-excerpt\">Comunicat de pres\u0103 Muzeul Jude\u021bean Buz\u0103u, institu\u021bie de cultur\u0103, cercetare \u0219i art\u0103 ce func\u021bioneaz\u0103 sub autoritatea\u00a0Consiliului Jude\u021bean Buz\u0103u, cu sediul&hellip;<\/p>\n                    <\/div>\n                                    <div class=\"astra-post-grid-item\">\n                        <a href=\"http:\/\/muzeubuzau.ro\/en\/events\/proiectul-escapada-culturala-internationala-nocturna\/\" class=\"astra-post-grid-link\">\n                                                            <div class=\"astra-post-grid-thumbnail thumb\" style=\"width: 300px; height: 200px; overflow: hidden;\">\n                                    <img loading=\"lazy\" decoding=\"async\" width=\"1815\" height=\"2560\" src=\"https:\/\/muzeubuzau.ro\/wp-content\/uploads\/2025\/05\/3.-AFIS-Noaptea-Muzeelor-India-01-scaled.jpg\" class=\"attachment-full size-full wp-post-image\" alt=\"\" style=\"width: 100%; height: 100%; object-fit: cover;\" srcset=\"https:\/\/muzeubuzau.ro\/wp-content\/uploads\/2025\/05\/3.-AFIS-Noaptea-Muzeelor-India-01-scaled.jpg 1815w, https:\/\/muzeubuzau.ro\/wp-content\/uploads\/2025\/05\/3.-AFIS-Noaptea-Muzeelor-India-01-213x300.jpg 213w, https:\/\/muzeubuzau.ro\/wp-content\/uploads\/2025\/05\/3.-AFIS-Noaptea-Muzeelor-India-01-726x1024.jpg 726w, https:\/\/muzeubuzau.ro\/wp-content\/uploads\/2025\/05\/3.-AFIS-Noaptea-Muzeelor-India-01-768x1083.jpg 768w, https:\/\/muzeubuzau.ro\/wp-content\/uploads\/2025\/05\/3.-AFIS-Noaptea-Muzeelor-India-01-1089x1536.jpg 1089w, https:\/\/muzeubuzau.ro\/wp-content\/uploads\/2025\/05\/3.-AFIS-Noaptea-Muzeelor-India-01-1452x2048.jpg 1452w, https:\/\/muzeubuzau.ro\/wp-content\/uploads\/2025\/05\/3.-AFIS-Noaptea-Muzeelor-India-01-9x12.jpg 9w\" sizes=\"(max-width: 1815px) 100vw, 1815px\" \/>\n                                <\/div>\n                                                        <h2 class=\"astra-post-grid-title\">Proiectul \u201eEscapad\u0103 cultural\u0103 interna\u021bional\u0103 nocturn\u0103\u201d<\/h2>\n                        <\/a>\n                        <p class=\"astra-post-grid-excerpt\">Comunicat de pres\u0103 \u00cen cadrul programului interna\u021bional Noaptea European\u0103 a Muzeelor, o tradi\u021bie ini\u021biat\u0103 de Muzeul Jude\u021bean Buz\u0103u este reprezentat\u0103&hellip;<\/p>\n                    <\/div>\n                                    <div class=\"astra-post-grid-item\">\n                        <a href=\"http:\/\/muzeubuzau.ro\/en\/events\/sesiunea-nationala-de-comunicari-stiintifice-milenii-tezaurizate-creatie-si-spiritualitate\/\" class=\"astra-post-grid-link\">\n                                                            <div class=\"astra-post-grid-thumbnail thumb\" style=\"width: 300px; height: 200px; overflow: hidden;\">\n                                    <img loading=\"lazy\" decoding=\"async\" width=\"1800\" height=\"2545\" src=\"https:\/\/muzeubuzau.ro\/wp-content\/uploads\/2025\/05\/Afis-sesiune-2025-jpg.jpg\" class=\"attachment-full size-full wp-post-image\" alt=\"\" style=\"width: 100%; height: 100%; object-fit: cover;\" srcset=\"https:\/\/muzeubuzau.ro\/wp-content\/uploads\/2025\/05\/Afis-sesiune-2025-jpg.jpg 1800w, https:\/\/muzeubuzau.ro\/wp-content\/uploads\/2025\/05\/Afis-sesiune-2025-jpg-212x300.jpg 212w, https:\/\/muzeubuzau.ro\/wp-content\/uploads\/2025\/05\/Afis-sesiune-2025-jpg-724x1024.jpg 724w, https:\/\/muzeubuzau.ro\/wp-content\/uploads\/2025\/05\/Afis-sesiune-2025-jpg-768x1086.jpg 768w, https:\/\/muzeubuzau.ro\/wp-content\/uploads\/2025\/05\/Afis-sesiune-2025-jpg-1086x1536.jpg 1086w, https:\/\/muzeubuzau.ro\/wp-content\/uploads\/2025\/05\/Afis-sesiune-2025-jpg-1448x2048.jpg 1448w, https:\/\/muzeubuzau.ro\/wp-content\/uploads\/2025\/05\/Afis-sesiune-2025-jpg-8x12.jpg 8w\" sizes=\"(max-width: 1800px) 100vw, 1800px\" \/>\n                                <\/div>\n                                                        <h2 class=\"astra-post-grid-title\">Sesiunea na\u021bional\u0103 de comunic\u0103ri \u0219tiin\u021bifice Milenii tezaurizate. Crea\u021bie \u0219i spiritualitate<\/h2>\n                        <\/a>\n                        <p class=\"astra-post-grid-excerpt\">Comunicat de pres\u0103 Muzeul Jude\u021bean Buz\u0103u, institu\u021bie de cultur\u0103 ce func\u021bioneaz\u0103 sub autoritatea\u00a0Consiliului Jude\u021bean Buz\u0103u, anun\u021b\u0103 organizarea celei de-a XXIII-a&hellip;<\/p>\n                    <\/div>\n                                    <div class=\"astra-post-grid-item\">\n                        <a href=\"http:\/\/muzeubuzau.ro\/en\/events\/expozitia-temporara-uman-flora-fauna-81\/\" class=\"astra-post-grid-link\">\n                                                            <div class=\"astra-post-grid-thumbnail thumb\" style=\"width: 300px; height: 200px; overflow: hidden;\">\n                                    <img loading=\"lazy\" decoding=\"async\" width=\"1811\" height=\"2560\" src=\"https:\/\/muzeubuzau.ro\/wp-content\/uploads\/2025\/05\/6.-AFIS-Noaptea-Muzeelor-Marinescu-01-scaled.jpg\" class=\"attachment-full size-full wp-post-image\" alt=\"\" style=\"width: 100%; height: 100%; object-fit: cover;\" srcset=\"https:\/\/muzeubuzau.ro\/wp-content\/uploads\/2025\/05\/6.-AFIS-Noaptea-Muzeelor-Marinescu-01-scaled.jpg 1811w, https:\/\/muzeubuzau.ro\/wp-content\/uploads\/2025\/05\/6.-AFIS-Noaptea-Muzeelor-Marinescu-01-212x300.jpg 212w, https:\/\/muzeubuzau.ro\/wp-content\/uploads\/2025\/05\/6.-AFIS-Noaptea-Muzeelor-Marinescu-01-724x1024.jpg 724w, https:\/\/muzeubuzau.ro\/wp-content\/uploads\/2025\/05\/6.-AFIS-Noaptea-Muzeelor-Marinescu-01-768x1086.jpg 768w, https:\/\/muzeubuzau.ro\/wp-content\/uploads\/2025\/05\/6.-AFIS-Noaptea-Muzeelor-Marinescu-01-1087x1536.jpg 1087w, https:\/\/muzeubuzau.ro\/wp-content\/uploads\/2025\/05\/6.-AFIS-Noaptea-Muzeelor-Marinescu-01-1449x2048.jpg 1449w, https:\/\/muzeubuzau.ro\/wp-content\/uploads\/2025\/05\/6.-AFIS-Noaptea-Muzeelor-Marinescu-01-8x12.jpg 8w\" sizes=\"(max-width: 1811px) 100vw, 1811px\" \/>\n                                <\/div>\n                                                        <h2 class=\"astra-post-grid-title\">Expozi\u021bia temporar\u0103 \u201eUman + (Flor\u0103 + Faun\u0103) = 81\u201d<\/h2>\n                        <\/a>\n                        <p class=\"astra-post-grid-excerpt\">Comunicat de pres\u0103 Expozi\u021bia temporar\u0103 \u201eUman + (Flor\u0103 + Faun\u0103) = 81\u201d Muzeul Jude\u021bean Buz\u0103u, institu\u021bie de cultur\u0103, art\u0103 \u0219i&hellip;<\/p>\n                    <\/div>\n                                    <div class=\"astra-post-grid-item\">\n                        <a href=\"http:\/\/muzeubuzau.ro\/en\/events\/noaptea-europeana-a-muzeelor-editia-2025\/\" class=\"astra-post-grid-link\">\n                                                            <div class=\"astra-post-grid-thumbnail thumb\" style=\"width: 300px; height: 200px; overflow: hidden;\">\n                                    <img loading=\"lazy\" decoding=\"async\" width=\"1815\" height=\"2560\" src=\"https:\/\/muzeubuzau.ro\/wp-content\/uploads\/2025\/04\/1.-AFIS-Noaptea-Muzeelor-general-012-scaled.jpg\" class=\"attachment-full size-full wp-post-image\" alt=\"\" style=\"width: 100%; height: 100%; object-fit: cover;\" srcset=\"https:\/\/muzeubuzau.ro\/wp-content\/uploads\/2025\/04\/1.-AFIS-Noaptea-Muzeelor-general-012-scaled.jpg 1815w, https:\/\/muzeubuzau.ro\/wp-content\/uploads\/2025\/04\/1.-AFIS-Noaptea-Muzeelor-general-012-213x300.jpg 213w, https:\/\/muzeubuzau.ro\/wp-content\/uploads\/2025\/04\/1.-AFIS-Noaptea-Muzeelor-general-012-726x1024.jpg 726w, https:\/\/muzeubuzau.ro\/wp-content\/uploads\/2025\/04\/1.-AFIS-Noaptea-Muzeelor-general-012-768x1083.jpg 768w, https:\/\/muzeubuzau.ro\/wp-content\/uploads\/2025\/04\/1.-AFIS-Noaptea-Muzeelor-general-012-1089x1536.jpg 1089w, https:\/\/muzeubuzau.ro\/wp-content\/uploads\/2025\/04\/1.-AFIS-Noaptea-Muzeelor-general-012-1452x2048.jpg 1452w, https:\/\/muzeubuzau.ro\/wp-content\/uploads\/2025\/04\/1.-AFIS-Noaptea-Muzeelor-general-012-9x12.jpg 9w\" sizes=\"(max-width: 1815px) 100vw, 1815px\" \/>\n                                <\/div>\n                                                        <h2 class=\"astra-post-grid-title\">Noaptea European\u0103 a Muzeelor, edi\u021bia 2025<\/h2>\n                        <\/a>\n                        <p class=\"astra-post-grid-excerpt\">Comunicat de pres\u0103 \u00a0 Muzeul Jude\u021bean Buz\u0103u, institu\u021bie de cultur\u0103, cercetare \u0219i art\u0103 ce func\u021bioneaz\u0103 sub autoritatea\u00a0Consiliului Jude\u021bean Buz\u0103u, cu&hellip;<\/p>\n                    <\/div>\n                                    <div class=\"astra-post-grid-item\">\n                        <a href=\"http:\/\/muzeubuzau.ro\/en\/events\/expozitia-temporara-mestesug-si-arta-din-tara-luanei\/\" class=\"astra-post-grid-link\">\n                                                            <div class=\"astra-post-grid-thumbnail thumb\" style=\"width: 300px; height: 200px; overflow: hidden;\">\n                                    <img loading=\"lazy\" decoding=\"async\" width=\"1134\" height=\"1600\" src=\"https:\/\/muzeubuzau.ro\/wp-content\/uploads\/2025\/04\/Afis-Mestesug-si-Arta.jpg\" class=\"attachment-full size-full wp-post-image\" alt=\"\" style=\"width: 100%; height: 100%; object-fit: cover;\" srcset=\"https:\/\/muzeubuzau.ro\/wp-content\/uploads\/2025\/04\/Afis-Mestesug-si-Arta.jpg 1134w, https:\/\/muzeubuzau.ro\/wp-content\/uploads\/2025\/04\/Afis-Mestesug-si-Arta-213x300.jpg 213w, https:\/\/muzeubuzau.ro\/wp-content\/uploads\/2025\/04\/Afis-Mestesug-si-Arta-726x1024.jpg 726w, https:\/\/muzeubuzau.ro\/wp-content\/uploads\/2025\/04\/Afis-Mestesug-si-Arta-768x1084.jpg 768w, https:\/\/muzeubuzau.ro\/wp-content\/uploads\/2025\/04\/Afis-Mestesug-si-Arta-1089x1536.jpg 1089w, https:\/\/muzeubuzau.ro\/wp-content\/uploads\/2025\/04\/Afis-Mestesug-si-Arta-9x12.jpg 9w\" sizes=\"(max-width: 1134px) 100vw, 1134px\" \/>\n                                <\/div>\n                                                        <h2 class=\"astra-post-grid-title\">Expozi\u021bia temporar\u0103 \u201eMe\u0219te\u0219ug \u0219i art\u0103 din \u021aara Luanei\u201d<\/h2>\n                        <\/a>\n                        <p class=\"astra-post-grid-excerpt\">Comunicat de pres\u0103 Muzeul Jude\u021bean Buz\u0103u, institu\u021bie de cultur\u0103, cercetare \u0219i art\u0103 ce func\u021bioneaz\u0103 sub autoritatea\u00a0Consiliului Jude\u021bean Buz\u0103u, cu sediul&hellip;<\/p>\n                    <\/div>\n                                    <div class=\"astra-post-grid-item\">\n                        <a href=\"http:\/\/muzeubuzau.ro\/en\/events\/colocviul-international-de-arheologie-funerara\/\" class=\"astra-post-grid-link\">\n                                                            <div class=\"astra-post-grid-thumbnail thumb\" style=\"width: 300px; height: 200px; overflow: hidden;\">\n                                    <img loading=\"lazy\" decoding=\"async\" width=\"1879\" height=\"2560\" src=\"https:\/\/muzeubuzau.ro\/wp-content\/uploads\/2025\/03\/Afis-Colocviu-International-scaled.jpg\" class=\"attachment-full size-full wp-post-image\" alt=\"\" style=\"width: 100%; height: 100%; object-fit: cover;\" srcset=\"https:\/\/muzeubuzau.ro\/wp-content\/uploads\/2025\/03\/Afis-Colocviu-International-scaled.jpg 1879w, https:\/\/muzeubuzau.ro\/wp-content\/uploads\/2025\/03\/Afis-Colocviu-International-220x300.jpg 220w, https:\/\/muzeubuzau.ro\/wp-content\/uploads\/2025\/03\/Afis-Colocviu-International-752x1024.jpg 752w, https:\/\/muzeubuzau.ro\/wp-content\/uploads\/2025\/03\/Afis-Colocviu-International-768x1046.jpg 768w, https:\/\/muzeubuzau.ro\/wp-content\/uploads\/2025\/03\/Afis-Colocviu-International-1128x1536.jpg 1128w, https:\/\/muzeubuzau.ro\/wp-content\/uploads\/2025\/03\/Afis-Colocviu-International-1503x2048.jpg 1503w, https:\/\/muzeubuzau.ro\/wp-content\/uploads\/2025\/03\/Afis-Colocviu-International-9x12.jpg 9w\" sizes=\"(max-width: 1879px) 100vw, 1879px\" \/>\n                                <\/div>\n                                                        <h2 class=\"astra-post-grid-title\">Colocviul Interna\u021bional de Arheologie Funerar\u0103<\/h2>\n                        <\/a>\n                        <p class=\"astra-post-grid-excerpt\">Comunicat de pres\u0103 Muzeul Jude\u021bean Buz\u0103u, institu\u021bie de cultur\u0103, art\u0103 \u0219i cercetare ce func\u021bioneaz\u0103 sub autoritatea Consiliului Jude\u021bean Buz\u0103u, \u00een&hellip;<\/p>\n                    <\/div>\n                                    <div class=\"astra-post-grid-item\">\n                        <a href=\"http:\/\/muzeubuzau.ro\/en\/events\/expozitia-temporara-psycheikon\/\" class=\"astra-post-grid-link\">\n                                                            <div class=\"astra-post-grid-thumbnail thumb\" style=\"width: 300px; height: 200px; overflow: hidden;\">\n                                    <img loading=\"lazy\" decoding=\"async\" width=\"1500\" height=\"2000\" src=\"https:\/\/muzeubuzau.ro\/wp-content\/uploads\/2025\/03\/Afis-Psycheikon.png\" class=\"attachment-full size-full wp-post-image\" alt=\"\" style=\"width: 100%; height: 100%; object-fit: cover;\" srcset=\"https:\/\/muzeubuzau.ro\/wp-content\/uploads\/2025\/03\/Afis-Psycheikon.png 1500w, https:\/\/muzeubuzau.ro\/wp-content\/uploads\/2025\/03\/Afis-Psycheikon-225x300.png 225w, https:\/\/muzeubuzau.ro\/wp-content\/uploads\/2025\/03\/Afis-Psycheikon-768x1024.png 768w, https:\/\/muzeubuzau.ro\/wp-content\/uploads\/2025\/03\/Afis-Psycheikon-1152x1536.png 1152w, https:\/\/muzeubuzau.ro\/wp-content\/uploads\/2025\/03\/Afis-Psycheikon-9x12.png 9w\" sizes=\"(max-width: 1500px) 100vw, 1500px\" \/>\n                                <\/div>\n                                                        <h2 class=\"astra-post-grid-title\">Expozi\u021bia temporar\u0103 \u201ePsycheikon\u201d<\/h2>\n                        <\/a>\n                        <p class=\"astra-post-grid-excerpt\">Comunicat de pres\u0103 Expozi\u021bia temporar\u0103 \u201ePsycheikon\u201d Muzeul Jude\u021bean Buz\u0103u, institu\u021bie de cultur\u0103, art\u0103 \u0219i cercetare, ce func\u021bioneaz\u0103 sub autoritatea Consiliului&hellip;<\/p>\n                    <\/div>\n                                    <div class=\"astra-post-grid-item\">\n                        <a href=\"http:\/\/muzeubuzau.ro\/en\/events\/expozitia-temporara-de-sculptura-vasile-stefanoiu\/\" class=\"astra-post-grid-link\">\n                                                            <div class=\"astra-post-grid-thumbnail thumb\" style=\"width: 300px; height: 200px; overflow: hidden;\">\n                                    <img loading=\"lazy\" decoding=\"async\" width=\"1130\" height=\"1600\" src=\"https:\/\/muzeubuzau.ro\/wp-content\/uploads\/2025\/03\/Afis-Vasile-Stefanoiu.jpg\" class=\"attachment-full size-full wp-post-image\" alt=\"\" style=\"width: 100%; height: 100%; object-fit: cover;\" srcset=\"https:\/\/muzeubuzau.ro\/wp-content\/uploads\/2025\/03\/Afis-Vasile-Stefanoiu.jpg 1130w, https:\/\/muzeubuzau.ro\/wp-content\/uploads\/2025\/03\/Afis-Vasile-Stefanoiu-212x300.jpg 212w, https:\/\/muzeubuzau.ro\/wp-content\/uploads\/2025\/03\/Afis-Vasile-Stefanoiu-723x1024.jpg 723w, https:\/\/muzeubuzau.ro\/wp-content\/uploads\/2025\/03\/Afis-Vasile-Stefanoiu-768x1087.jpg 768w, https:\/\/muzeubuzau.ro\/wp-content\/uploads\/2025\/03\/Afis-Vasile-Stefanoiu-1085x1536.jpg 1085w, https:\/\/muzeubuzau.ro\/wp-content\/uploads\/2025\/03\/Afis-Vasile-Stefanoiu-8x12.jpg 8w\" sizes=\"(max-width: 1130px) 100vw, 1130px\" \/>\n                                <\/div>\n                                                        <h2 class=\"astra-post-grid-title\">Expozi\u021bia temporar\u0103 de sculptur\u0103 \u201eVasile \u0218tef\u0103noiu\u201d<\/h2>\n                        <\/a>\n                        <p class=\"astra-post-grid-excerpt\">Comunicat de pres\u0103 expozi\u021bie temporar\u0103 \u201eVasile \u0218tef\u0103noiu\u201d \u00a0 Unul dintre me\u0219te\u0219ugurile la care buzoienii exceleaz\u0103 este prelucrarea pietrei. De la&hellip;<\/p>\n                    <\/div>\n                                    <div class=\"astra-post-grid-item\">\n                        <a href=\"http:\/\/muzeubuzau.ro\/en\/events\/expozitia-temporara-in-memoriam-gheorghe-munteanu-murgoci-1872-1925\/\" class=\"astra-post-grid-link\">\n                                                            <div class=\"astra-post-grid-thumbnail thumb\" style=\"width: 300px; height: 200px; overflow: hidden;\">\n                                    <img loading=\"lazy\" decoding=\"async\" width=\"1131\" height=\"1600\" src=\"https:\/\/muzeubuzau.ro\/wp-content\/uploads\/2025\/03\/2025-Afis-expozitie-Ghe-Murgoci-2025.jpg\" class=\"attachment-full size-full wp-post-image\" alt=\"\" style=\"width: 100%; height: 100%; object-fit: cover;\" srcset=\"https:\/\/muzeubuzau.ro\/wp-content\/uploads\/2025\/03\/2025-Afis-expozitie-Ghe-Murgoci-2025.jpg 1131w, https:\/\/muzeubuzau.ro\/wp-content\/uploads\/2025\/03\/2025-Afis-expozitie-Ghe-Murgoci-2025-212x300.jpg 212w, https:\/\/muzeubuzau.ro\/wp-content\/uploads\/2025\/03\/2025-Afis-expozitie-Ghe-Murgoci-2025-724x1024.jpg 724w, https:\/\/muzeubuzau.ro\/wp-content\/uploads\/2025\/03\/2025-Afis-expozitie-Ghe-Murgoci-2025-768x1086.jpg 768w, https:\/\/muzeubuzau.ro\/wp-content\/uploads\/2025\/03\/2025-Afis-expozitie-Ghe-Murgoci-2025-1086x1536.jpg 1086w, https:\/\/muzeubuzau.ro\/wp-content\/uploads\/2025\/03\/2025-Afis-expozitie-Ghe-Murgoci-2025-8x12.jpg 8w\" sizes=\"(max-width: 1131px) 100vw, 1131px\" \/>\n                                <\/div>\n                                                        <h2 class=\"astra-post-grid-title\">Expozi\u021bia temporar\u0103 \u201eIn memoriam Gheorghe Munteanu-Murgoci (1872-1925)\u201d<\/h2>\n                        <\/a>\n                        <p class=\"astra-post-grid-excerpt\">Comunicat de pres\u0103 Expozi\u021bia temporar\u0103 \u201eIn memoriam Gheorghe Munteanu-Murgoci (1872-1925)\u201d \u00a0 Muzeul Jude\u021bean Buz\u0103u, institu\u021bie de cultur\u0103, art\u0103 \u0219i cercetare,&hellip;<\/p>\n                    <\/div>\n                                    <div class=\"astra-post-grid-item\">\n                        <a href=\"http:\/\/muzeubuzau.ro\/en\/events\/expozitia-temporara-martisorul-patrimoniul-cultural-imaterial-unesco\/\" class=\"astra-post-grid-link\">\n                                                            <div class=\"astra-post-grid-thumbnail thumb\" style=\"width: 300px; height: 200px; overflow: hidden;\">\n                                    <img loading=\"lazy\" decoding=\"async\" width=\"1131\" height=\"1600\" src=\"https:\/\/muzeubuzau.ro\/wp-content\/uploads\/2025\/02\/2025-Afis-Expozitie-Martisor-Belgia.jpg\" class=\"attachment-full size-full wp-post-image\" alt=\"\" style=\"width: 100%; height: 100%; object-fit: cover;\" srcset=\"https:\/\/muzeubuzau.ro\/wp-content\/uploads\/2025\/02\/2025-Afis-Expozitie-Martisor-Belgia.jpg 1131w, https:\/\/muzeubuzau.ro\/wp-content\/uploads\/2025\/02\/2025-Afis-Expozitie-Martisor-Belgia-212x300.jpg 212w, https:\/\/muzeubuzau.ro\/wp-content\/uploads\/2025\/02\/2025-Afis-Expozitie-Martisor-Belgia-724x1024.jpg 724w, https:\/\/muzeubuzau.ro\/wp-content\/uploads\/2025\/02\/2025-Afis-Expozitie-Martisor-Belgia-768x1086.jpg 768w, https:\/\/muzeubuzau.ro\/wp-content\/uploads\/2025\/02\/2025-Afis-Expozitie-Martisor-Belgia-1086x1536.jpg 1086w, https:\/\/muzeubuzau.ro\/wp-content\/uploads\/2025\/02\/2025-Afis-Expozitie-Martisor-Belgia-8x12.jpg 8w\" sizes=\"(max-width: 1131px) 100vw, 1131px\" \/>\n                                <\/div>\n                                                        <h2 class=\"astra-post-grid-title\">Expozi\u021bia temporar\u0103 \u201eM\u0103r\u021bi\u0219orul &#8211; patrimoniul cultural imaterial UNESCO\u201d<\/h2>\n                        <\/a>\n                        <p class=\"astra-post-grid-excerpt\">Comunicat de pres\u0103 Expozi\u021bia temporar\u0103 \u201eM\u0103r\u021bi\u0219orul &#8211; patrimoniul culturalimaterial UNESCO\u201d \u00a0 Muzeul Jude\u021bean Buz\u0103u, institu\u021bie de cultur\u0103, art\u0103 \u0219i cercetare,&hellip;<\/p>\n                    <\/div>\n                                    <div class=\"astra-post-grid-item\">\n                        <a href=\"http:\/\/muzeubuzau.ro\/en\/events\/conversatii-psihologice-la-muzeu-15-martie2025\/\" class=\"astra-post-grid-link\">\n                                                            <div class=\"astra-post-grid-thumbnail thumb\" style=\"width: 300px; height: 200px; overflow: hidden;\">\n                                    <img loading=\"lazy\" decoding=\"async\" width=\"940\" height=\"788\" src=\"https:\/\/muzeubuzau.ro\/wp-content\/uploads\/2025\/02\/Afis-Conversatii-psihologice-15-martie-2025.jpg\" class=\"attachment-full size-full wp-post-image\" alt=\"\" style=\"width: 100%; height: 100%; object-fit: cover;\" srcset=\"https:\/\/muzeubuzau.ro\/wp-content\/uploads\/2025\/02\/Afis-Conversatii-psihologice-15-martie-2025.jpg 940w, https:\/\/muzeubuzau.ro\/wp-content\/uploads\/2025\/02\/Afis-Conversatii-psihologice-15-martie-2025-300x251.jpg 300w, https:\/\/muzeubuzau.ro\/wp-content\/uploads\/2025\/02\/Afis-Conversatii-psihologice-15-martie-2025-768x644.jpg 768w, https:\/\/muzeubuzau.ro\/wp-content\/uploads\/2025\/02\/Afis-Conversatii-psihologice-15-martie-2025-14x12.jpg 14w\" sizes=\"(max-width: 940px) 100vw, 940px\" \/>\n                                <\/div>\n                                                        <h2 class=\"astra-post-grid-title\">Conversa\u021bii Psihologice la Muzeu \u2013 15 martie 2025<\/h2>\n                        <\/a>\n                        <p class=\"astra-post-grid-excerpt\">Muzeul Jude\u021bean Buz\u0103u, institu\u021bie de cultur\u0103, art\u0103 \u0219i cercetare, ce func\u021bioneaz\u0103 sub autoritatea Consiliului Jude\u021bean Buz\u0103u, invit\u0103 publicul la prima&hellip;<\/p>\n                    <\/div>\n                                    <div class=\"astra-post-grid-item\">\n                        <a href=\"http:\/\/muzeubuzau.ro\/en\/events\/expresii-de-primavara\/\" class=\"astra-post-grid-link\">\n                                                            <div class=\"astra-post-grid-thumbnail thumb\" style=\"width: 300px; height: 200px; overflow: hidden;\">\n                                    <img loading=\"lazy\" decoding=\"async\" width=\"1810\" height=\"2560\" src=\"https:\/\/muzeubuzau.ro\/wp-content\/uploads\/2025\/02\/2025-Afis-Expresii-de-primavara.jpg\" class=\"attachment-full size-full wp-post-image\" alt=\"\" style=\"width: 100%; height: 100%; object-fit: cover;\" srcset=\"https:\/\/muzeubuzau.ro\/wp-content\/uploads\/2025\/02\/2025-Afis-Expresii-de-primavara.jpg 1810w, https:\/\/muzeubuzau.ro\/wp-content\/uploads\/2025\/02\/2025-Afis-Expresii-de-primavara-212x300.jpg 212w, https:\/\/muzeubuzau.ro\/wp-content\/uploads\/2025\/02\/2025-Afis-Expresii-de-primavara-724x1024.jpg 724w, https:\/\/muzeubuzau.ro\/wp-content\/uploads\/2025\/02\/2025-Afis-Expresii-de-primavara-768x1086.jpg 768w, https:\/\/muzeubuzau.ro\/wp-content\/uploads\/2025\/02\/2025-Afis-Expresii-de-primavara-1086x1536.jpg 1086w, https:\/\/muzeubuzau.ro\/wp-content\/uploads\/2025\/02\/2025-Afis-Expresii-de-primavara-1448x2048.jpg 1448w, https:\/\/muzeubuzau.ro\/wp-content\/uploads\/2025\/02\/2025-Afis-Expresii-de-primavara-8x12.jpg 8w\" sizes=\"(max-width: 1810px) 100vw, 1810px\" \/>\n                                <\/div>\n                                                        <h2 class=\"astra-post-grid-title\">Expresii de prim\u0103var\u0103<\/h2>\n                        <\/a>\n                        <p class=\"astra-post-grid-excerpt\">Comunicat de pres\u0103 \u00a0 Muzeul Jude\u021bean Buz\u0103u \u0219i Centrul Jude\u021bean de Cultur\u0103 \u0219i Art\u0103 Buz\u0103u, institu\u021bii de cultur\u0103, art\u0103 \u0219i&hellip;<\/p>\n                    <\/div>\n                                    <div class=\"astra-post-grid-item\">\n                        <a href=\"http:\/\/muzeubuzau.ro\/en\/events\/concursul-national-de-arta-margareta-sterian-ed-a-xv-a\/\" class=\"astra-post-grid-link\">\n                                                            <div class=\"astra-post-grid-thumbnail thumb\" style=\"width: 300px; height: 200px; overflow: hidden;\">\n                                    <img loading=\"lazy\" decoding=\"async\" width=\"842\" height=\"1190\" src=\"https:\/\/muzeubuzau.ro\/wp-content\/uploads\/2025\/02\/2025-Afis-Concurs-National-margareta-Steriaqn-2025.jpg\" class=\"attachment-full size-full wp-post-image\" alt=\"\" style=\"width: 100%; height: 100%; object-fit: cover;\" srcset=\"https:\/\/muzeubuzau.ro\/wp-content\/uploads\/2025\/02\/2025-Afis-Concurs-National-margareta-Steriaqn-2025.jpg 842w, https:\/\/muzeubuzau.ro\/wp-content\/uploads\/2025\/02\/2025-Afis-Concurs-National-margareta-Steriaqn-2025-212x300.jpg 212w, https:\/\/muzeubuzau.ro\/wp-content\/uploads\/2025\/02\/2025-Afis-Concurs-National-margareta-Steriaqn-2025-725x1024.jpg 725w, https:\/\/muzeubuzau.ro\/wp-content\/uploads\/2025\/02\/2025-Afis-Concurs-National-margareta-Steriaqn-2025-768x1085.jpg 768w, https:\/\/muzeubuzau.ro\/wp-content\/uploads\/2025\/02\/2025-Afis-Concurs-National-margareta-Steriaqn-2025-8x12.jpg 8w\" sizes=\"(max-width: 842px) 100vw, 842px\" \/>\n                                <\/div>\n                                                        <h2 class=\"astra-post-grid-title\">Concursul Na\u021bional de Art\u0103 \u201eMargareta Sterian\u201d, ed. a XV-a<\/h2>\n                        <\/a>\n                        <p class=\"astra-post-grid-excerpt\">Comunicat de pres\u0103 \u00a0 Vernisajul expozi\u021biei lucr\u0103rilor de art\u0103 premiate \u00een cadrul celei de-a XV-a edi\u021bii a Concursului Na\u021bional de&hellip;<\/p>\n                    <\/div>\n                                    <div class=\"astra-post-grid-item\">\n                        <a href=\"http:\/\/muzeubuzau.ro\/en\/events\/despre-portrete-2\/\" class=\"astra-post-grid-link\">\n                                                            <div class=\"astra-post-grid-thumbnail thumb\" style=\"width: 300px; height: 200px; overflow: hidden;\">\n                                    <img loading=\"lazy\" decoding=\"async\" width=\"1131\" height=\"1600\" src=\"https:\/\/muzeubuzau.ro\/wp-content\/uploads\/2025\/01\/Afis.jpg\" class=\"attachment-full size-full wp-post-image\" alt=\"\" style=\"width: 100%; height: 100%; object-fit: cover;\" srcset=\"https:\/\/muzeubuzau.ro\/wp-content\/uploads\/2025\/01\/Afis.jpg 1131w, https:\/\/muzeubuzau.ro\/wp-content\/uploads\/2025\/01\/Afis-212x300.jpg 212w, https:\/\/muzeubuzau.ro\/wp-content\/uploads\/2025\/01\/Afis-724x1024.jpg 724w, https:\/\/muzeubuzau.ro\/wp-content\/uploads\/2025\/01\/Afis-768x1086.jpg 768w, https:\/\/muzeubuzau.ro\/wp-content\/uploads\/2025\/01\/Afis-1086x1536.jpg 1086w, https:\/\/muzeubuzau.ro\/wp-content\/uploads\/2025\/01\/Afis-8x12.jpg 8w\" sizes=\"(max-width: 1131px) 100vw, 1131px\" \/>\n                                <\/div>\n                                                        <h2 class=\"astra-post-grid-title\">Despre Portrete #2<\/h2>\n                        <\/a>\n                        <p class=\"astra-post-grid-excerpt\">Comunicat de pres\u0103 \u00a0 Muzeul Jude\u021bean Buz\u0103u, institu\u021bie de cultur\u0103, art\u0103 \u0219i cercetare ce func\u021bioneaz\u0103 sub autoritatea Consiliului Jude\u021bean Buz\u0103u,&hellip;<\/p>\n                    <\/div>\n                                    <div class=\"astra-post-grid-item\">\n                        <a href=\"http:\/\/muzeubuzau.ro\/en\/events\/hai-sa-dam-mana-cu-mana-la-muzeul-judetean-ed-a-viii-a\/\" class=\"astra-post-grid-link\">\n                                                            <div class=\"astra-post-grid-thumbnail thumb\" style=\"width: 300px; height: 200px; overflow: hidden;\">\n                                    <img loading=\"lazy\" decoding=\"async\" width=\"1219\" height=\"870\" src=\"https:\/\/muzeubuzau.ro\/wp-content\/uploads\/2025\/01\/Afis-web-Hai-sa-dam-mana-cu-mana-2025-.jpg\" class=\"attachment-full size-full wp-post-image\" alt=\"\" style=\"width: 100%; height: 100%; object-fit: cover;\" srcset=\"https:\/\/muzeubuzau.ro\/wp-content\/uploads\/2025\/01\/Afis-web-Hai-sa-dam-mana-cu-mana-2025-.jpg 1219w, https:\/\/muzeubuzau.ro\/wp-content\/uploads\/2025\/01\/Afis-web-Hai-sa-dam-mana-cu-mana-2025--300x214.jpg 300w, https:\/\/muzeubuzau.ro\/wp-content\/uploads\/2025\/01\/Afis-web-Hai-sa-dam-mana-cu-mana-2025--1024x731.jpg 1024w, https:\/\/muzeubuzau.ro\/wp-content\/uploads\/2025\/01\/Afis-web-Hai-sa-dam-mana-cu-mana-2025--768x548.jpg 768w, https:\/\/muzeubuzau.ro\/wp-content\/uploads\/2025\/01\/Afis-web-Hai-sa-dam-mana-cu-mana-2025--18x12.jpg 18w\" sizes=\"(max-width: 1219px) 100vw, 1219px\" \/>\n                                <\/div>\n                                                        <h2 class=\"astra-post-grid-title\">\u201eHai s\u0103 d\u0103m m\u00e2n\u0103 cu m\u00e2n\u0103 la Muzeul Jude\u021bean\u201d, ed. a VIII-a<\/h2>\n                        <\/a>\n                        <p class=\"astra-post-grid-excerpt\">Comunicat de pres\u0103 \u00a0 \u00cen acest an se \u00eemplinesc 166 de ani de la Unirea Principatelor Rom\u00e2ne sub domnia lui&hellip;<\/p>\n                    <\/div>\n                                    <div class=\"astra-post-grid-item\">\n                        <a href=\"http:\/\/muzeubuzau.ro\/en\/events\/ateliere-mestesugaresti-2025\/\" class=\"astra-post-grid-link\">\n                                                            <div class=\"astra-post-grid-thumbnail thumb\" style=\"width: 300px; height: 200px; overflow: hidden;\">\n                                    <img loading=\"lazy\" decoding=\"async\" width=\"2560\" height=\"1811\" src=\"https:\/\/muzeubuzau.ro\/wp-content\/uploads\/2025\/01\/Afis-web-ateliere-mestesugaresti-scaled.jpg\" class=\"attachment-full size-full wp-post-image\" alt=\"\" style=\"width: 100%; height: 100%; object-fit: cover;\" srcset=\"https:\/\/muzeubuzau.ro\/wp-content\/uploads\/2025\/01\/Afis-web-ateliere-mestesugaresti-scaled.jpg 2560w, https:\/\/muzeubuzau.ro\/wp-content\/uploads\/2025\/01\/Afis-web-ateliere-mestesugaresti-300x212.jpg 300w, https:\/\/muzeubuzau.ro\/wp-content\/uploads\/2025\/01\/Afis-web-ateliere-mestesugaresti-1024x724.jpg 1024w, https:\/\/muzeubuzau.ro\/wp-content\/uploads\/2025\/01\/Afis-web-ateliere-mestesugaresti-768x543.jpg 768w, https:\/\/muzeubuzau.ro\/wp-content\/uploads\/2025\/01\/Afis-web-ateliere-mestesugaresti-1536x1087.jpg 1536w, https:\/\/muzeubuzau.ro\/wp-content\/uploads\/2025\/01\/Afis-web-ateliere-mestesugaresti-2048x1449.jpg 2048w, https:\/\/muzeubuzau.ro\/wp-content\/uploads\/2025\/01\/Afis-web-ateliere-mestesugaresti-18x12.jpg 18w\" sizes=\"(max-width: 2560px) 100vw, 2560px\" \/>\n                                <\/div>\n                                                        <h2 class=\"astra-post-grid-title\">Ateliere Me\u0219te\u0219ug\u0103re\u0219ti 2025<\/h2>\n                        <\/a>\n                        <p class=\"astra-post-grid-excerpt\">Comunicat de pres\u0103 \u00a0\u00a0\u00a0\u00a0\u00a0\u00a0\u00a0\u00a0Muzeul Jude\u021bean Buz\u0103u anun\u021b\u0103 reluarea programului de ateliere me\u0219te\u0219ug\u0103re\u0219ti. \u00cenc\u0103 de la \u00eenceput am avut \u00een vedere&hellip;<\/p>\n                    <\/div>\n                                    <div class=\"astra-post-grid-item\">\n                        <a href=\"http:\/\/muzeubuzau.ro\/en\/events\/ziua-culturii-nationale-2025\/\" class=\"astra-post-grid-link\">\n                                                            <div class=\"astra-post-grid-thumbnail thumb\" style=\"width: 300px; height: 200px; overflow: hidden;\">\n                                    <img loading=\"lazy\" decoding=\"async\" width=\"2384\" height=\"1684\" src=\"https:\/\/muzeubuzau.ro\/wp-content\/uploads\/2025\/01\/BANNER-WEB-Ziua-Culturii_AFIS.jpg\" class=\"attachment-full size-full wp-post-image\" alt=\"\" style=\"width: 100%; height: 100%; object-fit: cover;\" srcset=\"https:\/\/muzeubuzau.ro\/wp-content\/uploads\/2025\/01\/BANNER-WEB-Ziua-Culturii_AFIS.jpg 2384w, https:\/\/muzeubuzau.ro\/wp-content\/uploads\/2025\/01\/BANNER-WEB-Ziua-Culturii_AFIS-300x212.jpg 300w, https:\/\/muzeubuzau.ro\/wp-content\/uploads\/2025\/01\/BANNER-WEB-Ziua-Culturii_AFIS-1024x723.jpg 1024w, https:\/\/muzeubuzau.ro\/wp-content\/uploads\/2025\/01\/BANNER-WEB-Ziua-Culturii_AFIS-768x542.jpg 768w, https:\/\/muzeubuzau.ro\/wp-content\/uploads\/2025\/01\/BANNER-WEB-Ziua-Culturii_AFIS-1536x1085.jpg 1536w, https:\/\/muzeubuzau.ro\/wp-content\/uploads\/2025\/01\/BANNER-WEB-Ziua-Culturii_AFIS-2048x1447.jpg 2048w, https:\/\/muzeubuzau.ro\/wp-content\/uploads\/2025\/01\/BANNER-WEB-Ziua-Culturii_AFIS-18x12.jpg 18w\" sizes=\"(max-width: 2384px) 100vw, 2384px\" \/>\n                                <\/div>\n                                                        <h2 class=\"astra-post-grid-title\">Ziua Culturii Na\u021bionale &#8211; 2025<\/h2>\n                        <\/a>\n                        <p class=\"astra-post-grid-excerpt\">Comunicat de pres\u0103 \u00a0 Cu prilejul Zilei Culturii Na\u021bionale din acest an Muzeul Jude\u021bean Buz\u0103u anun\u021b\u0103 organizarea seriei anuale de&hellip;<\/p>\n                    <\/div>\n                                    <div class=\"astra-post-grid-item\">\n                        <a href=\"http:\/\/muzeubuzau.ro\/en\/events\/conversatii-psihologice-la-muzeu\/\" class=\"astra-post-grid-link\">\n                                                            <div class=\"astra-post-grid-thumbnail thumb\" style=\"width: 300px; height: 200px; overflow: hidden;\">\n                                    <img loading=\"lazy\" decoding=\"async\" width=\"1702\" height=\"1080\" src=\"https:\/\/muzeubuzau.ro\/wp-content\/uploads\/2024\/12\/Afis-Conversatii-psihologice-la-muzeu.jpg\" class=\"attachment-full size-full wp-post-image\" alt=\"\" style=\"width: 100%; height: 100%; object-fit: cover;\" srcset=\"https:\/\/muzeubuzau.ro\/wp-content\/uploads\/2024\/12\/Afis-Conversatii-psihologice-la-muzeu.jpg 1702w, https:\/\/muzeubuzau.ro\/wp-content\/uploads\/2024\/12\/Afis-Conversatii-psihologice-la-muzeu-300x190.jpg 300w, https:\/\/muzeubuzau.ro\/wp-content\/uploads\/2024\/12\/Afis-Conversatii-psihologice-la-muzeu-1024x650.jpg 1024w, https:\/\/muzeubuzau.ro\/wp-content\/uploads\/2024\/12\/Afis-Conversatii-psihologice-la-muzeu-768x487.jpg 768w, https:\/\/muzeubuzau.ro\/wp-content\/uploads\/2024\/12\/Afis-Conversatii-psihologice-la-muzeu-1536x975.jpg 1536w, https:\/\/muzeubuzau.ro\/wp-content\/uploads\/2024\/12\/Afis-Conversatii-psihologice-la-muzeu-18x12.jpg 18w\" sizes=\"(max-width: 1702px) 100vw, 1702px\" \/>\n                                <\/div>\n                                                        <h2 class=\"astra-post-grid-title\">Conversa\u021bii Psihologice la Muzeu<\/h2>\n                        <\/a>\n                        <p class=\"astra-post-grid-excerpt\">Muzeul Jude\u021bean Buz\u0103u, institu\u021bie de art\u0103, cultur\u0103 \u0219i cercetare, ce func\u021bioneaz\u0103 sub autoritatea Consiliului Jude\u021bean Buz\u0103u, invit\u0103 publicul la o&hellip;<\/p>\n                    <\/div>\n                                    <div class=\"astra-post-grid-item\">\n                        <a href=\"http:\/\/muzeubuzau.ro\/en\/events\/reverii-si-pasiuni-recital-de-pian-si-orga\/\" class=\"astra-post-grid-link\">\n                                                            <div class=\"astra-post-grid-thumbnail thumb\" style=\"width: 300px; height: 200px; overflow: hidden;\">\n                                    <img loading=\"lazy\" decoding=\"async\" width=\"1135\" height=\"420\" src=\"https:\/\/muzeubuzau.ro\/wp-content\/uploads\/2024\/11\/Afis-Recital-Duo-Librarii-Astrorum.jpg\" class=\"attachment-full size-full wp-post-image\" alt=\"\" style=\"width: 100%; height: 100%; object-fit: cover;\" srcset=\"https:\/\/muzeubuzau.ro\/wp-content\/uploads\/2024\/11\/Afis-Recital-Duo-Librarii-Astrorum.jpg 1135w, https:\/\/muzeubuzau.ro\/wp-content\/uploads\/2024\/11\/Afis-Recital-Duo-Librarii-Astrorum-300x111.jpg 300w, https:\/\/muzeubuzau.ro\/wp-content\/uploads\/2024\/11\/Afis-Recital-Duo-Librarii-Astrorum-1024x379.jpg 1024w, https:\/\/muzeubuzau.ro\/wp-content\/uploads\/2024\/11\/Afis-Recital-Duo-Librarii-Astrorum-768x284.jpg 768w, https:\/\/muzeubuzau.ro\/wp-content\/uploads\/2024\/11\/Afis-Recital-Duo-Librarii-Astrorum-18x7.jpg 18w\" sizes=\"(max-width: 1135px) 100vw, 1135px\" \/>\n                                <\/div>\n                                                        <h2 class=\"astra-post-grid-title\">\u201eReverii \u0219i pasiuni\u201d \u2013 recital de pian \u0219i org\u0103<\/h2>\n                        <\/a>\n                        <p class=\"astra-post-grid-excerpt\">\u201eReverii \u0219i pasiuni\u201d \u2013 recital de pian \u0219i org\u0103Muzeul Jude\u021bean Buz\u0103u, institu\u021bie de art\u0103, cultur\u0103 \u0219i cercetare, ce func\u021bioneaz\u0103 sub&hellip;<\/p>\n                    <\/div>\n                                    <div class=\"astra-post-grid-item\">\n                        <a href=\"http:\/\/muzeubuzau.ro\/en\/events\/expozitia-romlag-1945-1965\/\" class=\"astra-post-grid-link\">\n                                                            <div class=\"astra-post-grid-thumbnail thumb\" style=\"width: 300px; height: 200px; overflow: hidden;\">\n                                    <img loading=\"lazy\" decoding=\"async\" width=\"1092\" height=\"1600\" src=\"https:\/\/muzeubuzau.ro\/wp-content\/uploads\/2024\/11\/Afis-Romlaq.jpg\" class=\"attachment-full size-full wp-post-image\" alt=\"\" style=\"width: 100%; height: 100%; object-fit: cover;\" srcset=\"https:\/\/muzeubuzau.ro\/wp-content\/uploads\/2024\/11\/Afis-Romlaq.jpg 1092w, https:\/\/muzeubuzau.ro\/wp-content\/uploads\/2024\/11\/Afis-Romlaq-205x300.jpg 205w, https:\/\/muzeubuzau.ro\/wp-content\/uploads\/2024\/11\/Afis-Romlaq-699x1024.jpg 699w, https:\/\/muzeubuzau.ro\/wp-content\/uploads\/2024\/11\/Afis-Romlaq-768x1125.jpg 768w, https:\/\/muzeubuzau.ro\/wp-content\/uploads\/2024\/11\/Afis-Romlaq-1048x1536.jpg 1048w, https:\/\/muzeubuzau.ro\/wp-content\/uploads\/2024\/11\/Afis-Romlaq-8x12.jpg 8w\" sizes=\"(max-width: 1092px) 100vw, 1092px\" \/>\n                                <\/div>\n                                                        <h2 class=\"astra-post-grid-title\">Expozi\u021bia \u201eROMLAG 1945-1965\u201d<\/h2>\n                        <\/a>\n                        <p class=\"astra-post-grid-excerpt\">Muzeul Jude\u021bean Buz\u0103u &amp; Muzeul Ororilor Comunismului din Rom\u00e2nia v\u0103 invit\u0103 la vernisajul expozi\u021biei \u201eROMLAG 1945-1965\u201d 29 noiembrie, ora 11:00&hellip;<\/p>\n                    <\/div>\n                                    <div class=\"astra-post-grid-item\">\n                        <a href=\"http:\/\/muzeubuzau.ro\/en\/events\/calatorie-cu-responsabilitate-in-lumea-drepturilor\/\" class=\"astra-post-grid-link\">\n                                                            <div class=\"astra-post-grid-thumbnail thumb\" style=\"width: 300px; height: 200px; overflow: hidden;\">\n                                    <img loading=\"lazy\" decoding=\"async\" width=\"1134\" height=\"1600\" src=\"https:\/\/muzeubuzau.ro\/wp-content\/uploads\/2024\/11\/WhatsApp-Image-2024-11-18-at-13.48.37.jpeg\" class=\"attachment-full size-full wp-post-image\" alt=\"\" style=\"width: 100%; height: 100%; object-fit: cover;\" srcset=\"https:\/\/muzeubuzau.ro\/wp-content\/uploads\/2024\/11\/WhatsApp-Image-2024-11-18-at-13.48.37.jpeg 1134w, https:\/\/muzeubuzau.ro\/wp-content\/uploads\/2024\/11\/WhatsApp-Image-2024-11-18-at-13.48.37-213x300.jpeg 213w, https:\/\/muzeubuzau.ro\/wp-content\/uploads\/2024\/11\/WhatsApp-Image-2024-11-18-at-13.48.37-726x1024.jpeg 726w, https:\/\/muzeubuzau.ro\/wp-content\/uploads\/2024\/11\/WhatsApp-Image-2024-11-18-at-13.48.37-768x1084.jpeg 768w, https:\/\/muzeubuzau.ro\/wp-content\/uploads\/2024\/11\/WhatsApp-Image-2024-11-18-at-13.48.37-1089x1536.jpeg 1089w, https:\/\/muzeubuzau.ro\/wp-content\/uploads\/2024\/11\/WhatsApp-Image-2024-11-18-at-13.48.37-9x12.jpeg 9w\" sizes=\"(max-width: 1134px) 100vw, 1134px\" \/>\n                                <\/div>\n                                                        <h2 class=\"astra-post-grid-title\">,,Responsible journey into the world of rights\u201d<\/h2>\n                        <\/a>\n                        <p class=\"astra-post-grid-excerpt\">Muzeul Jude\u021bean Buz\u0103u, institu\u021bie de art\u0103, cultur\u0103 \u0219i cercetare, ce func\u021bioneaz\u0103 sub autoritatea Consiliului Jude\u021bean Buz\u0103u, \u0219i Direc\u021bia General\u0103 de&hellip;<\/p>\n                    <\/div>\n                                    <div class=\"astra-post-grid-item\">\n                        <a href=\"http:\/\/muzeubuzau.ro\/en\/events\/oamenii-din-valea-omo\/\" class=\"astra-post-grid-link\">\n                                                            <div class=\"astra-post-grid-thumbnail thumb\" style=\"width: 300px; height: 200px; overflow: hidden;\">\n                                    <img loading=\"lazy\" decoding=\"async\" width=\"1600\" height=\"1095\" src=\"https:\/\/muzeubuzau.ro\/wp-content\/uploads\/2024\/11\/oamenii_din_valea_omo-1.jpeg\" class=\"attachment-full size-full wp-post-image\" alt=\"\" style=\"width: 100%; height: 100%; object-fit: cover;\" srcset=\"https:\/\/muzeubuzau.ro\/wp-content\/uploads\/2024\/11\/oamenii_din_valea_omo-1.jpeg 1600w, https:\/\/muzeubuzau.ro\/wp-content\/uploads\/2024\/11\/oamenii_din_valea_omo-1-300x205.jpeg 300w, https:\/\/muzeubuzau.ro\/wp-content\/uploads\/2024\/11\/oamenii_din_valea_omo-1-1024x701.jpeg 1024w, https:\/\/muzeubuzau.ro\/wp-content\/uploads\/2024\/11\/oamenii_din_valea_omo-1-768x526.jpeg 768w, https:\/\/muzeubuzau.ro\/wp-content\/uploads\/2024\/11\/oamenii_din_valea_omo-1-1536x1051.jpeg 1536w, https:\/\/muzeubuzau.ro\/wp-content\/uploads\/2024\/11\/oamenii_din_valea_omo-1-18x12.jpeg 18w\" sizes=\"(max-width: 1600px) 100vw, 1600px\" \/>\n                                <\/div>\n                                                        <h2 class=\"astra-post-grid-title\">\u00a0\"People of the OMO Valley\"<\/h2>\n                        <\/a>\n                        <p class=\"astra-post-grid-excerpt\">Comunicat de pres\u0103 Muzeul Jude\u021bean Buz\u0103u anun\u021b\u0103 deschiderea expozi\u021biei temporare de art\u0103 fotografic\u0103\u00a0 \u201dOamenii din Valea OMO, Etiopia\u201d, proiect al&hellip;<\/p>\n                    <\/div>\n                                    <div class=\"astra-post-grid-item\">\n                        <a href=\"http:\/\/muzeubuzau.ro\/en\/events\/proiectul-artcreator\/\" class=\"astra-post-grid-link\">\n                                                            <div class=\"astra-post-grid-thumbnail thumb\" style=\"width: 300px; height: 200px; overflow: hidden;\">\n                                    <img loading=\"lazy\" decoding=\"async\" width=\"1134\" height=\"1600\" src=\"https:\/\/muzeubuzau.ro\/wp-content\/uploads\/2024\/10\/Afis-ArtCreator.jpg\" class=\"attachment-full size-full wp-post-image\" alt=\"\" style=\"width: 100%; height: 100%; object-fit: cover;\" srcset=\"https:\/\/muzeubuzau.ro\/wp-content\/uploads\/2024\/10\/Afis-ArtCreator.jpg 1134w, https:\/\/muzeubuzau.ro\/wp-content\/uploads\/2024\/10\/Afis-ArtCreator-213x300.jpg 213w, https:\/\/muzeubuzau.ro\/wp-content\/uploads\/2024\/10\/Afis-ArtCreator-726x1024.jpg 726w, https:\/\/muzeubuzau.ro\/wp-content\/uploads\/2024\/10\/Afis-ArtCreator-768x1084.jpg 768w, https:\/\/muzeubuzau.ro\/wp-content\/uploads\/2024\/10\/Afis-ArtCreator-1089x1536.jpg 1089w, https:\/\/muzeubuzau.ro\/wp-content\/uploads\/2024\/10\/Afis-ArtCreator-9x12.jpg 9w\" sizes=\"(max-width: 1134px) 100vw, 1134px\" \/>\n                                <\/div>\n                                                        <h2 class=\"astra-post-grid-title\">ARTCREATOR project<\/h2>\n                        <\/a>\n                        <p class=\"astra-post-grid-excerpt\">Comunicat de pres\u0103 \u00a0\u00a0\u00a0\u00a0\u00a0\u00a0 Muzeul Jude\u021bean Buz\u0103u, institu\u021bie de art\u0103, cultur\u0103 \u0219i cercetare, ce func\u021bioneaz\u0103 sub autoritatea Consiliului Jude\u021bean Buz\u0103u,&hellip;<\/p>\n                    <\/div>\n                                    <div class=\"astra-post-grid-item\">\n                        <a href=\"http:\/\/muzeubuzau.ro\/en\/events\/expozitia-de-arta-fotografica-cum-respira-pamantul\/\" class=\"astra-post-grid-link\">\n                                                            <div class=\"astra-post-grid-thumbnail thumb\" style=\"width: 300px; height: 200px; overflow: hidden;\">\n                                    <img loading=\"lazy\" decoding=\"async\" width=\"1066\" height=\"1600\" src=\"https:\/\/muzeubuzau.ro\/wp-content\/uploads\/2024\/09\/Afis-Dan-Mihalcea.jpg\" class=\"attachment-full size-full wp-post-image\" alt=\"\" style=\"width: 100%; height: 100%; object-fit: cover;\" srcset=\"https:\/\/muzeubuzau.ro\/wp-content\/uploads\/2024\/09\/Afis-Dan-Mihalcea.jpg 1066w, https:\/\/muzeubuzau.ro\/wp-content\/uploads\/2024\/09\/Afis-Dan-Mihalcea-200x300.jpg 200w, https:\/\/muzeubuzau.ro\/wp-content\/uploads\/2024\/09\/Afis-Dan-Mihalcea-682x1024.jpg 682w, https:\/\/muzeubuzau.ro\/wp-content\/uploads\/2024\/09\/Afis-Dan-Mihalcea-768x1153.jpg 768w, https:\/\/muzeubuzau.ro\/wp-content\/uploads\/2024\/09\/Afis-Dan-Mihalcea-1023x1536.jpg 1023w, https:\/\/muzeubuzau.ro\/wp-content\/uploads\/2024\/09\/Afis-Dan-Mihalcea-8x12.jpg 8w\" sizes=\"(max-width: 1066px) 100vw, 1066px\" \/>\n                                <\/div>\n                                                        <h2 class=\"astra-post-grid-title\">\"How the Earth Breathes\" photo exhibition<\/h2>\n                        <\/a>\n                        <p class=\"astra-post-grid-excerpt\">COMUNICAT DE PRES\u0102 Expozi\u021bia de art\u0103 fotografic\u0103 Cum respir\u0103 p\u0103m\u00e2ntul \u00a0\u00a0\u00a0\u00a0\u00a0\u00a0\u00a0\u00a0\u00a0\u00a0\u00a0 Muzeul Jude\u021bean Buz\u0103u, institu\u021bie de cultur\u0103, art\u0103 \u0219i cercetare&hellip;<\/p>\n                    <\/div>\n                                    <div class=\"astra-post-grid-item\">\n                        <a href=\"http:\/\/muzeubuzau.ro\/en\/events\/expozitia-temporara-traditii-vini-viticole-in-spatiul-buzoian\/\" class=\"astra-post-grid-link\">\n                                                            <div class=\"astra-post-grid-thumbnail thumb\" style=\"width: 300px; height: 200px; overflow: hidden;\">\n                                    <img loading=\"lazy\" decoding=\"async\" width=\"1135\" height=\"1600\" src=\"https:\/\/muzeubuzau.ro\/wp-content\/uploads\/2024\/09\/Ziua-Satului-Romanesc.jpg\" class=\"attachment-full size-full wp-post-image\" alt=\"\" style=\"width: 100%; height: 100%; object-fit: cover;\" srcset=\"https:\/\/muzeubuzau.ro\/wp-content\/uploads\/2024\/09\/Ziua-Satului-Romanesc.jpg 1135w, https:\/\/muzeubuzau.ro\/wp-content\/uploads\/2024\/09\/Ziua-Satului-Romanesc-213x300.jpg 213w, https:\/\/muzeubuzau.ro\/wp-content\/uploads\/2024\/09\/Ziua-Satului-Romanesc-726x1024.jpg 726w, https:\/\/muzeubuzau.ro\/wp-content\/uploads\/2024\/09\/Ziua-Satului-Romanesc-768x1083.jpg 768w, https:\/\/muzeubuzau.ro\/wp-content\/uploads\/2024\/09\/Ziua-Satului-Romanesc-1090x1536.jpg 1090w, https:\/\/muzeubuzau.ro\/wp-content\/uploads\/2024\/09\/Ziua-Satului-Romanesc-9x12.jpg 9w\" sizes=\"(max-width: 1135px) 100vw, 1135px\" \/>\n                                <\/div>\n                                                        <h2 class=\"astra-post-grid-title\">Temporary exhibition \"Wine-making traditions in the Buz\u0103u area\"<\/h2>\n                        <\/a>\n                        <p class=\"astra-post-grid-excerpt\">Vernisajul expozi\u021biei temporare \u201eTradi\u021bii vini-viticole \u00een spa\u021biul buzoian\u201d Muzeul Jude\u021bean Buz\u0103u, institu\u021bie de cultur\u0103, art\u0103 \u0219i cercetare, ce func\u021bioneaz\u0103 sub&hellip;<\/p>\n                    <\/div>\n                                    <div class=\"astra-post-grid-item\">\n                        <a href=\"http:\/\/muzeubuzau.ro\/en\/events\/expozitie-de-arta-cu-lucrari-semnate-natalia-strasevici\/\" class=\"astra-post-grid-link\">\n                                                            <div class=\"astra-post-grid-thumbnail thumb\" style=\"width: 300px; height: 200px; overflow: hidden;\">\n                                    <img loading=\"lazy\" decoding=\"async\" width=\"1131\" height=\"1600\" src=\"https:\/\/muzeubuzau.ro\/wp-content\/uploads\/2024\/09\/Afis-bun-Natalia-Strasevici.jpg\" class=\"attachment-full size-full wp-post-image\" alt=\"\" style=\"width: 100%; height: 100%; object-fit: cover;\" srcset=\"https:\/\/muzeubuzau.ro\/wp-content\/uploads\/2024\/09\/Afis-bun-Natalia-Strasevici.jpg 1131w, https:\/\/muzeubuzau.ro\/wp-content\/uploads\/2024\/09\/Afis-bun-Natalia-Strasevici-212x300.jpg 212w, https:\/\/muzeubuzau.ro\/wp-content\/uploads\/2024\/09\/Afis-bun-Natalia-Strasevici-724x1024.jpg 724w, https:\/\/muzeubuzau.ro\/wp-content\/uploads\/2024\/09\/Afis-bun-Natalia-Strasevici-768x1086.jpg 768w, https:\/\/muzeubuzau.ro\/wp-content\/uploads\/2024\/09\/Afis-bun-Natalia-Strasevici-1086x1536.jpg 1086w, https:\/\/muzeubuzau.ro\/wp-content\/uploads\/2024\/09\/Afis-bun-Natalia-Strasevici-8x12.jpg 8w\" sizes=\"(max-width: 1131px) 100vw, 1131px\" \/>\n                                <\/div>\n                                                        <h2 class=\"astra-post-grid-title\">Art exhibition of works by Natalia Strasevici<\/h2>\n                        <\/a>\n                        <p class=\"astra-post-grid-excerpt\">Deschiderea expozi\u021biei de art\u0103 cu lucr\u0103ri semnate Natalia Strasevici Muzeul Jude\u021bean Buz\u0103u, institu\u021bie de cultur\u0103, art\u0103 \u0219i cercetare, ce func\u021bioneaz\u0103&hellip;<\/p>\n                    <\/div>\n                                    <div class=\"astra-post-grid-item\">\n                        <a href=\"http:\/\/muzeubuzau.ro\/en\/events\/6417\/\" class=\"astra-post-grid-link\">\n                                                            <div class=\"astra-post-grid-thumbnail thumb\" style=\"width: 300px; height: 200px; overflow: hidden;\">\n                                    <img loading=\"lazy\" decoding=\"async\" width=\"1120\" height=\"1600\" src=\"https:\/\/muzeubuzau.ro\/wp-content\/uploads\/2024\/09\/Afis-vernisaj-Ondine-Slimovschi.jpg\" class=\"attachment-full size-full wp-post-image\" alt=\"\" style=\"width: 100%; height: 100%; object-fit: cover;\" srcset=\"https:\/\/muzeubuzau.ro\/wp-content\/uploads\/2024\/09\/Afis-vernisaj-Ondine-Slimovschi.jpg 1120w, https:\/\/muzeubuzau.ro\/wp-content\/uploads\/2024\/09\/Afis-vernisaj-Ondine-Slimovschi-210x300.jpg 210w, https:\/\/muzeubuzau.ro\/wp-content\/uploads\/2024\/09\/Afis-vernisaj-Ondine-Slimovschi-717x1024.jpg 717w, https:\/\/muzeubuzau.ro\/wp-content\/uploads\/2024\/09\/Afis-vernisaj-Ondine-Slimovschi-768x1097.jpg 768w, https:\/\/muzeubuzau.ro\/wp-content\/uploads\/2024\/09\/Afis-vernisaj-Ondine-Slimovschi-1075x1536.jpg 1075w, https:\/\/muzeubuzau.ro\/wp-content\/uploads\/2024\/09\/Afis-vernisaj-Ondine-Slimovschi-8x12.jpg 8w\" sizes=\"(max-width: 1120px) 100vw, 1120px\" \/>\n                                <\/div>\n                                                        <h2 class=\"astra-post-grid-title\">The personal exhibition of the artist Ondine Slimovschi<\/h2>\n                        <\/a>\n                        <p class=\"astra-post-grid-excerpt\">Comunicat de pres\u0103 Vernisajul expozi\u021biei personale a artistei Ondine Slimovschi \u00cencep\u00e2nd de s\u0103pt\u0103m\u00e2na viitoare, Muzeul Jude\u021bean Buz\u0103u, institu\u021bie de cultur\u0103,&hellip;<\/p>\n                    <\/div>\n                                    <div class=\"astra-post-grid-item\">\n                        <a href=\"http:\/\/muzeubuzau.ro\/en\/events\/noaptea-cercetatorilor-europeni-editia-2024\/\" class=\"astra-post-grid-link\">\n                                                            <div class=\"astra-post-grid-thumbnail thumb\" style=\"width: 300px; height: 200px; overflow: hidden;\">\n                                    <img loading=\"lazy\" decoding=\"async\" width=\"1134\" height=\"1600\" src=\"https:\/\/muzeubuzau.ro\/wp-content\/uploads\/2024\/09\/Afis-Noaptea-Cercetatorilor-2024.jpg\" class=\"attachment-full size-full wp-post-image\" alt=\"\" style=\"width: 100%; height: 100%; object-fit: cover;\" srcset=\"https:\/\/muzeubuzau.ro\/wp-content\/uploads\/2024\/09\/Afis-Noaptea-Cercetatorilor-2024.jpg 1134w, https:\/\/muzeubuzau.ro\/wp-content\/uploads\/2024\/09\/Afis-Noaptea-Cercetatorilor-2024-213x300.jpg 213w, https:\/\/muzeubuzau.ro\/wp-content\/uploads\/2024\/09\/Afis-Noaptea-Cercetatorilor-2024-726x1024.jpg 726w, https:\/\/muzeubuzau.ro\/wp-content\/uploads\/2024\/09\/Afis-Noaptea-Cercetatorilor-2024-768x1084.jpg 768w, https:\/\/muzeubuzau.ro\/wp-content\/uploads\/2024\/09\/Afis-Noaptea-Cercetatorilor-2024-1089x1536.jpg 1089w, https:\/\/muzeubuzau.ro\/wp-content\/uploads\/2024\/09\/Afis-Noaptea-Cercetatorilor-2024-9x12.jpg 9w\" sizes=\"(max-width: 1134px) 100vw, 1134px\" \/>\n                                <\/div>\n                                                        <h2 class=\"astra-post-grid-title\">\"Night of European Researchers\", 2024 edition<\/h2>\n                        <\/a>\n                        <p class=\"astra-post-grid-excerpt\">Comunicat de pres\u0103 Muzeul Jude\u021bean Buz\u0103u, institu\u021bie de art\u0103, cultur\u0103 \u0219i cercetare ce func\u021bioneaz\u0103 sub autoritatea Consiliului Jude\u021bean Buz\u0103u anun\u021b\u0103&hellip;<\/p>\n                    <\/div>\n                                    <div class=\"astra-post-grid-item\">\n                        <a href=\"http:\/\/muzeubuzau.ro\/en\/events\/noaptea-muzeelor-la-sate-editia-2024\/\" class=\"astra-post-grid-link\">\n                                                            <div class=\"astra-post-grid-thumbnail thumb\" style=\"width: 300px; height: 200px; overflow: hidden;\">\n                                    <img loading=\"lazy\" decoding=\"async\" width=\"2560\" height=\"1771\" src=\"https:\/\/muzeubuzau.ro\/wp-content\/uploads\/2024\/08\/Afis-noaptea-Muzeelor-la-Sate-2024-scaled-1.jpg\" class=\"attachment-full size-full wp-post-image\" alt=\"\" style=\"width: 100%; height: 100%; object-fit: cover;\" srcset=\"https:\/\/muzeubuzau.ro\/wp-content\/uploads\/2024\/08\/Afis-noaptea-Muzeelor-la-Sate-2024-scaled-1.jpg 2560w, https:\/\/muzeubuzau.ro\/wp-content\/uploads\/2024\/08\/Afis-noaptea-Muzeelor-la-Sate-2024-scaled-1-300x208.jpg 300w, https:\/\/muzeubuzau.ro\/wp-content\/uploads\/2024\/08\/Afis-noaptea-Muzeelor-la-Sate-2024-scaled-1-1024x708.jpg 1024w, https:\/\/muzeubuzau.ro\/wp-content\/uploads\/2024\/08\/Afis-noaptea-Muzeelor-la-Sate-2024-scaled-1-768x531.jpg 768w, https:\/\/muzeubuzau.ro\/wp-content\/uploads\/2024\/08\/Afis-noaptea-Muzeelor-la-Sate-2024-scaled-1-1536x1063.jpg 1536w, https:\/\/muzeubuzau.ro\/wp-content\/uploads\/2024\/08\/Afis-noaptea-Muzeelor-la-Sate-2024-scaled-1-2048x1417.jpg 2048w, https:\/\/muzeubuzau.ro\/wp-content\/uploads\/2024\/08\/Afis-noaptea-Muzeelor-la-Sate-2024-scaled-1-18x12.jpg 18w\" sizes=\"(max-width: 2560px) 100vw, 2560px\" \/>\n                                <\/div>\n                                                        <h2 class=\"astra-post-grid-title\">Night of Museums in the Villages, 2024 edition<\/h2>\n                        <\/a>\n                        <p class=\"astra-post-grid-excerpt\">Comunicat de pres\u0103 Noaptea Muzeelor la Sate, edi\u021bia 2024 &nbsp; \u00a0 Muzeul Jude\u021bean Buz\u0103u, institu\u021bie de cultur\u0103, art\u0103 \u0219i cercetare,&hellip;<\/p>\n                    <\/div>\n                                    <div class=\"astra-post-grid-item\">\n                        <a href=\"http:\/\/muzeubuzau.ro\/en\/events\/vernisarea-expozitiilor-de-baza-din-cadrul-centrului-muzeal-i-c-bratianu\/\" class=\"astra-post-grid-link\">\n                                                            <div class=\"astra-post-grid-thumbnail thumb\" style=\"width: 300px; height: 200px; overflow: hidden;\">\n                                    <img loading=\"lazy\" decoding=\"async\" width=\"1814\" height=\"2560\" src=\"https:\/\/muzeubuzau.ro\/wp-content\/uploads\/2024\/08\/AFIS-Deschidere-Bratianu-01-scaled-1.jpg\" class=\"attachment-full size-full wp-post-image\" alt=\"\" style=\"width: 100%; height: 100%; object-fit: cover;\" srcset=\"https:\/\/muzeubuzau.ro\/wp-content\/uploads\/2024\/08\/AFIS-Deschidere-Bratianu-01-scaled-1.jpg 1814w, https:\/\/muzeubuzau.ro\/wp-content\/uploads\/2024\/08\/AFIS-Deschidere-Bratianu-01-scaled-1-213x300.jpg 213w, https:\/\/muzeubuzau.ro\/wp-content\/uploads\/2024\/08\/AFIS-Deschidere-Bratianu-01-scaled-1-726x1024.jpg 726w, https:\/\/muzeubuzau.ro\/wp-content\/uploads\/2024\/08\/AFIS-Deschidere-Bratianu-01-scaled-1-768x1084.jpg 768w, https:\/\/muzeubuzau.ro\/wp-content\/uploads\/2024\/08\/AFIS-Deschidere-Bratianu-01-scaled-1-1088x1536.jpg 1088w, https:\/\/muzeubuzau.ro\/wp-content\/uploads\/2024\/08\/AFIS-Deschidere-Bratianu-01-scaled-1-1451x2048.jpg 1451w, https:\/\/muzeubuzau.ro\/wp-content\/uploads\/2024\/08\/AFIS-Deschidere-Bratianu-01-scaled-1-9x12.jpg 9w\" sizes=\"(max-width: 1814px) 100vw, 1814px\" \/>\n                                <\/div>\n                                                        <h2 class=\"astra-post-grid-title\">Opening of the basic exhibitions within the \"IC Br\u0103tianu\" Museum Center<\/h2>\n                        <\/a>\n                        <p class=\"astra-post-grid-excerpt\">Comunicat de pres\u0103 Muzeul Jude\u021bean Buz\u0103u, institu\u021bie de cultur\u0103, art\u0103 \u0219i cercetare, ce func\u021bioneaz\u0103 sub autoritatea Consiliului Jude\u021bean Buz\u0103u, anun\u021b\u0103&hellip;<\/p>\n                    <\/div>\n                                    <div class=\"astra-post-grid-item\">\n                        <a href=\"http:\/\/muzeubuzau.ro\/en\/events\/ziua-portilor-deschise-pe-santierul-arheologic-pietroasa-mica-gruiu-darii-4\/\" class=\"astra-post-grid-link\">\n                                                            <div class=\"astra-post-grid-thumbnail thumb\" style=\"width: 300px; height: 200px; overflow: hidden;\">\n                                    <img loading=\"lazy\" decoding=\"async\" width=\"1600\" height=\"1134\" src=\"https:\/\/muzeubuzau.ro\/wp-content\/uploads\/2024\/07\/Afis-Ziua-Portilor-Deschise.jpg\" class=\"attachment-full size-full wp-post-image\" alt=\"\" style=\"width: 100%; height: 100%; object-fit: cover;\" srcset=\"https:\/\/muzeubuzau.ro\/wp-content\/uploads\/2024\/07\/Afis-Ziua-Portilor-Deschise.jpg 1600w, https:\/\/muzeubuzau.ro\/wp-content\/uploads\/2024\/07\/Afis-Ziua-Portilor-Deschise-300x213.jpg 300w, https:\/\/muzeubuzau.ro\/wp-content\/uploads\/2024\/07\/Afis-Ziua-Portilor-Deschise-1024x726.jpg 1024w, https:\/\/muzeubuzau.ro\/wp-content\/uploads\/2024\/07\/Afis-Ziua-Portilor-Deschise-768x544.jpg 768w, https:\/\/muzeubuzau.ro\/wp-content\/uploads\/2024\/07\/Afis-Ziua-Portilor-Deschise-1536x1089.jpg 1536w, https:\/\/muzeubuzau.ro\/wp-content\/uploads\/2024\/07\/Afis-Ziua-Portilor-Deschise-18x12.jpg 18w\" sizes=\"(max-width: 1600px) 100vw, 1600px\" \/>\n                                <\/div>\n                                                        <h2 class=\"astra-post-grid-title\">Open Doors Day at the Pietroasa Mic\u0103 - Gruiu D\u0103rii archaeological siteOpen Doors Day on the archaeological site Pietroasa Mic \u2013 Gruiu D\u0103rii<\/h2>\n                        <\/a>\n                        <p class=\"astra-post-grid-excerpt\">Comunicat de pres\u0103 \u00a0\u00a0\u00a0\u00a0\u00a0\u00a0\u00a0\u00a0\u00a0 Cu scopul de a familiariza publicul larg cu activitatea de cercetare arheologic\u0103 \u0219i de a prezenta&hellip;<\/p>\n                    <\/div>\n                                    <div class=\"astra-post-grid-item\">\n                        <a href=\"http:\/\/muzeubuzau.ro\/en\/events\/expozitie-grafica-din-colectia-victor-adam\/\" class=\"astra-post-grid-link\">\n                                                            <div class=\"astra-post-grid-thumbnail thumb\" style=\"width: 300px; height: 200px; overflow: hidden;\">\n                                    <img loading=\"lazy\" decoding=\"async\" width=\"1815\" height=\"2560\" src=\"https:\/\/muzeubuzau.ro\/wp-content\/uploads\/2024\/07\/AFIS-Expo-Vasile-Grigore-Victor-Adam-01-scaled-1.jpg\" class=\"attachment-full size-full wp-post-image\" alt=\"\" style=\"width: 100%; height: 100%; object-fit: cover;\" srcset=\"https:\/\/muzeubuzau.ro\/wp-content\/uploads\/2024\/07\/AFIS-Expo-Vasile-Grigore-Victor-Adam-01-scaled-1.jpg 1815w, https:\/\/muzeubuzau.ro\/wp-content\/uploads\/2024\/07\/AFIS-Expo-Vasile-Grigore-Victor-Adam-01-scaled-1-213x300.jpg 213w, https:\/\/muzeubuzau.ro\/wp-content\/uploads\/2024\/07\/AFIS-Expo-Vasile-Grigore-Victor-Adam-01-scaled-1-726x1024.jpg 726w, https:\/\/muzeubuzau.ro\/wp-content\/uploads\/2024\/07\/AFIS-Expo-Vasile-Grigore-Victor-Adam-01-scaled-1-768x1083.jpg 768w, https:\/\/muzeubuzau.ro\/wp-content\/uploads\/2024\/07\/AFIS-Expo-Vasile-Grigore-Victor-Adam-01-scaled-1-1089x1536.jpg 1089w, https:\/\/muzeubuzau.ro\/wp-content\/uploads\/2024\/07\/AFIS-Expo-Vasile-Grigore-Victor-Adam-01-scaled-1-1452x2048.jpg 1452w, https:\/\/muzeubuzau.ro\/wp-content\/uploads\/2024\/07\/AFIS-Expo-Vasile-Grigore-Victor-Adam-01-scaled-1-9x12.jpg 9w\" sizes=\"(max-width: 1815px) 100vw, 1815px\" \/>\n                                <\/div>\n                                                        <h2 class=\"astra-post-grid-title\">Expozi\u021bie temporar\u0103 grafic\u0103 Grigore Vasile &#8211; Mo\u0219teniri colec\u021bionate 2<\/h2>\n                        <\/a>\n                        <p class=\"astra-post-grid-excerpt\">Comunicat de pres\u0103 Expozi\u021bia temporar\u0103 cu lucr\u0103ri de grafic\u0103 Mo\u0219teniri colec\u021bionate 2 Muzeul Jude\u021bean Buz\u0103u, institu\u021bie de cultur\u0103, art\u0103 \u0219i&hellip;<\/p>\n                    <\/div>\n                                    <div class=\"astra-post-grid-item\">\n                        <a href=\"http:\/\/muzeubuzau.ro\/en\/events\/weekenduri-la-magura-editia-2024\/\" class=\"astra-post-grid-link\">\n                                                            <div class=\"astra-post-grid-thumbnail thumb\" style=\"width: 300px; height: 200px; overflow: hidden;\">\n                                    <img loading=\"lazy\" decoding=\"async\" width=\"1600\" height=\"1065\" src=\"https:\/\/muzeubuzau.ro\/wp-content\/uploads\/2024\/07\/2024-Afis-Weekenduri-la-Magura.jpg\" class=\"attachment-full size-full wp-post-image\" alt=\"\" style=\"width: 100%; height: 100%; object-fit: cover;\" srcset=\"https:\/\/muzeubuzau.ro\/wp-content\/uploads\/2024\/07\/2024-Afis-Weekenduri-la-Magura.jpg 1600w, https:\/\/muzeubuzau.ro\/wp-content\/uploads\/2024\/07\/2024-Afis-Weekenduri-la-Magura-300x200.jpg 300w, https:\/\/muzeubuzau.ro\/wp-content\/uploads\/2024\/07\/2024-Afis-Weekenduri-la-Magura-1024x682.jpg 1024w, https:\/\/muzeubuzau.ro\/wp-content\/uploads\/2024\/07\/2024-Afis-Weekenduri-la-Magura-768x511.jpg 768w, https:\/\/muzeubuzau.ro\/wp-content\/uploads\/2024\/07\/2024-Afis-Weekenduri-la-Magura-1536x1022.jpg 1536w, https:\/\/muzeubuzau.ro\/wp-content\/uploads\/2024\/07\/2024-Afis-Weekenduri-la-Magura-18x12.jpg 18w\" sizes=\"(max-width: 1600px) 100vw, 1600px\" \/>\n                                <\/div>\n                                                        <h2 class=\"astra-post-grid-title\">Weekends in M\u0103gura, 2024 edition<\/h2>\n                        <\/a>\n                        <p class=\"astra-post-grid-excerpt\">Weekenduri la M\u0103gura, edi\u021bia 2024 \u00a0 \u00a0\u00a0\u00a0\u00a0\u00a0\u00a0\u00a0\u00a0\u00a0\u00a0\u00a0\u00a0 Muzeul Jude\u021bean Buz\u0103u, institu\u021bie de cultur\u0103, art\u0103 \u0219i cercetare, ce func\u021bioneaz\u0103 sub autoritatea&hellip;<\/p>\n                    <\/div>\n                                    <div class=\"astra-post-grid-item\">\n                        <a href=\"http:\/\/muzeubuzau.ro\/en\/events\/ludoteca-din-gradina-2\/\" class=\"astra-post-grid-link\">\n                                                            <div class=\"astra-post-grid-thumbnail thumb\" style=\"width: 300px; height: 200px; overflow: hidden;\">\n                                    <img loading=\"lazy\" decoding=\"async\" width=\"1449\" height=\"2048\" src=\"https:\/\/muzeubuzau.ro\/wp-content\/uploads\/2024\/06\/Afis-Ludoteca-din-gradina-2024.jpg\" class=\"attachment-full size-full wp-post-image\" alt=\"\" style=\"width: 100%; height: 100%; object-fit: cover;\" srcset=\"https:\/\/muzeubuzau.ro\/wp-content\/uploads\/2024\/06\/Afis-Ludoteca-din-gradina-2024.jpg 1449w, https:\/\/muzeubuzau.ro\/wp-content\/uploads\/2024\/06\/Afis-Ludoteca-din-gradina-2024-212x300.jpg 212w, https:\/\/muzeubuzau.ro\/wp-content\/uploads\/2024\/06\/Afis-Ludoteca-din-gradina-2024-725x1024.jpg 725w, https:\/\/muzeubuzau.ro\/wp-content\/uploads\/2024\/06\/Afis-Ludoteca-din-gradina-2024-768x1085.jpg 768w, https:\/\/muzeubuzau.ro\/wp-content\/uploads\/2024\/06\/Afis-Ludoteca-din-gradina-2024-1087x1536.jpg 1087w, https:\/\/muzeubuzau.ro\/wp-content\/uploads\/2024\/06\/Afis-Ludoteca-din-gradina-2024-8x12.jpg 8w\" sizes=\"(max-width: 1449px) 100vw, 1449px\" \/>\n                                <\/div>\n                                                        <h2 class=\"astra-post-grid-title\">Playhouse in the garden<\/h2>\n                        <\/a>\n                        <p class=\"astra-post-grid-excerpt\">Ludoteca din gr\u0103din\u0103 \u00a0\u00a0\u00a0\u00a0\u00a0\u00a0\u00a0\u00a0\u00a0\u00a0\u00a0 Muzeul Jude\u021bean Buz\u0103u, institu\u021bie de cultur\u0103, art\u0103 \u015fi cercetare, ce func\u021bioneaz\u0103 sub autoritatea Consiliului Jude\u021bean Buz\u0103u&hellip;<\/p>\n                    <\/div>\n                                    <div class=\"astra-post-grid-item\">\n                        <a href=\"http:\/\/muzeubuzau.ro\/en\/events\/atelier-educational-incursiune-in-arta-ceramicii-romanesti\/\" class=\"astra-post-grid-link\">\n                                                            <div class=\"astra-post-grid-thumbnail thumb\" style=\"width: 300px; height: 200px; overflow: hidden;\">\n                                    <img loading=\"lazy\" decoding=\"async\" width=\"1138\" height=\"1600\" src=\"https:\/\/muzeubuzau.ro\/wp-content\/uploads\/2024\/06\/Afis-atelier-modelaj-in-lut.jpg\" class=\"attachment-full size-full wp-post-image\" alt=\"\" style=\"width: 100%; height: 100%; object-fit: cover;\" srcset=\"https:\/\/muzeubuzau.ro\/wp-content\/uploads\/2024\/06\/Afis-atelier-modelaj-in-lut.jpg 1138w, https:\/\/muzeubuzau.ro\/wp-content\/uploads\/2024\/06\/Afis-atelier-modelaj-in-lut-213x300.jpg 213w, https:\/\/muzeubuzau.ro\/wp-content\/uploads\/2024\/06\/Afis-atelier-modelaj-in-lut-728x1024.jpg 728w, https:\/\/muzeubuzau.ro\/wp-content\/uploads\/2024\/06\/Afis-atelier-modelaj-in-lut-768x1080.jpg 768w, https:\/\/muzeubuzau.ro\/wp-content\/uploads\/2024\/06\/Afis-atelier-modelaj-in-lut-1092x1536.jpg 1092w, https:\/\/muzeubuzau.ro\/wp-content\/uploads\/2024\/06\/Afis-atelier-modelaj-in-lut-9x12.jpg 9w\" sizes=\"(max-width: 1138px) 100vw, 1138px\" \/>\n                                <\/div>\n                                                        <h2 class=\"astra-post-grid-title\">Educational workshop \"Foray into the art of Romanian ceramics\"<\/h2>\n                        <\/a>\n                        <p class=\"astra-post-grid-excerpt\">Atelier organizat \u00een cadrul proiectului \u201eTradi\u021bie \u00een lut \u2013 \u00cen siajul arti\u0219tilor cerami\u0219ti\u201d \u00a0\u00a0\u00a0\u00a0\u00a0\u00a0\u00a0\u00a0\u00a0\u00a0\u00a0\u00a0 Muzeul Na\u021bional de Istorie a Rom\u00e2niei&hellip;<\/p>\n                    <\/div>\n                                    <div class=\"astra-post-grid-item\">\n                        <a href=\"http:\/\/muzeubuzau.ro\/en\/events\/6094\/\" class=\"astra-post-grid-link\">\n                                                            <div class=\"astra-post-grid-thumbnail thumb\" style=\"width: 300px; height: 200px; overflow: hidden;\">\n                                    <img loading=\"lazy\" decoding=\"async\" width=\"1131\" height=\"1600\" src=\"https:\/\/muzeubuzau.ro\/wp-content\/uploads\/2024\/06\/Afis-Expozitia-Absolventilor.jpg\" class=\"attachment-full size-full wp-post-image\" alt=\"\" style=\"width: 100%; height: 100%; object-fit: cover;\" srcset=\"https:\/\/muzeubuzau.ro\/wp-content\/uploads\/2024\/06\/Afis-Expozitia-Absolventilor.jpg 1131w, https:\/\/muzeubuzau.ro\/wp-content\/uploads\/2024\/06\/Afis-Expozitia-Absolventilor-212x300.jpg 212w, https:\/\/muzeubuzau.ro\/wp-content\/uploads\/2024\/06\/Afis-Expozitia-Absolventilor-724x1024.jpg 724w, https:\/\/muzeubuzau.ro\/wp-content\/uploads\/2024\/06\/Afis-Expozitia-Absolventilor-768x1086.jpg 768w, https:\/\/muzeubuzau.ro\/wp-content\/uploads\/2024\/06\/Afis-Expozitia-Absolventilor-1086x1536.jpg 1086w, https:\/\/muzeubuzau.ro\/wp-content\/uploads\/2024\/06\/Afis-Expozitia-Absolventilor-8x12.jpg 8w\" sizes=\"(max-width: 1131px) 100vw, 1131px\" \/>\n                                <\/div>\n                                                        <h2 class=\"astra-post-grid-title\">The exhibition of the graduates of the 2024 Promotion at the \"Margareta Sterian\" High School of Arts<\/h2>\n                        <\/a>\n                        <p class=\"astra-post-grid-excerpt\">Comunicat de pres\u0103 Primul eveniment expozi\u021bional artistic organizat de Muzeul Jude\u021bean Buz\u0103u la sediul Centrului Muzeal \u201eI.C. Br\u0103tianu\u201d Buz\u0103u va&hellip;<\/p>\n                    <\/div>\n                                    <div class=\"astra-post-grid-item\">\n                        <a href=\"http:\/\/muzeubuzau.ro\/en\/events\/prezentarea-publica-a-bratarii-de-aur-de-la-optasi\/\" class=\"astra-post-grid-link\">\n                                                            <div class=\"astra-post-grid-thumbnail thumb\" style=\"width: 300px; height: 200px; overflow: hidden;\">\n                                    <img loading=\"lazy\" decoding=\"async\" width=\"2560\" height=\"2505\" src=\"https:\/\/muzeubuzau.ro\/wp-content\/uploads\/2024\/05\/Afis-bratara-scaled-1.jpg\" class=\"attachment-full size-full wp-post-image\" alt=\"\" style=\"width: 100%; height: 100%; object-fit: cover;\" srcset=\"https:\/\/muzeubuzau.ro\/wp-content\/uploads\/2024\/05\/Afis-bratara-scaled-1.jpg 2560w, https:\/\/muzeubuzau.ro\/wp-content\/uploads\/2024\/05\/Afis-bratara-scaled-1-300x294.jpg 300w, https:\/\/muzeubuzau.ro\/wp-content\/uploads\/2024\/05\/Afis-bratara-scaled-1-1024x1002.jpg 1024w, https:\/\/muzeubuzau.ro\/wp-content\/uploads\/2024\/05\/Afis-bratara-scaled-1-768x752.jpg 768w, https:\/\/muzeubuzau.ro\/wp-content\/uploads\/2024\/05\/Afis-bratara-scaled-1-1536x1503.jpg 1536w, https:\/\/muzeubuzau.ro\/wp-content\/uploads\/2024\/05\/Afis-bratara-scaled-1-2048x2004.jpg 2048w, https:\/\/muzeubuzau.ro\/wp-content\/uploads\/2024\/05\/Afis-bratara-scaled-1-12x12.jpg 12w\" sizes=\"(max-width: 2560px) 100vw, 2560px\" \/>\n                                <\/div>\n                                                        <h2 class=\"astra-post-grid-title\">The public presentation of the gold bracelet from Opta\u0219i<\/h2>\n                        <\/a>\n                        <p class=\"astra-post-grid-excerpt\">Comunicat de pres\u0103 \u00a0 Prezentare public\u0103 a br\u0103\u021b\u0103rii de aur de la Opta\u0219i \u00a0 Muzeul Jude\u021bean Buz\u0103u, institu\u021bie de cultur\u0103,&hellip;<\/p>\n                    <\/div>\n                                    <div class=\"astra-post-grid-item\">\n                        <a href=\"http:\/\/muzeubuzau.ro\/en\/events\/vernisaj-expozitie-temporara-un-cuplu-o-epoca-multe-cadouri\/\" class=\"astra-post-grid-link\">\n                                                            <div class=\"astra-post-grid-thumbnail thumb\" style=\"width: 300px; height: 200px; overflow: hidden;\">\n                                    <img loading=\"lazy\" decoding=\"async\" width=\"1134\" height=\"1600\" src=\"https:\/\/muzeubuzau.ro\/wp-content\/uploads\/2024\/05\/Afis-Un-cuplu-o-epoca.jpg\" class=\"attachment-full size-full wp-post-image\" alt=\"\" style=\"width: 100%; height: 100%; object-fit: cover;\" srcset=\"https:\/\/muzeubuzau.ro\/wp-content\/uploads\/2024\/05\/Afis-Un-cuplu-o-epoca.jpg 1134w, https:\/\/muzeubuzau.ro\/wp-content\/uploads\/2024\/05\/Afis-Un-cuplu-o-epoca-213x300.jpg 213w, https:\/\/muzeubuzau.ro\/wp-content\/uploads\/2024\/05\/Afis-Un-cuplu-o-epoca-726x1024.jpg 726w, https:\/\/muzeubuzau.ro\/wp-content\/uploads\/2024\/05\/Afis-Un-cuplu-o-epoca-768x1084.jpg 768w, https:\/\/muzeubuzau.ro\/wp-content\/uploads\/2024\/05\/Afis-Un-cuplu-o-epoca-1089x1536.jpg 1089w, https:\/\/muzeubuzau.ro\/wp-content\/uploads\/2024\/05\/Afis-Un-cuplu-o-epoca-9x12.jpg 9w\" sizes=\"(max-width: 1134px) 100vw, 1134px\" \/>\n                                <\/div>\n                                                        <h2 class=\"astra-post-grid-title\">Opening of the temporary exhibition \"A couple, an era, many gifts\"<\/h2>\n                        <\/a>\n                        <p class=\"astra-post-grid-excerpt\">Comunicat de pres\u0103 \u00a0 Muzeul Jude\u021bean Buz\u0103u, institu\u021bie de cultur\u0103, art\u0103 \u0219i cercetare ce func\u021bioneaz\u0103 sub autoritatea Consiliului Jude\u021bean Buz\u0103u,&hellip;<\/p>\n                    <\/div>\n                                    <div class=\"astra-post-grid-item\">\n                        <a href=\"http:\/\/muzeubuzau.ro\/en\/events\/lansare-de-carte-stiintifica\/\" class=\"astra-post-grid-link\">\n                                                            <div class=\"astra-post-grid-thumbnail thumb\" style=\"width: 300px; height: 200px; overflow: hidden;\">\n                                    <img loading=\"lazy\" decoding=\"async\" width=\"2560\" height=\"2504\" src=\"https:\/\/muzeubuzau.ro\/wp-content\/uploads\/2024\/05\/Afis-lansare-carte-stiintifica-2024-scaled-1.jpg\" class=\"attachment-full size-full wp-post-image\" alt=\"\" style=\"width: 100%; height: 100%; object-fit: cover;\" srcset=\"https:\/\/muzeubuzau.ro\/wp-content\/uploads\/2024\/05\/Afis-lansare-carte-stiintifica-2024-scaled-1.jpg 2560w, https:\/\/muzeubuzau.ro\/wp-content\/uploads\/2024\/05\/Afis-lansare-carte-stiintifica-2024-scaled-1-300x293.jpg 300w, https:\/\/muzeubuzau.ro\/wp-content\/uploads\/2024\/05\/Afis-lansare-carte-stiintifica-2024-scaled-1-1024x1002.jpg 1024w, https:\/\/muzeubuzau.ro\/wp-content\/uploads\/2024\/05\/Afis-lansare-carte-stiintifica-2024-scaled-1-768x751.jpg 768w, https:\/\/muzeubuzau.ro\/wp-content\/uploads\/2024\/05\/Afis-lansare-carte-stiintifica-2024-scaled-1-1536x1502.jpg 1536w, https:\/\/muzeubuzau.ro\/wp-content\/uploads\/2024\/05\/Afis-lansare-carte-stiintifica-2024-scaled-1-2048x2003.jpg 2048w, https:\/\/muzeubuzau.ro\/wp-content\/uploads\/2024\/05\/Afis-lansare-carte-stiintifica-2024-scaled-1-12x12.jpg 12w\" sizes=\"(max-width: 2560px) 100vw, 2560px\" \/>\n                                <\/div>\n                                                        <h2 class=\"astra-post-grid-title\">Scientific book release<\/h2>\n                        <\/a>\n                        <p class=\"astra-post-grid-excerpt\">Comunicat de pres\u0103 \u00a0 Prezen\u021ba Muzeului Jude\u021bean Buz\u0103u \u00een sfera academic\u0103 na\u021bional\u0103 \u0219i interna\u021bional\u0103 este o constant\u0103 a ultimilor ani,&hellip;<\/p>\n                    <\/div>\n                                    <div class=\"astra-post-grid-item\">\n                        <a href=\"http:\/\/muzeubuzau.ro\/en\/events\/seria-ghidajelor-tematice-la-muzeul-judetean-buzau\/\" class=\"astra-post-grid-link\">\n                                                            <div class=\"astra-post-grid-thumbnail thumb\" style=\"width: 300px; height: 200px; overflow: hidden;\">\n                                    <img loading=\"lazy\" decoding=\"async\" width=\"1820\" height=\"2560\" src=\"https:\/\/muzeubuzau.ro\/wp-content\/uploads\/2024\/05\/Afis-Ghidaje-tematice-gratuite-scaled-1.jpg\" class=\"attachment-full size-full wp-post-image\" alt=\"\" style=\"width: 100%; height: 100%; object-fit: cover;\" srcset=\"https:\/\/muzeubuzau.ro\/wp-content\/uploads\/2024\/05\/Afis-Ghidaje-tematice-gratuite-scaled-1.jpg 1820w, https:\/\/muzeubuzau.ro\/wp-content\/uploads\/2024\/05\/Afis-Ghidaje-tematice-gratuite-scaled-1-213x300.jpg 213w, https:\/\/muzeubuzau.ro\/wp-content\/uploads\/2024\/05\/Afis-Ghidaje-tematice-gratuite-scaled-1-728x1024.jpg 728w, https:\/\/muzeubuzau.ro\/wp-content\/uploads\/2024\/05\/Afis-Ghidaje-tematice-gratuite-scaled-1-768x1080.jpg 768w, https:\/\/muzeubuzau.ro\/wp-content\/uploads\/2024\/05\/Afis-Ghidaje-tematice-gratuite-scaled-1-1092x1536.jpg 1092w, https:\/\/muzeubuzau.ro\/wp-content\/uploads\/2024\/05\/Afis-Ghidaje-tematice-gratuite-scaled-1-1456x2048.jpg 1456w, https:\/\/muzeubuzau.ro\/wp-content\/uploads\/2024\/05\/Afis-Ghidaje-tematice-gratuite-scaled-1-9x12.jpg 9w\" sizes=\"(max-width: 1820px) 100vw, 1820px\" \/>\n                                <\/div>\n                                                        <h2 class=\"astra-post-grid-title\">Seria Ghidajelor Tematice la Muzeul Jude\u021bean Buz\u0103u<\/h2>\n                        <\/a>\n                        <p class=\"astra-post-grid-excerpt\">Comunicat de pres\u0103 \u00a0 Muzeul Jude\u021bean Buz\u0103u lanseaz\u0103 un nou produs cultural pentru vizitatorii colec\u021biilor de la sediul Muzeului de&hellip;<\/p>\n                    <\/div>\n                                    <div class=\"astra-post-grid-item\">\n                        <a href=\"http:\/\/muzeubuzau.ro\/en\/events\/milenii-tezaurizate-creatie-si-spiritualitate-editia-a-xxii-a\/\" class=\"astra-post-grid-link\">\n                                                            <div class=\"astra-post-grid-thumbnail thumb\" style=\"width: 300px; height: 200px; overflow: hidden;\">\n                                    <img loading=\"lazy\" decoding=\"async\" width=\"1801\" height=\"2560\" src=\"https:\/\/muzeubuzau.ro\/wp-content\/uploads\/2024\/05\/Afis-sesiune-2024-scaled-1.jpg\" class=\"attachment-full size-full wp-post-image\" alt=\"\" style=\"width: 100%; height: 100%; object-fit: cover;\" srcset=\"https:\/\/muzeubuzau.ro\/wp-content\/uploads\/2024\/05\/Afis-sesiune-2024-scaled-1.jpg 1801w, https:\/\/muzeubuzau.ro\/wp-content\/uploads\/2024\/05\/Afis-sesiune-2024-scaled-1-211x300.jpg 211w, https:\/\/muzeubuzau.ro\/wp-content\/uploads\/2024\/05\/Afis-sesiune-2024-scaled-1-720x1024.jpg 720w, https:\/\/muzeubuzau.ro\/wp-content\/uploads\/2024\/05\/Afis-sesiune-2024-scaled-1-768x1092.jpg 768w, https:\/\/muzeubuzau.ro\/wp-content\/uploads\/2024\/05\/Afis-sesiune-2024-scaled-1-1081x1536.jpg 1081w, https:\/\/muzeubuzau.ro\/wp-content\/uploads\/2024\/05\/Afis-sesiune-2024-scaled-1-1441x2048.jpg 1441w, https:\/\/muzeubuzau.ro\/wp-content\/uploads\/2024\/05\/Afis-sesiune-2024-scaled-1-8x12.jpg 8w\" sizes=\"(max-width: 1801px) 100vw, 1801px\" \/>\n                                <\/div>\n                                                        <h2 class=\"astra-post-grid-title\">The hoarded millennia. Creation and Spirituality, 22nd Edition<\/h2>\n                        <\/a>\n                        <p class=\"astra-post-grid-excerpt\">COMUNICAT \u00a0 Muzeul Jude\u021bean Buz\u0103u, institu\u021bie de cultur\u0103, art\u0103 \u0219i cercetare ce func\u021bioneaz\u0103 sub autoritatea\u00a0Consiliului Jude\u021bean Buz\u0103u, anun\u021b\u0103 organizarea celei&hellip;<\/p>\n                    <\/div>\n                                    <div class=\"astra-post-grid-item\">\n                        <a href=\"http:\/\/muzeubuzau.ro\/en\/events\/centrul-regional-de-resurse-pentru-tineret-buzau\/\" class=\"astra-post-grid-link\">\n                                                            <div class=\"astra-post-grid-thumbnail thumb\" style=\"width: 300px; height: 200px; overflow: hidden;\">\n                                    <img loading=\"lazy\" decoding=\"async\" width=\"1134\" height=\"1600\" src=\"https:\/\/muzeubuzau.ro\/wp-content\/uploads\/2024\/04\/Afis-Centrul-Regional-de-Resurse-pentru-Tineret-Buzau.jpg\" class=\"attachment-full size-full wp-post-image\" alt=\"\" style=\"width: 100%; height: 100%; object-fit: cover;\" srcset=\"https:\/\/muzeubuzau.ro\/wp-content\/uploads\/2024\/04\/Afis-Centrul-Regional-de-Resurse-pentru-Tineret-Buzau.jpg 1134w, https:\/\/muzeubuzau.ro\/wp-content\/uploads\/2024\/04\/Afis-Centrul-Regional-de-Resurse-pentru-Tineret-Buzau-213x300.jpg 213w, https:\/\/muzeubuzau.ro\/wp-content\/uploads\/2024\/04\/Afis-Centrul-Regional-de-Resurse-pentru-Tineret-Buzau-726x1024.jpg 726w, https:\/\/muzeubuzau.ro\/wp-content\/uploads\/2024\/04\/Afis-Centrul-Regional-de-Resurse-pentru-Tineret-Buzau-768x1084.jpg 768w, https:\/\/muzeubuzau.ro\/wp-content\/uploads\/2024\/04\/Afis-Centrul-Regional-de-Resurse-pentru-Tineret-Buzau-1089x1536.jpg 1089w, https:\/\/muzeubuzau.ro\/wp-content\/uploads\/2024\/04\/Afis-Centrul-Regional-de-Resurse-pentru-Tineret-Buzau-9x12.jpg 9w\" sizes=\"(max-width: 1134px) 100vw, 1134px\" \/>\n                                <\/div>\n                                                        <h2 class=\"astra-post-grid-title\">Buzau Regional Youth Resource Center<\/h2>\n                        <\/a>\n                        <p class=\"astra-post-grid-excerpt\">Comunicat de Pres\u0103 Centrul Regional de Resurse pentru Tineret Buz\u0103u \u00a0 \u00a0\u00a0\u00a0\u00a0\u00a0\u00a0\u00a0\u00a0 Pentru c\u0103 avem oportunit\u0103\u021bi reale \u00een jude\u021bul Buz\u0103u;&hellip;<\/p>\n                    <\/div>\n                                    <div class=\"astra-post-grid-item\">\n                        <a href=\"http:\/\/muzeubuzau.ro\/en\/events\/mosteniri-colectionate\/\" class=\"astra-post-grid-link\">\n                                                            <div class=\"astra-post-grid-thumbnail thumb\" style=\"width: 300px; height: 200px; overflow: hidden;\">\n                                    <img loading=\"lazy\" decoding=\"async\" width=\"1131\" height=\"1600\" src=\"https:\/\/muzeubuzau.ro\/wp-content\/uploads\/2024\/04\/Afis-Mosteniri-colectionate.jpg\" class=\"attachment-full size-full wp-post-image\" alt=\"\" style=\"width: 100%; height: 100%; object-fit: cover;\" srcset=\"https:\/\/muzeubuzau.ro\/wp-content\/uploads\/2024\/04\/Afis-Mosteniri-colectionate.jpg 1131w, https:\/\/muzeubuzau.ro\/wp-content\/uploads\/2024\/04\/Afis-Mosteniri-colectionate-212x300.jpg 212w, https:\/\/muzeubuzau.ro\/wp-content\/uploads\/2024\/04\/Afis-Mosteniri-colectionate-724x1024.jpg 724w, https:\/\/muzeubuzau.ro\/wp-content\/uploads\/2024\/04\/Afis-Mosteniri-colectionate-768x1086.jpg 768w, https:\/\/muzeubuzau.ro\/wp-content\/uploads\/2024\/04\/Afis-Mosteniri-colectionate-1086x1536.jpg 1086w, https:\/\/muzeubuzau.ro\/wp-content\/uploads\/2024\/04\/Afis-Mosteniri-colectionate-8x12.jpg 8w\" sizes=\"(max-width: 1131px) 100vw, 1131px\" \/>\n                                <\/div>\n                                                        <h2 class=\"astra-post-grid-title\">\u201eCollected Heirlooms\u201d<\/h2>\n                        <\/a>\n                        <p class=\"astra-post-grid-excerpt\">Comunicat de pres\u0103 \u00a0\u201eMo\u0219teniri colec\u021bionate\u201d \u00a0 \u00cencep\u00e2nd cu acest an, Muzeul Jude\u021bean Buz\u0103u va ini\u021bia un program dedicat colec\u021biilor \u0219i&hellip;<\/p>\n                    <\/div>\n                                    <div class=\"astra-post-grid-item\">\n                        <a href=\"http:\/\/muzeubuzau.ro\/en\/events\/targul-ofertelor-educationale-editia-a-xxiv-a\/\" class=\"astra-post-grid-link\">\n                                                            <div class=\"astra-post-grid-thumbnail thumb\" style=\"width: 300px; height: 200px; overflow: hidden;\">\n                                    <img loading=\"lazy\" decoding=\"async\" width=\"1134\" height=\"1600\" src=\"https:\/\/muzeubuzau.ro\/wp-content\/uploads\/2024\/04\/Afis-web-Targul-Ofertelor-Educationale.jpg\" class=\"attachment-full size-full wp-post-image\" alt=\"\" style=\"width: 100%; height: 100%; object-fit: cover;\" srcset=\"https:\/\/muzeubuzau.ro\/wp-content\/uploads\/2024\/04\/Afis-web-Targul-Ofertelor-Educationale.jpg 1134w, https:\/\/muzeubuzau.ro\/wp-content\/uploads\/2024\/04\/Afis-web-Targul-Ofertelor-Educationale-213x300.jpg 213w, https:\/\/muzeubuzau.ro\/wp-content\/uploads\/2024\/04\/Afis-web-Targul-Ofertelor-Educationale-726x1024.jpg 726w, https:\/\/muzeubuzau.ro\/wp-content\/uploads\/2024\/04\/Afis-web-Targul-Ofertelor-Educationale-768x1084.jpg 768w, https:\/\/muzeubuzau.ro\/wp-content\/uploads\/2024\/04\/Afis-web-Targul-Ofertelor-Educationale-1089x1536.jpg 1089w, https:\/\/muzeubuzau.ro\/wp-content\/uploads\/2024\/04\/Afis-web-Targul-Ofertelor-Educationale-9x12.jpg 9w\" sizes=\"(max-width: 1134px) 100vw, 1134px\" \/>\n                                <\/div>\n                                                        <h2 class=\"astra-post-grid-title\">Educational Offers Fair, 24th edition<\/h2>\n                        <\/a>\n                        <p class=\"astra-post-grid-excerpt\">Comunicat de pres\u0103 T\u00e2rgul Ofertelor Educa\u021bionale, ed. a XXIV-a \u00a0\u00a0\u00a0\u00a0 Muzeul Jude\u021bean Buz\u0103u, institu\u021bie de cultur\u0103, art\u0103 \u0219i cercetare ce&hellip;<\/p>\n                    <\/div>\n                                    <div class=\"astra-post-grid-item\">\n                        <a href=\"http:\/\/muzeubuzau.ro\/en\/events\/zilele-femeii-la-muzeul-judetean-buzau-editia-a-viii-a\/\" class=\"astra-post-grid-link\">\n                                                            <div class=\"astra-post-grid-thumbnail thumb\" style=\"width: 300px; height: 200px; overflow: hidden;\">\n                                    <img loading=\"lazy\" decoding=\"async\" width=\"1134\" height=\"1600\" src=\"https:\/\/muzeubuzau.ro\/wp-content\/uploads\/2024\/02\/Afis-Moda-in-Comunism-2024.jpg\" class=\"attachment-full size-full wp-post-image\" alt=\"\" style=\"width: 100%; height: 100%; object-fit: cover;\" srcset=\"https:\/\/muzeubuzau.ro\/wp-content\/uploads\/2024\/02\/Afis-Moda-in-Comunism-2024.jpg 1134w, https:\/\/muzeubuzau.ro\/wp-content\/uploads\/2024\/02\/Afis-Moda-in-Comunism-2024-213x300.jpg 213w, https:\/\/muzeubuzau.ro\/wp-content\/uploads\/2024\/02\/Afis-Moda-in-Comunism-2024-726x1024.jpg 726w, https:\/\/muzeubuzau.ro\/wp-content\/uploads\/2024\/02\/Afis-Moda-in-Comunism-2024-768x1084.jpg 768w, https:\/\/muzeubuzau.ro\/wp-content\/uploads\/2024\/02\/Afis-Moda-in-Comunism-2024-1089x1536.jpg 1089w, https:\/\/muzeubuzau.ro\/wp-content\/uploads\/2024\/02\/Afis-Moda-in-Comunism-2024-9x12.jpg 9w\" sizes=\"(max-width: 1134px) 100vw, 1134px\" \/>\n                                <\/div>\n                                                        <h2 class=\"astra-post-grid-title\">\"Women's Days at the Buz\u0103u County Museum\", 8th edition<\/h2>\n                        <\/a>\n                        <p class=\"astra-post-grid-excerpt\">Comunicat de pres\u0103 \u201eZilele femeii la Muzeul Jude\u021bean Buz\u0103u\u201d a ajuns la edi\u021bia a VIII-a. \u0218i \u00een acest an institu\u021bia&hellip;<\/p>\n                    <\/div>\n                                    <div class=\"astra-post-grid-item\">\n                        <a href=\"http:\/\/muzeubuzau.ro\/en\/events\/dragobete-vs-sfantul-valentin-editia-a-ix-a-2024\/\" class=\"astra-post-grid-link\">\n                                                            <div class=\"astra-post-grid-thumbnail thumb\" style=\"width: 300px; height: 200px; overflow: hidden;\">\n                                    <img loading=\"lazy\" decoding=\"async\" width=\"2560\" height=\"1810\" src=\"https:\/\/muzeubuzau.ro\/wp-content\/uploads\/2024\/02\/Afis-Dragobete-2024-scaled-1.jpg\" class=\"attachment-full size-full wp-post-image\" alt=\"\" style=\"width: 100%; height: 100%; object-fit: cover;\" srcset=\"https:\/\/muzeubuzau.ro\/wp-content\/uploads\/2024\/02\/Afis-Dragobete-2024-scaled-1.jpg 2560w, https:\/\/muzeubuzau.ro\/wp-content\/uploads\/2024\/02\/Afis-Dragobete-2024-scaled-1-300x212.jpg 300w, https:\/\/muzeubuzau.ro\/wp-content\/uploads\/2024\/02\/Afis-Dragobete-2024-scaled-1-1024x724.jpg 1024w, https:\/\/muzeubuzau.ro\/wp-content\/uploads\/2024\/02\/Afis-Dragobete-2024-scaled-1-768x543.jpg 768w, https:\/\/muzeubuzau.ro\/wp-content\/uploads\/2024\/02\/Afis-Dragobete-2024-scaled-1-1536x1086.jpg 1536w, https:\/\/muzeubuzau.ro\/wp-content\/uploads\/2024\/02\/Afis-Dragobete-2024-scaled-1-2048x1448.jpg 2048w, https:\/\/muzeubuzau.ro\/wp-content\/uploads\/2024\/02\/Afis-Dragobete-2024-scaled-1-18x12.jpg 18w\" sizes=\"(max-width: 2560px) 100vw, 2560px\" \/>\n                                <\/div>\n                                                        <h2 class=\"astra-post-grid-title\">\"Love vs. Saint Valentine\", 9th edition, 2024<\/h2>\n                        <\/a>\n                        <p class=\"astra-post-grid-excerpt\">Muzeul Jude\u021bean Buz\u0103u, institu\u021bie de cultur\u0103 \u0219i cercetare, ce func\u021bioneaz\u0103 sub autoritatea Consiliului Jude\u021bean Buz\u0103u, anun\u021b\u0103 organizarea celei de a&hellip;<\/p>\n                    <\/div>\n                                    <div class=\"astra-post-grid-item\">\n                        <a href=\"http:\/\/muzeubuzau.ro\/en\/events\/keeping-the-exhibition-alive-editia-a-vi-a\/\" class=\"astra-post-grid-link\">\n                                                            <div class=\"astra-post-grid-thumbnail thumb\" style=\"width: 300px; height: 200px; overflow: hidden;\">\n                                    <img loading=\"lazy\" decoding=\"async\" width=\"1600\" height=\"1134\" src=\"https:\/\/muzeubuzau.ro\/wp-content\/uploads\/2024\/10\/Afis-concerte-2024.jpg\" class=\"attachment-full size-full wp-post-image\" alt=\"\" style=\"width: 100%; height: 100%; object-fit: cover;\" srcset=\"https:\/\/muzeubuzau.ro\/wp-content\/uploads\/2024\/10\/Afis-concerte-2024.jpg 1600w, https:\/\/muzeubuzau.ro\/wp-content\/uploads\/2024\/10\/Afis-concerte-2024-300x213.jpg 300w, https:\/\/muzeubuzau.ro\/wp-content\/uploads\/2024\/10\/Afis-concerte-2024-1024x726.jpg 1024w, https:\/\/muzeubuzau.ro\/wp-content\/uploads\/2024\/10\/Afis-concerte-2024-768x544.jpg 768w, https:\/\/muzeubuzau.ro\/wp-content\/uploads\/2024\/10\/Afis-concerte-2024-1536x1089.jpg 1536w, https:\/\/muzeubuzau.ro\/wp-content\/uploads\/2024\/10\/Afis-concerte-2024-18x12.jpg 18w\" sizes=\"(max-width: 1600px) 100vw, 1600px\" \/>\n                                <\/div>\n                                                        <h2 class=\"astra-post-grid-title\">Keeping the exhibition alive, 6th edition<\/h2>\n                        <\/a>\n                        <p class=\"astra-post-grid-excerpt\">Keeping\u00a0the\u00a0exhibition alive, edi\u021bia a VI-a \u00a0 Muzeul Jude\u021bean Buz\u0103u, institu\u021bie de cultur\u0103, art\u0103 \u0219i cercetare, ce func\u021bioneaz\u0103 sub autoritatea Consiliului&hellip;<\/p>\n                    <\/div>\n                                    <div class=\"astra-post-grid-item\">\n                        <a href=\"http:\/\/muzeubuzau.ro\/en\/events\/ateliere-mestesugaresti-2024\/\" class=\"astra-post-grid-link\">\n                                                            <div class=\"astra-post-grid-thumbnail thumb\" style=\"width: 300px; height: 200px; overflow: hidden;\">\n                                    <img loading=\"lazy\" decoding=\"async\" width=\"2480\" height=\"1754\" src=\"https:\/\/muzeubuzau.ro\/wp-content\/uploads\/2024\/01\/2.Afis-ateliere-AMPA_2024_web.jpg\" class=\"attachment-full size-full wp-post-image\" alt=\"\" style=\"width: 100%; height: 100%; object-fit: cover;\" srcset=\"https:\/\/muzeubuzau.ro\/wp-content\/uploads\/2024\/01\/2.Afis-ateliere-AMPA_2024_web.jpg 2480w, https:\/\/muzeubuzau.ro\/wp-content\/uploads\/2024\/01\/2.Afis-ateliere-AMPA_2024_web-300x212.jpg 300w, https:\/\/muzeubuzau.ro\/wp-content\/uploads\/2024\/01\/2.Afis-ateliere-AMPA_2024_web-1024x724.jpg 1024w, https:\/\/muzeubuzau.ro\/wp-content\/uploads\/2024\/01\/2.Afis-ateliere-AMPA_2024_web-768x543.jpg 768w, https:\/\/muzeubuzau.ro\/wp-content\/uploads\/2024\/01\/2.Afis-ateliere-AMPA_2024_web-1536x1086.jpg 1536w, https:\/\/muzeubuzau.ro\/wp-content\/uploads\/2024\/01\/2.Afis-ateliere-AMPA_2024_web-2048x1448.jpg 2048w, https:\/\/muzeubuzau.ro\/wp-content\/uploads\/2024\/01\/2.Afis-ateliere-AMPA_2024_web-18x12.jpg 18w\" sizes=\"(max-width: 2480px) 100vw, 2480px\" \/>\n                                <\/div>\n                                                        <h2 class=\"astra-post-grid-title\">Ateliere me\u0219te\u0219ug\u0103re\u0219ti 2024<\/h2>\n                        <\/a>\n                        <p class=\"astra-post-grid-excerpt\">Comunicat de pres\u0103 Ateliere me\u0219te\u0219ug\u0103re\u0219ti 2024 \u00a0 Muzeul Jude\u021bean Buz\u0103u, institu\u021bie de cultur\u0103, art\u0103 \u0219i cercetare, ce func\u021bioneaz\u0103 sub autoritatea&hellip;<\/p>\n                    <\/div>\n                                    <div class=\"astra-post-grid-item\">\n                        <a href=\"http:\/\/muzeubuzau.ro\/en\/events\/hai-sa-dam-mana-cu-mana-la-muzeul-judetean\/\" class=\"astra-post-grid-link\">\n                                                            <div class=\"astra-post-grid-thumbnail thumb\" style=\"width: 300px; height: 200px; overflow: hidden;\">\n                                    <img loading=\"lazy\" decoding=\"async\" width=\"1220\" height=\"872\" src=\"https:\/\/muzeubuzau.ro\/wp-content\/uploads\/2024\/01\/Afis-24-ianuarie-2024.jpg\" class=\"attachment-full size-full wp-post-image\" alt=\"\" style=\"width: 100%; height: 100%; object-fit: cover;\" srcset=\"https:\/\/muzeubuzau.ro\/wp-content\/uploads\/2024\/01\/Afis-24-ianuarie-2024.jpg 1220w, https:\/\/muzeubuzau.ro\/wp-content\/uploads\/2024\/01\/Afis-24-ianuarie-2024-300x214.jpg 300w, https:\/\/muzeubuzau.ro\/wp-content\/uploads\/2024\/01\/Afis-24-ianuarie-2024-1024x732.jpg 1024w, https:\/\/muzeubuzau.ro\/wp-content\/uploads\/2024\/01\/Afis-24-ianuarie-2024-768x549.jpg 768w, https:\/\/muzeubuzau.ro\/wp-content\/uploads\/2024\/01\/Afis-24-ianuarie-2024-18x12.jpg 18w\" sizes=\"(max-width: 1220px) 100vw, 1220px\" \/>\n                                <\/div>\n                                                        <h2 class=\"astra-post-grid-title\">\u201cLet\u2019s shake hands at the County Museum\u201d<\/h2>\n                        <\/a>\n                        <p class=\"astra-post-grid-excerpt\">Comunicat de pres\u0103 \u00a0\u00a0\u00a0\u00a0\u00a0\u00a0 Anul acesta se \u00eemplinesc 165 de ani de la Unirea Principatelor Rom\u00e2ne sub domnia lui Alexandru&hellip;<\/p>\n                    <\/div>\n                                    <div class=\"astra-post-grid-item\">\n                        <a href=\"http:\/\/muzeubuzau.ro\/en\/events\/ziua-nationala-a-culturii\/\" class=\"astra-post-grid-link\">\n                                                            <div class=\"astra-post-grid-thumbnail thumb\" style=\"width: 300px; height: 200px; overflow: hidden;\">\n                                    <img loading=\"lazy\" decoding=\"async\" width=\"1000\" height=\"706\" src=\"https:\/\/muzeubuzau.ro\/wp-content\/uploads\/2024\/01\/Afis-Ziua-Culturii-2024-e1704874184202.jpg\" class=\"attachment-full size-full wp-post-image\" alt=\"\" style=\"width: 100%; height: 100%; object-fit: cover;\" srcset=\"https:\/\/muzeubuzau.ro\/wp-content\/uploads\/2024\/01\/Afis-Ziua-Culturii-2024-e1704874184202.jpg 1000w, https:\/\/muzeubuzau.ro\/wp-content\/uploads\/2024\/01\/Afis-Ziua-Culturii-2024-e1704874184202-300x212.jpg 300w, https:\/\/muzeubuzau.ro\/wp-content\/uploads\/2024\/01\/Afis-Ziua-Culturii-2024-e1704874184202-768x542.jpg 768w, https:\/\/muzeubuzau.ro\/wp-content\/uploads\/2024\/01\/Afis-Ziua-Culturii-2024-e1704874184202-18x12.jpg 18w\" sizes=\"(max-width: 1000px) 100vw, 1000px\" \/>\n                                <\/div>\n                                                        <h2 class=\"astra-post-grid-title\">National Day of Culture<\/h2>\n                        <\/a>\n                        <p class=\"astra-post-grid-excerpt\">Comunicat de pres\u0103 Muzeul Jude\u021bean Buz\u0103u, institu\u021bie de cultur\u0103, art\u0103 \u0219i cercetare ce func\u021bioneaz\u0103 sub autoritatea Consiliului Jude\u021bean Buz\u0103u, cu&hellip;<\/p>\n                    <\/div>\n                                    <div class=\"astra-post-grid-item\">\n                        <a href=\"http:\/\/muzeubuzau.ro\/en\/events\/atelier-de-autocunoastere-si-dezvoltare-personala-calator-in-lumea-emotiilor\/\" class=\"astra-post-grid-link\">\n                                                            <div class=\"astra-post-grid-thumbnail thumb\" style=\"width: 300px; height: 200px; overflow: hidden;\">\n                                    <img loading=\"lazy\" decoding=\"async\" width=\"1024\" height=\"1448\" src=\"https:\/\/muzeubuzau.ro\/wp-content\/uploads\/2023\/12\/Calator-in-lumea-emotiilor-afis-2023.jpg\" class=\"attachment-full size-full wp-post-image\" alt=\"\" style=\"width: 100%; height: 100%; object-fit: cover;\" srcset=\"https:\/\/muzeubuzau.ro\/wp-content\/uploads\/2023\/12\/Calator-in-lumea-emotiilor-afis-2023.jpg 1024w, https:\/\/muzeubuzau.ro\/wp-content\/uploads\/2023\/12\/Calator-in-lumea-emotiilor-afis-2023-212x300.jpg 212w, https:\/\/muzeubuzau.ro\/wp-content\/uploads\/2023\/12\/Calator-in-lumea-emotiilor-afis-2023-724x1024.jpg 724w, https:\/\/muzeubuzau.ro\/wp-content\/uploads\/2023\/12\/Calator-in-lumea-emotiilor-afis-2023-768x1086.jpg 768w, https:\/\/muzeubuzau.ro\/wp-content\/uploads\/2023\/12\/Calator-in-lumea-emotiilor-afis-2023-8x12.jpg 8w\" sizes=\"(max-width: 1024px) 100vw, 1024px\" \/>\n                                <\/div>\n                                                        <h2 class=\"astra-post-grid-title\">Workshop of self-knowledge and personal development \u201cCalator in the world of emotions\u201d<\/h2>\n                        <\/a>\n                        <p class=\"astra-post-grid-excerpt\">Comunicat de pres\u0103 \u00a0 Muzeul Jude\u021bean Buz\u0103u, institu\u021bie de cultur\u0103, art\u0103 \u0219i cercetare, ce func\u021bioneaz\u0103 sub autoritatea\u00a0Consiliului Jude\u021bean Buz\u0103u, cu&hellip;<\/p>\n                    <\/div>\n                                    <div class=\"astra-post-grid-item\">\n                        <a href=\"http:\/\/muzeubuzau.ro\/en\/events\/vernisaj-expozitie-temporara-oameni-ai-unirii-30-noiembrie-2023\/\" class=\"astra-post-grid-link\">\n                                                            <div class=\"astra-post-grid-thumbnail thumb\" style=\"width: 300px; height: 200px; overflow: hidden;\">\n                                    <img loading=\"lazy\" decoding=\"async\" width=\"600\" height=\"848\" src=\"https:\/\/muzeubuzau.ro\/wp-content\/uploads\/2023\/11\/Afis-1-Dec1-1-e1700823596939.jpg\" class=\"attachment-full size-full wp-post-image\" alt=\"\" style=\"width: 100%; height: 100%; object-fit: cover;\" srcset=\"https:\/\/muzeubuzau.ro\/wp-content\/uploads\/2023\/11\/Afis-1-Dec1-1-e1700823596939.jpg 600w, https:\/\/muzeubuzau.ro\/wp-content\/uploads\/2023\/11\/Afis-1-Dec1-1-e1700823596939-212x300.jpg 212w, https:\/\/muzeubuzau.ro\/wp-content\/uploads\/2023\/11\/Afis-1-Dec1-1-e1700823596939-8x12.jpg 8w\" sizes=\"(max-width: 600px) 100vw, 600px\" \/>\n                                <\/div>\n                                                        <h2 class=\"astra-post-grid-title\">Temporary exhibition opening \u201cPeople of the Union\u201d, November 30, 2023<\/h2>\n                        <\/a>\n                        <p class=\"astra-post-grid-excerpt\">Comunicat de pres\u0103 \u00a0 Joi, 30 noiembrie 2023, \u00eencep\u00e2nd cu ora 10:00, la sediul Muzeului Jude\u021bean Buz\u0103u, va avea loc&hellip;<\/p>\n                    <\/div>\n                                    <div class=\"astra-post-grid-item\">\n                        <a href=\"http:\/\/muzeubuzau.ro\/en\/events\/minirecitaluri-adelina-dedu\/\" class=\"astra-post-grid-link\">\n                                                            <div class=\"astra-post-grid-thumbnail thumb\" style=\"width: 300px; height: 200px; overflow: hidden;\">\n                                    <img loading=\"lazy\" decoding=\"async\" width=\"2480\" height=\"1754\" src=\"https:\/\/muzeubuzau.ro\/wp-content\/uploads\/2023\/10\/Afis_web_minirecitaluri-Adelina-Dedu.jpg\" class=\"attachment-full size-full wp-post-image\" alt=\"\" style=\"width: 100%; height: 100%; object-fit: cover;\" srcset=\"https:\/\/muzeubuzau.ro\/wp-content\/uploads\/2023\/10\/Afis_web_minirecitaluri-Adelina-Dedu.jpg 2480w, https:\/\/muzeubuzau.ro\/wp-content\/uploads\/2023\/10\/Afis_web_minirecitaluri-Adelina-Dedu-300x212.jpg 300w, https:\/\/muzeubuzau.ro\/wp-content\/uploads\/2023\/10\/Afis_web_minirecitaluri-Adelina-Dedu-1024x724.jpg 1024w, https:\/\/muzeubuzau.ro\/wp-content\/uploads\/2023\/10\/Afis_web_minirecitaluri-Adelina-Dedu-768x543.jpg 768w, https:\/\/muzeubuzau.ro\/wp-content\/uploads\/2023\/10\/Afis_web_minirecitaluri-Adelina-Dedu-1536x1086.jpg 1536w, https:\/\/muzeubuzau.ro\/wp-content\/uploads\/2023\/10\/Afis_web_minirecitaluri-Adelina-Dedu-2048x1448.jpg 2048w, https:\/\/muzeubuzau.ro\/wp-content\/uploads\/2023\/10\/Afis_web_minirecitaluri-Adelina-Dedu-18x12.jpg 18w\" sizes=\"(max-width: 2480px) 100vw, 2480px\" \/>\n                                <\/div>\n                                                        <h2 class=\"astra-post-grid-title\">Minirecitals Adelina Dedu<\/h2>\n                        <\/a>\n                        <p class=\"astra-post-grid-excerpt\">Comunicat de pres\u0103 minirecitaluri Adelina Dedu &nbsp; Muzeul Jude\u021bean Buz\u0103u, institu\u021bie de cultur\u0103, art\u0103 \u0219i cercetare, ce func\u021bioneaz\u0103 sub autoritatea&hellip;<\/p>\n                    <\/div>\n                                    <div class=\"astra-post-grid-item\">\n                        <a href=\"http:\/\/muzeubuzau.ro\/en\/events\/ateliere-vocationale-5-25-octombrie-2023\/\" class=\"astra-post-grid-link\">\n                                                            <div class=\"astra-post-grid-thumbnail thumb\" style=\"width: 300px; height: 200px; overflow: hidden;\">\n                                    <img loading=\"lazy\" decoding=\"async\" width=\"1817\" height=\"2560\" src=\"https:\/\/muzeubuzau.ro\/wp-content\/uploads\/2023\/10\/Afis-ateliere-vocationale-min-scaled-1.jpg\" class=\"attachment-full size-full wp-post-image\" alt=\"\" style=\"width: 100%; height: 100%; object-fit: cover;\" srcset=\"https:\/\/muzeubuzau.ro\/wp-content\/uploads\/2023\/10\/Afis-ateliere-vocationale-min-scaled-1.jpg 1817w, https:\/\/muzeubuzau.ro\/wp-content\/uploads\/2023\/10\/Afis-ateliere-vocationale-min-scaled-1-213x300.jpg 213w, https:\/\/muzeubuzau.ro\/wp-content\/uploads\/2023\/10\/Afis-ateliere-vocationale-min-scaled-1-727x1024.jpg 727w, https:\/\/muzeubuzau.ro\/wp-content\/uploads\/2023\/10\/Afis-ateliere-vocationale-min-scaled-1-768x1082.jpg 768w, https:\/\/muzeubuzau.ro\/wp-content\/uploads\/2023\/10\/Afis-ateliere-vocationale-min-scaled-1-1090x1536.jpg 1090w, https:\/\/muzeubuzau.ro\/wp-content\/uploads\/2023\/10\/Afis-ateliere-vocationale-min-scaled-1-1454x2048.jpg 1454w, https:\/\/muzeubuzau.ro\/wp-content\/uploads\/2023\/10\/Afis-ateliere-vocationale-min-scaled-1-9x12.jpg 9w\" sizes=\"(max-width: 1817px) 100vw, 1817px\" \/>\n                                <\/div>\n                                                        <h2 class=\"astra-post-grid-title\">Vocal workshops, October 5-25, 2023<\/h2>\n                        <\/a>\n                        <p class=\"astra-post-grid-excerpt\">Ateliere voca\u021bionale, 5-25 octombrie 2023 &nbsp; &nbsp; Muzeul Jude\u021bean Buz\u0103u, institu\u021bie de cultur\u0103, art\u0103 \u015fi cercetare, ce func\u021bioneaz\u0103 sub autoritatea\u00a0Consiliului&hellip;<\/p>\n                    <\/div>\n                                    <div class=\"astra-post-grid-item\">\n                        <a href=\"http:\/\/muzeubuzau.ro\/en\/events\/noaptea-cercetatorilor-europeni-editia-2023\/\" class=\"astra-post-grid-link\">\n                                                            <div class=\"astra-post-grid-thumbnail thumb\" style=\"width: 300px; height: 200px; overflow: hidden;\">\n                                    <img loading=\"lazy\" decoding=\"async\" width=\"1772\" height=\"2481\" src=\"https:\/\/muzeubuzau.ro\/wp-content\/uploads\/2023\/09\/Afis-NCE-2023-min.jpg\" class=\"attachment-full size-full wp-post-image\" alt=\"\" style=\"width: 100%; height: 100%; object-fit: cover;\" srcset=\"https:\/\/muzeubuzau.ro\/wp-content\/uploads\/2023\/09\/Afis-NCE-2023-min.jpg 1772w, https:\/\/muzeubuzau.ro\/wp-content\/uploads\/2023\/09\/Afis-NCE-2023-min-214x300.jpg 214w, https:\/\/muzeubuzau.ro\/wp-content\/uploads\/2023\/09\/Afis-NCE-2023-min-731x1024.jpg 731w, https:\/\/muzeubuzau.ro\/wp-content\/uploads\/2023\/09\/Afis-NCE-2023-min-768x1075.jpg 768w, https:\/\/muzeubuzau.ro\/wp-content\/uploads\/2023\/09\/Afis-NCE-2023-min-1097x1536.jpg 1097w, https:\/\/muzeubuzau.ro\/wp-content\/uploads\/2023\/09\/Afis-NCE-2023-min-1463x2048.jpg 1463w, https:\/\/muzeubuzau.ro\/wp-content\/uploads\/2023\/09\/Afis-NCE-2023-min-9x12.jpg 9w\" sizes=\"(max-width: 1772px) 100vw, 1772px\" \/>\n                                <\/div>\n                                                        <h2 class=\"astra-post-grid-title\">European Researchers' Night, 2023 edition<\/h2>\n                        <\/a>\n                        <p class=\"astra-post-grid-excerpt\">Noaptea Cercet\u0103torilor Europeni, edi\u021bia 2023 &nbsp; &nbsp; Muzeul Jude\u021bean Buz\u0103u, institu\u021bie de cultur\u0103, art\u0103 \u0219i cercetare, ce func\u021bioneaz\u0103 sub autoritatea&hellip;<\/p>\n                    <\/div>\n                                    <div class=\"astra-post-grid-item\">\n                        <a href=\"http:\/\/muzeubuzau.ro\/en\/events\/ziua-satului-romanesc-editia-a-iv-a\/\" class=\"astra-post-grid-link\">\n                                                            <div class=\"astra-post-grid-thumbnail thumb\" style=\"width: 300px; height: 200px; overflow: hidden;\">\n                                    <img loading=\"lazy\" decoding=\"async\" width=\"2480\" height=\"1754\" src=\"https:\/\/muzeubuzau.ro\/wp-content\/uploads\/2023\/09\/Afis-A3_ZSR-IV_web.jpg\" class=\"attachment-full size-full wp-post-image\" alt=\"\" style=\"width: 100%; height: 100%; object-fit: cover;\" srcset=\"https:\/\/muzeubuzau.ro\/wp-content\/uploads\/2023\/09\/Afis-A3_ZSR-IV_web.jpg 2480w, https:\/\/muzeubuzau.ro\/wp-content\/uploads\/2023\/09\/Afis-A3_ZSR-IV_web-300x212.jpg 300w, https:\/\/muzeubuzau.ro\/wp-content\/uploads\/2023\/09\/Afis-A3_ZSR-IV_web-1024x724.jpg 1024w, https:\/\/muzeubuzau.ro\/wp-content\/uploads\/2023\/09\/Afis-A3_ZSR-IV_web-768x543.jpg 768w, https:\/\/muzeubuzau.ro\/wp-content\/uploads\/2023\/09\/Afis-A3_ZSR-IV_web-1536x1086.jpg 1536w, https:\/\/muzeubuzau.ro\/wp-content\/uploads\/2023\/09\/Afis-A3_ZSR-IV_web-2048x1448.jpg 2048w, https:\/\/muzeubuzau.ro\/wp-content\/uploads\/2023\/09\/Afis-A3_ZSR-IV_web-18x12.jpg 18w\" sizes=\"(max-width: 2480px) 100vw, 2480px\" \/>\n                                <\/div>\n                                                        <h2 class=\"astra-post-grid-title\">\u201cThe Day of the Romanian Village\u201d, 4th edition<\/h2>\n                        <\/a>\n                        <p class=\"astra-post-grid-excerpt\">Comunicat de pres\u0103 \u201eZiua Satului Rom\u00e2nesc\u201d, edi\u021bia a IV-a &nbsp; Muzeul Jude\u021bean Buz\u0103u, institu\u021bie de cultur\u0103, art\u0103 \u0219i cercetare, ce&hellip;<\/p>\n                    <\/div>\n                                    <div class=\"astra-post-grid-item\">\n                        <a href=\"http:\/\/muzeubuzau.ro\/en\/events\/inkspiration-expozitie-dedicata-artei-tatuajului\/\" class=\"astra-post-grid-link\">\n                                                            <div class=\"astra-post-grid-thumbnail thumb\" style=\"width: 300px; height: 200px; overflow: hidden;\">\n                                    <img loading=\"lazy\" decoding=\"async\" width=\"1167\" height=\"1600\" src=\"https:\/\/muzeubuzau.ro\/wp-content\/uploads\/2023\/08\/Afis-Expozitie-INKSPIRATION-min.png\" class=\"attachment-full size-full wp-post-image\" alt=\"\" style=\"width: 100%; height: 100%; object-fit: cover;\" srcset=\"https:\/\/muzeubuzau.ro\/wp-content\/uploads\/2023\/08\/Afis-Expozitie-INKSPIRATION-min.png 1167w, https:\/\/muzeubuzau.ro\/wp-content\/uploads\/2023\/08\/Afis-Expozitie-INKSPIRATION-min-219x300.png 219w, https:\/\/muzeubuzau.ro\/wp-content\/uploads\/2023\/08\/Afis-Expozitie-INKSPIRATION-min-747x1024.png 747w, https:\/\/muzeubuzau.ro\/wp-content\/uploads\/2023\/08\/Afis-Expozitie-INKSPIRATION-min-768x1053.png 768w, https:\/\/muzeubuzau.ro\/wp-content\/uploads\/2023\/08\/Afis-Expozitie-INKSPIRATION-min-1120x1536.png 1120w, https:\/\/muzeubuzau.ro\/wp-content\/uploads\/2023\/08\/Afis-Expozitie-INKSPIRATION-min-9x12.png 9w\" sizes=\"(max-width: 1167px) 100vw, 1167px\" \/>\n                                <\/div>\n                                                        <h2 class=\"astra-post-grid-title\">INKSPIRATION, exhibition dedicated to the art of tattoo<\/h2>\n                        <\/a>\n                        <p class=\"astra-post-grid-excerpt\">Comunicat de pres\u0103 \u00a0 INKSPIRATION, expozi\u021bie dedicat\u0103 artei tatuajului \u00a0 Muzeul Jude\u021bean Buz\u0103u, institu\u021bie de cultur\u0103, art\u0103 \u0219i cercetare, ce&hellip;<\/p>\n                    <\/div>\n                                    <div class=\"astra-post-grid-item\">\n                        <a href=\"http:\/\/muzeubuzau.ro\/en\/events\/weekenduri-la-magura-editia-2023\/\" class=\"astra-post-grid-link\">\n                                                            <div class=\"astra-post-grid-thumbnail thumb\" style=\"width: 300px; height: 200px; overflow: hidden;\">\n                                    <img loading=\"lazy\" decoding=\"async\" width=\"1500\" height=\"1000\" src=\"https:\/\/muzeubuzau.ro\/wp-content\/uploads\/2023\/07\/AFIS-Weekenduri-la-Magura_WEB-1-min.jpg\" class=\"attachment-full size-full wp-post-image\" alt=\"\" style=\"width: 100%; height: 100%; object-fit: cover;\" srcset=\"https:\/\/muzeubuzau.ro\/wp-content\/uploads\/2023\/07\/AFIS-Weekenduri-la-Magura_WEB-1-min.jpg 1500w, https:\/\/muzeubuzau.ro\/wp-content\/uploads\/2023\/07\/AFIS-Weekenduri-la-Magura_WEB-1-min-300x200.jpg 300w, https:\/\/muzeubuzau.ro\/wp-content\/uploads\/2023\/07\/AFIS-Weekenduri-la-Magura_WEB-1-min-1024x683.jpg 1024w, https:\/\/muzeubuzau.ro\/wp-content\/uploads\/2023\/07\/AFIS-Weekenduri-la-Magura_WEB-1-min-768x512.jpg 768w, https:\/\/muzeubuzau.ro\/wp-content\/uploads\/2023\/07\/AFIS-Weekenduri-la-Magura_WEB-1-min-18x12.jpg 18w\" sizes=\"(max-width: 1500px) 100vw, 1500px\" \/>\n                                <\/div>\n                                                        <h2 class=\"astra-post-grid-title\">Weekends in Magura, 2023 edition<\/h2>\n                        <\/a>\n                        <p class=\"astra-post-grid-excerpt\">Muzeul Jude\u021bean Buz\u0103u, institu\u021bie de cultur\u0103, art\u0103 \u0219i cercetare ce func\u021bioneaz\u0103 sub autoritatea Consiliului Jude\u021bean Buz\u0103u, cu sediul \u00een str.&hellip;<\/p>\n                    <\/div>\n                                    <div class=\"astra-post-grid-item\">\n                        <a href=\"http:\/\/muzeubuzau.ro\/en\/events\/prezentare-publica-a-donatiei-liana-axinte\/\" class=\"astra-post-grid-link\">\n                                                            <div class=\"astra-post-grid-thumbnail thumb\" style=\"width: 300px; height: 200px; overflow: hidden;\">\n                                    <img loading=\"lazy\" decoding=\"async\" width=\"509\" height=\"720\" src=\"https:\/\/muzeubuzau.ro\/wp-content\/uploads\/2023\/07\/Afis-donatie-Liana-Axinte.jpg\" class=\"attachment-full size-full wp-post-image\" alt=\"\" style=\"width: 100%; height: 100%; object-fit: cover;\" srcset=\"https:\/\/muzeubuzau.ro\/wp-content\/uploads\/2023\/07\/Afis-donatie-Liana-Axinte.jpg 509w, https:\/\/muzeubuzau.ro\/wp-content\/uploads\/2023\/07\/Afis-donatie-Liana-Axinte-212x300.jpg 212w, https:\/\/muzeubuzau.ro\/wp-content\/uploads\/2023\/07\/Afis-donatie-Liana-Axinte-8x12.jpg 8w\" sizes=\"(max-width: 509px) 100vw, 509px\" \/>\n                                <\/div>\n                                                        <h2 class=\"astra-post-grid-title\">Public presentation of the donation Liana Axinte<\/h2>\n                        <\/a>\n                        <p class=\"astra-post-grid-excerpt\">&nbsp; Muzeul Jude\u021bean Buz\u0103u, institu\u021bie de cultur\u0103, art\u0103 \u0219i cercetare, ce func\u021bioneaz\u0103 sub autoritatea Consiliului Jude\u021bean Buz\u0103u, a primit, \u00een&hellip;<\/p>\n                    <\/div>\n                                    <div class=\"astra-post-grid-item\">\n                        <a href=\"http:\/\/muzeubuzau.ro\/en\/events\/expozitia-remember-mihaela-runceanu\/\" class=\"astra-post-grid-link\">\n                                                            <div class=\"astra-post-grid-thumbnail thumb\" style=\"width: 300px; height: 200px; overflow: hidden;\">\n                                    <img loading=\"lazy\" decoding=\"async\" width=\"2560\" height=\"1811\" src=\"https:\/\/muzeubuzau.ro\/wp-content\/uploads\/2023\/06\/AFIS-EXPO-Mihaela-Runceanu-web-min-scaled-1.jpg\" class=\"attachment-full size-full wp-post-image\" alt=\"\" style=\"width: 100%; height: 100%; object-fit: cover;\" srcset=\"https:\/\/muzeubuzau.ro\/wp-content\/uploads\/2023\/06\/AFIS-EXPO-Mihaela-Runceanu-web-min-scaled-1.jpg 2560w, https:\/\/muzeubuzau.ro\/wp-content\/uploads\/2023\/06\/AFIS-EXPO-Mihaela-Runceanu-web-min-scaled-1-300x212.jpg 300w, https:\/\/muzeubuzau.ro\/wp-content\/uploads\/2023\/06\/AFIS-EXPO-Mihaela-Runceanu-web-min-scaled-1-1024x724.jpg 1024w, https:\/\/muzeubuzau.ro\/wp-content\/uploads\/2023\/06\/AFIS-EXPO-Mihaela-Runceanu-web-min-scaled-1-768x543.jpg 768w, https:\/\/muzeubuzau.ro\/wp-content\/uploads\/2023\/06\/AFIS-EXPO-Mihaela-Runceanu-web-min-scaled-1-1536x1087.jpg 1536w, https:\/\/muzeubuzau.ro\/wp-content\/uploads\/2023\/06\/AFIS-EXPO-Mihaela-Runceanu-web-min-scaled-1-2048x1449.jpg 2048w, https:\/\/muzeubuzau.ro\/wp-content\/uploads\/2023\/06\/AFIS-EXPO-Mihaela-Runceanu-web-min-scaled-1-18x12.jpg 18w\" sizes=\"(max-width: 2560px) 100vw, 2560px\" \/>\n                                <\/div>\n                                                        <h2 class=\"astra-post-grid-title\">Exhibition \u201cRemember Mihaela Runceanu\u201d<\/h2>\n                        <\/a>\n                        <p class=\"astra-post-grid-excerpt\">Comunicat de pres\u0103 Expozi\u021bia \u201eRemember Mihaela Runceanu\u201d &nbsp; Muzeul Jude\u021bean Buz\u0103u, institu\u021bie de cultur\u0103, art\u0103 \u0219i cercetare, ce func\u021bioneaz\u0103 sub&hellip;<\/p>\n                    <\/div>\n                                    <div class=\"astra-post-grid-item\">\n                        <a href=\"http:\/\/muzeubuzau.ro\/en\/events\/conferinta-cunoaste-echipa-heart-of-robots-de-la-pasiune-la-performanta\/\" class=\"astra-post-grid-link\">\n                                                            <div class=\"astra-post-grid-thumbnail thumb\" style=\"width: 300px; height: 200px; overflow: hidden;\">\n                                    <img loading=\"lazy\" decoding=\"async\" width=\"1714\" height=\"2414\" src=\"https:\/\/muzeubuzau.ro\/wp-content\/uploads\/2023\/05\/Heart-of-RoBots-01-min.jpg\" class=\"attachment-full size-full wp-post-image\" alt=\"\" style=\"width: 100%; height: 100%; object-fit: cover;\" srcset=\"https:\/\/muzeubuzau.ro\/wp-content\/uploads\/2023\/05\/Heart-of-RoBots-01-min.jpg 1714w, https:\/\/muzeubuzau.ro\/wp-content\/uploads\/2023\/05\/Heart-of-RoBots-01-min-213x300.jpg 213w, https:\/\/muzeubuzau.ro\/wp-content\/uploads\/2023\/05\/Heart-of-RoBots-01-min-727x1024.jpg 727w, https:\/\/muzeubuzau.ro\/wp-content\/uploads\/2023\/05\/Heart-of-RoBots-01-min-768x1082.jpg 768w, https:\/\/muzeubuzau.ro\/wp-content\/uploads\/2023\/05\/Heart-of-RoBots-01-min-1091x1536.jpg 1091w, https:\/\/muzeubuzau.ro\/wp-content\/uploads\/2023\/05\/Heart-of-RoBots-01-min-1454x2048.jpg 1454w, https:\/\/muzeubuzau.ro\/wp-content\/uploads\/2023\/05\/Heart-of-RoBots-01-min-9x12.jpg 9w\" sizes=\"(max-width: 1714px) 100vw, 1714px\" \/>\n                                <\/div>\n                                                        <h2 class=\"astra-post-grid-title\">Conference \u201cKnow the Heart of RoBots team: from passion to performance\u201d<\/h2>\n                        <\/a>\n                        <p class=\"astra-post-grid-excerpt\">&nbsp; Comunicat de pres\u0103 Conferin\u021ba \u201eCunoa\u0219te echipa Heart of RoBots: de la pasiune la performan\u021b\u0103\u201d &nbsp; &nbsp; Muzeul Jude\u021bean Buz\u0103u,&hellip;<\/p>\n                    <\/div>\n                                    <div class=\"astra-post-grid-item\">\n                        <a href=\"http:\/\/muzeubuzau.ro\/en\/events\/noaptea-muzeelor-editia-a-xix-a-2023\/\" class=\"astra-post-grid-link\">\n                                                            <div class=\"astra-post-grid-thumbnail thumb\" style=\"width: 300px; height: 200px; overflow: hidden;\">\n                                    <img loading=\"lazy\" decoding=\"async\" width=\"1811\" height=\"2560\" src=\"https:\/\/muzeubuzau.ro\/wp-content\/uploads\/2023\/05\/AFIS-General-Noaptea-Muzeelor-23-WEB-min-scaled-1.jpg\" class=\"attachment-full size-full wp-post-image\" alt=\"\" style=\"width: 100%; height: 100%; object-fit: cover;\" srcset=\"https:\/\/muzeubuzau.ro\/wp-content\/uploads\/2023\/05\/AFIS-General-Noaptea-Muzeelor-23-WEB-min-scaled-1.jpg 1811w, https:\/\/muzeubuzau.ro\/wp-content\/uploads\/2023\/05\/AFIS-General-Noaptea-Muzeelor-23-WEB-min-scaled-1-212x300.jpg 212w, https:\/\/muzeubuzau.ro\/wp-content\/uploads\/2023\/05\/AFIS-General-Noaptea-Muzeelor-23-WEB-min-scaled-1-724x1024.jpg 724w, https:\/\/muzeubuzau.ro\/wp-content\/uploads\/2023\/05\/AFIS-General-Noaptea-Muzeelor-23-WEB-min-scaled-1-768x1086.jpg 768w, https:\/\/muzeubuzau.ro\/wp-content\/uploads\/2023\/05\/AFIS-General-Noaptea-Muzeelor-23-WEB-min-scaled-1-1087x1536.jpg 1087w, https:\/\/muzeubuzau.ro\/wp-content\/uploads\/2023\/05\/AFIS-General-Noaptea-Muzeelor-23-WEB-min-scaled-1-1449x2048.jpg 1449w, https:\/\/muzeubuzau.ro\/wp-content\/uploads\/2023\/05\/AFIS-General-Noaptea-Muzeelor-23-WEB-min-scaled-1-8x12.jpg 8w\" sizes=\"(max-width: 1811px) 100vw, 1811px\" \/>\n                                <\/div>\n                                                        <h2 class=\"astra-post-grid-title\">Night of the 19th edition of the Museums, 2023<\/h2>\n                        <\/a>\n                        <p class=\"astra-post-grid-excerpt\">Comunicat de pres\u0103 Noaptea Muzeelor edi\u021bia a XIX-a, 2023 &nbsp; \u00cen acest an edi\u021bia programului interna\u021bional Noaptea Muzeelor Europene a&hellip;<\/p>\n                    <\/div>\n                                    <div class=\"astra-post-grid-item\">\n                        <a href=\"http:\/\/muzeubuzau.ro\/en\/events\/milenii-tezaurizate-creatie-si-spiritualitate-2\/\" class=\"astra-post-grid-link\">\n                                                            <div class=\"astra-post-grid-thumbnail thumb\" style=\"width: 300px; height: 200px; overflow: hidden;\">\n                                    <img loading=\"lazy\" decoding=\"async\" width=\"1131\" height=\"1600\" src=\"https:\/\/muzeubuzau.ro\/wp-content\/uploads\/2023\/05\/Afis-Milenii-Tezaurizate-2023.jpg\" class=\"attachment-full size-full wp-post-image\" alt=\"\" style=\"width: 100%; height: 100%; object-fit: cover;\" srcset=\"https:\/\/muzeubuzau.ro\/wp-content\/uploads\/2023\/05\/Afis-Milenii-Tezaurizate-2023.jpg 1131w, https:\/\/muzeubuzau.ro\/wp-content\/uploads\/2023\/05\/Afis-Milenii-Tezaurizate-2023-212x300.jpg 212w, https:\/\/muzeubuzau.ro\/wp-content\/uploads\/2023\/05\/Afis-Milenii-Tezaurizate-2023-724x1024.jpg 724w, https:\/\/muzeubuzau.ro\/wp-content\/uploads\/2023\/05\/Afis-Milenii-Tezaurizate-2023-768x1086.jpg 768w, https:\/\/muzeubuzau.ro\/wp-content\/uploads\/2023\/05\/Afis-Milenii-Tezaurizate-2023-1086x1536.jpg 1086w, https:\/\/muzeubuzau.ro\/wp-content\/uploads\/2023\/05\/Afis-Milenii-Tezaurizate-2023-8x12.jpg 8w\" sizes=\"(max-width: 1131px) 100vw, 1131px\" \/>\n                                <\/div>\n                                                        <h2 class=\"astra-post-grid-title\">The thessized milleni people. Creation and spirituality.<\/h2>\n                        <\/a>\n                        <p class=\"astra-post-grid-excerpt\">COMUNICAT Muzeul Jude\u021bean Buz\u0103u, institu\u021bie de cultur\u0103 ce func\u021bioneaz\u0103 sub autoritatea\u00a0Consiliului Jude\u021bean Buz\u0103u, cu sediul \u00een municipiul Buz\u0103u, Aleea Castanilor&hellip;<\/p>\n                    <\/div>\n                                    <div class=\"astra-post-grid-item\">\n                        <a href=\"http:\/\/muzeubuzau.ro\/en\/events\/keeping-the-exhibition-alive-editia-a-v-a\/\" class=\"astra-post-grid-link\">\n                                                            <div class=\"astra-post-grid-thumbnail thumb\" style=\"width: 300px; height: 200px; overflow: hidden;\">\n                                    <img loading=\"lazy\" decoding=\"async\" width=\"1132\" height=\"1600\" src=\"https:\/\/muzeubuzau.ro\/wp-content\/uploads\/2023\/03\/Afis-Keeping-the-Exhibition-Alive-2023.jpg\" class=\"attachment-full size-full wp-post-image\" alt=\"\" style=\"width: 100%; height: 100%; object-fit: cover;\" srcset=\"https:\/\/muzeubuzau.ro\/wp-content\/uploads\/2023\/03\/Afis-Keeping-the-Exhibition-Alive-2023.jpg 1132w, https:\/\/muzeubuzau.ro\/wp-content\/uploads\/2023\/03\/Afis-Keeping-the-Exhibition-Alive-2023-212x300.jpg 212w, https:\/\/muzeubuzau.ro\/wp-content\/uploads\/2023\/03\/Afis-Keeping-the-Exhibition-Alive-2023-724x1024.jpg 724w, https:\/\/muzeubuzau.ro\/wp-content\/uploads\/2023\/03\/Afis-Keeping-the-Exhibition-Alive-2023-768x1086.jpg 768w, https:\/\/muzeubuzau.ro\/wp-content\/uploads\/2023\/03\/Afis-Keeping-the-Exhibition-Alive-2023-1087x1536.jpg 1087w, https:\/\/muzeubuzau.ro\/wp-content\/uploads\/2023\/03\/Afis-Keeping-the-Exhibition-Alive-2023-8x12.jpg 8w\" sizes=\"(max-width: 1132px) 100vw, 1132px\" \/>\n                                <\/div>\n                                                        <h2 class=\"astra-post-grid-title\">Keeping the exhibition, V-edition<\/h2>\n                        <\/a>\n                        <p class=\"astra-post-grid-excerpt\">Comunicat de pres\u0103 Keeping the exhibition alive, edi\u021bia a V-a &nbsp; &nbsp; Muzeul Jude\u021bean Buz\u0103u, institu\u021bie de cultur\u0103, art\u0103 \u0219i&hellip;<\/p>\n                    <\/div>\n                                    <div class=\"astra-post-grid-item\">\n                        <a href=\"http:\/\/muzeubuzau.ro\/en\/events\/ziua-internationala-a-francofoniei-sarbatorita-prin-proiectul-ocolul-lumii-pe-jos-povestea-celor-497-perechi-de-opinci-expozitie-proiectia-filmului-opinci-si-prelegeri\/\" class=\"astra-post-grid-link\">\n                                                            <div class=\"astra-post-grid-thumbnail thumb\" style=\"width: 300px; height: 200px; overflow: hidden;\">\n                                    <img loading=\"lazy\" decoding=\"async\" width=\"1142\" height=\"1600\" src=\"https:\/\/muzeubuzau.ro\/wp-content\/uploads\/2023\/03\/Afis-Ziua-Internationala-a-Francofoniei-in-Belgia-2023.jpg\" class=\"attachment-full size-full wp-post-image\" alt=\"\" style=\"width: 100%; height: 100%; object-fit: cover;\" srcset=\"https:\/\/muzeubuzau.ro\/wp-content\/uploads\/2023\/03\/Afis-Ziua-Internationala-a-Francofoniei-in-Belgia-2023.jpg 1142w, https:\/\/muzeubuzau.ro\/wp-content\/uploads\/2023\/03\/Afis-Ziua-Internationala-a-Francofoniei-in-Belgia-2023-214x300.jpg 214w, https:\/\/muzeubuzau.ro\/wp-content\/uploads\/2023\/03\/Afis-Ziua-Internationala-a-Francofoniei-in-Belgia-2023-731x1024.jpg 731w, https:\/\/muzeubuzau.ro\/wp-content\/uploads\/2023\/03\/Afis-Ziua-Internationala-a-Francofoniei-in-Belgia-2023-768x1076.jpg 768w, https:\/\/muzeubuzau.ro\/wp-content\/uploads\/2023\/03\/Afis-Ziua-Internationala-a-Francofoniei-in-Belgia-2023-1096x1536.jpg 1096w, https:\/\/muzeubuzau.ro\/wp-content\/uploads\/2023\/03\/Afis-Ziua-Internationala-a-Francofoniei-in-Belgia-2023-9x12.jpg 9w\" sizes=\"(max-width: 1142px) 100vw, 1142px\" \/>\n                                <\/div>\n                                                        <h2 class=\"astra-post-grid-title\">Ziua Interna\u021bional\u0103 a Francofoniei s\u0103rb\u0103torit\u0103 prin proiectul  \u201eOcolul lumii pe jos. Povestea celor 497 perechi de opinci\u201d<\/h2>\n                        <\/a>\n                        <p class=\"astra-post-grid-excerpt\">Pentru a s\u0103rb\u0103tori Ziua Interna\u021bional\u0103 a Francofoniei, ICR Bruxelles \u00een colaborare cu Muzeul Jude\u021bean Buz\u0103u \u0219i Consiliul Jude\u021bean Buz\u0103u, Asocia\u021bia&hellip;<\/p>\n                    <\/div>\n                                    <div class=\"astra-post-grid-item\">\n                        <a href=\"http:\/\/muzeubuzau.ro\/en\/events\/enescu-pe-intelesul-tuturor\/\" class=\"astra-post-grid-link\">\n                                                            <div class=\"astra-post-grid-thumbnail thumb\" style=\"width: 300px; height: 200px; overflow: hidden;\">\n                                    <img loading=\"lazy\" decoding=\"async\" width=\"1142\" height=\"1600\" src=\"https:\/\/muzeubuzau.ro\/wp-content\/uploads\/2023\/02\/Afis-Enescu-pe-intelesul-tuturor.jpg\" class=\"attachment-full size-full wp-post-image\" alt=\"\" style=\"width: 100%; height: 100%; object-fit: cover;\" srcset=\"https:\/\/muzeubuzau.ro\/wp-content\/uploads\/2023\/02\/Afis-Enescu-pe-intelesul-tuturor.jpg 1142w, https:\/\/muzeubuzau.ro\/wp-content\/uploads\/2023\/02\/Afis-Enescu-pe-intelesul-tuturor-214x300.jpg 214w, https:\/\/muzeubuzau.ro\/wp-content\/uploads\/2023\/02\/Afis-Enescu-pe-intelesul-tuturor-731x1024.jpg 731w, https:\/\/muzeubuzau.ro\/wp-content\/uploads\/2023\/02\/Afis-Enescu-pe-intelesul-tuturor-768x1076.jpg 768w, https:\/\/muzeubuzau.ro\/wp-content\/uploads\/2023\/02\/Afis-Enescu-pe-intelesul-tuturor-1096x1536.jpg 1096w, https:\/\/muzeubuzau.ro\/wp-content\/uploads\/2023\/02\/Afis-Enescu-pe-intelesul-tuturor-9x12.jpg 9w\" sizes=\"(max-width: 1142px) 100vw, 1142px\" \/>\n                                <\/div>\n                                                        <h2 class=\"astra-post-grid-title\">Enescu for everyone to understand<\/h2>\n                        <\/a>\n                        <p class=\"astra-post-grid-excerpt\">Comunicat \u201eEnescu pe \u00een\u021belesul tuturor\u201d &nbsp; &nbsp; Muzeul Jude\u021bean Buz\u0103u, institu\u021bie de cultur\u0103, art\u0103 \u0219i cercetare, ce func\u021bioneaz\u0103 sub autoritatea&hellip;<\/p>\n                    <\/div>\n                                    <div class=\"astra-post-grid-item\">\n                        <a href=\"http:\/\/muzeubuzau.ro\/en\/events\/zilele-femeii-la-muzeul-judetean-buzau-editia-a-vii-a-2023\/\" class=\"astra-post-grid-link\">\n                                                            <div class=\"astra-post-grid-thumbnail thumb\" style=\"width: 300px; height: 200px; overflow: hidden;\">\n                                    <img loading=\"lazy\" decoding=\"async\" width=\"1817\" height=\"2560\" src=\"https:\/\/muzeubuzau.ro\/wp-content\/uploads\/2023\/02\/2023-Zilele-Femeii-AFIS-web-min-scaled-1.jpg\" class=\"attachment-full size-full wp-post-image\" alt=\"\" style=\"width: 100%; height: 100%; object-fit: cover;\" srcset=\"https:\/\/muzeubuzau.ro\/wp-content\/uploads\/2023\/02\/2023-Zilele-Femeii-AFIS-web-min-scaled-1.jpg 1817w, https:\/\/muzeubuzau.ro\/wp-content\/uploads\/2023\/02\/2023-Zilele-Femeii-AFIS-web-min-scaled-1-213x300.jpg 213w, https:\/\/muzeubuzau.ro\/wp-content\/uploads\/2023\/02\/2023-Zilele-Femeii-AFIS-web-min-scaled-1-727x1024.jpg 727w, https:\/\/muzeubuzau.ro\/wp-content\/uploads\/2023\/02\/2023-Zilele-Femeii-AFIS-web-min-scaled-1-768x1082.jpg 768w, https:\/\/muzeubuzau.ro\/wp-content\/uploads\/2023\/02\/2023-Zilele-Femeii-AFIS-web-min-scaled-1-1090x1536.jpg 1090w, https:\/\/muzeubuzau.ro\/wp-content\/uploads\/2023\/02\/2023-Zilele-Femeii-AFIS-web-min-scaled-1-1454x2048.jpg 1454w, https:\/\/muzeubuzau.ro\/wp-content\/uploads\/2023\/02\/2023-Zilele-Femeii-AFIS-web-min-scaled-1-9x12.jpg 9w\" sizes=\"(max-width: 1817px) 100vw, 1817px\" \/>\n                                <\/div>\n                                                        <h2 class=\"astra-post-grid-title\">Women's Days at Buzau County Museum 7th edition, 2023<\/h2>\n                        <\/a>\n                        <p class=\"astra-post-grid-excerpt\">Zilele Femeii la Muzeul Jude\u021bean Buz\u0103u edi\u021bia a VII-a, 2023 &nbsp; Muzeul Jude\u021bean Buz\u0103u, institu\u021bie de cultur\u0103, art\u0103 \u0219i cercetare,&hellip;<\/p>\n                    <\/div>\n                                    <div class=\"astra-post-grid-item\">\n                        <a href=\"http:\/\/muzeubuzau.ro\/en\/events\/ateliere-mestesugaresti-2023\/\" class=\"astra-post-grid-link\">\n                                                            <div class=\"astra-post-grid-thumbnail thumb\" style=\"width: 300px; height: 200px; overflow: hidden;\">\n                                    <img loading=\"lazy\" decoding=\"async\" width=\"2481\" height=\"1754\" src=\"https:\/\/muzeubuzau.ro\/wp-content\/uploads\/2023\/02\/Afis-ateliere-AMPA_2023_web.jpg\" class=\"attachment-full size-full wp-post-image\" alt=\"\" style=\"width: 100%; height: 100%; object-fit: cover;\" srcset=\"https:\/\/muzeubuzau.ro\/wp-content\/uploads\/2023\/02\/Afis-ateliere-AMPA_2023_web.jpg 2481w, https:\/\/muzeubuzau.ro\/wp-content\/uploads\/2023\/02\/Afis-ateliere-AMPA_2023_web-300x212.jpg 300w, https:\/\/muzeubuzau.ro\/wp-content\/uploads\/2023\/02\/Afis-ateliere-AMPA_2023_web-1024x724.jpg 1024w, https:\/\/muzeubuzau.ro\/wp-content\/uploads\/2023\/02\/Afis-ateliere-AMPA_2023_web-768x543.jpg 768w, https:\/\/muzeubuzau.ro\/wp-content\/uploads\/2023\/02\/Afis-ateliere-AMPA_2023_web-1536x1086.jpg 1536w, https:\/\/muzeubuzau.ro\/wp-content\/uploads\/2023\/02\/Afis-ateliere-AMPA_2023_web-2048x1448.jpg 2048w, https:\/\/muzeubuzau.ro\/wp-content\/uploads\/2023\/02\/Afis-ateliere-AMPA_2023_web-18x12.jpg 18w\" sizes=\"(max-width: 2481px) 100vw, 2481px\" \/>\n                                <\/div>\n                                                        <h2 class=\"astra-post-grid-title\">Ateliere  me\u0219te\u0219ug\u0103re\u0219ti 2023<\/h2>\n                        <\/a>\n                        <p class=\"astra-post-grid-excerpt\">Comunicat de pres\u0103 &nbsp; Muzeul Jude\u021bean Buz\u0103u, institu\u021bie de cultur\u0103, art\u0103 \u0219i cercetare ce func\u021bioneaz\u0103 sub autoritatea Consiliului Jude\u021bean Buz\u0103u,&hellip;<\/p>\n                    <\/div>\n                                    <div class=\"astra-post-grid-item\">\n                        <a href=\"http:\/\/muzeubuzau.ro\/en\/events\/dragobete-vs-sfantul-valentin-editia-a-viii-a\/\" class=\"astra-post-grid-link\">\n                                                            <div class=\"astra-post-grid-thumbnail thumb\" style=\"width: 300px; height: 200px; overflow: hidden;\">\n                                    <img loading=\"lazy\" decoding=\"async\" width=\"2480\" height=\"1754\" src=\"https:\/\/muzeubuzau.ro\/wp-content\/uploads\/2023\/02\/Afis-Dragobete-2023.jpg\" class=\"attachment-full size-full wp-post-image\" alt=\"\" style=\"width: 100%; height: 100%; object-fit: cover;\" srcset=\"https:\/\/muzeubuzau.ro\/wp-content\/uploads\/2023\/02\/Afis-Dragobete-2023.jpg 2480w, https:\/\/muzeubuzau.ro\/wp-content\/uploads\/2023\/02\/Afis-Dragobete-2023-300x212.jpg 300w, https:\/\/muzeubuzau.ro\/wp-content\/uploads\/2023\/02\/Afis-Dragobete-2023-1024x724.jpg 1024w, https:\/\/muzeubuzau.ro\/wp-content\/uploads\/2023\/02\/Afis-Dragobete-2023-768x543.jpg 768w, https:\/\/muzeubuzau.ro\/wp-content\/uploads\/2023\/02\/Afis-Dragobete-2023-1536x1086.jpg 1536w, https:\/\/muzeubuzau.ro\/wp-content\/uploads\/2023\/02\/Afis-Dragobete-2023-2048x1448.jpg 2048w, https:\/\/muzeubuzau.ro\/wp-content\/uploads\/2023\/02\/Afis-Dragobete-2023-18x12.jpg 18w\" sizes=\"(max-width: 2480px) 100vw, 2480px\" \/>\n                                <\/div>\n                                                        <h2 class=\"astra-post-grid-title\">\"Dragobete vs. Saint Valentine, 8th edition<\/h2>\n                        <\/a>\n                        <p class=\"astra-post-grid-excerpt\">Comunicat de pres\u0103 \u201eDragobete vs. Sf\u00e2ntul Valentin\u201d, edi\u021bia a VIII-a \u00a0 Muzeul Jude\u021bean Buz\u0103u, institu\u021bie de cultur\u0103, art\u0103 \u0219i cercetare,&hellip;<\/p>\n                    <\/div>\n                                    <div class=\"astra-post-grid-item\">\n                        <a href=\"http:\/\/muzeubuzau.ro\/en\/events\/expozitia-istoria-moderna-si-contemporana-a-buzaului\/\" class=\"astra-post-grid-link\">\n                                                            <div class=\"astra-post-grid-thumbnail thumb\" style=\"width: 300px; height: 200px; overflow: hidden;\">\n                                    <img loading=\"lazy\" decoding=\"async\" width=\"2560\" height=\"1810\" src=\"https:\/\/muzeubuzau.ro\/wp-content\/uploads\/2023\/01\/AFIS-Istoria-moderna-si-contemporana-01-min-scaled-1.jpg\" class=\"attachment-full size-full wp-post-image\" alt=\"\" style=\"width: 100%; height: 100%; object-fit: cover;\" srcset=\"https:\/\/muzeubuzau.ro\/wp-content\/uploads\/2023\/01\/AFIS-Istoria-moderna-si-contemporana-01-min-scaled-1.jpg 2560w, https:\/\/muzeubuzau.ro\/wp-content\/uploads\/2023\/01\/AFIS-Istoria-moderna-si-contemporana-01-min-scaled-1-300x212.jpg 300w, https:\/\/muzeubuzau.ro\/wp-content\/uploads\/2023\/01\/AFIS-Istoria-moderna-si-contemporana-01-min-scaled-1-1024x724.jpg 1024w, https:\/\/muzeubuzau.ro\/wp-content\/uploads\/2023\/01\/AFIS-Istoria-moderna-si-contemporana-01-min-scaled-1-768x543.jpg 768w, https:\/\/muzeubuzau.ro\/wp-content\/uploads\/2023\/01\/AFIS-Istoria-moderna-si-contemporana-01-min-scaled-1-1536x1086.jpg 1536w, https:\/\/muzeubuzau.ro\/wp-content\/uploads\/2023\/01\/AFIS-Istoria-moderna-si-contemporana-01-min-scaled-1-2048x1448.jpg 2048w, https:\/\/muzeubuzau.ro\/wp-content\/uploads\/2023\/01\/AFIS-Istoria-moderna-si-contemporana-01-min-scaled-1-18x12.jpg 18w\" sizes=\"(max-width: 2560px) 100vw, 2560px\" \/>\n                                <\/div>\n                                                        <h2 class=\"astra-post-grid-title\">Exhibition \"Modern and Contemporary History of Buzau\"<\/h2>\n                        <\/a>\n                        <p class=\"astra-post-grid-excerpt\">\u00a0 \u00a0Expozi\u021bia \u201eIstoria modern\u0103 \u0219i contemporan\u0103 a Buz\u0103ului\u201d \u00a0\u00a0\u00a0 Muzeul Jude\u021bean Buz\u0103u, institu\u021bie de cultur\u0103, art\u0103 \u0219i cercetare ce func\u021bioneaz\u0103&hellip;<\/p>\n                    <\/div>\n                                    <div class=\"astra-post-grid-item\">\n                        <a href=\"http:\/\/muzeubuzau.ro\/en\/events\/festivitatea-de-premiere-a-trofeului-dumitru-dan-editia-a-iv-a\/\" class=\"astra-post-grid-link\">\n                                                            <div class=\"astra-post-grid-thumbnail thumb\" style=\"width: 300px; height: 200px; overflow: hidden;\">\n                                    <img loading=\"lazy\" decoding=\"async\" width=\"1817\" height=\"2560\" src=\"https:\/\/muzeubuzau.ro\/wp-content\/uploads\/2023\/01\/2021-12-11-AFIS-Trofeul-Dumitru-Dan-01-scaled-1.jpg\" class=\"attachment-full size-full wp-post-image\" alt=\"\" style=\"width: 100%; height: 100%; object-fit: cover;\" srcset=\"https:\/\/muzeubuzau.ro\/wp-content\/uploads\/2023\/01\/2021-12-11-AFIS-Trofeul-Dumitru-Dan-01-scaled-1.jpg 1817w, https:\/\/muzeubuzau.ro\/wp-content\/uploads\/2023\/01\/2021-12-11-AFIS-Trofeul-Dumitru-Dan-01-scaled-1-213x300.jpg 213w, https:\/\/muzeubuzau.ro\/wp-content\/uploads\/2023\/01\/2021-12-11-AFIS-Trofeul-Dumitru-Dan-01-scaled-1-727x1024.jpg 727w, https:\/\/muzeubuzau.ro\/wp-content\/uploads\/2023\/01\/2021-12-11-AFIS-Trofeul-Dumitru-Dan-01-scaled-1-768x1082.jpg 768w, https:\/\/muzeubuzau.ro\/wp-content\/uploads\/2023\/01\/2021-12-11-AFIS-Trofeul-Dumitru-Dan-01-scaled-1-1090x1536.jpg 1090w, https:\/\/muzeubuzau.ro\/wp-content\/uploads\/2023\/01\/2021-12-11-AFIS-Trofeul-Dumitru-Dan-01-scaled-1-1454x2048.jpg 1454w, https:\/\/muzeubuzau.ro\/wp-content\/uploads\/2023\/01\/2021-12-11-AFIS-Trofeul-Dumitru-Dan-01-scaled-1-9x12.jpg 9w\" sizes=\"(max-width: 1817px) 100vw, 1817px\" \/>\n                                <\/div>\n                                                        <h2 class=\"astra-post-grid-title\">Award ceremony of the Dumitru Dan Trophy, 4th edition<\/h2>\n                        <\/a>\n                        <p class=\"astra-post-grid-excerpt\">Comunicat de pres\u0103 Festivitatea de premiere a Trofeului Dumitru Dan, edi\u021bia a IV-a &nbsp; Muzeul Jude\u021bean Buz\u0103u, institu\u021bie de cultur\u0103,&hellip;<\/p>\n                    <\/div>\n                                    <div class=\"astra-post-grid-item\">\n                        <a href=\"http:\/\/muzeubuzau.ro\/en\/events\/ziua-culturii-nationale-la-muzeul-judetean-buzau\/\" class=\"astra-post-grid-link\">\n                                                            <div class=\"astra-post-grid-thumbnail thumb\" style=\"width: 300px; height: 200px; overflow: hidden;\">\n                                    <img loading=\"lazy\" decoding=\"async\" width=\"1574\" height=\"1600\" src=\"https:\/\/muzeubuzau.ro\/wp-content\/uploads\/2023\/01\/Afis-15-ianuariie-2023.jpg\" class=\"attachment-full size-full wp-post-image\" alt=\"\" style=\"width: 100%; height: 100%; object-fit: cover;\" srcset=\"https:\/\/muzeubuzau.ro\/wp-content\/uploads\/2023\/01\/Afis-15-ianuariie-2023.jpg 1574w, https:\/\/muzeubuzau.ro\/wp-content\/uploads\/2023\/01\/Afis-15-ianuariie-2023-295x300.jpg 295w, https:\/\/muzeubuzau.ro\/wp-content\/uploads\/2023\/01\/Afis-15-ianuariie-2023-1007x1024.jpg 1007w, https:\/\/muzeubuzau.ro\/wp-content\/uploads\/2023\/01\/Afis-15-ianuariie-2023-768x781.jpg 768w, https:\/\/muzeubuzau.ro\/wp-content\/uploads\/2023\/01\/Afis-15-ianuariie-2023-1511x1536.jpg 1511w, https:\/\/muzeubuzau.ro\/wp-content\/uploads\/2023\/01\/Afis-15-ianuariie-2023-12x12.jpg 12w\" sizes=\"(max-width: 1574px) 100vw, 1574px\" \/>\n                                <\/div>\n                                                        <h2 class=\"astra-post-grid-title\">National Culture Day at Buzau County Museum<\/h2>\n                        <\/a>\n                        <p class=\"astra-post-grid-excerpt\">Comunicat de pres\u0103 Muzeul Jude\u021bean Buz\u0103u, institu\u021bie de cultur\u0103, art\u0103 \u0219i cercetare ce func\u021bioneaz\u0103 sub autoritatea Consiliului Jude\u021bean Buz\u0103u, anun\u021b\u0103&hellip;<\/p>\n                    <\/div>\n                                    <div class=\"astra-post-grid-item\">\n                        <a href=\"http:\/\/muzeubuzau.ro\/en\/events\/expozitia-temporara-arta-creeaza-radacini-si-pasiunea-daruieste-aripi\/\" class=\"astra-post-grid-link\">\n                                                            <div class=\"astra-post-grid-thumbnail thumb\" style=\"width: 300px; height: 200px; overflow: hidden;\">\n                                    <img loading=\"lazy\" decoding=\"async\" width=\"1081\" height=\"1600\" src=\"https:\/\/muzeubuzau.ro\/wp-content\/uploads\/2022\/12\/Afis-expozitie-9-decembrie.jpg\" class=\"attachment-full size-full wp-post-image\" alt=\"\" style=\"width: 100%; height: 100%; object-fit: cover;\" srcset=\"https:\/\/muzeubuzau.ro\/wp-content\/uploads\/2022\/12\/Afis-expozitie-9-decembrie.jpg 1081w, https:\/\/muzeubuzau.ro\/wp-content\/uploads\/2022\/12\/Afis-expozitie-9-decembrie-203x300.jpg 203w, https:\/\/muzeubuzau.ro\/wp-content\/uploads\/2022\/12\/Afis-expozitie-9-decembrie-692x1024.jpg 692w, https:\/\/muzeubuzau.ro\/wp-content\/uploads\/2022\/12\/Afis-expozitie-9-decembrie-768x1137.jpg 768w, https:\/\/muzeubuzau.ro\/wp-content\/uploads\/2022\/12\/Afis-expozitie-9-decembrie-1038x1536.jpg 1038w, https:\/\/muzeubuzau.ro\/wp-content\/uploads\/2022\/12\/Afis-expozitie-9-decembrie-8x12.jpg 8w\" sizes=\"(max-width: 1081px) 100vw, 1081px\" \/>\n                                <\/div>\n                                                        <h2 class=\"astra-post-grid-title\">Temporary exhibition \u201cArt Creates Rooes and Passion Gives Wings\u201d<\/h2>\n                        <\/a>\n                        <p class=\"astra-post-grid-excerpt\">&nbsp; Comunicat &nbsp; Expozi\u021bia temporar\u0103 \u201eArta creeaz\u0103 r\u0103d\u0103cini \u0219i pasiunea d\u0103ruie\u0219te aripi\u201d &nbsp; &nbsp; Muzeul Jude\u021bean Buz\u0103u, institu\u021bie de cultur\u0103,&hellip;<\/p>\n                    <\/div>\n                                    <div class=\"astra-post-grid-item\">\n                        <a href=\"http:\/\/muzeubuzau.ro\/en\/events\/expozitie-de-gravura-theodor-aman\/\" class=\"astra-post-grid-link\">\n                                                            <div class=\"astra-post-grid-thumbnail thumb\" style=\"width: 300px; height: 200px; overflow: hidden;\">\n                                    <img loading=\"lazy\" decoding=\"async\" width=\"1600\" height=\"1136\" src=\"https:\/\/muzeubuzau.ro\/wp-content\/uploads\/2022\/11\/Afis-expo-gravura-Theodor-Aman-2022.jpg\" class=\"attachment-full size-full wp-post-image\" alt=\"\" style=\"width: 100%; height: 100%; object-fit: cover;\" srcset=\"https:\/\/muzeubuzau.ro\/wp-content\/uploads\/2022\/11\/Afis-expo-gravura-Theodor-Aman-2022.jpg 1600w, https:\/\/muzeubuzau.ro\/wp-content\/uploads\/2022\/11\/Afis-expo-gravura-Theodor-Aman-2022-300x213.jpg 300w, https:\/\/muzeubuzau.ro\/wp-content\/uploads\/2022\/11\/Afis-expo-gravura-Theodor-Aman-2022-1024x727.jpg 1024w, https:\/\/muzeubuzau.ro\/wp-content\/uploads\/2022\/11\/Afis-expo-gravura-Theodor-Aman-2022-768x545.jpg 768w, https:\/\/muzeubuzau.ro\/wp-content\/uploads\/2022\/11\/Afis-expo-gravura-Theodor-Aman-2022-1536x1091.jpg 1536w, https:\/\/muzeubuzau.ro\/wp-content\/uploads\/2022\/11\/Afis-expo-gravura-Theodor-Aman-2022-18x12.jpg 18w\" sizes=\"(max-width: 1600px) 100vw, 1600px\" \/>\n                                <\/div>\n                                                        <h2 class=\"astra-post-grid-title\">Ingravure exhibition Theodor Aman<\/h2>\n                        <\/a>\n                        <p class=\"astra-post-grid-excerpt\">Comunicat Expozi\u021bie de gravur\u0103 Theodor Aman &nbsp; Muzeul Jude\u021bean Buz\u0103u, institu\u021bie de cultur\u0103, cercetare \u0219i art\u0103, ce func\u021bioneaz\u0103 sub autoritatea&hellip;<\/p>\n                    <\/div>\n                                    <div class=\"astra-post-grid-item\">\n                        <a href=\"http:\/\/muzeubuzau.ro\/en\/events\/invitatie-schimbarile-climatice-intre-fake-news-si-realitate\/\" class=\"astra-post-grid-link\">\n                                                            <div class=\"astra-post-grid-thumbnail thumb\" style=\"width: 300px; height: 200px; overflow: hidden;\">\n                                    <img loading=\"lazy\" decoding=\"async\" width=\"1131\" height=\"1600\" src=\"https:\/\/muzeubuzau.ro\/wp-content\/uploads\/2022\/11\/Afis-schimbari-climatice.jpg\" class=\"attachment-full size-full wp-post-image\" alt=\"\" style=\"width: 100%; height: 100%; object-fit: cover;\" srcset=\"https:\/\/muzeubuzau.ro\/wp-content\/uploads\/2022\/11\/Afis-schimbari-climatice.jpg 1131w, https:\/\/muzeubuzau.ro\/wp-content\/uploads\/2022\/11\/Afis-schimbari-climatice-212x300.jpg 212w, https:\/\/muzeubuzau.ro\/wp-content\/uploads\/2022\/11\/Afis-schimbari-climatice-724x1024.jpg 724w, https:\/\/muzeubuzau.ro\/wp-content\/uploads\/2022\/11\/Afis-schimbari-climatice-768x1086.jpg 768w, https:\/\/muzeubuzau.ro\/wp-content\/uploads\/2022\/11\/Afis-schimbari-climatice-1086x1536.jpg 1086w, https:\/\/muzeubuzau.ro\/wp-content\/uploads\/2022\/11\/Afis-schimbari-climatice-8x12.jpg 8w\" sizes=\"(max-width: 1131px) 100vw, 1131px\" \/>\n                                <\/div>\n                                                        <h2 class=\"astra-post-grid-title\">INVITATION: Climate change: between fake news and reality<\/h2>\n                        <\/a>\n                        <p class=\"astra-post-grid-excerpt\">INVITA\u021aIE &nbsp; Muzeul Jude\u021bean Buz\u0103u, institu\u021bie de cultur\u0103, art\u0103 \u0219i cercetare ce func\u021bioneaz\u0103 sub autoritatea Consiliului Jude\u021bean Buz\u0103u, \u00een parteneriat&hellip;<\/p>\n                    <\/div>\n                                    <div class=\"astra-post-grid-item\">\n                        <a href=\"http:\/\/muzeubuzau.ro\/en\/events\/milenii-tezaurizate-creatie-si-spiritualitate-editia-a-xx-a\/\" class=\"astra-post-grid-link\">\n                                                            <div class=\"astra-post-grid-thumbnail thumb\" style=\"width: 300px; height: 200px; overflow: hidden;\">\n                                    <img loading=\"lazy\" decoding=\"async\" width=\"1131\" height=\"1600\" src=\"https:\/\/muzeubuzau.ro\/wp-content\/uploads\/2022\/11\/Afis-Milenii-Tezaurizate.jpg\" class=\"attachment-full size-full wp-post-image\" alt=\"\" style=\"width: 100%; height: 100%; object-fit: cover;\" srcset=\"https:\/\/muzeubuzau.ro\/wp-content\/uploads\/2022\/11\/Afis-Milenii-Tezaurizate.jpg 1131w, https:\/\/muzeubuzau.ro\/wp-content\/uploads\/2022\/11\/Afis-Milenii-Tezaurizate-212x300.jpg 212w, https:\/\/muzeubuzau.ro\/wp-content\/uploads\/2022\/11\/Afis-Milenii-Tezaurizate-724x1024.jpg 724w, https:\/\/muzeubuzau.ro\/wp-content\/uploads\/2022\/11\/Afis-Milenii-Tezaurizate-768x1086.jpg 768w, https:\/\/muzeubuzau.ro\/wp-content\/uploads\/2022\/11\/Afis-Milenii-Tezaurizate-1086x1536.jpg 1086w, https:\/\/muzeubuzau.ro\/wp-content\/uploads\/2022\/11\/Afis-Milenii-Tezaurizate-8x12.jpg 8w\" sizes=\"(max-width: 1131px) 100vw, 1131px\" \/>\n                                <\/div>\n                                                        <h2 class=\"astra-post-grid-title\">Milenii tezaurizate. Crea\u021bie \u0219i spiritualitate &#8211; edi\u021bia a XX-a<\/h2>\n                        <\/a>\n                        <p class=\"astra-post-grid-excerpt\">Comunicat \u00a0 Muzeul Jude\u021bean Buz\u0103u, institu\u021bie de cultur\u0103 ce func\u021bioneaz\u0103 sub autoritatea Consiliului Jude\u021bean Buz\u0103u, cu sediul \u00een municipiul Buz\u0103u,&hellip;<\/p>\n                    <\/div>\n                                    <div class=\"astra-post-grid-item\">\n                        <a href=\"http:\/\/muzeubuzau.ro\/en\/events\/dezbaterea-holocaustul-intre-intelegerea-trecutului-si-comemorare\/\" class=\"astra-post-grid-link\">\n                                                            <div class=\"astra-post-grid-thumbnail thumb\" style=\"width: 300px; height: 200px; overflow: hidden;\">\n                                    <img loading=\"lazy\" decoding=\"async\" width=\"1220\" height=\"872\" src=\"https:\/\/muzeubuzau.ro\/wp-content\/uploads\/2022\/10\/222-10-10-AFIS-Holocaustul-WEB.jpg\" class=\"attachment-full size-full wp-post-image\" alt=\"\" style=\"width: 100%; height: 100%; object-fit: cover;\" srcset=\"https:\/\/muzeubuzau.ro\/wp-content\/uploads\/2022\/10\/222-10-10-AFIS-Holocaustul-WEB.jpg 1220w, https:\/\/muzeubuzau.ro\/wp-content\/uploads\/2022\/10\/222-10-10-AFIS-Holocaustul-WEB-300x214.jpg 300w, https:\/\/muzeubuzau.ro\/wp-content\/uploads\/2022\/10\/222-10-10-AFIS-Holocaustul-WEB-1024x732.jpg 1024w, https:\/\/muzeubuzau.ro\/wp-content\/uploads\/2022\/10\/222-10-10-AFIS-Holocaustul-WEB-768x549.jpg 768w, https:\/\/muzeubuzau.ro\/wp-content\/uploads\/2022\/10\/222-10-10-AFIS-Holocaustul-WEB-18x12.jpg 18w\" sizes=\"(max-width: 1220px) 100vw, 1220px\" \/>\n                                <\/div>\n                                                        <h2 class=\"astra-post-grid-title\">Dezbaterea \u201eHolocaustul &#8211; \u00eentre \u00een\u021belegerea trecutului \u0219i comemorare\u201d<\/h2>\n                        <\/a>\n                        <p class=\"astra-post-grid-excerpt\">Comunicat Dezbaterea \u201eHolocaustul &#8211; \u00eentre \u00een\u021belegerea trecutului \u0219i comemorare\u201d &nbsp; Muzeul Jude\u021bean Buz\u0103u, institu\u021bie de cultur\u0103, art\u0103 \u0219i cercetare, ce&hellip;<\/p>\n                    <\/div>\n                                    <div class=\"astra-post-grid-item\">\n                        <a href=\"http:\/\/muzeubuzau.ro\/en\/events\/ateliere-vocationale-5-25-octombrie-2022\/\" class=\"astra-post-grid-link\">\n                                                            <div class=\"astra-post-grid-thumbnail thumb\" style=\"width: 300px; height: 200px; overflow: hidden;\">\n                                    <img loading=\"lazy\" decoding=\"async\" width=\"1817\" height=\"2560\" src=\"https:\/\/muzeubuzau.ro\/wp-content\/uploads\/2022\/10\/2022-10-05-Workshop-Vocational-Drambu-PREVIEW-min-scaled-1.jpg\" class=\"attachment-full size-full wp-post-image\" alt=\"\" style=\"width: 100%; height: 100%; object-fit: cover;\" srcset=\"https:\/\/muzeubuzau.ro\/wp-content\/uploads\/2022\/10\/2022-10-05-Workshop-Vocational-Drambu-PREVIEW-min-scaled-1.jpg 1817w, https:\/\/muzeubuzau.ro\/wp-content\/uploads\/2022\/10\/2022-10-05-Workshop-Vocational-Drambu-PREVIEW-min-scaled-1-213x300.jpg 213w, https:\/\/muzeubuzau.ro\/wp-content\/uploads\/2022\/10\/2022-10-05-Workshop-Vocational-Drambu-PREVIEW-min-scaled-1-727x1024.jpg 727w, https:\/\/muzeubuzau.ro\/wp-content\/uploads\/2022\/10\/2022-10-05-Workshop-Vocational-Drambu-PREVIEW-min-scaled-1-768x1082.jpg 768w, https:\/\/muzeubuzau.ro\/wp-content\/uploads\/2022\/10\/2022-10-05-Workshop-Vocational-Drambu-PREVIEW-min-scaled-1-1090x1536.jpg 1090w, https:\/\/muzeubuzau.ro\/wp-content\/uploads\/2022\/10\/2022-10-05-Workshop-Vocational-Drambu-PREVIEW-min-scaled-1-1454x2048.jpg 1454w, https:\/\/muzeubuzau.ro\/wp-content\/uploads\/2022\/10\/2022-10-05-Workshop-Vocational-Drambu-PREVIEW-min-scaled-1-9x12.jpg 9w\" sizes=\"(max-width: 1817px) 100vw, 1817px\" \/>\n                                <\/div>\n                                                        <h2 class=\"astra-post-grid-title\">Vocational workshops, October 5-25, 2022<\/h2>\n                        <\/a>\n                        <p class=\"astra-post-grid-excerpt\">Ateliere voca\u021bionale, 5-25 octombrie 2022 &nbsp; Muzeul Jude\u021bean Buz\u0103u, institu\u021bie de cultur\u0103, cercetare \u0219i art\u0103, ce func\u021bioneaz\u0103 sub autoritatea Consiliului&hellip;<\/p>\n                    <\/div>\n                                    <div class=\"astra-post-grid-item\">\n                        <a href=\"http:\/\/muzeubuzau.ro\/en\/events\/noaptea-cercetatorilor-europeni-editia-2022\/\" class=\"astra-post-grid-link\">\n                                                            <div class=\"astra-post-grid-thumbnail thumb\" style=\"width: 300px; height: 200px; overflow: hidden;\">\n                                    <img loading=\"lazy\" decoding=\"async\" width=\"1829\" height=\"2560\" src=\"https:\/\/muzeubuzau.ro\/wp-content\/uploads\/2022\/09\/Afis-NCE-2022-Buzau-2022_page-0001-min-scaled-1.jpg\" class=\"attachment-full size-full wp-post-image\" alt=\"\" style=\"width: 100%; height: 100%; object-fit: cover;\" srcset=\"https:\/\/muzeubuzau.ro\/wp-content\/uploads\/2022\/09\/Afis-NCE-2022-Buzau-2022_page-0001-min-scaled-1.jpg 1829w, https:\/\/muzeubuzau.ro\/wp-content\/uploads\/2022\/09\/Afis-NCE-2022-Buzau-2022_page-0001-min-scaled-1-214x300.jpg 214w, https:\/\/muzeubuzau.ro\/wp-content\/uploads\/2022\/09\/Afis-NCE-2022-Buzau-2022_page-0001-min-scaled-1-732x1024.jpg 732w, https:\/\/muzeubuzau.ro\/wp-content\/uploads\/2022\/09\/Afis-NCE-2022-Buzau-2022_page-0001-min-scaled-1-768x1075.jpg 768w, https:\/\/muzeubuzau.ro\/wp-content\/uploads\/2022\/09\/Afis-NCE-2022-Buzau-2022_page-0001-min-scaled-1-1097x1536.jpg 1097w, https:\/\/muzeubuzau.ro\/wp-content\/uploads\/2022\/09\/Afis-NCE-2022-Buzau-2022_page-0001-min-scaled-1-1463x2048.jpg 1463w, https:\/\/muzeubuzau.ro\/wp-content\/uploads\/2022\/09\/Afis-NCE-2022-Buzau-2022_page-0001-min-scaled-1-9x12.jpg 9w\" sizes=\"(max-width: 1829px) 100vw, 1829px\" \/>\n                                <\/div>\n                                                        <h2 class=\"astra-post-grid-title\">Night of European researchers, 2022 edition<\/h2>\n                        <\/a>\n                        <p class=\"astra-post-grid-excerpt\">Noaptea Cercet\u0103torilor Europeni, edi\u021bia 2022 Muzeul Jude\u021bean Buz\u0103u, institu\u021bie de cultur\u0103, art\u0103 \u0219i cercetare, ce func\u021bioneaz\u0103 sub autoritatea Consiliului Jude\u021bean&hellip;<\/p>\n                    <\/div>\n                                    <div class=\"astra-post-grid-item\">\n                        <a href=\"http:\/\/muzeubuzau.ro\/en\/events\/zilei-satului-romanesc-editia-a-iii-a\/\" class=\"astra-post-grid-link\">\n                                                            <div class=\"astra-post-grid-thumbnail thumb\" style=\"width: 300px; height: 200px; overflow: hidden;\">\n                                    <img loading=\"lazy\" decoding=\"async\" width=\"1600\" height=\"1136\" src=\"https:\/\/muzeubuzau.ro\/wp-content\/uploads\/2022\/09\/Afis-Ziua-Satului-Romanesc.jpg\" class=\"attachment-full size-full wp-post-image\" alt=\"\" style=\"width: 100%; height: 100%; object-fit: cover;\" srcset=\"https:\/\/muzeubuzau.ro\/wp-content\/uploads\/2022\/09\/Afis-Ziua-Satului-Romanesc.jpg 1600w, https:\/\/muzeubuzau.ro\/wp-content\/uploads\/2022\/09\/Afis-Ziua-Satului-Romanesc-300x213.jpg 300w, https:\/\/muzeubuzau.ro\/wp-content\/uploads\/2022\/09\/Afis-Ziua-Satului-Romanesc-1024x727.jpg 1024w, https:\/\/muzeubuzau.ro\/wp-content\/uploads\/2022\/09\/Afis-Ziua-Satului-Romanesc-768x545.jpg 768w, https:\/\/muzeubuzau.ro\/wp-content\/uploads\/2022\/09\/Afis-Ziua-Satului-Romanesc-1536x1091.jpg 1536w, https:\/\/muzeubuzau.ro\/wp-content\/uploads\/2022\/09\/Afis-Ziua-Satului-Romanesc-18x12.jpg 18w\" sizes=\"(max-width: 1600px) 100vw, 1600px\" \/>\n                                <\/div>\n                                                        <h2 class=\"astra-post-grid-title\">Romanian Village Day - the 3rd edition<\/h2>\n                        <\/a>\n                        <p class=\"astra-post-grid-excerpt\">Comunicat de pres\u0103 \u00a0 Muzeul Jude\u021bean Buz\u0103u, institu\u021bie de cultur\u0103, art\u0103 \u0219i cercetare ce func\u021bioneaz\u0103 sub autoritatea Consiliului Jude\u021bean Buz\u0103u,&hellip;<\/p>\n                    <\/div>\n                                    <div class=\"astra-post-grid-item\">\n                        <a href=\"http:\/\/muzeubuzau.ro\/en\/events\/expozitia-fotodocumentara-jozef-pilsudski-om-de-stat-al-poloniei-si-al-europei\/\" class=\"astra-post-grid-link\">\n                                                            <div class=\"astra-post-grid-thumbnail thumb\" style=\"width: 300px; height: 200px; overflow: hidden;\">\n                                    <img loading=\"lazy\" decoding=\"async\" width=\"1000\" height=\"1414\" src=\"https:\/\/muzeubuzau.ro\/wp-content\/uploads\/2022\/08\/web-min.jpg\" class=\"attachment-full size-full wp-post-image\" alt=\"\" style=\"width: 100%; height: 100%; object-fit: cover;\" srcset=\"https:\/\/muzeubuzau.ro\/wp-content\/uploads\/2022\/08\/web-min.jpg 1000w, https:\/\/muzeubuzau.ro\/wp-content\/uploads\/2022\/08\/web-min-212x300.jpg 212w, https:\/\/muzeubuzau.ro\/wp-content\/uploads\/2022\/08\/web-min-724x1024.jpg 724w, https:\/\/muzeubuzau.ro\/wp-content\/uploads\/2022\/08\/web-min-768x1086.jpg 768w, https:\/\/muzeubuzau.ro\/wp-content\/uploads\/2022\/08\/web-min-8x12.jpg 8w\" sizes=\"(max-width: 1000px) 100vw, 1000px\" \/>\n                                <\/div>\n                                                        <h2 class=\"astra-post-grid-title\">Expozi\u021bia fotodocumentar\u0103 \u201eJ\u00f3zef Pi\u0142sudski &#8211; om de stat al Poloniei \u015fi al Europei\u201d<\/h2>\n                        <\/a>\n                        <p class=\"astra-post-grid-excerpt\">Comunicat de pres\u0103 Expozi\u021bia fotodocumentar\u0103 \u201eJ\u00f3zef Pi\u0142sudski &#8211; om de stat al Poloniei \u015fi al Europei\u201d &nbsp; Muzeul Jude\u021bean Buz\u0103u,&hellip;<\/p>\n                    <\/div>\n                                    <div class=\"astra-post-grid-item\">\n                        <a href=\"http:\/\/muzeubuzau.ro\/en\/events\/weekenduri-la-magura\/\" class=\"astra-post-grid-link\">\n                                                            <div class=\"astra-post-grid-thumbnail thumb\" style=\"width: 300px; height: 200px; overflow: hidden;\">\n                                    <img loading=\"lazy\" decoding=\"async\" width=\"1500\" height=\"1000\" src=\"https:\/\/muzeubuzau.ro\/wp-content\/uploads\/2022\/07\/AFIS-Weekenduri-la-Magura_WEB-min.jpg\" class=\"attachment-full size-full wp-post-image\" alt=\"\" style=\"width: 100%; height: 100%; object-fit: cover;\" srcset=\"https:\/\/muzeubuzau.ro\/wp-content\/uploads\/2022\/07\/AFIS-Weekenduri-la-Magura_WEB-min.jpg 1500w, https:\/\/muzeubuzau.ro\/wp-content\/uploads\/2022\/07\/AFIS-Weekenduri-la-Magura_WEB-min-300x200.jpg 300w, https:\/\/muzeubuzau.ro\/wp-content\/uploads\/2022\/07\/AFIS-Weekenduri-la-Magura_WEB-min-1024x683.jpg 1024w, https:\/\/muzeubuzau.ro\/wp-content\/uploads\/2022\/07\/AFIS-Weekenduri-la-Magura_WEB-min-768x512.jpg 768w, https:\/\/muzeubuzau.ro\/wp-content\/uploads\/2022\/07\/AFIS-Weekenduri-la-Magura_WEB-min-18x12.jpg 18w\" sizes=\"(max-width: 1500px) 100vw, 1500px\" \/>\n                                <\/div>\n                                                        <h2 class=\"astra-post-grid-title\">Weekends at M\u0103gura<\/h2>\n                        <\/a>\n                        <p class=\"astra-post-grid-excerpt\">Comunicat de pres\u0103 \u00a0 Weekenduri la M\u0103gura &nbsp; Muzeul Jude\u021bean Buz\u0103u, institu\u021bie de cultur\u0103, art\u0103 \u0219i cercetare ce func\u021bioneaz\u0103 sub&hellip;<\/p>\n                    <\/div>\n                                    <div class=\"astra-post-grid-item\">\n                        <a href=\"http:\/\/muzeubuzau.ro\/en\/events\/ludoteca-din-gradina\/\" class=\"astra-post-grid-link\">\n                                                            <div class=\"astra-post-grid-thumbnail thumb\" style=\"width: 300px; height: 200px; overflow: hidden;\">\n                                    <img loading=\"lazy\" decoding=\"async\" width=\"1754\" height=\"2480\" src=\"https:\/\/muzeubuzau.ro\/wp-content\/uploads\/2022\/07\/1-min.jpg\" class=\"attachment-full size-full wp-post-image\" alt=\"\" style=\"width: 100%; height: 100%; object-fit: cover;\" srcset=\"https:\/\/muzeubuzau.ro\/wp-content\/uploads\/2022\/07\/1-min.jpg 1754w, https:\/\/muzeubuzau.ro\/wp-content\/uploads\/2022\/07\/1-min-212x300.jpg 212w, https:\/\/muzeubuzau.ro\/wp-content\/uploads\/2022\/07\/1-min-724x1024.jpg 724w, https:\/\/muzeubuzau.ro\/wp-content\/uploads\/2022\/07\/1-min-768x1086.jpg 768w, https:\/\/muzeubuzau.ro\/wp-content\/uploads\/2022\/07\/1-min-1086x1536.jpg 1086w, https:\/\/muzeubuzau.ro\/wp-content\/uploads\/2022\/07\/1-min-1448x2048.jpg 1448w, https:\/\/muzeubuzau.ro\/wp-content\/uploads\/2022\/07\/1-min-8x12.jpg 8w\" sizes=\"(max-width: 1754px) 100vw, 1754px\" \/>\n                                <\/div>\n                                                        <h2 class=\"astra-post-grid-title\">Playhouse in the garden<\/h2>\n                        <\/a>\n                        <p class=\"astra-post-grid-excerpt\">Comunicat \u201eLudoteca din gr\u0103din\u0103&#8221; &nbsp; Muzeul Jude\u021bean Buz\u0103u, institu\u021bie de cultur\u0103, cercetare \u0219i art\u0103, ce func\u021bioneaz\u0103 sub autoritatea Consiliului Jude\u021bean&hellip;<\/p>\n                    <\/div>\n                                    <div class=\"astra-post-grid-item\">\n                        <a href=\"http:\/\/muzeubuzau.ro\/en\/events\/magura-sky\/\" class=\"astra-post-grid-link\">\n                                                            <div class=\"astra-post-grid-thumbnail thumb\" style=\"width: 300px; height: 200px; overflow: hidden;\">\n                                    <img loading=\"lazy\" decoding=\"async\" width=\"1600\" height=\"1067\" src=\"https:\/\/muzeubuzau.ro\/wp-content\/uploads\/2022\/06\/Afis-Magura-Sky.jpg\" class=\"attachment-full size-full wp-post-image\" alt=\"\" style=\"width: 100%; height: 100%; object-fit: cover;\" srcset=\"https:\/\/muzeubuzau.ro\/wp-content\/uploads\/2022\/06\/Afis-Magura-Sky.jpg 1600w, https:\/\/muzeubuzau.ro\/wp-content\/uploads\/2022\/06\/Afis-Magura-Sky-300x200.jpg 300w, https:\/\/muzeubuzau.ro\/wp-content\/uploads\/2022\/06\/Afis-Magura-Sky-1024x683.jpg 1024w, https:\/\/muzeubuzau.ro\/wp-content\/uploads\/2022\/06\/Afis-Magura-Sky-768x512.jpg 768w, https:\/\/muzeubuzau.ro\/wp-content\/uploads\/2022\/06\/Afis-Magura-Sky-1536x1024.jpg 1536w, https:\/\/muzeubuzau.ro\/wp-content\/uploads\/2022\/06\/Afis-Magura-Sky-18x12.jpg 18w\" sizes=\"(max-width: 1600px) 100vw, 1600px\" \/>\n                                <\/div>\n                                                        <h2 class=\"astra-post-grid-title\">M\u0103gura Sky<\/h2>\n                        <\/a>\n                        <p class=\"astra-post-grid-excerpt\">Comunicat M\u0103gura Sky \u2013 observa\u021bii astronomice la Muzeul \u00een aer liber Tab\u0103ra M\u0103gura &nbsp; Muzeul Jude\u021bean Buz\u0103u, institu\u021bie de cultur\u0103,&hellip;<\/p>\n                    <\/div>\n                                    <div class=\"astra-post-grid-item\">\n                        <a href=\"http:\/\/muzeubuzau.ro\/en\/events\/expozitia-temporara-copilaria-in-comunism\/\" class=\"astra-post-grid-link\">\n                                                            <div class=\"astra-post-grid-thumbnail thumb\" style=\"width: 300px; height: 200px; overflow: hidden;\">\n                                    <img loading=\"lazy\" decoding=\"async\" width=\"1136\" height=\"1600\" src=\"https:\/\/muzeubuzau.ro\/wp-content\/uploads\/2022\/06\/copilaria-in-comunism.jpg\" class=\"attachment-full size-full wp-post-image\" alt=\"\" style=\"width: 100%; height: 100%; object-fit: cover;\" srcset=\"https:\/\/muzeubuzau.ro\/wp-content\/uploads\/2022\/06\/copilaria-in-comunism.jpg 1136w, https:\/\/muzeubuzau.ro\/wp-content\/uploads\/2022\/06\/copilaria-in-comunism-213x300.jpg 213w, https:\/\/muzeubuzau.ro\/wp-content\/uploads\/2022\/06\/copilaria-in-comunism-727x1024.jpg 727w, https:\/\/muzeubuzau.ro\/wp-content\/uploads\/2022\/06\/copilaria-in-comunism-768x1082.jpg 768w, https:\/\/muzeubuzau.ro\/wp-content\/uploads\/2022\/06\/copilaria-in-comunism-1091x1536.jpg 1091w, https:\/\/muzeubuzau.ro\/wp-content\/uploads\/2022\/06\/copilaria-in-comunism-9x12.jpg 9w\" sizes=\"(max-width: 1136px) 100vw, 1136px\" \/>\n                                <\/div>\n                                                        <h2 class=\"astra-post-grid-title\">Temporary exhibition \"Childhood in Communism\"<\/h2>\n                        <\/a>\n                        <p class=\"astra-post-grid-excerpt\">Comunicat Expozi\u021bia temporar\u0103 \u201eCopil\u0103ria \u00een comunism\u201d &nbsp; &nbsp; Muzeul Jude\u021bean Buz\u0103u, institu\u021bie de cultur\u0103, cercetare \u0219i art\u0103, ce func\u021bioneaz\u0103 sub&hellip;<\/p>\n                    <\/div>\n                                    <div class=\"astra-post-grid-item\">\n                        <a href=\"http:\/\/muzeubuzau.ro\/en\/events\/atelier-de-eco-printing-si-de-vopsit-cu-plante-tinctoriale-2022\/\" class=\"astra-post-grid-link\">\n                                                            <div class=\"astra-post-grid-thumbnail thumb\" style=\"width: 300px; height: 200px; overflow: hidden;\">\n                                    <img loading=\"lazy\" decoding=\"async\" width=\"1818\" height=\"2560\" src=\"https:\/\/muzeubuzau.ro\/wp-content\/uploads\/2022\/06\/2022-06-23-ATELIER-Ecoprinting_AFIS-2-min-scaled-1.jpg\" class=\"attachment-full size-full wp-post-image\" alt=\"\" style=\"width: 100%; height: 100%; object-fit: cover;\" srcset=\"https:\/\/muzeubuzau.ro\/wp-content\/uploads\/2022\/06\/2022-06-23-ATELIER-Ecoprinting_AFIS-2-min-scaled-1.jpg 1818w, https:\/\/muzeubuzau.ro\/wp-content\/uploads\/2022\/06\/2022-06-23-ATELIER-Ecoprinting_AFIS-2-min-scaled-1-213x300.jpg 213w, https:\/\/muzeubuzau.ro\/wp-content\/uploads\/2022\/06\/2022-06-23-ATELIER-Ecoprinting_AFIS-2-min-scaled-1-727x1024.jpg 727w, https:\/\/muzeubuzau.ro\/wp-content\/uploads\/2022\/06\/2022-06-23-ATELIER-Ecoprinting_AFIS-2-min-scaled-1-768x1081.jpg 768w, https:\/\/muzeubuzau.ro\/wp-content\/uploads\/2022\/06\/2022-06-23-ATELIER-Ecoprinting_AFIS-2-min-scaled-1-1091x1536.jpg 1091w, https:\/\/muzeubuzau.ro\/wp-content\/uploads\/2022\/06\/2022-06-23-ATELIER-Ecoprinting_AFIS-2-min-scaled-1-1454x2048.jpg 1454w, https:\/\/muzeubuzau.ro\/wp-content\/uploads\/2022\/06\/2022-06-23-ATELIER-Ecoprinting_AFIS-2-min-scaled-1-9x12.jpg 9w\" sizes=\"(max-width: 1818px) 100vw, 1818px\" \/>\n                                <\/div>\n                                                        <h2 class=\"astra-post-grid-title\">Atelier de eco-printing \u0219i de vopsit cu plante tinctoriale &#8211; 2022<\/h2>\n                        <\/a>\n                        <p class=\"astra-post-grid-excerpt\">Comunicat \u201eZiua Universal\u0103 a Iei\u201d -Atelier de eco-printing \u0219i de vopsit cu plante tinctoriale-2022 &nbsp; Muzeul Jude\u021bean Buz\u0103u, institu\u021bie de&hellip;<\/p>\n                    <\/div>\n                                    <div class=\"astra-post-grid-item\">\n                        <a href=\"http:\/\/muzeubuzau.ro\/en\/events\/deschiderea-in-forma-modernizata-a-muzeului-in-aer-liber-tabara-magura\/\" class=\"astra-post-grid-link\">\n                                                            <div class=\"astra-post-grid-thumbnail thumb\" style=\"width: 300px; height: 200px; overflow: hidden;\">\n                                    <img loading=\"lazy\" decoding=\"async\" width=\"1600\" height=\"914\" src=\"https:\/\/muzeubuzau.ro\/wp-content\/uploads\/2022\/06\/Afis-Tabara-Magura.jpg\" class=\"attachment-full size-full wp-post-image\" alt=\"\" style=\"width: 100%; height: 100%; object-fit: cover;\" srcset=\"https:\/\/muzeubuzau.ro\/wp-content\/uploads\/2022\/06\/Afis-Tabara-Magura.jpg 1600w, https:\/\/muzeubuzau.ro\/wp-content\/uploads\/2022\/06\/Afis-Tabara-Magura-300x171.jpg 300w, https:\/\/muzeubuzau.ro\/wp-content\/uploads\/2022\/06\/Afis-Tabara-Magura-1024x585.jpg 1024w, https:\/\/muzeubuzau.ro\/wp-content\/uploads\/2022\/06\/Afis-Tabara-Magura-768x439.jpg 768w, https:\/\/muzeubuzau.ro\/wp-content\/uploads\/2022\/06\/Afis-Tabara-Magura-1536x877.jpg 1536w, https:\/\/muzeubuzau.ro\/wp-content\/uploads\/2022\/06\/Afis-Tabara-Magura-18x10.jpg 18w\" sizes=\"(max-width: 1600px) 100vw, 1600px\" \/>\n                                <\/div>\n                                                        <h2 class=\"astra-post-grid-title\">The opening in a modernized form of the open-air Museum \"M\u0103gura Camp\"<\/h2>\n                        <\/a>\n                        <p class=\"astra-post-grid-excerpt\">Comunicat de pres\u0103 &nbsp; Muzeul Jude\u021bean Buz\u0103u, institu\u021bie de cultur\u0103, art\u0103 \u0219i cercetare ce func\u021bioneaz\u0103 sub autoritatea Consiliului Jude\u021bean Buz\u0103u,&hellip;<\/p>\n                    <\/div>\n                                    <div class=\"astra-post-grid-item\">\n                        <a href=\"http:\/\/muzeubuzau.ro\/en\/events\/expozitie-de-fotografie-tinutul-buzaului-geoparc-unesco-la-bruxelles\/\" class=\"astra-post-grid-link\">\n                                                            <div class=\"astra-post-grid-thumbnail thumb\" style=\"width: 300px; height: 200px; overflow: hidden;\">\n                                    <img loading=\"lazy\" decoding=\"async\" width=\"1131\" height=\"1600\" src=\"https:\/\/muzeubuzau.ro\/wp-content\/uploads\/2022\/06\/Afis-bun-expo-foto.jpg\" class=\"attachment-full size-full wp-post-image\" alt=\"\" style=\"width: 100%; height: 100%; object-fit: cover;\" srcset=\"https:\/\/muzeubuzau.ro\/wp-content\/uploads\/2022\/06\/Afis-bun-expo-foto.jpg 1131w, https:\/\/muzeubuzau.ro\/wp-content\/uploads\/2022\/06\/Afis-bun-expo-foto-212x300.jpg 212w, https:\/\/muzeubuzau.ro\/wp-content\/uploads\/2022\/06\/Afis-bun-expo-foto-724x1024.jpg 724w, https:\/\/muzeubuzau.ro\/wp-content\/uploads\/2022\/06\/Afis-bun-expo-foto-768x1086.jpg 768w, https:\/\/muzeubuzau.ro\/wp-content\/uploads\/2022\/06\/Afis-bun-expo-foto-1086x1536.jpg 1086w, https:\/\/muzeubuzau.ro\/wp-content\/uploads\/2022\/06\/Afis-bun-expo-foto-8x12.jpg 8w\" sizes=\"(max-width: 1131px) 100vw, 1131px\" \/>\n                                <\/div>\n                                                        <h2 class=\"astra-post-grid-title\">Photo exhibition \"THE LAND OF THE LIPS - UNESCO GEOPARC\", in Brussels<\/h2>\n                        <\/a>\n                        <p class=\"astra-post-grid-excerpt\">Expozi\u021bie de fotografie \u201e\u021aINUTUL BUZ\u0102ULUI \u2013 GEOPARC UNESCO\u201d,\u00a0la Bruxelles &nbsp; Institutul Cultural Rom\u00e2n de la Bruxelles \u0219i Ambasada Rom\u00e2niei \u00een&hellip;<\/p>\n                    <\/div>\n                                    <div class=\"astra-post-grid-item\">\n                        <a href=\"http:\/\/muzeubuzau.ro\/en\/events\/atelier-de-cusut-motive-traditionale-2\/\" class=\"astra-post-grid-link\">\n                                                            <div class=\"astra-post-grid-thumbnail thumb\" style=\"width: 300px; height: 200px; overflow: hidden;\">\n                                    <img loading=\"lazy\" decoding=\"async\" width=\"1817\" height=\"2560\" src=\"https:\/\/muzeubuzau.ro\/wp-content\/uploads\/2022\/05\/2022-06-02-Atelier-cusut-Raluca-Brasoveanu_AFIS-min-scaled-1.jpg\" class=\"attachment-full size-full wp-post-image\" alt=\"\" style=\"width: 100%; height: 100%; object-fit: cover;\" srcset=\"https:\/\/muzeubuzau.ro\/wp-content\/uploads\/2022\/05\/2022-06-02-Atelier-cusut-Raluca-Brasoveanu_AFIS-min-scaled-1.jpg 1817w, https:\/\/muzeubuzau.ro\/wp-content\/uploads\/2022\/05\/2022-06-02-Atelier-cusut-Raluca-Brasoveanu_AFIS-min-scaled-1-213x300.jpg 213w, https:\/\/muzeubuzau.ro\/wp-content\/uploads\/2022\/05\/2022-06-02-Atelier-cusut-Raluca-Brasoveanu_AFIS-min-scaled-1-727x1024.jpg 727w, https:\/\/muzeubuzau.ro\/wp-content\/uploads\/2022\/05\/2022-06-02-Atelier-cusut-Raluca-Brasoveanu_AFIS-min-scaled-1-768x1082.jpg 768w, https:\/\/muzeubuzau.ro\/wp-content\/uploads\/2022\/05\/2022-06-02-Atelier-cusut-Raluca-Brasoveanu_AFIS-min-scaled-1-1090x1536.jpg 1090w, https:\/\/muzeubuzau.ro\/wp-content\/uploads\/2022\/05\/2022-06-02-Atelier-cusut-Raluca-Brasoveanu_AFIS-min-scaled-1-1454x2048.jpg 1454w, https:\/\/muzeubuzau.ro\/wp-content\/uploads\/2022\/05\/2022-06-02-Atelier-cusut-Raluca-Brasoveanu_AFIS-min-scaled-1-9x12.jpg 9w\" sizes=\"(max-width: 1817px) 100vw, 1817px\" \/>\n                                <\/div>\n                                                        <h2 class=\"astra-post-grid-title\">Traditional motif sewing workshop<\/h2>\n                        <\/a>\n                        <p class=\"astra-post-grid-excerpt\">Comunicat Atelier de cusut motive tradi\u021bionale Muzeul Jude\u021bean Buz\u0103u, institu\u021bie de cultur\u0103, cercetare \u0219i art\u0103, ce func\u021bioneaz\u0103 sub autoritatea Consiliului&hellip;<\/p>\n                    <\/div>\n                                    <div class=\"astra-post-grid-item\">\n                        <a href=\"http:\/\/muzeubuzau.ro\/en\/events\/chihlimbar-baltic-provenit-din-contrabanda-indisponibilizat-de-diicot-valorificat-de-anabi-expus-la-muzeu\/\" class=\"astra-post-grid-link\">\n                                                            <div class=\"astra-post-grid-thumbnail thumb\" style=\"width: 300px; height: 200px; overflow: hidden;\">\n                                    <img loading=\"lazy\" decoding=\"async\" width=\"1817\" height=\"2560\" src=\"https:\/\/muzeubuzau.ro\/wp-content\/uploads\/2022\/05\/AFIS-FLYER-Noaptea-Muzeelor-22_AFIS-CHIHLIMBAR-min-scaled-1.jpg\" class=\"attachment-full size-full wp-post-image\" alt=\"\" style=\"width: 100%; height: 100%; object-fit: cover;\" srcset=\"https:\/\/muzeubuzau.ro\/wp-content\/uploads\/2022\/05\/AFIS-FLYER-Noaptea-Muzeelor-22_AFIS-CHIHLIMBAR-min-scaled-1.jpg 1817w, https:\/\/muzeubuzau.ro\/wp-content\/uploads\/2022\/05\/AFIS-FLYER-Noaptea-Muzeelor-22_AFIS-CHIHLIMBAR-min-scaled-1-213x300.jpg 213w, https:\/\/muzeubuzau.ro\/wp-content\/uploads\/2022\/05\/AFIS-FLYER-Noaptea-Muzeelor-22_AFIS-CHIHLIMBAR-min-scaled-1-727x1024.jpg 727w, https:\/\/muzeubuzau.ro\/wp-content\/uploads\/2022\/05\/AFIS-FLYER-Noaptea-Muzeelor-22_AFIS-CHIHLIMBAR-min-scaled-1-768x1082.jpg 768w, https:\/\/muzeubuzau.ro\/wp-content\/uploads\/2022\/05\/AFIS-FLYER-Noaptea-Muzeelor-22_AFIS-CHIHLIMBAR-min-scaled-1-1090x1536.jpg 1090w, https:\/\/muzeubuzau.ro\/wp-content\/uploads\/2022\/05\/AFIS-FLYER-Noaptea-Muzeelor-22_AFIS-CHIHLIMBAR-min-scaled-1-1454x2048.jpg 1454w, https:\/\/muzeubuzau.ro\/wp-content\/uploads\/2022\/05\/AFIS-FLYER-Noaptea-Muzeelor-22_AFIS-CHIHLIMBAR-min-scaled-1-9x12.jpg 9w\" sizes=\"(max-width: 1817px) 100vw, 1817px\" \/>\n                                <\/div>\n                                                        <h2 class=\"astra-post-grid-title\">\"Baltic amber, smuggled, made unavailable by DIICOT, recovered by ANABI, exhibited at the museum\"<\/h2>\n                        <\/a>\n                        <p class=\"astra-post-grid-excerpt\">\u00a0 \u00a0 Comunicat \u00a0 Noaptea European\u0103 a Muzeelor &#8211; edi\u021bia 2022 \u201dChihlimbar baltic, provenit din contraband\u0103, indisponibilizat de DIICOT, valorificat&hellip;<\/p>\n                    <\/div>\n                                    <div class=\"astra-post-grid-item\">\n                        <a href=\"http:\/\/muzeubuzau.ro\/en\/events\/expozitia-praise-to-the-black\/\" class=\"astra-post-grid-link\">\n                                                            <div class=\"astra-post-grid-thumbnail thumb\" style=\"width: 300px; height: 200px; overflow: hidden;\">\n                                    <img loading=\"lazy\" decoding=\"async\" width=\"1818\" height=\"2560\" src=\"https:\/\/muzeubuzau.ro\/wp-content\/uploads\/2022\/05\/AFIS-Mice_RO-min-scaled-1.jpg\" class=\"attachment-full size-full wp-post-image\" alt=\"\" style=\"width: 100%; height: 100%; object-fit: cover;\" srcset=\"https:\/\/muzeubuzau.ro\/wp-content\/uploads\/2022\/05\/AFIS-Mice_RO-min-scaled-1.jpg 1818w, https:\/\/muzeubuzau.ro\/wp-content\/uploads\/2022\/05\/AFIS-Mice_RO-min-scaled-1-213x300.jpg 213w, https:\/\/muzeubuzau.ro\/wp-content\/uploads\/2022\/05\/AFIS-Mice_RO-min-scaled-1-727x1024.jpg 727w, https:\/\/muzeubuzau.ro\/wp-content\/uploads\/2022\/05\/AFIS-Mice_RO-min-scaled-1-768x1081.jpg 768w, https:\/\/muzeubuzau.ro\/wp-content\/uploads\/2022\/05\/AFIS-Mice_RO-min-scaled-1-1091x1536.jpg 1091w, https:\/\/muzeubuzau.ro\/wp-content\/uploads\/2022\/05\/AFIS-Mice_RO-min-scaled-1-1454x2048.jpg 1454w, https:\/\/muzeubuzau.ro\/wp-content\/uploads\/2022\/05\/AFIS-Mice_RO-min-scaled-1-9x12.jpg 9w\" sizes=\"(max-width: 1818px) 100vw, 1818px\" \/>\n                                <\/div>\n                                                        <h2 class=\"astra-post-grid-title\">\"Praise to the Black\" Exhibition<\/h2>\n                        <\/a>\n                        <p class=\"astra-post-grid-excerpt\">Comunicat Noaptea European\u0103 a Muzeelor &#8211; edi\u021bia 2022 Expozi\u021bia \u201ePraise to the Black\u201d &nbsp; &nbsp; Muzeul Jude\u021bean Buz\u0103u, institu\u021bie de&hellip;<\/p>\n                    <\/div>\n                                    <div class=\"astra-post-grid-item\">\n                        <a href=\"http:\/\/muzeubuzau.ro\/en\/events\/expozitia-de-fotografie-israel-file-din-natura\/\" class=\"astra-post-grid-link\">\n                                                            <div class=\"astra-post-grid-thumbnail thumb\" style=\"width: 300px; height: 200px; overflow: hidden;\">\n                                    <img loading=\"lazy\" decoding=\"async\" width=\"1080\" height=\"1526\" src=\"https:\/\/muzeubuzau.ro\/wp-content\/uploads\/2022\/05\/Israel-bun.jpg\" class=\"attachment-full size-full wp-post-image\" alt=\"\" style=\"width: 100%; height: 100%; object-fit: cover;\" srcset=\"https:\/\/muzeubuzau.ro\/wp-content\/uploads\/2022\/05\/Israel-bun.jpg 1080w, https:\/\/muzeubuzau.ro\/wp-content\/uploads\/2022\/05\/Israel-bun-212x300.jpg 212w, https:\/\/muzeubuzau.ro\/wp-content\/uploads\/2022\/05\/Israel-bun-725x1024.jpg 725w, https:\/\/muzeubuzau.ro\/wp-content\/uploads\/2022\/05\/Israel-bun-768x1085.jpg 768w, https:\/\/muzeubuzau.ro\/wp-content\/uploads\/2022\/05\/Israel-bun-8x12.jpg 8w\" sizes=\"(max-width: 1080px) 100vw, 1080px\" \/>\n                                <\/div>\n                                                        <h2 class=\"astra-post-grid-title\">Photo exhibition \"Israel - files from nature\"<\/h2>\n                        <\/a>\n                        <p class=\"astra-post-grid-excerpt\">Comunicat \u00a0Noaptea European\u0103 a Muzeelor &#8211; edi\u021bia 2022 Expozi\u021bia de fotografie \u201eIsrael \u2013 file din natur\u0103\u201d &nbsp; &nbsp; Muzeul Jude\u021bean&hellip;<\/p>\n                    <\/div>\n                                    <div class=\"astra-post-grid-item\">\n                        <a href=\"http:\/\/muzeubuzau.ro\/en\/events\/expozitia-instantanee-de-pe-pink-planet\/\" class=\"astra-post-grid-link\">\n                                                            <div class=\"astra-post-grid-thumbnail thumb\" style=\"width: 300px; height: 200px; overflow: hidden;\">\n                                    <img loading=\"lazy\" decoding=\"async\" width=\"1818\" height=\"2560\" src=\"https:\/\/muzeubuzau.ro\/wp-content\/uploads\/2022\/05\/AFIS-Pink-planet-Vladimir-Paun_RO-min-scaled-1.jpg\" class=\"attachment-full size-full wp-post-image\" alt=\"\" style=\"width: 100%; height: 100%; object-fit: cover;\" srcset=\"https:\/\/muzeubuzau.ro\/wp-content\/uploads\/2022\/05\/AFIS-Pink-planet-Vladimir-Paun_RO-min-scaled-1.jpg 1818w, https:\/\/muzeubuzau.ro\/wp-content\/uploads\/2022\/05\/AFIS-Pink-planet-Vladimir-Paun_RO-min-scaled-1-213x300.jpg 213w, https:\/\/muzeubuzau.ro\/wp-content\/uploads\/2022\/05\/AFIS-Pink-planet-Vladimir-Paun_RO-min-scaled-1-727x1024.jpg 727w, https:\/\/muzeubuzau.ro\/wp-content\/uploads\/2022\/05\/AFIS-Pink-planet-Vladimir-Paun_RO-min-scaled-1-768x1081.jpg 768w, https:\/\/muzeubuzau.ro\/wp-content\/uploads\/2022\/05\/AFIS-Pink-planet-Vladimir-Paun_RO-min-scaled-1-1091x1536.jpg 1091w, https:\/\/muzeubuzau.ro\/wp-content\/uploads\/2022\/05\/AFIS-Pink-planet-Vladimir-Paun_RO-min-scaled-1-1454x2048.jpg 1454w, https:\/\/muzeubuzau.ro\/wp-content\/uploads\/2022\/05\/AFIS-Pink-planet-Vladimir-Paun_RO-min-scaled-1-9x12.jpg 9w\" sizes=\"(max-width: 1818px) 100vw, 1818px\" \/>\n                                <\/div>\n                                                        <h2 class=\"astra-post-grid-title\">\"Snapshots from the Pink Planet\" exhibition<\/h2>\n                        <\/a>\n                        <p class=\"astra-post-grid-excerpt\">Comunicat \u00a0 Noaptea European\u0103 a Muzeelor &#8211; edi\u021bia 2022 Expozi\u021bia \u201dInstantanee de pe Pink Planet\u201d &nbsp; &nbsp; Muzeul Jude\u021bean Buz\u0103u,&hellip;<\/p>\n                    <\/div>\n                                    <div class=\"astra-post-grid-item\">\n                        <a href=\"http:\/\/muzeubuzau.ro\/en\/events\/noaptea-europeana-a-muzeelor-editia-2022\/\" class=\"astra-post-grid-link\">\n                                                            <div class=\"astra-post-grid-thumbnail thumb\" style=\"width: 300px; height: 200px; overflow: hidden;\">\n                                    <img loading=\"lazy\" decoding=\"async\" width=\"1136\" height=\"1600\" src=\"https:\/\/muzeubuzau.ro\/wp-content\/uploads\/2022\/04\/1f4a0aeb-1389-4fb2-8097-c4bfc6234c47.jpg\" class=\"attachment-full size-full wp-post-image\" alt=\"\" style=\"width: 100%; height: 100%; object-fit: cover;\" srcset=\"https:\/\/muzeubuzau.ro\/wp-content\/uploads\/2022\/04\/1f4a0aeb-1389-4fb2-8097-c4bfc6234c47.jpg 1136w, https:\/\/muzeubuzau.ro\/wp-content\/uploads\/2022\/04\/1f4a0aeb-1389-4fb2-8097-c4bfc6234c47-213x300.jpg 213w, https:\/\/muzeubuzau.ro\/wp-content\/uploads\/2022\/04\/1f4a0aeb-1389-4fb2-8097-c4bfc6234c47-727x1024.jpg 727w, https:\/\/muzeubuzau.ro\/wp-content\/uploads\/2022\/04\/1f4a0aeb-1389-4fb2-8097-c4bfc6234c47-768x1082.jpg 768w, https:\/\/muzeubuzau.ro\/wp-content\/uploads\/2022\/04\/1f4a0aeb-1389-4fb2-8097-c4bfc6234c47-1091x1536.jpg 1091w, https:\/\/muzeubuzau.ro\/wp-content\/uploads\/2022\/04\/1f4a0aeb-1389-4fb2-8097-c4bfc6234c47-9x12.jpg 9w\" sizes=\"(max-width: 1136px) 100vw, 1136px\" \/>\n                                <\/div>\n                                                        <h2 class=\"astra-post-grid-title\">Noaptea European\u0103 a Muzeelor &#8211; edi\u021bia 2022<\/h2>\n                        <\/a>\n                        <p class=\"astra-post-grid-excerpt\">Comunicat de pres\u0103 Noaptea European\u0103 a Muzeelor &#8211; edi\u021bia 2022 \u00a0 \u00a0 \u00a0 \u00a0 \u00a0 \u00a0 \u00a0 \u00a0 \u00a0 \u00a0&hellip;<\/p>\n                    <\/div>\n                                    <div class=\"astra-post-grid-item\">\n                        <a href=\"http:\/\/muzeubuzau.ro\/en\/events\/ateliere-de-incondeiat-oua-2022\/\" class=\"astra-post-grid-link\">\n                                                            <div class=\"astra-post-grid-thumbnail thumb\" style=\"width: 300px; height: 200px; overflow: hidden;\">\n                                    <img loading=\"lazy\" decoding=\"async\" width=\"2560\" height=\"1929\" src=\"https:\/\/muzeubuzau.ro\/wp-content\/uploads\/2022\/04\/AFIS-Incondeiat-oua-copy_WEB-min-scaled-1.jpg\" class=\"attachment-full size-full wp-post-image\" alt=\"\" style=\"width: 100%; height: 100%; object-fit: cover;\" srcset=\"https:\/\/muzeubuzau.ro\/wp-content\/uploads\/2022\/04\/AFIS-Incondeiat-oua-copy_WEB-min-scaled-1.jpg 2560w, https:\/\/muzeubuzau.ro\/wp-content\/uploads\/2022\/04\/AFIS-Incondeiat-oua-copy_WEB-min-scaled-1-300x226.jpg 300w, https:\/\/muzeubuzau.ro\/wp-content\/uploads\/2022\/04\/AFIS-Incondeiat-oua-copy_WEB-min-scaled-1-1024x772.jpg 1024w, https:\/\/muzeubuzau.ro\/wp-content\/uploads\/2022\/04\/AFIS-Incondeiat-oua-copy_WEB-min-scaled-1-768x579.jpg 768w, https:\/\/muzeubuzau.ro\/wp-content\/uploads\/2022\/04\/AFIS-Incondeiat-oua-copy_WEB-min-scaled-1-1536x1157.jpg 1536w, https:\/\/muzeubuzau.ro\/wp-content\/uploads\/2022\/04\/AFIS-Incondeiat-oua-copy_WEB-min-scaled-1-2048x1543.jpg 2048w, https:\/\/muzeubuzau.ro\/wp-content\/uploads\/2022\/04\/AFIS-Incondeiat-oua-copy_WEB-min-scaled-1-16x12.jpg 16w\" sizes=\"(max-width: 2560px) 100vw, 2560px\" \/>\n                                <\/div>\n                                                        <h2 class=\"astra-post-grid-title\">Painting workshops eggs 2022<\/h2>\n                        <\/a>\n                        <p class=\"astra-post-grid-excerpt\">Ateliere de \u00eencondeiat ou\u0103 2022 Muzeul Jude\u021bean Buz\u0103u v\u0103 invit\u0103 s\u0103 participa\u021bi, s\u00e2mb\u0103t\u0103, 16 aprilie 2022, la un atelier pentru&hellip;<\/p>\n                    <\/div>\n                                    <div class=\"astra-post-grid-item\">\n                        <a href=\"http:\/\/muzeubuzau.ro\/en\/events\/trofeul-dumitru-dan-2\/\" class=\"astra-post-grid-link\">\n                                                            <div class=\"astra-post-grid-thumbnail thumb\" style=\"width: 300px; height: 200px; overflow: hidden;\">\n                                    <img loading=\"lazy\" decoding=\"async\" width=\"1192\" height=\"843\" src=\"https:\/\/muzeubuzau.ro\/wp-content\/uploads\/2022\/03\/afis-trofeul-dumitru-dan.jpeg\" class=\"attachment-full size-full wp-post-image\" alt=\"\" style=\"width: 100%; height: 100%; object-fit: cover;\" srcset=\"https:\/\/muzeubuzau.ro\/wp-content\/uploads\/2022\/03\/afis-trofeul-dumitru-dan.jpeg 1192w, https:\/\/muzeubuzau.ro\/wp-content\/uploads\/2022\/03\/afis-trofeul-dumitru-dan-300x212.jpeg 300w, https:\/\/muzeubuzau.ro\/wp-content\/uploads\/2022\/03\/afis-trofeul-dumitru-dan-1024x724.jpeg 1024w, https:\/\/muzeubuzau.ro\/wp-content\/uploads\/2022\/03\/afis-trofeul-dumitru-dan-768x543.jpeg 768w, https:\/\/muzeubuzau.ro\/wp-content\/uploads\/2022\/03\/afis-trofeul-dumitru-dan-18x12.jpeg 18w\" sizes=\"(max-width: 1192px) 100vw, 1192px\" \/>\n                                <\/div>\n                                                        <h2 class=\"astra-post-grid-title\">Dumitru Dan Trophy<\/h2>\n                        <\/a>\n                        <p class=\"astra-post-grid-excerpt\">Muzeul Jude\u021bean Buz\u0103u, institu\u021bie de cultur\u0103 \u0219i cercetare ce func\u021bioneaz\u0103 sub autoritatea Consiliului Jude\u021bean Buz\u0103u, cu sediul \u00een mun. Buz\u0103u,&hellip;<\/p>\n                    <\/div>\n                                    <div class=\"astra-post-grid-item\">\n                        <a href=\"http:\/\/muzeubuzau.ro\/en\/events\/panteon3d-zeitati-romane-feminine\/\" class=\"astra-post-grid-link\">\n                                                            <div class=\"astra-post-grid-thumbnail thumb\" style=\"width: 300px; height: 200px; overflow: hidden;\">\n                                    <img loading=\"lazy\" decoding=\"async\" width=\"888\" height=\"1172\" src=\"https:\/\/muzeubuzau.ro\/wp-content\/uploads\/2022\/03\/Afis-Expo-Zeitati-feminine-romane-min.jpg\" class=\"attachment-full size-full wp-post-image\" alt=\"\" style=\"width: 100%; height: 100%; object-fit: cover;\" srcset=\"https:\/\/muzeubuzau.ro\/wp-content\/uploads\/2022\/03\/Afis-Expo-Zeitati-feminine-romane-min.jpg 888w, https:\/\/muzeubuzau.ro\/wp-content\/uploads\/2022\/03\/Afis-Expo-Zeitati-feminine-romane-min-227x300.jpg 227w, https:\/\/muzeubuzau.ro\/wp-content\/uploads\/2022\/03\/Afis-Expo-Zeitati-feminine-romane-min-776x1024.jpg 776w, https:\/\/muzeubuzau.ro\/wp-content\/uploads\/2022\/03\/Afis-Expo-Zeitati-feminine-romane-min-768x1014.jpg 768w, https:\/\/muzeubuzau.ro\/wp-content\/uploads\/2022\/03\/Afis-Expo-Zeitati-feminine-romane-min-9x12.jpg 9w\" sizes=\"(max-width: 888px) 100vw, 888px\" \/>\n                                <\/div>\n                                                        <h2 class=\"astra-post-grid-title\">Panteon3D. Roman feminine \"Deity<\/h2>\n                        <\/a>\n                        <p class=\"astra-post-grid-excerpt\">Comunicat de pres\u0103 Expozi\u021bia temporar\u0103 &#8222;Panteon3D. Zeit\u0103\u021bi romane feminine&#8221; &nbsp; Muzeul Jude\u021bean Buz\u0103u, institu\u021bie de cultur\u0103 \u0219i cercetare ce func\u021bioneaz\u0103&hellip;<\/p>\n                    <\/div>\n                                    <div class=\"astra-post-grid-item\">\n                        <a href=\"http:\/\/muzeubuzau.ro\/en\/events\/katsushika-hokusai-and-his-circle-masterpieces-of-japanese-surimono-hidden-beauty\/\" class=\"astra-post-grid-link\">\n                                                            <div class=\"astra-post-grid-thumbnail thumb\" style=\"width: 300px; height: 200px; overflow: hidden;\">\n                                    <img loading=\"lazy\" decoding=\"async\" width=\"1136\" height=\"1600\" src=\"https:\/\/muzeubuzau.ro\/wp-content\/uploads\/2022\/03\/Afis-Surimono-web.jpg\" class=\"attachment-full size-full wp-post-image\" alt=\"\" style=\"width: 100%; height: 100%; object-fit: cover;\" srcset=\"https:\/\/muzeubuzau.ro\/wp-content\/uploads\/2022\/03\/Afis-Surimono-web.jpg 1136w, https:\/\/muzeubuzau.ro\/wp-content\/uploads\/2022\/03\/Afis-Surimono-web-213x300.jpg 213w, https:\/\/muzeubuzau.ro\/wp-content\/uploads\/2022\/03\/Afis-Surimono-web-727x1024.jpg 727w, https:\/\/muzeubuzau.ro\/wp-content\/uploads\/2022\/03\/Afis-Surimono-web-768x1082.jpg 768w, https:\/\/muzeubuzau.ro\/wp-content\/uploads\/2022\/03\/Afis-Surimono-web-1091x1536.jpg 1091w, https:\/\/muzeubuzau.ro\/wp-content\/uploads\/2022\/03\/Afis-Surimono-web-9x12.jpg 9w\" sizes=\"(max-width: 1136px) 100vw, 1136px\" \/>\n                                <\/div>\n                                                        <h2 class=\"astra-post-grid-title\">Katsushika Hokusai and His circle. Masterpieces of Japanese Surimono \u2013 Hidden Beauty<\/h2>\n                        <\/a>\n                        <p class=\"astra-post-grid-excerpt\">Comunicat de pres\u0103 Expozi\u021bia cu lucr\u0103ri de art\u0103 japoneze Surimono \u201eKatsushika Hokusai and his circle. Masterpieces of Japanese Surimono \u2013&hellip;<\/p>\n                    <\/div>\n                                    <div class=\"astra-post-grid-item\">\n                        <a href=\"http:\/\/muzeubuzau.ro\/en\/events\/femei-poloneze-si-romance-care-au-schimbat-lumea\/\" class=\"astra-post-grid-link\">\n                                                            <div class=\"astra-post-grid-thumbnail thumb\" style=\"width: 300px; height: 200px; overflow: hidden;\">\n                                    <img loading=\"lazy\" decoding=\"async\" width=\"1135\" height=\"1600\" src=\"https:\/\/muzeubuzau.ro\/wp-content\/uploads\/2022\/03\/Afis-Femei-poloneze-si.jpg\" class=\"attachment-full size-full wp-post-image\" alt=\"\" style=\"width: 100%; height: 100%; object-fit: cover;\" srcset=\"https:\/\/muzeubuzau.ro\/wp-content\/uploads\/2022\/03\/Afis-Femei-poloneze-si.jpg 1135w, https:\/\/muzeubuzau.ro\/wp-content\/uploads\/2022\/03\/Afis-Femei-poloneze-si-213x300.jpg 213w, https:\/\/muzeubuzau.ro\/wp-content\/uploads\/2022\/03\/Afis-Femei-poloneze-si-726x1024.jpg 726w, https:\/\/muzeubuzau.ro\/wp-content\/uploads\/2022\/03\/Afis-Femei-poloneze-si-768x1083.jpg 768w, https:\/\/muzeubuzau.ro\/wp-content\/uploads\/2022\/03\/Afis-Femei-poloneze-si-1090x1536.jpg 1090w, https:\/\/muzeubuzau.ro\/wp-content\/uploads\/2022\/03\/Afis-Femei-poloneze-si-9x12.jpg 9w\" sizes=\"(max-width: 1135px) 100vw, 1135px\" \/>\n                                <\/div>\n                                                        <h2 class=\"astra-post-grid-title\">Polish and Romanian women who changed the world<\/h2>\n                        <\/a>\n                        <p class=\"astra-post-grid-excerpt\">Comunicat de pres\u0103 Expozi\u021bia temporar\u0103 \u201eFemei poloneze \u0219i rom\u00e2nce care au schimbat lumea\u201d &nbsp; Muzeul Jude\u021bean Buz\u0103u, institu\u021bie de cultur\u0103&hellip;<\/p>\n                    <\/div>\n                                    <div class=\"astra-post-grid-item\">\n                        <a href=\"http:\/\/muzeubuzau.ro\/en\/events\/zilele-femeii-la-muzeul-judetean-buzau-editia-a-vi-a\/\" class=\"astra-post-grid-link\">\n                                                            <div class=\"astra-post-grid-thumbnail thumb\" style=\"width: 300px; height: 200px; overflow: hidden;\">\n                                    <img loading=\"lazy\" decoding=\"async\" width=\"1550\" height=\"1600\" src=\"https:\/\/muzeubuzau.ro\/wp-content\/uploads\/2022\/03\/Afis-web-Zilele-Femeii-la-MJB.jpg\" class=\"attachment-full size-full wp-post-image\" alt=\"\" style=\"width: 100%; height: 100%; object-fit: cover;\" srcset=\"https:\/\/muzeubuzau.ro\/wp-content\/uploads\/2022\/03\/Afis-web-Zilele-Femeii-la-MJB.jpg 1550w, https:\/\/muzeubuzau.ro\/wp-content\/uploads\/2022\/03\/Afis-web-Zilele-Femeii-la-MJB-291x300.jpg 291w, https:\/\/muzeubuzau.ro\/wp-content\/uploads\/2022\/03\/Afis-web-Zilele-Femeii-la-MJB-992x1024.jpg 992w, https:\/\/muzeubuzau.ro\/wp-content\/uploads\/2022\/03\/Afis-web-Zilele-Femeii-la-MJB-768x793.jpg 768w, https:\/\/muzeubuzau.ro\/wp-content\/uploads\/2022\/03\/Afis-web-Zilele-Femeii-la-MJB-1488x1536.jpg 1488w, https:\/\/muzeubuzau.ro\/wp-content\/uploads\/2022\/03\/Afis-web-Zilele-Femeii-la-MJB-12x12.jpg 12w\" sizes=\"(max-width: 1550px) 100vw, 1550px\" \/>\n                                <\/div>\n                                                        <h2 class=\"astra-post-grid-title\">Women's Days at Buz\u0103u County Museum, 6th edition<\/h2>\n                        <\/a>\n                        <p class=\"astra-post-grid-excerpt\">Comunicat de pres\u0103 Zilele Femeii la Muzeul Jude\u021bean Buz\u0103u, edi\u021bia a VI-a &nbsp; Muzeul Jude\u021bean Buz\u0103u, institu\u021bie de cultur\u0103 \u0219i&hellip;<\/p>\n                    <\/div>\n                                    <div class=\"astra-post-grid-item\">\n                        <a href=\"http:\/\/muzeubuzau.ro\/en\/events\/dragobete-vs-sfantul-valentin-editia-a-vii-a\/\" class=\"astra-post-grid-link\">\n                                                            <div class=\"astra-post-grid-thumbnail thumb\" style=\"width: 300px; height: 200px; overflow: hidden;\">\n                                    <img loading=\"lazy\" decoding=\"async\" width=\"1135\" height=\"1600\" src=\"https:\/\/muzeubuzau.ro\/wp-content\/uploads\/2022\/02\/Afis-Dragobete-2022.jpg\" class=\"attachment-full size-full wp-post-image\" alt=\"\" style=\"width: 100%; height: 100%; object-fit: cover;\" srcset=\"https:\/\/muzeubuzau.ro\/wp-content\/uploads\/2022\/02\/Afis-Dragobete-2022.jpg 1135w, https:\/\/muzeubuzau.ro\/wp-content\/uploads\/2022\/02\/Afis-Dragobete-2022-213x300.jpg 213w, https:\/\/muzeubuzau.ro\/wp-content\/uploads\/2022\/02\/Afis-Dragobete-2022-726x1024.jpg 726w, https:\/\/muzeubuzau.ro\/wp-content\/uploads\/2022\/02\/Afis-Dragobete-2022-768x1083.jpg 768w, https:\/\/muzeubuzau.ro\/wp-content\/uploads\/2022\/02\/Afis-Dragobete-2022-1090x1536.jpg 1090w, https:\/\/muzeubuzau.ro\/wp-content\/uploads\/2022\/02\/Afis-Dragobete-2022-9x12.jpg 9w\" sizes=\"(max-width: 1135px) 100vw, 1135px\" \/>\n                                <\/div>\n                                                        <h2 class=\"astra-post-grid-title\">Dragobete vs. Saint Valentine, 7th edition<\/h2>\n                        <\/a>\n                        <p class=\"astra-post-grid-excerpt\">Muzeul Jude\u021bean Buz\u0103u, institu\u021bie de cultur\u0103 \u0219i cercetare ce func\u021bioneaz\u0103 sub autoritatea Consiliului Jude\u021bean Buz\u0103u, anun\u021b\u0103 organizarea celei de a&hellip;<\/p>\n                    <\/div>\n                                    <div class=\"astra-post-grid-item\">\n                        <a href=\"http:\/\/muzeubuzau.ro\/en\/events\/maratonul-antiviolenta\/\" class=\"astra-post-grid-link\">\n                                                            <div class=\"astra-post-grid-thumbnail thumb\" style=\"width: 300px; height: 200px; overflow: hidden;\">\n                                    <img loading=\"lazy\" decoding=\"async\" width=\"1755\" height=\"2481\" src=\"https:\/\/muzeubuzau.ro\/wp-content\/uploads\/2022\/02\/6-febr.-min.jpg\" class=\"attachment-full size-full wp-post-image\" alt=\"\" style=\"width: 100%; height: 100%; object-fit: cover;\" srcset=\"https:\/\/muzeubuzau.ro\/wp-content\/uploads\/2022\/02\/6-febr.-min.jpg 1755w, https:\/\/muzeubuzau.ro\/wp-content\/uploads\/2022\/02\/6-febr.-min-212x300.jpg 212w, https:\/\/muzeubuzau.ro\/wp-content\/uploads\/2022\/02\/6-febr.-min-724x1024.jpg 724w, https:\/\/muzeubuzau.ro\/wp-content\/uploads\/2022\/02\/6-febr.-min-768x1086.jpg 768w, https:\/\/muzeubuzau.ro\/wp-content\/uploads\/2022\/02\/6-febr.-min-1087x1536.jpg 1087w, https:\/\/muzeubuzau.ro\/wp-content\/uploads\/2022\/02\/6-febr.-min-1449x2048.jpg 1449w, https:\/\/muzeubuzau.ro\/wp-content\/uploads\/2022\/02\/6-febr.-min-8x12.jpg 8w\" sizes=\"(max-width: 1755px) 100vw, 1755px\" \/>\n                                <\/div>\n                                                        <h2 class=\"astra-post-grid-title\">Antiviolence Marathon<\/h2>\n                        <\/a>\n                        <p class=\"astra-post-grid-excerpt\">Comunicat &nbsp; Din p\u0103cate, \u00een via\u021ba de zi cu zi ajunge s\u0103 ni se par\u0103 normal\u0103 folosirea injuriilor spuse la&hellip;<\/p>\n                    <\/div>\n                                    <div class=\"astra-post-grid-item\">\n                        <a href=\"http:\/\/muzeubuzau.ro\/en\/events\/comemorare-victime-ale-regimului-comunist-ion-mihalache-si-iuliu-maniu-inchisoarea-tacerii-ramnicu-sarat\/\" class=\"astra-post-grid-link\">\n                                                            <div class=\"astra-post-grid-thumbnail thumb\" style=\"width: 300px; height: 200px; overflow: hidden;\">\n                                    <img loading=\"lazy\" decoding=\"async\" width=\"2481\" height=\"1755\" src=\"https:\/\/muzeubuzau.ro\/wp-content\/uploads\/2022\/02\/5-febr.-min.jpg\" class=\"attachment-full size-full wp-post-image\" alt=\"\" style=\"width: 100%; height: 100%; object-fit: cover;\" srcset=\"https:\/\/muzeubuzau.ro\/wp-content\/uploads\/2022\/02\/5-febr.-min.jpg 2481w, https:\/\/muzeubuzau.ro\/wp-content\/uploads\/2022\/02\/5-febr.-min-300x212.jpg 300w, https:\/\/muzeubuzau.ro\/wp-content\/uploads\/2022\/02\/5-febr.-min-1024x724.jpg 1024w, https:\/\/muzeubuzau.ro\/wp-content\/uploads\/2022\/02\/5-febr.-min-768x543.jpg 768w, https:\/\/muzeubuzau.ro\/wp-content\/uploads\/2022\/02\/5-febr.-min-1536x1087.jpg 1536w, https:\/\/muzeubuzau.ro\/wp-content\/uploads\/2022\/02\/5-febr.-min-2048x1449.jpg 2048w, https:\/\/muzeubuzau.ro\/wp-content\/uploads\/2022\/02\/5-febr.-min-18x12.jpg 18w\" sizes=\"(max-width: 2481px) 100vw, 2481px\" \/>\n                                <\/div>\n                                                        <h2 class=\"astra-post-grid-title\">Commemoration of the communist regime. Ion Mihalache and Iuliu Maniu. Prison of Silo and Sleeved<\/h2>\n                        <\/a>\n                        <p class=\"astra-post-grid-excerpt\">Comunicat &nbsp; Muzeul Jude\u021bean Buz\u0103u, institu\u021bie de cultur\u0103, art\u0103 \u0219i cercetare ce func\u021bioneaz\u0103 sub autoritatea Consiliului Jude\u021bean Buz\u0103u, cu sediul&hellip;<\/p>\n                    <\/div>\n                                    <div class=\"astra-post-grid-item\">\n                        <a href=\"http:\/\/muzeubuzau.ro\/en\/events\/ziua-culturii-nationale-editia-2022\/\" class=\"astra-post-grid-link\">\n                                                            <div class=\"astra-post-grid-thumbnail thumb\" style=\"width: 300px; height: 200px; overflow: hidden;\">\n                                    <img loading=\"lazy\" decoding=\"async\" width=\"2560\" height=\"1452\" src=\"https:\/\/muzeubuzau.ro\/wp-content\/uploads\/2022\/01\/2022-AFIS-WEB-Ziua-Culturii-01-min-scaled-1.jpg\" class=\"attachment-full size-full wp-post-image\" alt=\"\" style=\"width: 100%; height: 100%; object-fit: cover;\" srcset=\"https:\/\/muzeubuzau.ro\/wp-content\/uploads\/2022\/01\/2022-AFIS-WEB-Ziua-Culturii-01-min-scaled-1.jpg 2560w, https:\/\/muzeubuzau.ro\/wp-content\/uploads\/2022\/01\/2022-AFIS-WEB-Ziua-Culturii-01-min-scaled-1-300x170.jpg 300w, https:\/\/muzeubuzau.ro\/wp-content\/uploads\/2022\/01\/2022-AFIS-WEB-Ziua-Culturii-01-min-scaled-1-1024x581.jpg 1024w, https:\/\/muzeubuzau.ro\/wp-content\/uploads\/2022\/01\/2022-AFIS-WEB-Ziua-Culturii-01-min-scaled-1-768x436.jpg 768w, https:\/\/muzeubuzau.ro\/wp-content\/uploads\/2022\/01\/2022-AFIS-WEB-Ziua-Culturii-01-min-scaled-1-1536x871.jpg 1536w, https:\/\/muzeubuzau.ro\/wp-content\/uploads\/2022\/01\/2022-AFIS-WEB-Ziua-Culturii-01-min-scaled-1-2048x1162.jpg 2048w, https:\/\/muzeubuzau.ro\/wp-content\/uploads\/2022\/01\/2022-AFIS-WEB-Ziua-Culturii-01-min-scaled-1-18x10.jpg 18w\" sizes=\"(max-width: 2560px) 100vw, 2560px\" \/>\n                                <\/div>\n                                                        <h2 class=\"astra-post-grid-title\">National Culture Day, 2022 edition<\/h2>\n                        <\/a>\n                        <p class=\"astra-post-grid-excerpt\">Comunicat de pres\u0103 &nbsp; Muzeul Jude\u021bean Buz\u0103u, institu\u021bie de cultur\u0103 \u0219i cercetare ce func\u021bioneaz\u0103 sub autoritatea Consiliului Jude\u021bean Buz\u0103u, cu&hellip;<\/p>\n                    <\/div>\n                                    <div class=\"astra-post-grid-item\">\n                        <a href=\"http:\/\/muzeubuzau.ro\/en\/events\/decernarea-premiilor-trofeului-dumitru-dan-editia-a-iii-a\/\" class=\"astra-post-grid-link\">\n                                                            <div class=\"astra-post-grid-thumbnail thumb\" style=\"width: 300px; height: 200px; overflow: hidden;\">\n                                    <img loading=\"lazy\" decoding=\"async\" width=\"1135\" height=\"1600\" src=\"https:\/\/muzeubuzau.ro\/wp-content\/uploads\/2021\/12\/Afis-editia-III_Trofeul-Dumitru-Dan-min.jpg\" class=\"attachment-full size-full wp-post-image\" alt=\"\" style=\"width: 100%; height: 100%; object-fit: cover;\" srcset=\"https:\/\/muzeubuzau.ro\/wp-content\/uploads\/2021\/12\/Afis-editia-III_Trofeul-Dumitru-Dan-min.jpg 1135w, https:\/\/muzeubuzau.ro\/wp-content\/uploads\/2021\/12\/Afis-editia-III_Trofeul-Dumitru-Dan-min-213x300.jpg 213w, https:\/\/muzeubuzau.ro\/wp-content\/uploads\/2021\/12\/Afis-editia-III_Trofeul-Dumitru-Dan-min-726x1024.jpg 726w, https:\/\/muzeubuzau.ro\/wp-content\/uploads\/2021\/12\/Afis-editia-III_Trofeul-Dumitru-Dan-min-768x1083.jpg 768w, https:\/\/muzeubuzau.ro\/wp-content\/uploads\/2021\/12\/Afis-editia-III_Trofeul-Dumitru-Dan-min-1090x1536.jpg 1090w, https:\/\/muzeubuzau.ro\/wp-content\/uploads\/2021\/12\/Afis-editia-III_Trofeul-Dumitru-Dan-min-9x12.jpg 9w\" sizes=\"(max-width: 1135px) 100vw, 1135px\" \/>\n                                <\/div>\n                                                        <h2 class=\"astra-post-grid-title\">Awarding of the prizes of the Trophy Dumitru Dan, 3rd edition<\/h2>\n                        <\/a>\n                        <p class=\"astra-post-grid-excerpt\">Muzeul Jude\u021bean Buz\u0103u, institu\u021bie de cultur\u0103 \u0219i cercetare ce func\u021bioneaz\u0103 sub autoritatea Consiliului Jude\u021bean Buz\u0103u, \u00een parteneriat cu Asocia\u021bia Club&hellip;<\/p>\n                    <\/div>\n                                    <div class=\"astra-post-grid-item\">\n                        <a href=\"http:\/\/muzeubuzau.ro\/en\/events\/expozitia-razboiul-din-afganistan-vazut-prin-obiectivul-foto-al-militarilor-romani-2001-2021\/\" class=\"astra-post-grid-link\">\n                                                            <div class=\"astra-post-grid-thumbnail thumb\" style=\"width: 300px; height: 200px; overflow: hidden;\">\n                                    <img loading=\"lazy\" decoding=\"async\" width=\"1600\" height=\"1127\" src=\"https:\/\/muzeubuzau.ro\/wp-content\/uploads\/2021\/11\/Afis-Expo-Afganistan.jpg\" class=\"attachment-full size-full wp-post-image\" alt=\"\" style=\"width: 100%; height: 100%; object-fit: cover;\" srcset=\"https:\/\/muzeubuzau.ro\/wp-content\/uploads\/2021\/11\/Afis-Expo-Afganistan.jpg 1600w, https:\/\/muzeubuzau.ro\/wp-content\/uploads\/2021\/11\/Afis-Expo-Afganistan-300x211.jpg 300w, https:\/\/muzeubuzau.ro\/wp-content\/uploads\/2021\/11\/Afis-Expo-Afganistan-1024x721.jpg 1024w, https:\/\/muzeubuzau.ro\/wp-content\/uploads\/2021\/11\/Afis-Expo-Afganistan-768x541.jpg 768w, https:\/\/muzeubuzau.ro\/wp-content\/uploads\/2021\/11\/Afis-Expo-Afganistan-1536x1082.jpg 1536w, https:\/\/muzeubuzau.ro\/wp-content\/uploads\/2021\/11\/Afis-Expo-Afganistan-18x12.jpg 18w\" sizes=\"(max-width: 1600px) 100vw, 1600px\" \/>\n                                <\/div>\n                                                        <h2 class=\"astra-post-grid-title\">Expozi\u021bia \u201eR\u0103zboiul din Afganistan v\u0103zut prin obiectivul foto  al militarilor rom\u00e2ni 2001-2021\u201d<\/h2>\n                        <\/a>\n                        <p class=\"astra-post-grid-excerpt\">&nbsp; Muzeul Jude\u021bean Buz\u0103u, institu\u021bie de cultur\u0103 \u0219i cercetare ce func\u021bioneaz\u0103 sub autoritatea Consiliului Jude\u021bean Buz\u0103u, cu sediul \u00een mun.&hellip;<\/p>\n                    <\/div>\n                                    <div class=\"astra-post-grid-item\">\n                        <a href=\"http:\/\/muzeubuzau.ro\/en\/events\/milenii-tezaurizate-creatie-si-spiritualitate-a-xix-a-editie-a-sesiunii-nationale-de-comunicari-stiintifice\/\" class=\"astra-post-grid-link\">\n                                                            <div class=\"astra-post-grid-thumbnail thumb\" style=\"width: 300px; height: 200px; overflow: hidden;\">\n                                    <img loading=\"lazy\" decoding=\"async\" width=\"2272\" height=\"1330\" src=\"https:\/\/muzeubuzau.ro\/wp-content\/uploads\/2021\/11\/AFIS-sesiune-MJB-2021-min.jpg\" class=\"attachment-full size-full wp-post-image\" alt=\"\" style=\"width: 100%; height: 100%; object-fit: cover;\" srcset=\"https:\/\/muzeubuzau.ro\/wp-content\/uploads\/2021\/11\/AFIS-sesiune-MJB-2021-min.jpg 2272w, https:\/\/muzeubuzau.ro\/wp-content\/uploads\/2021\/11\/AFIS-sesiune-MJB-2021-min-300x176.jpg 300w, https:\/\/muzeubuzau.ro\/wp-content\/uploads\/2021\/11\/AFIS-sesiune-MJB-2021-min-1024x599.jpg 1024w, https:\/\/muzeubuzau.ro\/wp-content\/uploads\/2021\/11\/AFIS-sesiune-MJB-2021-min-768x450.jpg 768w, https:\/\/muzeubuzau.ro\/wp-content\/uploads\/2021\/11\/AFIS-sesiune-MJB-2021-min-1536x899.jpg 1536w, https:\/\/muzeubuzau.ro\/wp-content\/uploads\/2021\/11\/AFIS-sesiune-MJB-2021-min-2048x1199.jpg 2048w, https:\/\/muzeubuzau.ro\/wp-content\/uploads\/2021\/11\/AFIS-sesiune-MJB-2021-min-18x12.jpg 18w\" sizes=\"(max-width: 2272px) 100vw, 2272px\" \/>\n                                <\/div>\n                                                        <h2 class=\"astra-post-grid-title\">Milenii tezaurizate. Crea\u021bie si spiritualitate &#8211; a XIX-a edi\u021bie a Sesiunii Na\u021bionale  de Comunic\u0103ri \u0218tiin\u021bifice<\/h2>\n                        <\/a>\n                        <p class=\"astra-post-grid-excerpt\">Comunicat &nbsp; Muzeul Jude\u021bean Buz\u0103u organizeaz\u0103 a XIX-a edi\u021bie a Sesiunii Na\u021bionale\u00a0 de Comunic\u0103ri \u0218tiin\u021bifice cu titlul generic Milenii tezaurizate.&hellip;<\/p>\n                    <\/div>\n                                    <div class=\"astra-post-grid-item\">\n                        <a href=\"http:\/\/muzeubuzau.ro\/en\/events\/ziua-satului-romanesc-editia-a-ii-a-2021\/\" class=\"astra-post-grid-link\">\n                                                            <div class=\"astra-post-grid-thumbnail thumb\" style=\"width: 300px; height: 200px; overflow: hidden;\">\n                                    <img loading=\"lazy\" decoding=\"async\" width=\"1818\" height=\"2560\" src=\"https:\/\/muzeubuzau.ro\/wp-content\/uploads\/2021\/11\/AFIS-Ziua-Satului-Romanesc-21-PREVIEW-min-scaled-1.jpg\" class=\"attachment-full size-full wp-post-image\" alt=\"\" style=\"width: 100%; height: 100%; object-fit: cover;\" srcset=\"https:\/\/muzeubuzau.ro\/wp-content\/uploads\/2021\/11\/AFIS-Ziua-Satului-Romanesc-21-PREVIEW-min-scaled-1.jpg 1818w, https:\/\/muzeubuzau.ro\/wp-content\/uploads\/2021\/11\/AFIS-Ziua-Satului-Romanesc-21-PREVIEW-min-scaled-1-213x300.jpg 213w, https:\/\/muzeubuzau.ro\/wp-content\/uploads\/2021\/11\/AFIS-Ziua-Satului-Romanesc-21-PREVIEW-min-scaled-1-727x1024.jpg 727w, https:\/\/muzeubuzau.ro\/wp-content\/uploads\/2021\/11\/AFIS-Ziua-Satului-Romanesc-21-PREVIEW-min-scaled-1-768x1081.jpg 768w, https:\/\/muzeubuzau.ro\/wp-content\/uploads\/2021\/11\/AFIS-Ziua-Satului-Romanesc-21-PREVIEW-min-scaled-1-1091x1536.jpg 1091w, https:\/\/muzeubuzau.ro\/wp-content\/uploads\/2021\/11\/AFIS-Ziua-Satului-Romanesc-21-PREVIEW-min-scaled-1-1454x2048.jpg 1454w, https:\/\/muzeubuzau.ro\/wp-content\/uploads\/2021\/11\/AFIS-Ziua-Satului-Romanesc-21-PREVIEW-min-scaled-1-9x12.jpg 9w\" sizes=\"(max-width: 1818px) 100vw, 1818px\" \/>\n                                <\/div>\n                                                        <h2 class=\"astra-post-grid-title\">Romanian Village Day, 2nd edition, 2021<\/h2>\n                        <\/a>\n                        <p class=\"astra-post-grid-excerpt\">Comunicat Ziua Satului Rom\u00e2nesc, edi\u021bia a II-a, 2021 &nbsp; Muzeul Jude\u021bean Buz\u0103u, institu\u021bie de cultur\u0103 \u0219i cercetare ce func\u021bioneaz\u0103 sub&hellip;<\/p>\n                    <\/div>\n                                    <div class=\"astra-post-grid-item\">\n                        <a href=\"http:\/\/muzeubuzau.ro\/en\/events\/zilei-satului-romanesc-editia-a-ii-a\/\" class=\"astra-post-grid-link\">\n                                                            <div class=\"astra-post-grid-thumbnail thumb\" style=\"width: 300px; height: 200px; overflow: hidden;\">\n                                    <img loading=\"lazy\" decoding=\"async\" width=\"1818\" height=\"2560\" src=\"https:\/\/muzeubuzau.ro\/wp-content\/uploads\/2021\/09\/AFIS-Ziua-Satului-Romanesc-21-01-min-scaled-1.jpg\" class=\"attachment-full size-full wp-post-image\" alt=\"\" style=\"width: 100%; height: 100%; object-fit: cover;\" srcset=\"https:\/\/muzeubuzau.ro\/wp-content\/uploads\/2021\/09\/AFIS-Ziua-Satului-Romanesc-21-01-min-scaled-1.jpg 1818w, https:\/\/muzeubuzau.ro\/wp-content\/uploads\/2021\/09\/AFIS-Ziua-Satului-Romanesc-21-01-min-scaled-1-213x300.jpg 213w, https:\/\/muzeubuzau.ro\/wp-content\/uploads\/2021\/09\/AFIS-Ziua-Satului-Romanesc-21-01-min-scaled-1-727x1024.jpg 727w, https:\/\/muzeubuzau.ro\/wp-content\/uploads\/2021\/09\/AFIS-Ziua-Satului-Romanesc-21-01-min-scaled-1-768x1081.jpg 768w, https:\/\/muzeubuzau.ro\/wp-content\/uploads\/2021\/09\/AFIS-Ziua-Satului-Romanesc-21-01-min-scaled-1-1091x1536.jpg 1091w, https:\/\/muzeubuzau.ro\/wp-content\/uploads\/2021\/09\/AFIS-Ziua-Satului-Romanesc-21-01-min-scaled-1-1454x2048.jpg 1454w, https:\/\/muzeubuzau.ro\/wp-content\/uploads\/2021\/09\/AFIS-Ziua-Satului-Romanesc-21-01-min-scaled-1-9x12.jpg 9w\" sizes=\"(max-width: 1818px) 100vw, 1818px\" \/>\n                                <\/div>\n                                                        <h2 class=\"astra-post-grid-title\">Romanian Village Day \u2013 2nd edition<\/h2>\n                        <\/a>\n                        <p class=\"astra-post-grid-excerpt\">Comunicat de pres\u0103 &nbsp; Muzeul Jude\u021bean Buz\u0103u, institu\u021bie de cultur\u0103 \u0219i cercetare ce func\u021bioneaz\u0103 sub autoritatea Consiliului Jude\u021bean Buz\u0103u, cu&hellip;<\/p>\n                    <\/div>\n                                    <div class=\"astra-post-grid-item\">\n                        <a href=\"http:\/\/muzeubuzau.ro\/en\/events\/cum-sa-cresti-impactul-organizatiei-prin-branding\/\" class=\"astra-post-grid-link\">\n                                                            <div class=\"astra-post-grid-thumbnail thumb\" style=\"width: 300px; height: 200px; overflow: hidden;\">\n                                    <img loading=\"lazy\" decoding=\"async\" width=\"1600\" height=\"844\" src=\"https:\/\/muzeubuzau.ro\/wp-content\/uploads\/2021\/09\/afis-eveniment-branding.jpg\" class=\"attachment-full size-full wp-post-image\" alt=\"\" style=\"width: 100%; height: 100%; object-fit: cover;\" srcset=\"https:\/\/muzeubuzau.ro\/wp-content\/uploads\/2021\/09\/afis-eveniment-branding.jpg 1600w, https:\/\/muzeubuzau.ro\/wp-content\/uploads\/2021\/09\/afis-eveniment-branding-300x158.jpg 300w, https:\/\/muzeubuzau.ro\/wp-content\/uploads\/2021\/09\/afis-eveniment-branding-1024x540.jpg 1024w, https:\/\/muzeubuzau.ro\/wp-content\/uploads\/2021\/09\/afis-eveniment-branding-768x405.jpg 768w, https:\/\/muzeubuzau.ro\/wp-content\/uploads\/2021\/09\/afis-eveniment-branding-1536x810.jpg 1536w, https:\/\/muzeubuzau.ro\/wp-content\/uploads\/2021\/09\/afis-eveniment-branding-18x9.jpg 18w\" sizes=\"(max-width: 1600px) 100vw, 1600px\" \/>\n                                <\/div>\n                                                        <h2 class=\"astra-post-grid-title\">How to increase the impact of the organization through branding<\/h2>\n                        <\/a>\n                        <p class=\"astra-post-grid-excerpt\">Comunicat de pres\u0103 &nbsp; Muzeul Jude\u021bean Buz\u0103u \u0219i Funda\u021bia Comunitar\u0103 Buz\u0103u vor organiza s\u00e2mb\u0103t\u0103, 25 septembrie 2021, la sediul muzeului&hellip;<\/p>\n                    <\/div>\n                                    <div class=\"astra-post-grid-item\">\n                        <a href=\"http:\/\/muzeubuzau.ro\/en\/events\/noaptea-cercetatorilor-europeni-editia-2021\/\" class=\"astra-post-grid-link\">\n                                                            <div class=\"astra-post-grid-thumbnail thumb\" style=\"width: 300px; height: 200px; overflow: hidden;\">\n                                    <img loading=\"lazy\" decoding=\"async\" width=\"1143\" height=\"1600\" src=\"https:\/\/muzeubuzau.ro\/wp-content\/uploads\/2021\/09\/Afis-NCE-2021.jpg\" class=\"attachment-full size-full wp-post-image\" alt=\"\" style=\"width: 100%; height: 100%; object-fit: cover;\" srcset=\"https:\/\/muzeubuzau.ro\/wp-content\/uploads\/2021\/09\/Afis-NCE-2021.jpg 1143w, https:\/\/muzeubuzau.ro\/wp-content\/uploads\/2021\/09\/Afis-NCE-2021-214x300.jpg 214w, https:\/\/muzeubuzau.ro\/wp-content\/uploads\/2021\/09\/Afis-NCE-2021-732x1024.jpg 732w, https:\/\/muzeubuzau.ro\/wp-content\/uploads\/2021\/09\/Afis-NCE-2021-768x1075.jpg 768w, https:\/\/muzeubuzau.ro\/wp-content\/uploads\/2021\/09\/Afis-NCE-2021-1097x1536.jpg 1097w, https:\/\/muzeubuzau.ro\/wp-content\/uploads\/2021\/09\/Afis-NCE-2021-9x12.jpg 9w\" sizes=\"(max-width: 1143px) 100vw, 1143px\" \/>\n                                <\/div>\n                                                        <h2 class=\"astra-post-grid-title\">The Night of European Researchers \u2013 2021 edition<\/h2>\n                        <\/a>\n                        <p class=\"astra-post-grid-excerpt\">Comunicat de pres\u0103 \u201eNoaptea Cercet\u0103torilor Europeni \u2013 edi\u021bia 2021\u201d &nbsp; Muzeul Jude\u021bean Buz\u0103u, institu\u021bie de cultur\u0103, art\u0103 \u0219i cercetare ce&hellip;<\/p>\n                    <\/div>\n                                    <div class=\"astra-post-grid-item\">\n                        <a href=\"http:\/\/muzeubuzau.ro\/en\/events\/4522\/\" class=\"astra-post-grid-link\">\n                                                            <div class=\"astra-post-grid-thumbnail thumb\" style=\"width: 300px; height: 200px; overflow: hidden;\">\n                                    <img loading=\"lazy\" decoding=\"async\" width=\"1850\" height=\"2500\" src=\"https:\/\/muzeubuzau.ro\/wp-content\/uploads\/2021\/09\/AFIS-Gheorghe-Anghel-copy-min.jpg\" class=\"attachment-full size-full wp-post-image\" alt=\"\" style=\"width: 100%; height: 100%; object-fit: cover;\" srcset=\"https:\/\/muzeubuzau.ro\/wp-content\/uploads\/2021\/09\/AFIS-Gheorghe-Anghel-copy-min.jpg 1850w, https:\/\/muzeubuzau.ro\/wp-content\/uploads\/2021\/09\/AFIS-Gheorghe-Anghel-copy-min-222x300.jpg 222w, https:\/\/muzeubuzau.ro\/wp-content\/uploads\/2021\/09\/AFIS-Gheorghe-Anghel-copy-min-758x1024.jpg 758w, https:\/\/muzeubuzau.ro\/wp-content\/uploads\/2021\/09\/AFIS-Gheorghe-Anghel-copy-min-768x1038.jpg 768w, https:\/\/muzeubuzau.ro\/wp-content\/uploads\/2021\/09\/AFIS-Gheorghe-Anghel-copy-min-1137x1536.jpg 1137w, https:\/\/muzeubuzau.ro\/wp-content\/uploads\/2021\/09\/AFIS-Gheorghe-Anghel-copy-min-1516x2048.jpg 1516w, https:\/\/muzeubuzau.ro\/wp-content\/uploads\/2021\/09\/AFIS-Gheorghe-Anghel-copy-min-9x12.jpg 9w\" sizes=\"(max-width: 1850px) 100vw, 1850px\" \/>\n                                <\/div>\n                                                        <h2 class=\"astra-post-grid-title\">Art exhibition of painter Gheorghe Anghel<\/h2>\n                        <\/a>\n                        <p class=\"astra-post-grid-excerpt\">Comunicat &nbsp; Muzeul Jude\u021bean Buz\u0103u, institu\u021bie de cultur\u0103, art\u0103 \u0219i cercetare, ce func\u021bioneaz\u0103 sub autoritatea Consiliului Jude\u021bean Buz\u0103u, g\u0103zduie\u0219te, \u00een&hellip;<\/p>\n                    <\/div>\n                                    <div class=\"astra-post-grid-item\">\n                        <a href=\"http:\/\/muzeubuzau.ro\/en\/events\/festivalul-poezia-in-iarba-editia-a-8-a\/\" class=\"astra-post-grid-link\">\n                                                            <div class=\"astra-post-grid-thumbnail thumb\" style=\"width: 300px; height: 200px; overflow: hidden;\">\n                                    <img loading=\"lazy\" decoding=\"async\" width=\"1600\" height=\"1144\" src=\"https:\/\/muzeubuzau.ro\/wp-content\/uploads\/2021\/08\/IMG-20210826-WA0001-1.jpg\" class=\"attachment-full size-full wp-post-image\" alt=\"\" style=\"width: 100%; height: 100%; object-fit: cover;\" srcset=\"https:\/\/muzeubuzau.ro\/wp-content\/uploads\/2021\/08\/IMG-20210826-WA0001-1.jpg 1600w, https:\/\/muzeubuzau.ro\/wp-content\/uploads\/2021\/08\/IMG-20210826-WA0001-1-300x215.jpg 300w, https:\/\/muzeubuzau.ro\/wp-content\/uploads\/2021\/08\/IMG-20210826-WA0001-1-1024x732.jpg 1024w, https:\/\/muzeubuzau.ro\/wp-content\/uploads\/2021\/08\/IMG-20210826-WA0001-1-768x549.jpg 768w, https:\/\/muzeubuzau.ro\/wp-content\/uploads\/2021\/08\/IMG-20210826-WA0001-1-1536x1098.jpg 1536w, https:\/\/muzeubuzau.ro\/wp-content\/uploads\/2021\/08\/IMG-20210826-WA0001-1-18x12.jpg 18w\" sizes=\"(max-width: 1600px) 100vw, 1600px\" \/>\n                                <\/div>\n                                                        <h2 class=\"astra-post-grid-title\">Festivalul &#8222;Poezia \u00een iarb\u0103&#8221;, edi\u021bia a 8-a<\/h2>\n                        <\/a>\n                        <p class=\"astra-post-grid-excerpt\">Muzeul Jude\u021bean Buz\u0103u, institu\u021bie de cultur\u0103, art\u0103 \u0219i cercetare, ce func\u021bioneaz\u0103 sub autoritatea Consiliului Jude\u021bean Buz\u0103u, g\u0103zduie\u0219te, \u00een perioada 28.08.2021&hellip;<\/p>\n                    <\/div>\n                                    <div class=\"astra-post-grid-item\">\n                        <a href=\"http:\/\/muzeubuzau.ro\/en\/events\/bicentenarul-revolutiei-romane-de-la-1821-condusa-de-tudor-vladimirescu\/\" class=\"astra-post-grid-link\">\n                                                            <div class=\"astra-post-grid-thumbnail thumb\" style=\"width: 300px; height: 200px; overflow: hidden;\">\n                                    <img loading=\"lazy\" decoding=\"async\" width=\"872\" height=\"1220\" src=\"https:\/\/muzeubuzau.ro\/wp-content\/uploads\/2021\/08\/AFIS-Bicentenar-1821.jpg\" class=\"attachment-full size-full wp-post-image\" alt=\"\" style=\"width: 100%; height: 100%; object-fit: cover;\" srcset=\"https:\/\/muzeubuzau.ro\/wp-content\/uploads\/2021\/08\/AFIS-Bicentenar-1821.jpg 872w, https:\/\/muzeubuzau.ro\/wp-content\/uploads\/2021\/08\/AFIS-Bicentenar-1821-214x300.jpg 214w, https:\/\/muzeubuzau.ro\/wp-content\/uploads\/2021\/08\/AFIS-Bicentenar-1821-732x1024.jpg 732w, https:\/\/muzeubuzau.ro\/wp-content\/uploads\/2021\/08\/AFIS-Bicentenar-1821-768x1074.jpg 768w, https:\/\/muzeubuzau.ro\/wp-content\/uploads\/2021\/08\/AFIS-Bicentenar-1821-9x12.jpg 9w\" sizes=\"(max-width: 872px) 100vw, 872px\" \/>\n                                <\/div>\n                                                        <h2 class=\"astra-post-grid-title\">Bicentenarul revolu\u021biei rom\u00e2ne de la 1821 condus\u0103 de Tudor Vladimirescu<\/h2>\n                        <\/a>\n                        <p class=\"astra-post-grid-excerpt\">Muzeul Jude\u021bean Buz\u0103u, institu\u021bie de cultur\u0103, art\u0103 \u0219i cercetare, ce func\u021bioneaz\u0103 sub autoritatea Consiliului Jude\u021bean Buz\u0103, g\u0103zduie\u0219te vineri, 20 august,&hellip;<\/p>\n                    <\/div>\n                                    <div class=\"astra-post-grid-item\">\n                        <a href=\"http:\/\/muzeubuzau.ro\/en\/events\/expozitia-dacica-3d-istoria-locala-explorata-prin-tehnologii-moderne\/\" class=\"astra-post-grid-link\">\n                                                            <div class=\"astra-post-grid-thumbnail thumb\" style=\"width: 300px; height: 200px; overflow: hidden;\">\n                                    <img loading=\"lazy\" decoding=\"async\" width=\"1232\" height=\"1742\" src=\"https:\/\/muzeubuzau.ro\/wp-content\/uploads\/2021\/08\/WhatsApp-Image-2021-08-09-at-09.20.47-1.jpeg\" class=\"attachment-full size-full wp-post-image\" alt=\"\" style=\"width: 100%; height: 100%; object-fit: cover;\" srcset=\"https:\/\/muzeubuzau.ro\/wp-content\/uploads\/2021\/08\/WhatsApp-Image-2021-08-09-at-09.20.47-1.jpeg 1232w, https:\/\/muzeubuzau.ro\/wp-content\/uploads\/2021\/08\/WhatsApp-Image-2021-08-09-at-09.20.47-1-212x300.jpeg 212w, https:\/\/muzeubuzau.ro\/wp-content\/uploads\/2021\/08\/WhatsApp-Image-2021-08-09-at-09.20.47-1-724x1024.jpeg 724w, https:\/\/muzeubuzau.ro\/wp-content\/uploads\/2021\/08\/WhatsApp-Image-2021-08-09-at-09.20.47-1-768x1086.jpeg 768w, https:\/\/muzeubuzau.ro\/wp-content\/uploads\/2021\/08\/WhatsApp-Image-2021-08-09-at-09.20.47-1-1086x1536.jpeg 1086w, https:\/\/muzeubuzau.ro\/wp-content\/uploads\/2021\/08\/WhatsApp-Image-2021-08-09-at-09.20.47-1-8x12.jpeg 8w\" sizes=\"(max-width: 1232px) 100vw, 1232px\" \/>\n                                <\/div>\n                                                        <h2 class=\"astra-post-grid-title\">\u201cDacica 3D\u201d exhibition \u2013 local history explored through modern technologies<\/h2>\n                        <\/a>\n                        <p class=\"astra-post-grid-excerpt\">Expozi\u021bia \u201dDacica 3D\u201d \u2013 istoria local\u0103 explorat\u0103 prin tehnologii moderne Muzeul Jude\u021bean de Istorie \u0219i Art\u0103 Zal\u0103u continu\u0103 excelenta colaborare&hellip;<\/p>\n                    <\/div>\n                                    <div class=\"astra-post-grid-item\">\n                        <a href=\"http:\/\/muzeubuzau.ro\/en\/events\/ziua-portilor-deschise-pe-santierul-arheologic-pietroasa-mica-gruiu-darii-3\/\" class=\"astra-post-grid-link\">\n                                                            <div class=\"astra-post-grid-thumbnail thumb\" style=\"width: 300px; height: 200px; overflow: hidden;\">\n                                    <img loading=\"lazy\" decoding=\"async\" width=\"1201\" height=\"852\" src=\"https:\/\/muzeubuzau.ro\/wp-content\/uploads\/2021\/08\/AFIS-Ziua-Portilor-Deschise-01-min.jpg\" class=\"attachment-full size-full wp-post-image\" alt=\"\" style=\"width: 100%; height: 100%; object-fit: cover;\" srcset=\"https:\/\/muzeubuzau.ro\/wp-content\/uploads\/2021\/08\/AFIS-Ziua-Portilor-Deschise-01-min.jpg 1201w, https:\/\/muzeubuzau.ro\/wp-content\/uploads\/2021\/08\/AFIS-Ziua-Portilor-Deschise-01-min-300x213.jpg 300w, https:\/\/muzeubuzau.ro\/wp-content\/uploads\/2021\/08\/AFIS-Ziua-Portilor-Deschise-01-min-1024x726.jpg 1024w, https:\/\/muzeubuzau.ro\/wp-content\/uploads\/2021\/08\/AFIS-Ziua-Portilor-Deschise-01-min-768x545.jpg 768w, https:\/\/muzeubuzau.ro\/wp-content\/uploads\/2021\/08\/AFIS-Ziua-Portilor-Deschise-01-min-18x12.jpg 18w\" sizes=\"(max-width: 1201px) 100vw, 1201px\" \/>\n                                <\/div>\n                                                        <h2 class=\"astra-post-grid-title\">Ziua Por\u021bilor Deschise pe \u0219antierul arheologic Pietroasa Mic\u0103 \u2013 Gruiu D\u0103rii &#8211; anul 2021<\/h2>\n                        <\/a>\n                        <p class=\"astra-post-grid-excerpt\">Comunicat de pres\u0103 Muzeul Jude\u021bean Buz\u0103u, institu\u021bie de cultur\u0103 \u0219i cercetare ce func\u021bioneaz\u0103 sub autoritatea Consiliului Jude\u021bean Buz\u0103u, cu sediul&hellip;<\/p>\n                    <\/div>\n                                    <div class=\"astra-post-grid-item\">\n                        <a href=\"http:\/\/muzeubuzau.ro\/en\/events\/expozitia-temporara-armata-romana-in-razboiul-cel-mare-1916-1918\/\" class=\"astra-post-grid-link\">\n                                                            <div class=\"astra-post-grid-thumbnail thumb\" style=\"width: 300px; height: 200px; overflow: hidden;\">\n                                    <img loading=\"lazy\" decoding=\"async\" width=\"1183\" height=\"1690\" src=\"https:\/\/muzeubuzau.ro\/wp-content\/uploads\/2021\/07\/Afis-Expo-1RM-Buzau-2021-5-min.jpg\" class=\"attachment-full size-full wp-post-image\" alt=\"\" style=\"width: 100%; height: 100%; object-fit: cover;\" srcset=\"https:\/\/muzeubuzau.ro\/wp-content\/uploads\/2021\/07\/Afis-Expo-1RM-Buzau-2021-5-min.jpg 1183w, https:\/\/muzeubuzau.ro\/wp-content\/uploads\/2021\/07\/Afis-Expo-1RM-Buzau-2021-5-min-210x300.jpg 210w, https:\/\/muzeubuzau.ro\/wp-content\/uploads\/2021\/07\/Afis-Expo-1RM-Buzau-2021-5-min-717x1024.jpg 717w, https:\/\/muzeubuzau.ro\/wp-content\/uploads\/2021\/07\/Afis-Expo-1RM-Buzau-2021-5-min-768x1097.jpg 768w, https:\/\/muzeubuzau.ro\/wp-content\/uploads\/2021\/07\/Afis-Expo-1RM-Buzau-2021-5-min-1075x1536.jpg 1075w, https:\/\/muzeubuzau.ro\/wp-content\/uploads\/2021\/07\/Afis-Expo-1RM-Buzau-2021-5-min-8x12.jpg 8w\" sizes=\"(max-width: 1183px) 100vw, 1183px\" \/>\n                                <\/div>\n                                                        <h2 class=\"astra-post-grid-title\">Temporary exhibition Romanian Army in the Great War 1916-1918<\/h2>\n                        <\/a>\n                        <p class=\"astra-post-grid-excerpt\">Comunicat de pres\u0103 \u00a0 Expozi\u021bia temporar\u0103 Armata Rom\u00e2n\u0103 \u00een R\u0103zboiul cel Mare 1916-1918 \u00a0 \u00a0 Anul acesta, \u00een luna august&hellip;<\/p>\n                    <\/div>\n                                    <div class=\"astra-post-grid-item\">\n                        <a href=\"http:\/\/muzeubuzau.ro\/en\/events\/expozitia-interactiva-jocurile-stiintei\/\" class=\"astra-post-grid-link\">\n                                                            <div class=\"astra-post-grid-thumbnail thumb\" style=\"width: 300px; height: 200px; overflow: hidden;\">\n                                    <img loading=\"lazy\" decoding=\"async\" width=\"842\" height=\"1191\" src=\"https:\/\/muzeubuzau.ro\/wp-content\/uploads\/2021\/07\/Afis-Jocurile-Stiintei-2021.jpg\" class=\"attachment-full size-full wp-post-image\" alt=\"\" style=\"width: 100%; height: 100%; object-fit: cover;\" srcset=\"https:\/\/muzeubuzau.ro\/wp-content\/uploads\/2021\/07\/Afis-Jocurile-Stiintei-2021.jpg 842w, https:\/\/muzeubuzau.ro\/wp-content\/uploads\/2021\/07\/Afis-Jocurile-Stiintei-2021-212x300.jpg 212w, https:\/\/muzeubuzau.ro\/wp-content\/uploads\/2021\/07\/Afis-Jocurile-Stiintei-2021-724x1024.jpg 724w, https:\/\/muzeubuzau.ro\/wp-content\/uploads\/2021\/07\/Afis-Jocurile-Stiintei-2021-768x1086.jpg 768w, https:\/\/muzeubuzau.ro\/wp-content\/uploads\/2021\/07\/Afis-Jocurile-Stiintei-2021-8x12.jpg 8w\" sizes=\"(max-width: 842px) 100vw, 842px\" \/>\n                                <\/div>\n                                                        <h2 class=\"astra-post-grid-title\">Interactive exhibition \"Games of Science\"<\/h2>\n                        <\/a>\n                        <p class=\"astra-post-grid-excerpt\">Comunicat de pres\u0103 Expozi\u021bia interactiv\u0103 \u201eJocurile \u0218tiin\u021bei\u201d \u00a0 Muzeul Jude\u021bean Buz\u0103u, institu\u021bie de cultur\u0103 \u0219i cercetare ce func\u021bioneaz\u0103 sub autoritatea&hellip;<\/p>\n                    <\/div>\n                                    <div class=\"astra-post-grid-item\">\n                        <a href=\"http:\/\/muzeubuzau.ro\/en\/events\/4455\/\" class=\"astra-post-grid-link\">\n                                                            <div class=\"astra-post-grid-thumbnail thumb\" style=\"width: 300px; height: 200px; overflow: hidden;\">\n                                    <img loading=\"lazy\" decoding=\"async\" width=\"908\" height=\"1276\" src=\"https:\/\/muzeubuzau.ro\/wp-content\/uploads\/2021\/07\/AFIS-Melange-Mihaela-Constantin-PREVIEW-min.jpg\" class=\"attachment-full size-full wp-post-image\" alt=\"\" style=\"width: 100%; height: 100%; object-fit: cover;\" srcset=\"https:\/\/muzeubuzau.ro\/wp-content\/uploads\/2021\/07\/AFIS-Melange-Mihaela-Constantin-PREVIEW-min.jpg 908w, https:\/\/muzeubuzau.ro\/wp-content\/uploads\/2021\/07\/AFIS-Melange-Mihaela-Constantin-PREVIEW-min-213x300.jpg 213w, https:\/\/muzeubuzau.ro\/wp-content\/uploads\/2021\/07\/AFIS-Melange-Mihaela-Constantin-PREVIEW-min-729x1024.jpg 729w, https:\/\/muzeubuzau.ro\/wp-content\/uploads\/2021\/07\/AFIS-Melange-Mihaela-Constantin-PREVIEW-min-768x1079.jpg 768w, https:\/\/muzeubuzau.ro\/wp-content\/uploads\/2021\/07\/AFIS-Melange-Mihaela-Constantin-PREVIEW-min-9x12.jpg 9w\" sizes=\"(max-width: 908px) 100vw, 908px\" \/>\n                                <\/div>\n                                                        <h2 class=\"astra-post-grid-title\">Painting exhibition \u201cM\u00e9lange\u201d<\/h2>\n                        <\/a>\n                        <p class=\"astra-post-grid-excerpt\">Muzeul Jude\u021bean Buz\u0103u, institu\u021bie de cultur\u0103, art\u0103 \u0219i cercetare, ce func\u021bioneaz\u0103 sub autoritatea Consiliului Jude\u021bean Buz\u0103u, g\u0103zduie\u0219te, \u00een perioada 3&hellip;<\/p>\n                    <\/div>\n                                    <div class=\"astra-post-grid-item\">\n                        <a href=\"http:\/\/muzeubuzau.ro\/en\/events\/atelier-de-cusut-motive-traditionale\/\" class=\"astra-post-grid-link\">\n                                                            <div class=\"astra-post-grid-thumbnail thumb\" style=\"width: 300px; height: 200px; overflow: hidden;\">\n                                    <img loading=\"lazy\" decoding=\"async\" width=\"2560\" height=\"1817\" src=\"https:\/\/muzeubuzau.ro\/wp-content\/uploads\/2021\/06\/Afis-atelier-cusut-min-scaled-1.jpg\" class=\"attachment-full size-full wp-post-image\" alt=\"\" style=\"width: 100%; height: 100%; object-fit: cover;\" srcset=\"https:\/\/muzeubuzau.ro\/wp-content\/uploads\/2021\/06\/Afis-atelier-cusut-min-scaled-1.jpg 2560w, https:\/\/muzeubuzau.ro\/wp-content\/uploads\/2021\/06\/Afis-atelier-cusut-min-scaled-1-300x213.jpg 300w, https:\/\/muzeubuzau.ro\/wp-content\/uploads\/2021\/06\/Afis-atelier-cusut-min-scaled-1-1024x727.jpg 1024w, https:\/\/muzeubuzau.ro\/wp-content\/uploads\/2021\/06\/Afis-atelier-cusut-min-scaled-1-768x545.jpg 768w, https:\/\/muzeubuzau.ro\/wp-content\/uploads\/2021\/06\/Afis-atelier-cusut-min-scaled-1-1536x1090.jpg 1536w, https:\/\/muzeubuzau.ro\/wp-content\/uploads\/2021\/06\/Afis-atelier-cusut-min-scaled-1-2048x1454.jpg 2048w, https:\/\/muzeubuzau.ro\/wp-content\/uploads\/2021\/06\/Afis-atelier-cusut-min-scaled-1-18x12.jpg 18w\" sizes=\"(max-width: 2560px) 100vw, 2560px\" \/>\n                                <\/div>\n                                                        <h2 class=\"astra-post-grid-title\">Traditional motif sewing workshop<\/h2>\n                        <\/a>\n                        <p class=\"astra-post-grid-excerpt\">&nbsp; Comunicat Atelier de cusut motive tradi\u021bionale Cu prilejul \u201eZilei Universale a Iei\u201d, Muzeul Jude\u021bean Buz\u0103u, institu\u021bie de cultur\u0103, art\u0103&hellip;<\/p>\n                    <\/div>\n                                    <div class=\"astra-post-grid-item\">\n                        <a href=\"http:\/\/muzeubuzau.ro\/en\/events\/noaptea-europeana-a-muzeelor-editia-din-anul-2021\/\" class=\"astra-post-grid-link\">\n                                                            <div class=\"astra-post-grid-thumbnail thumb\" style=\"width: 300px; height: 200px; overflow: hidden;\">\n                                    <img loading=\"lazy\" decoding=\"async\" width=\"1600\" height=\"811\" src=\"https:\/\/muzeubuzau.ro\/wp-content\/uploads\/2021\/06\/195313919_4380197085401132_6303561462282154266_n.jpg\" class=\"attachment-full size-full wp-post-image\" alt=\"\" style=\"width: 100%; height: 100%; object-fit: cover;\" srcset=\"https:\/\/muzeubuzau.ro\/wp-content\/uploads\/2021\/06\/195313919_4380197085401132_6303561462282154266_n.jpg 1600w, https:\/\/muzeubuzau.ro\/wp-content\/uploads\/2021\/06\/195313919_4380197085401132_6303561462282154266_n-300x152.jpg 300w, https:\/\/muzeubuzau.ro\/wp-content\/uploads\/2021\/06\/195313919_4380197085401132_6303561462282154266_n-1024x519.jpg 1024w, https:\/\/muzeubuzau.ro\/wp-content\/uploads\/2021\/06\/195313919_4380197085401132_6303561462282154266_n-768x389.jpg 768w, https:\/\/muzeubuzau.ro\/wp-content\/uploads\/2021\/06\/195313919_4380197085401132_6303561462282154266_n-1536x779.jpg 1536w, https:\/\/muzeubuzau.ro\/wp-content\/uploads\/2021\/06\/195313919_4380197085401132_6303561462282154266_n-18x9.jpg 18w\" sizes=\"(max-width: 1600px) 100vw, 1600px\" \/>\n                                <\/div>\n                                                        <h2 class=\"astra-post-grid-title\">European Night of Museums, 2021 edition<\/h2>\n                        <\/a>\n                        <p class=\"astra-post-grid-excerpt\">Noaptea European\u0103 a Muzeelor revine! \u00a0 Muzeul Jude\u021bean Buz\u0103u, institu\u021bie de cultur\u0103, art\u0103 \u0219i cercetare ce func\u021bioneaz\u0103 sub autoritatea Consiliului&hellip;<\/p>\n                    <\/div>\n                                    <div class=\"astra-post-grid-item\">\n                        <a href=\"http:\/\/muzeubuzau.ro\/en\/events\/ziua-internationala-a-copilului-la-muzeul-judetean-buzau-ed-a-v-a\/\" class=\"astra-post-grid-link\">\n                                                            <div class=\"astra-post-grid-thumbnail thumb\" style=\"width: 300px; height: 200px; overflow: hidden;\">\n                                    <img loading=\"lazy\" decoding=\"async\" width=\"1818\" height=\"2560\" src=\"https:\/\/muzeubuzau.ro\/wp-content\/uploads\/2021\/05\/21-AFIS-1-iunie-corectat-min-scaled-1.jpg\" class=\"attachment-full size-full wp-post-image\" alt=\"\" style=\"width: 100%; height: 100%; object-fit: cover;\" srcset=\"https:\/\/muzeubuzau.ro\/wp-content\/uploads\/2021\/05\/21-AFIS-1-iunie-corectat-min-scaled-1.jpg 1818w, https:\/\/muzeubuzau.ro\/wp-content\/uploads\/2021\/05\/21-AFIS-1-iunie-corectat-min-scaled-1-213x300.jpg 213w, https:\/\/muzeubuzau.ro\/wp-content\/uploads\/2021\/05\/21-AFIS-1-iunie-corectat-min-scaled-1-727x1024.jpg 727w, https:\/\/muzeubuzau.ro\/wp-content\/uploads\/2021\/05\/21-AFIS-1-iunie-corectat-min-scaled-1-768x1081.jpg 768w, https:\/\/muzeubuzau.ro\/wp-content\/uploads\/2021\/05\/21-AFIS-1-iunie-corectat-min-scaled-1-1091x1536.jpg 1091w, https:\/\/muzeubuzau.ro\/wp-content\/uploads\/2021\/05\/21-AFIS-1-iunie-corectat-min-scaled-1-1454x2048.jpg 1454w, https:\/\/muzeubuzau.ro\/wp-content\/uploads\/2021\/05\/21-AFIS-1-iunie-corectat-min-scaled-1-9x12.jpg 9w\" sizes=\"(max-width: 1818px) 100vw, 1818px\" \/>\n                                <\/div>\n                                                        <h2 class=\"astra-post-grid-title\">International Children's Day at Buzau County Museum, 5th ed.<\/h2>\n                        <\/a>\n                        <p class=\"astra-post-grid-excerpt\">Comunicat \u00een aten\u021bia celor mici \u0219i nu numai: Ziua Interna\u021bional\u0103 a Copilului la Muzeul Jude\u021bean Buz\u0103u, ed. a V-a &nbsp;&hellip;<\/p>\n                    <\/div>\n                                    <div class=\"astra-post-grid-item\">\n                        <a href=\"http:\/\/muzeubuzau.ro\/en\/events\/expozitia-de-pictura-instalatie-si-video-art-spatiul\/\" class=\"astra-post-grid-link\">\n                                                            <div class=\"astra-post-grid-thumbnail thumb\" style=\"width: 300px; height: 200px; overflow: hidden;\">\n                                    <img loading=\"lazy\" decoding=\"async\" width=\"1135\" height=\"1600\" src=\"https:\/\/muzeubuzau.ro\/wp-content\/uploads\/2021\/05\/Afis-Spatiul-IMG-20210513-WA0002.jpg\" class=\"attachment-full size-full wp-post-image\" alt=\"\" style=\"width: 100%; height: 100%; object-fit: cover;\" srcset=\"https:\/\/muzeubuzau.ro\/wp-content\/uploads\/2021\/05\/Afis-Spatiul-IMG-20210513-WA0002.jpg 1135w, https:\/\/muzeubuzau.ro\/wp-content\/uploads\/2021\/05\/Afis-Spatiul-IMG-20210513-WA0002-213x300.jpg 213w, https:\/\/muzeubuzau.ro\/wp-content\/uploads\/2021\/05\/Afis-Spatiul-IMG-20210513-WA0002-726x1024.jpg 726w, https:\/\/muzeubuzau.ro\/wp-content\/uploads\/2021\/05\/Afis-Spatiul-IMG-20210513-WA0002-768x1083.jpg 768w, https:\/\/muzeubuzau.ro\/wp-content\/uploads\/2021\/05\/Afis-Spatiul-IMG-20210513-WA0002-1090x1536.jpg 1090w, https:\/\/muzeubuzau.ro\/wp-content\/uploads\/2021\/05\/Afis-Spatiul-IMG-20210513-WA0002-9x12.jpg 9w\" sizes=\"(max-width: 1135px) 100vw, 1135px\" \/>\n                                <\/div>\n                                                        <h2 class=\"astra-post-grid-title\">Exhibition of painting, installation and video art \u201cSpace\u201d<\/h2>\n                        <\/a>\n                        <p class=\"astra-post-grid-excerpt\">Comunicat Deschiderea expozi\u0163iei \u201eSpa\u021biul\u201d Muzeul Judetean Buzau, institu\u021bie de cultur\u0103 \u0219i cercetare ce func\u021bioneaz\u0103 sub autoritatea Consiliului Jude\u021bean Buz\u0103u, g\u0103zduie\u0219te,&hellip;<\/p>\n                    <\/div>\n                                    <div class=\"astra-post-grid-item\">\n                        <a href=\"http:\/\/muzeubuzau.ro\/en\/events\/targu-ofertelor-educationale-ale-universitatilor-de-stat-din-romania-ed-a-ii-a-cariera-ta-incepe-aici\/\" class=\"astra-post-grid-link\">\n                                                            <div class=\"astra-post-grid-thumbnail thumb\" style=\"width: 300px; height: 200px; overflow: hidden;\">\n                                    <img loading=\"lazy\" decoding=\"async\" width=\"1812\" height=\"2560\" src=\"https:\/\/muzeubuzau.ro\/wp-content\/uploads\/2021\/05\/AFIS-Targul-ED-21-01-min-scaled-1.jpg\" class=\"attachment-full size-full wp-post-image\" alt=\"\" style=\"width: 100%; height: 100%; object-fit: cover;\" srcset=\"https:\/\/muzeubuzau.ro\/wp-content\/uploads\/2021\/05\/AFIS-Targul-ED-21-01-min-scaled-1.jpg 1812w, https:\/\/muzeubuzau.ro\/wp-content\/uploads\/2021\/05\/AFIS-Targul-ED-21-01-min-scaled-1-212x300.jpg 212w, https:\/\/muzeubuzau.ro\/wp-content\/uploads\/2021\/05\/AFIS-Targul-ED-21-01-min-scaled-1-725x1024.jpg 725w, https:\/\/muzeubuzau.ro\/wp-content\/uploads\/2021\/05\/AFIS-Targul-ED-21-01-min-scaled-1-768x1085.jpg 768w, https:\/\/muzeubuzau.ro\/wp-content\/uploads\/2021\/05\/AFIS-Targul-ED-21-01-min-scaled-1-1087x1536.jpg 1087w, https:\/\/muzeubuzau.ro\/wp-content\/uploads\/2021\/05\/AFIS-Targul-ED-21-01-min-scaled-1-1450x2048.jpg 1450w, https:\/\/muzeubuzau.ro\/wp-content\/uploads\/2021\/05\/AFIS-Targul-ED-21-01-min-scaled-1-8x12.jpg 8w\" sizes=\"(max-width: 1812px) 100vw, 1812px\" \/>\n                                <\/div>\n                                                        <h2 class=\"astra-post-grid-title\">T\u00e2rgul Ofertelor Educa\u021bionale ale Universit\u0103\u021bilor de Stat din Rom\u00e2nia, ed. a II-a &#8211; Cariera ta \u00eencepe aici<\/h2>\n                        <\/a>\n                        <p class=\"astra-post-grid-excerpt\">Comunicat de pres\u0103 &nbsp; Muzeul Jude\u021bean Buz\u0103u, institu\u021bie de cultur\u0103 \u0219i cercetare ce func\u021bioneaz\u0103 sub autoritatea Consiliului Jude\u021bean Buz\u0103u, cu&hellip;<\/p>\n                    <\/div>\n                                    <div class=\"astra-post-grid-item\">\n                        <a href=\"http:\/\/muzeubuzau.ro\/en\/events\/expozitia-ermetic\/\" class=\"astra-post-grid-link\">\n                                                            <div class=\"astra-post-grid-thumbnail thumb\" style=\"width: 300px; height: 200px; overflow: hidden;\">\n                                    <img loading=\"lazy\" decoding=\"async\" width=\"1819\" height=\"2560\" src=\"https:\/\/muzeubuzau.ro\/wp-content\/uploads\/2021\/05\/ion-afis-buzau-01-copy-scaled-1.jpg\" class=\"attachment-full size-full wp-post-image\" alt=\"\" style=\"width: 100%; height: 100%; object-fit: cover;\" srcset=\"https:\/\/muzeubuzau.ro\/wp-content\/uploads\/2021\/05\/ion-afis-buzau-01-copy-scaled-1.jpg 1819w, https:\/\/muzeubuzau.ro\/wp-content\/uploads\/2021\/05\/ion-afis-buzau-01-copy-scaled-1-213x300.jpg 213w, https:\/\/muzeubuzau.ro\/wp-content\/uploads\/2021\/05\/ion-afis-buzau-01-copy-scaled-1-728x1024.jpg 728w, https:\/\/muzeubuzau.ro\/wp-content\/uploads\/2021\/05\/ion-afis-buzau-01-copy-scaled-1-768x1081.jpg 768w, https:\/\/muzeubuzau.ro\/wp-content\/uploads\/2021\/05\/ion-afis-buzau-01-copy-scaled-1-1091x1536.jpg 1091w, https:\/\/muzeubuzau.ro\/wp-content\/uploads\/2021\/05\/ion-afis-buzau-01-copy-scaled-1-1455x2048.jpg 1455w, https:\/\/muzeubuzau.ro\/wp-content\/uploads\/2021\/05\/ion-afis-buzau-01-copy-scaled-1-9x12.jpg 9w\" sizes=\"(max-width: 1819px) 100vw, 1819px\" \/>\n                                <\/div>\n                                                        <h2 class=\"astra-post-grid-title\">Exhibition \u201cErmetic\u201d<\/h2>\n                        <\/a>\n                        <p class=\"astra-post-grid-excerpt\">Comunicat de pres\u0103 Deschiderea expozi\u021biei \u201dErmetic\u201d &nbsp; &nbsp; Muzeul Judetean Buzau, institu\u021bie de cultur\u0103 \u0219i cercetare ce func\u021bioneaz\u0103 sub autoritatea&hellip;<\/p>\n                    <\/div>\n                                    <div class=\"astra-post-grid-item\">\n                        <a href=\"http:\/\/muzeubuzau.ro\/en\/events\/zilele-femeii-la-muzeul-judetean-buzau-editia-a-v-a\/\" class=\"astra-post-grid-link\">\n                                                            <div class=\"astra-post-grid-thumbnail thumb\" style=\"width: 300px; height: 200px; overflow: hidden;\">\n                                    <img loading=\"lazy\" decoding=\"async\" width=\"2560\" height=\"2184\" src=\"https:\/\/muzeubuzau.ro\/wp-content\/uploads\/2021\/03\/Afis-general-MARTIE-2021-01-min-scaled-1.jpg\" class=\"attachment-full size-full wp-post-image\" alt=\"\" style=\"width: 100%; height: 100%; object-fit: cover;\" srcset=\"https:\/\/muzeubuzau.ro\/wp-content\/uploads\/2021\/03\/Afis-general-MARTIE-2021-01-min-scaled-1.jpg 2560w, https:\/\/muzeubuzau.ro\/wp-content\/uploads\/2021\/03\/Afis-general-MARTIE-2021-01-min-scaled-1-300x256.jpg 300w, https:\/\/muzeubuzau.ro\/wp-content\/uploads\/2021\/03\/Afis-general-MARTIE-2021-01-min-scaled-1-1024x874.jpg 1024w, https:\/\/muzeubuzau.ro\/wp-content\/uploads\/2021\/03\/Afis-general-MARTIE-2021-01-min-scaled-1-768x655.jpg 768w, https:\/\/muzeubuzau.ro\/wp-content\/uploads\/2021\/03\/Afis-general-MARTIE-2021-01-min-scaled-1-1536x1310.jpg 1536w, https:\/\/muzeubuzau.ro\/wp-content\/uploads\/2021\/03\/Afis-general-MARTIE-2021-01-min-scaled-1-2048x1747.jpg 2048w, https:\/\/muzeubuzau.ro\/wp-content\/uploads\/2021\/03\/Afis-general-MARTIE-2021-01-min-scaled-1-14x12.jpg 14w\" sizes=\"(max-width: 2560px) 100vw, 2560px\" \/>\n                                <\/div>\n                                                        <h2 class=\"astra-post-grid-title\">Zilele Femeii la Muzeul Jude\u021bean Buz\u0103u &#8211; edi\u021bia a V-a<\/h2>\n                        <\/a>\n                        <p class=\"astra-post-grid-excerpt\">Comunicat de pres\u0103 Zilele Femeii la Muzeul Jude\u021bean Buz\u0103u, edi\u021bia a V-a &nbsp; &nbsp; Muzeul Jude\u021bean Buz\u0103u, institu\u021bie de cultur\u0103&hellip;<\/p>\n                    <\/div>\n                                    <div class=\"astra-post-grid-item\">\n                        <a href=\"http:\/\/muzeubuzau.ro\/en\/events\/dragobete-vs-sfantul-valentin-editia-a-vi-a\/\" class=\"astra-post-grid-link\">\n                                                            <div class=\"astra-post-grid-thumbnail thumb\" style=\"width: 300px; height: 200px; overflow: hidden;\">\n                                    <img loading=\"lazy\" decoding=\"async\" width=\"1760\" height=\"1101\" src=\"https:\/\/muzeubuzau.ro\/wp-content\/uploads\/2021\/02\/Dragobete-vs-Sf.-Valentin_WEB-min.jpg\" class=\"attachment-full size-full wp-post-image\" alt=\"\" style=\"width: 100%; height: 100%; object-fit: cover;\" srcset=\"https:\/\/muzeubuzau.ro\/wp-content\/uploads\/2021\/02\/Dragobete-vs-Sf.-Valentin_WEB-min.jpg 1760w, https:\/\/muzeubuzau.ro\/wp-content\/uploads\/2021\/02\/Dragobete-vs-Sf.-Valentin_WEB-min-300x188.jpg 300w, https:\/\/muzeubuzau.ro\/wp-content\/uploads\/2021\/02\/Dragobete-vs-Sf.-Valentin_WEB-min-1024x641.jpg 1024w, https:\/\/muzeubuzau.ro\/wp-content\/uploads\/2021\/02\/Dragobete-vs-Sf.-Valentin_WEB-min-768x480.jpg 768w, https:\/\/muzeubuzau.ro\/wp-content\/uploads\/2021\/02\/Dragobete-vs-Sf.-Valentin_WEB-min-1536x961.jpg 1536w, https:\/\/muzeubuzau.ro\/wp-content\/uploads\/2021\/02\/Dragobete-vs-Sf.-Valentin_WEB-min-18x12.jpg 18w\" sizes=\"(max-width: 1760px) 100vw, 1760px\" \/>\n                                <\/div>\n                                                        <h2 class=\"astra-post-grid-title\">Dragobete vs. Saint Valentine, 6th edition<\/h2>\n                        <\/a>\n                        <p class=\"astra-post-grid-excerpt\">Comunicat de pres\u0103 Dragobete vs. Sf\u00e2ntul Valentin, edi\u021bia a VI-a &nbsp; [dropcap type=&#8221;secondary&#8221;]Un eveniment de tradi\u021bie din calendarul activit\u0103\u021bilor muzeului,&hellip;<\/p>\n                    <\/div>\n                                    <div class=\"astra-post-grid-item\">\n                        <a href=\"http:\/\/muzeubuzau.ro\/en\/events\/162-de-ani-de-la-mica-unire\/\" class=\"astra-post-grid-link\">\n                                                            <div class=\"astra-post-grid-thumbnail thumb\" style=\"width: 300px; height: 200px; overflow: hidden;\">\n                                    <img loading=\"lazy\" decoding=\"async\" width=\"1025\" height=\"829\" src=\"https:\/\/muzeubuzau.ro\/wp-content\/uploads\/2021\/01\/BANNER-WEB-Mica-Unire-01-1-min.jpg\" class=\"attachment-full size-full wp-post-image\" alt=\"\" style=\"width: 100%; height: 100%; object-fit: cover;\" srcset=\"https:\/\/muzeubuzau.ro\/wp-content\/uploads\/2021\/01\/BANNER-WEB-Mica-Unire-01-1-min.jpg 1025w, https:\/\/muzeubuzau.ro\/wp-content\/uploads\/2021\/01\/BANNER-WEB-Mica-Unire-01-1-min-300x243.jpg 300w, https:\/\/muzeubuzau.ro\/wp-content\/uploads\/2021\/01\/BANNER-WEB-Mica-Unire-01-1-min-768x621.jpg 768w, https:\/\/muzeubuzau.ro\/wp-content\/uploads\/2021\/01\/BANNER-WEB-Mica-Unire-01-1-min-15x12.jpg 15w\" sizes=\"(max-width: 1025px) 100vw, 1025px\" \/>\n                                <\/div>\n                                                        <h2 class=\"astra-post-grid-title\">162 de ani de la Mica Unire<\/h2>\n                        <\/a>\n                        <p class=\"astra-post-grid-excerpt\">\u00a0 \u00a0 Comunicat de pres\u0103 162 de ani de la Mica Unire Muzeul Jude\u021bean Buz\u0103u, institu\u021bie de cultur\u0103 \u0219i cercetare&hellip;<\/p>\n                    <\/div>\n                                    <div class=\"astra-post-grid-item\">\n                        <a href=\"http:\/\/muzeubuzau.ro\/en\/events\/zilei-culturii-nationale-editia-2021\/\" class=\"astra-post-grid-link\">\n                                                            <div class=\"astra-post-grid-thumbnail thumb\" style=\"width: 300px; height: 200px; overflow: hidden;\">\n                                    <img loading=\"lazy\" decoding=\"async\" width=\"842\" height=\"635\" src=\"https:\/\/muzeubuzau.ro\/wp-content\/uploads\/2021\/01\/Ziua_Culturii-2021.png\" class=\"attachment-full size-full wp-post-image\" alt=\"\" style=\"width: 100%; height: 100%; object-fit: cover;\" srcset=\"https:\/\/muzeubuzau.ro\/wp-content\/uploads\/2021\/01\/Ziua_Culturii-2021.png 842w, https:\/\/muzeubuzau.ro\/wp-content\/uploads\/2021\/01\/Ziua_Culturii-2021-300x226.png 300w, https:\/\/muzeubuzau.ro\/wp-content\/uploads\/2021\/01\/Ziua_Culturii-2021-768x579.png 768w, https:\/\/muzeubuzau.ro\/wp-content\/uploads\/2021\/01\/Ziua_Culturii-2021-16x12.png 16w\" sizes=\"(max-width: 842px) 100vw, 842px\" \/>\n                                <\/div>\n                                                        <h2 class=\"astra-post-grid-title\">Zilei Culturii Na\u021bionale &#8211; edi\u021bia 2021<\/h2>\n                        <\/a>\n                        <p class=\"astra-post-grid-excerpt\">Comunicat de pres\u0103 &nbsp; Muzeul Jude\u021bean Buz\u0103u, institu\u021bie de cultur\u0103 \u0219i cercetare ce func\u021bioneaz\u0103 sub autoritatea Consiliului Jude\u021bean Buz\u0103u, cu&hellip;<\/p>\n                    <\/div>\n                                    <div class=\"astra-post-grid-item\">\n                        <a href=\"http:\/\/muzeubuzau.ro\/en\/events\/sesiunea-nationala-de-rapoarte-arheologice-editia-2020\/\" class=\"astra-post-grid-link\">\n                                                            <div class=\"astra-post-grid-thumbnail thumb\" style=\"width: 300px; height: 200px; overflow: hidden;\">\n                                    <img loading=\"lazy\" decoding=\"async\" width=\"1600\" height=\"1216\" src=\"https:\/\/muzeubuzau.ro\/wp-content\/uploads\/2020\/11\/Afis-SNRA.jpg\" class=\"attachment-full size-full wp-post-image\" alt=\"\" style=\"width: 100%; height: 100%; object-fit: cover;\" srcset=\"https:\/\/muzeubuzau.ro\/wp-content\/uploads\/2020\/11\/Afis-SNRA.jpg 1600w, https:\/\/muzeubuzau.ro\/wp-content\/uploads\/2020\/11\/Afis-SNRA-300x228.jpg 300w, https:\/\/muzeubuzau.ro\/wp-content\/uploads\/2020\/11\/Afis-SNRA-1024x778.jpg 1024w, https:\/\/muzeubuzau.ro\/wp-content\/uploads\/2020\/11\/Afis-SNRA-768x584.jpg 768w, https:\/\/muzeubuzau.ro\/wp-content\/uploads\/2020\/11\/Afis-SNRA-1536x1167.jpg 1536w, https:\/\/muzeubuzau.ro\/wp-content\/uploads\/2020\/11\/Afis-SNRA-16x12.jpg 16w\" sizes=\"(max-width: 1600px) 100vw, 1600px\" \/>\n                                <\/div>\n                                                        <h2 class=\"astra-post-grid-title\">Sesiunea Na\u021bional\u0103 de Rapoarte Arheologice &#8211; edi\u021bia 2020<\/h2>\n                        <\/a>\n                        <p class=\"astra-post-grid-excerpt\">Sesiunea Na\u021bional\u0103 de Rapoarte Arheologice 2020 &nbsp; Anul acesta, Sesiunea Na\u021bional\u0103 de Rapoarte Arheologice se desf\u0103\u0219oar\u0103, \u00een premier\u0103, la Muzeul&hellip;<\/p>\n                    <\/div>\n                                    <div class=\"astra-post-grid-item\">\n                        <a href=\"http:\/\/muzeubuzau.ro\/en\/events\/noaptea-muzeelor-editia-2020\/\" class=\"astra-post-grid-link\">\n                                                            <div class=\"astra-post-grid-thumbnail thumb\" style=\"width: 300px; height: 200px; overflow: hidden;\">\n                                    <img loading=\"lazy\" decoding=\"async\" width=\"1280\" height=\"1280\" src=\"https:\/\/muzeubuzau.ro\/wp-content\/uploads\/2020\/11\/NoapteaMuzeelor-1.png\" class=\"attachment-full size-full wp-post-image\" alt=\"\" style=\"width: 100%; height: 100%; object-fit: cover;\" srcset=\"https:\/\/muzeubuzau.ro\/wp-content\/uploads\/2020\/11\/NoapteaMuzeelor-1.png 1280w, https:\/\/muzeubuzau.ro\/wp-content\/uploads\/2020\/11\/NoapteaMuzeelor-1-300x300.png 300w, https:\/\/muzeubuzau.ro\/wp-content\/uploads\/2020\/11\/NoapteaMuzeelor-1-1024x1024.png 1024w, https:\/\/muzeubuzau.ro\/wp-content\/uploads\/2020\/11\/NoapteaMuzeelor-1-150x150.png 150w, https:\/\/muzeubuzau.ro\/wp-content\/uploads\/2020\/11\/NoapteaMuzeelor-1-768x768.png 768w, https:\/\/muzeubuzau.ro\/wp-content\/uploads\/2020\/11\/NoapteaMuzeelor-1-12x12.png 12w, https:\/\/muzeubuzau.ro\/wp-content\/uploads\/2020\/11\/NoapteaMuzeelor-1-200x200.png 200w\" sizes=\"(max-width: 1280px) 100vw, 1280px\" \/>\n                                <\/div>\n                                                        <h2 class=\"astra-post-grid-title\">Noaptea muzeelor &#8211; edi\u021bia 2020<\/h2>\n                        <\/a>\n                        <p class=\"astra-post-grid-excerpt\">Comunicat de pres\u0103 &nbsp; Anul 2020 s-a dovedit a fi dificil \u00een foarte multe privin\u021be. Muzeul Jude\u021bean Buz\u0103u a fost&hellip;<\/p>\n                    <\/div>\n                                    <div class=\"astra-post-grid-item\">\n                        <a href=\"http:\/\/muzeubuzau.ro\/en\/events\/zilei-satului-romanesc-editia-i\/\" class=\"astra-post-grid-link\">\n                                                            <div class=\"astra-post-grid-thumbnail thumb\" style=\"width: 300px; height: 200px; overflow: hidden;\">\n                                    <img loading=\"lazy\" decoding=\"async\" width=\"1552\" height=\"1500\" src=\"https:\/\/muzeubuzau.ro\/wp-content\/uploads\/2020\/10\/AFIS-Ziua-Satului-Romanesc-WEB-min-1.jpg\" class=\"attachment-full size-full wp-post-image\" alt=\"\" style=\"width: 100%; height: 100%; object-fit: cover;\" srcset=\"https:\/\/muzeubuzau.ro\/wp-content\/uploads\/2020\/10\/AFIS-Ziua-Satului-Romanesc-WEB-min-1.jpg 1552w, https:\/\/muzeubuzau.ro\/wp-content\/uploads\/2020\/10\/AFIS-Ziua-Satului-Romanesc-WEB-min-1-300x290.jpg 300w, https:\/\/muzeubuzau.ro\/wp-content\/uploads\/2020\/10\/AFIS-Ziua-Satului-Romanesc-WEB-min-1-1024x990.jpg 1024w, https:\/\/muzeubuzau.ro\/wp-content\/uploads\/2020\/10\/AFIS-Ziua-Satului-Romanesc-WEB-min-1-768x742.jpg 768w, https:\/\/muzeubuzau.ro\/wp-content\/uploads\/2020\/10\/AFIS-Ziua-Satului-Romanesc-WEB-min-1-1536x1485.jpg 1536w, https:\/\/muzeubuzau.ro\/wp-content\/uploads\/2020\/10\/AFIS-Ziua-Satului-Romanesc-WEB-min-1-12x12.jpg 12w\" sizes=\"(max-width: 1552px) 100vw, 1552px\" \/>\n                                <\/div>\n                                                        <h2 class=\"astra-post-grid-title\">Ziua Satului Rom\u00e2nesc &#8211; edi\u021bia I<\/h2>\n                        <\/a>\n                        <p class=\"astra-post-grid-excerpt\">Comunicat &nbsp; Muzeul Jude\u021bean Buz\u0103u, institu\u021bie de cultur\u0103 \u0219i cercetare ce func\u021bioneaz\u0103 sub autoritatea Consiliului Jude\u021bean Buz\u0103u, cu sediul \u00een&hellip;<\/p>\n                    <\/div>\n                                    <div class=\"astra-post-grid-item\">\n                        <a href=\"http:\/\/muzeubuzau.ro\/en\/events\/ziua-mondiala-a-educatiei\/\" class=\"astra-post-grid-link\">\n                                                            <div class=\"astra-post-grid-thumbnail thumb\" style=\"width: 300px; height: 200px; overflow: hidden;\">\n                                    <img loading=\"lazy\" decoding=\"async\" width=\"1194\" height=\"710\" src=\"https:\/\/muzeubuzau.ro\/wp-content\/uploads\/2020\/09\/Afis-Ziua-Educatiei-min.jpg\" class=\"attachment-full size-full wp-post-image\" alt=\"\" style=\"width: 100%; height: 100%; object-fit: cover;\" srcset=\"https:\/\/muzeubuzau.ro\/wp-content\/uploads\/2020\/09\/Afis-Ziua-Educatiei-min.jpg 1194w, https:\/\/muzeubuzau.ro\/wp-content\/uploads\/2020\/09\/Afis-Ziua-Educatiei-min-300x178.jpg 300w, https:\/\/muzeubuzau.ro\/wp-content\/uploads\/2020\/09\/Afis-Ziua-Educatiei-min-1024x609.jpg 1024w, https:\/\/muzeubuzau.ro\/wp-content\/uploads\/2020\/09\/Afis-Ziua-Educatiei-min-768x457.jpg 768w, https:\/\/muzeubuzau.ro\/wp-content\/uploads\/2020\/09\/Afis-Ziua-Educatiei-min-18x12.jpg 18w\" sizes=\"(max-width: 1194px) 100vw, 1194px\" \/>\n                                <\/div>\n                                                        <h2 class=\"astra-post-grid-title\">World Education Day 2020<\/h2>\n                        <\/a>\n                        <p class=\"astra-post-grid-excerpt\">&nbsp; Comunicat &nbsp; &nbsp; Muzeul Jude\u021bean Buz\u0103u, institu\u021bie de cultur\u0103 \u0219i cercetare ce func\u021bioneaz\u0103 sub autoritatea Consiliului Jude\u021bean Buz\u0103u, cu&hellip;<\/p>\n                    <\/div>\n                                    <div class=\"astra-post-grid-item\">\n                        <a href=\"http:\/\/muzeubuzau.ro\/en\/events\/surprinzatorul-dali\/\" class=\"astra-post-grid-link\">\n                                                            <div class=\"astra-post-grid-thumbnail thumb\" style=\"width: 300px; height: 200px; overflow: hidden;\">\n                                    <img loading=\"lazy\" decoding=\"async\" width=\"1600\" height=\"1132\" src=\"https:\/\/muzeubuzau.ro\/wp-content\/uploads\/2020\/09\/Afis-Expozitie-Dali.jpg\" class=\"attachment-full size-full wp-post-image\" alt=\"\" style=\"width: 100%; height: 100%; object-fit: cover;\" srcset=\"https:\/\/muzeubuzau.ro\/wp-content\/uploads\/2020\/09\/Afis-Expozitie-Dali.jpg 1600w, https:\/\/muzeubuzau.ro\/wp-content\/uploads\/2020\/09\/Afis-Expozitie-Dali-300x212.jpg 300w, https:\/\/muzeubuzau.ro\/wp-content\/uploads\/2020\/09\/Afis-Expozitie-Dali-1024x724.jpg 1024w, https:\/\/muzeubuzau.ro\/wp-content\/uploads\/2020\/09\/Afis-Expozitie-Dali-768x543.jpg 768w, https:\/\/muzeubuzau.ro\/wp-content\/uploads\/2020\/09\/Afis-Expozitie-Dali-1536x1087.jpg 1536w, https:\/\/muzeubuzau.ro\/wp-content\/uploads\/2020\/09\/Afis-Expozitie-Dali-18x12.jpg 18w\" sizes=\"(max-width: 1600px) 100vw, 1600px\" \/>\n                                <\/div>\n                                                        <h2 class=\"astra-post-grid-title\">The Surprise Dali<\/h2>\n                        <\/a>\n                        <p class=\"astra-post-grid-excerpt\">\u201cSurprinz\u0103torul Dali&#8222; Expozi\u021bia unei colec\u021bii private de opere originale realizate de Salvador Dali Muzeul Jude\u021bean Buz\u0103u Buz\u0103u, Rom\u00e2nia : 22.09.2020&hellip;<\/p>\n                    <\/div>\n                                    <div class=\"astra-post-grid-item\">\n                        <a href=\"http:\/\/muzeubuzau.ro\/en\/events\/redeschiderea-expozitiei-de-baza-din-cadrul-muzeului-chihlimbarului\/\" class=\"astra-post-grid-link\">\n                                                            <div class=\"astra-post-grid-thumbnail thumb\" style=\"width: 300px; height: 200px; overflow: hidden;\">\n                                    <img loading=\"lazy\" decoding=\"async\" width=\"1600\" height=\"877\" src=\"https:\/\/muzeubuzau.ro\/wp-content\/uploads\/2020\/08\/Afis-Deschidere-Colti.jpg\" class=\"attachment-full size-full wp-post-image\" alt=\"\" style=\"width: 100%; height: 100%; object-fit: cover;\" srcset=\"https:\/\/muzeubuzau.ro\/wp-content\/uploads\/2020\/08\/Afis-Deschidere-Colti.jpg 1600w, https:\/\/muzeubuzau.ro\/wp-content\/uploads\/2020\/08\/Afis-Deschidere-Colti-300x164.jpg 300w, https:\/\/muzeubuzau.ro\/wp-content\/uploads\/2020\/08\/Afis-Deschidere-Colti-1024x561.jpg 1024w, https:\/\/muzeubuzau.ro\/wp-content\/uploads\/2020\/08\/Afis-Deschidere-Colti-768x421.jpg 768w, https:\/\/muzeubuzau.ro\/wp-content\/uploads\/2020\/08\/Afis-Deschidere-Colti-1536x842.jpg 1536w, https:\/\/muzeubuzau.ro\/wp-content\/uploads\/2020\/08\/Afis-Deschidere-Colti-18x10.jpg 18w\" sizes=\"(max-width: 1600px) 100vw, 1600px\" \/>\n                                <\/div>\n                                                        <h2 class=\"astra-post-grid-title\">Reopening of the basic exhibition within the Amber Museum<\/h2>\n                        <\/a>\n                        <p class=\"astra-post-grid-excerpt\">Comunicat \u2013 Deschiderea Muzeului Chihlimbarului de la Col\u021bi &nbsp; Muzeul Jude\u021bean Buz\u0103u, institu\u021bie de cultur\u0103\u00a0\u0219i cercetare ce func\u021bioneaz\u0103 sub autoritatea&hellip;<\/p>\n                    <\/div>\n                                    <div class=\"astra-post-grid-item\">\n                        <a href=\"http:\/\/muzeubuzau.ro\/en\/events\/deschiderea-expozitiei-de-baza-din-cadrul-colectiei-de-etnografie-si-arta-populara-casa-vergu-manaila\/\" class=\"astra-post-grid-link\">\n                                                            <div class=\"astra-post-grid-thumbnail thumb\" style=\"width: 300px; height: 200px; overflow: hidden;\">\n                                    <img loading=\"lazy\" decoding=\"async\" width=\"1496\" height=\"1059\" src=\"https:\/\/muzeubuzau.ro\/wp-content\/uploads\/2020\/07\/Afis-Vergu.jpg\" class=\"attachment-full size-full wp-post-image\" alt=\"\" style=\"width: 100%; height: 100%; object-fit: cover;\" srcset=\"https:\/\/muzeubuzau.ro\/wp-content\/uploads\/2020\/07\/Afis-Vergu.jpg 1496w, https:\/\/muzeubuzau.ro\/wp-content\/uploads\/2020\/07\/Afis-Vergu-300x212.jpg 300w, https:\/\/muzeubuzau.ro\/wp-content\/uploads\/2020\/07\/Afis-Vergu-1024x725.jpg 1024w, https:\/\/muzeubuzau.ro\/wp-content\/uploads\/2020\/07\/Afis-Vergu-768x544.jpg 768w, https:\/\/muzeubuzau.ro\/wp-content\/uploads\/2020\/07\/Afis-Vergu-18x12.jpg 18w\" sizes=\"(max-width: 1496px) 100vw, 1496px\" \/>\n                                <\/div>\n                                                        <h2 class=\"astra-post-grid-title\">Opening of the basic exhibition within the Collection of Etnography and Folk Art \u201cCasa Vergu M\u0103n\u0103ila\u201d<\/h2>\n                        <\/a>\n                        <p class=\"astra-post-grid-excerpt\">Comunicat de pres\u0103 &nbsp; Muzeul Jude\u021bean Buz\u0103u, institu\u021bie de cultur\u0103 \u0219i cercetare ce func\u021bioneaz\u0103 sub autoritatea Consiliului Jude\u021bean Buz\u0103u, cu&hellip;<\/p>\n                    <\/div>\n                                    <div class=\"astra-post-grid-item\">\n                        <a href=\"http:\/\/muzeubuzau.ro\/en\/events\/dragobete-vs-sfantul-valentin-editia-2020\/\" class=\"astra-post-grid-link\">\n                                                            <div class=\"astra-post-grid-thumbnail thumb\" style=\"width: 300px; height: 200px; overflow: hidden;\">\n                                    <img loading=\"lazy\" decoding=\"async\" width=\"2560\" height=\"1810\" src=\"https:\/\/muzeubuzau.ro\/wp-content\/uploads\/2020\/02\/87194544_230108291352277_7777752715798511616_n-scaled-1.jpg\" class=\"attachment-full size-full wp-post-image\" alt=\"\" style=\"width: 100%; height: 100%; object-fit: cover;\" srcset=\"https:\/\/muzeubuzau.ro\/wp-content\/uploads\/2020\/02\/87194544_230108291352277_7777752715798511616_n-scaled-1.jpg 2560w, https:\/\/muzeubuzau.ro\/wp-content\/uploads\/2020\/02\/87194544_230108291352277_7777752715798511616_n-scaled-1-300x212.jpg 300w, https:\/\/muzeubuzau.ro\/wp-content\/uploads\/2020\/02\/87194544_230108291352277_7777752715798511616_n-scaled-1-1024x724.jpg 1024w, https:\/\/muzeubuzau.ro\/wp-content\/uploads\/2020\/02\/87194544_230108291352277_7777752715798511616_n-scaled-1-768x543.jpg 768w, https:\/\/muzeubuzau.ro\/wp-content\/uploads\/2020\/02\/87194544_230108291352277_7777752715798511616_n-scaled-1-1536x1086.jpg 1536w, https:\/\/muzeubuzau.ro\/wp-content\/uploads\/2020\/02\/87194544_230108291352277_7777752715798511616_n-scaled-1-2048x1448.jpg 2048w, https:\/\/muzeubuzau.ro\/wp-content\/uploads\/2020\/02\/87194544_230108291352277_7777752715798511616_n-scaled-1-18x12.jpg 18w\" sizes=\"(max-width: 2560px) 100vw, 2560px\" \/>\n                                <\/div>\n                                                        <h2 class=\"astra-post-grid-title\">Dragobete vs Sf\u00e2ntul Valentin &#8211; edi\u021bia 2020<\/h2>\n                        <\/a>\n                        <p class=\"astra-post-grid-excerpt\">&nbsp; Comunicat de pres\u0103 \u00a0 \u00a0 \u00a0 \u00a0 \u00a0 \u00a0 Un eveniment e tradi\u021bie din calendarul activit\u0103\u021bilor muzeului, deja ajuns&hellip;<\/p>\n                    <\/div>\n                                    <div class=\"astra-post-grid-item\">\n                        <a href=\"http:\/\/muzeubuzau.ro\/en\/events\/hai-sa-dam-mana-cu-mana-la-muzeul-judetean-editia-2020\/\" class=\"astra-post-grid-link\">\n                                                            <div class=\"astra-post-grid-thumbnail thumb\" style=\"width: 300px; height: 200px; overflow: hidden;\">\n                                    <img loading=\"lazy\" decoding=\"async\" width=\"1817\" height=\"2560\" src=\"https:\/\/muzeubuzau.ro\/wp-content\/uploads\/2020\/01\/AFIS-24-Ian.-web-min-scaled-1.jpg\" class=\"attachment-full size-full wp-post-image\" alt=\"\" style=\"width: 100%; height: 100%; object-fit: cover;\" srcset=\"https:\/\/muzeubuzau.ro\/wp-content\/uploads\/2020\/01\/AFIS-24-Ian.-web-min-scaled-1.jpg 1817w, https:\/\/muzeubuzau.ro\/wp-content\/uploads\/2020\/01\/AFIS-24-Ian.-web-min-scaled-1-213x300.jpg 213w, https:\/\/muzeubuzau.ro\/wp-content\/uploads\/2020\/01\/AFIS-24-Ian.-web-min-scaled-1-727x1024.jpg 727w, https:\/\/muzeubuzau.ro\/wp-content\/uploads\/2020\/01\/AFIS-24-Ian.-web-min-scaled-1-768x1082.jpg 768w, https:\/\/muzeubuzau.ro\/wp-content\/uploads\/2020\/01\/AFIS-24-Ian.-web-min-scaled-1-1090x1536.jpg 1090w, https:\/\/muzeubuzau.ro\/wp-content\/uploads\/2020\/01\/AFIS-24-Ian.-web-min-scaled-1-1454x2048.jpg 1454w, https:\/\/muzeubuzau.ro\/wp-content\/uploads\/2020\/01\/AFIS-24-Ian.-web-min-scaled-1-9x12.jpg 9w\" sizes=\"(max-width: 1817px) 100vw, 1817px\" \/>\n                                <\/div>\n                                                        <h2 class=\"astra-post-grid-title\">Hai s\u0103 d\u0103m m\u00e2n\u0103 cu m\u00e2n\u0103 la Muzeul Jude\u021bean &#8211; edi\u021bia 2020<\/h2>\n                        <\/a>\n                        <p class=\"astra-post-grid-excerpt\">Comunicat &nbsp; Muzeul Jude\u021bean Buz\u0103u, Teatrul\u00a0George Ciprian, Centrul Jude\u021bean de Cultur\u0103 \u0219i Art\u0103 Buz\u0103u, \u00een parteneriat cu Divizia 2 Infanterie\u00a0\u201dGetica\u201d\u00a0\u0219i&hellip;<\/p>\n                    <\/div>\n                                    <div class=\"astra-post-grid-item\">\n                        <a href=\"http:\/\/muzeubuzau.ro\/en\/events\/zilei-culturii-nationale-editia-2020\/\" class=\"astra-post-grid-link\">\n                                                            <div class=\"astra-post-grid-thumbnail thumb\" style=\"width: 300px; height: 200px; overflow: hidden;\">\n                                    <img loading=\"lazy\" decoding=\"async\" width=\"842\" height=\"574\" src=\"https:\/\/muzeubuzau.ro\/wp-content\/uploads\/2020\/01\/Afis-Ziua-Culturii-Nationale-2020.jpg\" class=\"attachment-full size-full wp-post-image\" alt=\"\" style=\"width: 100%; height: 100%; object-fit: cover;\" srcset=\"https:\/\/muzeubuzau.ro\/wp-content\/uploads\/2020\/01\/Afis-Ziua-Culturii-Nationale-2020.jpg 842w, https:\/\/muzeubuzau.ro\/wp-content\/uploads\/2020\/01\/Afis-Ziua-Culturii-Nationale-2020-300x205.jpg 300w, https:\/\/muzeubuzau.ro\/wp-content\/uploads\/2020\/01\/Afis-Ziua-Culturii-Nationale-2020-768x524.jpg 768w, https:\/\/muzeubuzau.ro\/wp-content\/uploads\/2020\/01\/Afis-Ziua-Culturii-Nationale-2020-18x12.jpg 18w\" sizes=\"(max-width: 842px) 100vw, 842px\" \/>\n                                <\/div>\n                                                        <h2 class=\"astra-post-grid-title\">Zilei Culturii Na\u021bionale &#8211; edi\u021bia 2020<\/h2>\n                        <\/a>\n                        <p class=\"astra-post-grid-excerpt\">&nbsp; Muzeul Jude\u021bean Buz\u0103u\u00a0anun\u021b\u0103 organizarea unui ansamblu de activit\u0103\u021bi culturale dedicate\u00a0Zilei Culturii Na\u021bionale. Cu acest prilej va fi lansat\u0103 \u0219i&hellip;<\/p>\n                    <\/div>\n                                    <div class=\"astra-post-grid-item\">\n                        <a href=\"http:\/\/muzeubuzau.ro\/en\/events\/decembrie-1989-intre-revolutie-si-craciun\/\" class=\"astra-post-grid-link\">\n                                                            <div class=\"astra-post-grid-thumbnail thumb\" style=\"width: 300px; height: 200px; overflow: hidden;\">\n                                    <img loading=\"lazy\" decoding=\"async\" width=\"2560\" height=\"1811\" src=\"https:\/\/muzeubuzau.ro\/wp-content\/uploads\/2019\/12\/Afis_16_decembrie-scaled.jpg\" class=\"attachment-full size-full wp-post-image\" alt=\"\" style=\"width: 100%; height: 100%; object-fit: cover;\" srcset=\"https:\/\/muzeubuzau.ro\/wp-content\/uploads\/2019\/12\/Afis_16_decembrie-scaled.jpg 2560w, https:\/\/muzeubuzau.ro\/wp-content\/uploads\/2019\/12\/Afis_16_decembrie-300x212.jpg 300w, https:\/\/muzeubuzau.ro\/wp-content\/uploads\/2019\/12\/Afis_16_decembrie-1024x724.jpg 1024w, https:\/\/muzeubuzau.ro\/wp-content\/uploads\/2019\/12\/Afis_16_decembrie-768x543.jpg 768w, https:\/\/muzeubuzau.ro\/wp-content\/uploads\/2019\/12\/Afis_16_decembrie-1536x1086.jpg 1536w, https:\/\/muzeubuzau.ro\/wp-content\/uploads\/2019\/12\/Afis_16_decembrie-2048x1449.jpg 2048w, https:\/\/muzeubuzau.ro\/wp-content\/uploads\/2019\/12\/Afis_16_decembrie-18x12.jpg 18w\" sizes=\"(max-width: 2560px) 100vw, 2560px\" \/>\n                                <\/div>\n                                                        <h2 class=\"astra-post-grid-title\">December 1989: Between the Revolution and Christmas<\/h2>\n                        <\/a>\n                        <p class=\"astra-post-grid-excerpt\">&nbsp; Comunicat &nbsp; Muzeul Jude\u021bean Buz\u0103u anun\u021b\u0103 vernisarea expozi\u021biei temporare \u201eDecembrie 1989: \u00eentre Revolu\u021bie \u0219i Cr\u0103ciun\u201d, eveniment ce va avea&hellip;<\/p>\n                    <\/div>\n                                    <div class=\"astra-post-grid-item\">\n                        <a href=\"http:\/\/muzeubuzau.ro\/en\/events\/ziua-nationala-a-romaniei-2019\/\" class=\"astra-post-grid-link\">\n                                                            <div class=\"astra-post-grid-thumbnail thumb\" style=\"width: 300px; height: 200px; overflow: hidden;\">\n                                    <img loading=\"lazy\" decoding=\"async\" width=\"1080\" height=\"1035\" src=\"https:\/\/muzeubuzau.ro\/wp-content\/uploads\/2019\/11\/Afis-1-Decembrie-2019.jpg\" class=\"attachment-full size-full wp-post-image\" alt=\"\" style=\"width: 100%; height: 100%; object-fit: cover;\" srcset=\"https:\/\/muzeubuzau.ro\/wp-content\/uploads\/2019\/11\/Afis-1-Decembrie-2019.jpg 1080w, https:\/\/muzeubuzau.ro\/wp-content\/uploads\/2019\/11\/Afis-1-Decembrie-2019-300x288.jpg 300w, https:\/\/muzeubuzau.ro\/wp-content\/uploads\/2019\/11\/Afis-1-Decembrie-2019-1024x981.jpg 1024w, https:\/\/muzeubuzau.ro\/wp-content\/uploads\/2019\/11\/Afis-1-Decembrie-2019-768x736.jpg 768w, https:\/\/muzeubuzau.ro\/wp-content\/uploads\/2019\/11\/Afis-1-Decembrie-2019-13x12.jpg 13w\" sizes=\"(max-width: 1080px) 100vw, 1080px\" \/>\n                                <\/div>\n                                                        <h2 class=\"astra-post-grid-title\">National Day of Romania 2019<\/h2>\n                        <\/a>\n                        <p class=\"astra-post-grid-excerpt\">Comunicat &nbsp; Muzeul Jude\u021bean Buz\u0103u, institu\u021bie de cultur\u0103 \u0219i cercetare ce func\u021bioneaz\u0103 sub autoritatea Consiliului Jude\u021bean Buz\u0103u, cu sediul \u00een&hellip;<\/p>\n                    <\/div>\n                                    <div class=\"astra-post-grid-item\">\n                        <a href=\"http:\/\/muzeubuzau.ro\/en\/events\/festivitatea-de-premiere-a-trofeului-dumitru-dan-editia-i\/\" class=\"astra-post-grid-link\">\n                                                            <div class=\"astra-post-grid-thumbnail thumb\" style=\"width: 300px; height: 200px; overflow: hidden;\">\n                                    <img loading=\"lazy\" decoding=\"async\" width=\"681\" height=\"960\" src=\"https:\/\/muzeubuzau.ro\/wp-content\/uploads\/2019\/11\/Afis-premiere-Trofeu-DD.jpg\" class=\"attachment-full size-full wp-post-image\" alt=\"\" style=\"width: 100%; height: 100%; object-fit: cover;\" srcset=\"https:\/\/muzeubuzau.ro\/wp-content\/uploads\/2019\/11\/Afis-premiere-Trofeu-DD.jpg 681w, https:\/\/muzeubuzau.ro\/wp-content\/uploads\/2019\/11\/Afis-premiere-Trofeu-DD-213x300.jpg 213w, https:\/\/muzeubuzau.ro\/wp-content\/uploads\/2019\/11\/Afis-premiere-Trofeu-DD-9x12.jpg 9w\" sizes=\"(max-width: 681px) 100vw, 681px\" \/>\n                                <\/div>\n                                                        <h2 class=\"astra-post-grid-title\">Award ceremony of the Dumitru Dan Trophy, I edition<\/h2>\n                        <\/a>\n                        <p class=\"astra-post-grid-excerpt\">Comunicat &nbsp; \u00a0\u00a0\u00a0\u00a0\u00a0\u00a0\u00a0\u00a0\u00a0\u00a0\u00a0\u00a0\u00a0Muzeul Jude\u021bean Buz\u0103u, institu\u021bie de cultur\u0103 \u0219i cercetare ce func\u021bioneaz\u0103 sub autoritatea Consiliului Jude\u021bean Buz\u0103u, cu sediul \u00een&hellip;<\/p>\n                    <\/div>\n                                    <div class=\"astra-post-grid-item\">\n                        <a href=\"http:\/\/muzeubuzau.ro\/en\/events\/keeping-the-exhibition-alive\/\" class=\"astra-post-grid-link\">\n                                                            <div class=\"astra-post-grid-thumbnail thumb\" style=\"width: 300px; height: 200px; overflow: hidden;\">\n                                    <img loading=\"lazy\" decoding=\"async\" width=\"872\" height=\"608\" src=\"https:\/\/muzeubuzau.ro\/wp-content\/uploads\/2019\/10\/BANNER-Keeping-The-Museum-Alive-01.jpg\" class=\"attachment-full size-full wp-post-image\" alt=\"\" style=\"width: 100%; height: 100%; object-fit: cover;\" srcset=\"https:\/\/muzeubuzau.ro\/wp-content\/uploads\/2019\/10\/BANNER-Keeping-The-Museum-Alive-01.jpg 872w, https:\/\/muzeubuzau.ro\/wp-content\/uploads\/2019\/10\/BANNER-Keeping-The-Museum-Alive-01-300x209.jpg 300w, https:\/\/muzeubuzau.ro\/wp-content\/uploads\/2019\/10\/BANNER-Keeping-The-Museum-Alive-01-768x535.jpg 768w, https:\/\/muzeubuzau.ro\/wp-content\/uploads\/2019\/10\/BANNER-Keeping-The-Museum-Alive-01-18x12.jpg 18w\" sizes=\"(max-width: 872px) 100vw, 872px\" \/>\n                                <\/div>\n                                                        <h2 class=\"astra-post-grid-title\">Keeping the exhibition alive<\/h2>\n                        <\/a>\n                        <p class=\"astra-post-grid-excerpt\">Comunicat de pres\u0103 &nbsp; Muzeul Jude\u021bean Buz\u0103u, institu\u021bie de cultur\u0103 \u0219i cercetare ce func\u021bioneaz\u0103 sub autoritatea Consiliului Jude\u021bean Buz\u0103u, cu&hellip;<\/p>\n                    <\/div>\n                                    <div class=\"astra-post-grid-item\">\n                        <a href=\"http:\/\/muzeubuzau.ro\/en\/events\/colocviu-international-de-arheologie-funerara\/\" class=\"astra-post-grid-link\">\n                                                            <div class=\"astra-post-grid-thumbnail thumb\" style=\"width: 300px; height: 200px; overflow: hidden;\">\n                                    <img loading=\"lazy\" decoding=\"async\" width=\"1714\" height=\"2414\" src=\"https:\/\/muzeubuzau.ro\/wp-content\/uploads\/2019\/10\/AFIS-Colocviu-International-de-Arheologie-Funerara-min.jpg\" class=\"attachment-full size-full wp-post-image\" alt=\"\" style=\"width: 100%; height: 100%; object-fit: cover;\" srcset=\"https:\/\/muzeubuzau.ro\/wp-content\/uploads\/2019\/10\/AFIS-Colocviu-International-de-Arheologie-Funerara-min.jpg 1714w, https:\/\/muzeubuzau.ro\/wp-content\/uploads\/2019\/10\/AFIS-Colocviu-International-de-Arheologie-Funerara-min-213x300.jpg 213w, https:\/\/muzeubuzau.ro\/wp-content\/uploads\/2019\/10\/AFIS-Colocviu-International-de-Arheologie-Funerara-min-727x1024.jpg 727w, https:\/\/muzeubuzau.ro\/wp-content\/uploads\/2019\/10\/AFIS-Colocviu-International-de-Arheologie-Funerara-min-768x1082.jpg 768w, https:\/\/muzeubuzau.ro\/wp-content\/uploads\/2019\/10\/AFIS-Colocviu-International-de-Arheologie-Funerara-min-1091x1536.jpg 1091w, https:\/\/muzeubuzau.ro\/wp-content\/uploads\/2019\/10\/AFIS-Colocviu-International-de-Arheologie-Funerara-min-1454x2048.jpg 1454w, https:\/\/muzeubuzau.ro\/wp-content\/uploads\/2019\/10\/AFIS-Colocviu-International-de-Arheologie-Funerara-min-9x12.jpg 9w\" sizes=\"(max-width: 1714px) 100vw, 1714px\" \/>\n                                <\/div>\n                                                        <h2 class=\"astra-post-grid-title\">International Colluqui of Funeral Archaeology<\/h2>\n                        <\/a>\n                        <p class=\"astra-post-grid-excerpt\">Comunicat &nbsp; Muzeul Jude\u021bean Buz\u0103u, institu\u021bie de cultur\u0103 \u0219i cercetare ce func\u021bioneaz\u0103 sub autoritatea Consiliului Jude\u021bean Buz\u0103u, cu sediul \u00een&hellip;<\/p>\n                    <\/div>\n                                    <div class=\"astra-post-grid-item\">\n                        <a href=\"http:\/\/muzeubuzau.ro\/en\/events\/caravana-jocurile-stiintei-editia-a-iv-a-buzau\/\" class=\"astra-post-grid-link\">\n                                                            <div class=\"astra-post-grid-thumbnail thumb\" style=\"width: 300px; height: 200px; overflow: hidden;\">\n                                    <img loading=\"lazy\" decoding=\"async\" width=\"1024\" height=\"536\" src=\"https:\/\/muzeubuzau.ro\/wp-content\/uploads\/2019\/10\/Afis-Caravana-Jocurile-Stiintei-nov-2019.jpg\" class=\"attachment-full size-full wp-post-image\" alt=\"\" style=\"width: 100%; height: 100%; object-fit: cover;\" srcset=\"https:\/\/muzeubuzau.ro\/wp-content\/uploads\/2019\/10\/Afis-Caravana-Jocurile-Stiintei-nov-2019.jpg 1024w, https:\/\/muzeubuzau.ro\/wp-content\/uploads\/2019\/10\/Afis-Caravana-Jocurile-Stiintei-nov-2019-300x157.jpg 300w, https:\/\/muzeubuzau.ro\/wp-content\/uploads\/2019\/10\/Afis-Caravana-Jocurile-Stiintei-nov-2019-768x402.jpg 768w, https:\/\/muzeubuzau.ro\/wp-content\/uploads\/2019\/10\/Afis-Caravana-Jocurile-Stiintei-nov-2019-18x9.jpg 18w\" sizes=\"(max-width: 1024px) 100vw, 1024px\" \/>\n                                <\/div>\n                                                        <h2 class=\"astra-post-grid-title\">Caravan Games Science, 4th edition Buzau<\/h2>\n                        <\/a>\n                        <p class=\"astra-post-grid-excerpt\">Comunicat &nbsp; Muzeul Jude\u021bean Buz\u0103u, institu\u021bie de cultur\u0103 \u0219i cercetare ce func\u021bioneaz\u0103 sub autoritatea Consiliului Jude\u021bean Buz\u0103u, cu sediul \u00een&hellip;<\/p>\n                    <\/div>\n                                    <div class=\"astra-post-grid-item\">\n                        <a href=\"http:\/\/muzeubuzau.ro\/en\/events\/noaptea-cercetatorilor-europeni-editia-din-anul-2019\/\" class=\"astra-post-grid-link\">\n                                                            <div class=\"astra-post-grid-thumbnail thumb\" style=\"width: 300px; height: 200px; overflow: hidden;\">\n                                    <img loading=\"lazy\" decoding=\"async\" width=\"3601\" height=\"5000\" src=\"https:\/\/muzeubuzau.ro\/wp-content\/uploads\/2019\/09\/NoapteaCercetatorilor2019-min.png\" class=\"attachment-full size-full wp-post-image\" alt=\"\" style=\"width: 100%; height: 100%; object-fit: cover;\" srcset=\"https:\/\/muzeubuzau.ro\/wp-content\/uploads\/2019\/09\/NoapteaCercetatorilor2019-min.png 3601w, https:\/\/muzeubuzau.ro\/wp-content\/uploads\/2019\/09\/NoapteaCercetatorilor2019-min-216x300.png 216w, https:\/\/muzeubuzau.ro\/wp-content\/uploads\/2019\/09\/NoapteaCercetatorilor2019-min-737x1024.png 737w, https:\/\/muzeubuzau.ro\/wp-content\/uploads\/2019\/09\/NoapteaCercetatorilor2019-min-768x1066.png 768w, https:\/\/muzeubuzau.ro\/wp-content\/uploads\/2019\/09\/NoapteaCercetatorilor2019-min-1106x1536.png 1106w, https:\/\/muzeubuzau.ro\/wp-content\/uploads\/2019\/09\/NoapteaCercetatorilor2019-min-1475x2048.png 1475w, https:\/\/muzeubuzau.ro\/wp-content\/uploads\/2019\/09\/NoapteaCercetatorilor2019-min-9x12.png 9w\" sizes=\"(max-width: 3601px) 100vw, 3601px\" \/>\n                                <\/div>\n                                                        <h2 class=\"astra-post-grid-title\">European Researchers\u2019 Night, 2019 edition<\/h2>\n                        <\/a>\n                        <p class=\"astra-post-grid-excerpt\">Comunicat de pres\u0103 &nbsp; Muzeul Jude\u021bean Buz\u0103u, institu\u021bie de cultur\u0103 \u0219i cercetare ce func\u021bioneaz\u0103 sub autoritatea Consiliului Jude\u021bean Buz\u0103u, cu&hellip;<\/p>\n                    <\/div>\n                                    <div class=\"astra-post-grid-item\">\n                        <a href=\"http:\/\/muzeubuzau.ro\/en\/events\/radu-florescu-viata-si-opera-arheologia-in-imagini-si-viata-urbana-interbelica-in-campia-baraganului-oltenita-calarasi-si-slobozia\/\" class=\"astra-post-grid-link\">\n                                                            <div class=\"astra-post-grid-thumbnail thumb\" style=\"width: 300px; height: 200px; overflow: hidden;\">\n                                    <img loading=\"lazy\" decoding=\"async\" width=\"611\" height=\"254\" src=\"https:\/\/muzeubuzau.ro\/wp-content\/uploads\/2019\/08\/Radu-Florescu-Viata-si-opera.png\" class=\"attachment-full size-full wp-post-image\" alt=\"\" style=\"width: 100%; height: 100%; object-fit: cover;\" srcset=\"https:\/\/muzeubuzau.ro\/wp-content\/uploads\/2019\/08\/Radu-Florescu-Viata-si-opera.png 611w, https:\/\/muzeubuzau.ro\/wp-content\/uploads\/2019\/08\/Radu-Florescu-Viata-si-opera-300x125.png 300w, https:\/\/muzeubuzau.ro\/wp-content\/uploads\/2019\/08\/Radu-Florescu-Viata-si-opera-18x7.png 18w\" sizes=\"(max-width: 611px) 100vw, 611px\" \/>\n                                <\/div>\n                                                        <h2 class=\"astra-post-grid-title\">Radu Florescu &#8211; Via\u0163a \u015fi opera, Arheologia \u00een imagini \u0219i Via\u021ba urban\u0103 interbelic\u0103 \u00een C\u00e2mpia B\u0103r\u0103ganului \u2013 Olteni\u021ba, C\u0103l\u0103ra\u0219i \u0219i Slobozia.<\/h2>\n                        <\/a>\n                        <p class=\"astra-post-grid-excerpt\">&nbsp; Comunicat de pres\u0103 &nbsp; Muzeul Jude\u021bean Buz\u0103u, institu\u021bie de cultur\u0103 \u0219i cercetare ce func\u021bioneaz\u0103 sub autoritatea Consiliului Jude\u021bean Buz\u0103u,&hellip;<\/p>\n                    <\/div>\n                                    <div class=\"astra-post-grid-item\">\n                        <a href=\"http:\/\/muzeubuzau.ro\/en\/events\/ziua-imnului-national-2019\/\" class=\"astra-post-grid-link\">\n                                                            <div class=\"astra-post-grid-thumbnail thumb\" style=\"width: 300px; height: 200px; overflow: hidden;\">\n                                    <img loading=\"lazy\" decoding=\"async\" width=\"1080\" height=\"764\" src=\"https:\/\/muzeubuzau.ro\/wp-content\/uploads\/2019\/07\/Afis-Ziua-Imnului.jpg\" class=\"attachment-full size-full wp-post-image\" alt=\"\" style=\"width: 100%; height: 100%; object-fit: cover;\" srcset=\"https:\/\/muzeubuzau.ro\/wp-content\/uploads\/2019\/07\/Afis-Ziua-Imnului.jpg 1080w, https:\/\/muzeubuzau.ro\/wp-content\/uploads\/2019\/07\/Afis-Ziua-Imnului-300x212.jpg 300w, https:\/\/muzeubuzau.ro\/wp-content\/uploads\/2019\/07\/Afis-Ziua-Imnului-1024x724.jpg 1024w, https:\/\/muzeubuzau.ro\/wp-content\/uploads\/2019\/07\/Afis-Ziua-Imnului-768x543.jpg 768w, https:\/\/muzeubuzau.ro\/wp-content\/uploads\/2019\/07\/Afis-Ziua-Imnului-18x12.jpg 18w\" sizes=\"(max-width: 1080px) 100vw, 1080px\" \/>\n                                <\/div>\n                                                        <h2 class=\"astra-post-grid-title\">Ziua Imnului Na\u0163ional &#8211; 2019<\/h2>\n                        <\/a>\n                        <p class=\"astra-post-grid-excerpt\">Comunicat de pres\u0103 &nbsp; Data de 29 iulie a fost desemnat\u0103 prin Legea nr. 99\/1998 \u00a0ca Ziua Imnului Na\u0163ional, fiind&hellip;<\/p>\n                    <\/div>\n                                    <div class=\"astra-post-grid-item\">\n                        <a href=\"http:\/\/muzeubuzau.ro\/en\/events\/ziua-portilor-deschise-pe-santierul-arheologic-pietroasa-mica-gruiu-darii-2\/\" class=\"astra-post-grid-link\">\n                                                            <div class=\"astra-post-grid-thumbnail thumb\" style=\"width: 300px; height: 200px; overflow: hidden;\">\n                                    <img loading=\"lazy\" decoding=\"async\" width=\"1599\" height=\"738\" src=\"https:\/\/muzeubuzau.ro\/wp-content\/uploads\/2019\/07\/Photo.jpg\" class=\"attachment-full size-full wp-post-image\" alt=\"\" style=\"width: 100%; height: 100%; object-fit: cover;\" srcset=\"https:\/\/muzeubuzau.ro\/wp-content\/uploads\/2019\/07\/Photo.jpg 1599w, https:\/\/muzeubuzau.ro\/wp-content\/uploads\/2019\/07\/Photo-300x138.jpg 300w, https:\/\/muzeubuzau.ro\/wp-content\/uploads\/2019\/07\/Photo-1024x473.jpg 1024w, https:\/\/muzeubuzau.ro\/wp-content\/uploads\/2019\/07\/Photo-768x354.jpg 768w, https:\/\/muzeubuzau.ro\/wp-content\/uploads\/2019\/07\/Photo-1536x709.jpg 1536w, https:\/\/muzeubuzau.ro\/wp-content\/uploads\/2019\/07\/Photo-18x8.jpg 18w\" sizes=\"(max-width: 1599px) 100vw, 1599px\" \/>\n                                <\/div>\n                                                        <h2 class=\"astra-post-grid-title\">Open Doors Day at the Pietroasa Mic\u0103 - Gruiu D\u0103rii archaeological siteOpen Doors Day on the archaeological site Pietroasa Mic \u2013 Gruiu D\u0103rii<\/h2>\n                        <\/a>\n                        <p class=\"astra-post-grid-excerpt\">Comunicat de pres\u0103 \u00a0 Muzeul Jude\u021bean Buz\u0103u, institu\u021bie de cultur\u0103 ce func\u021bioneaz\u0103 sub autoritatea Consiliului Jude\u021bean Buz\u0103u, cu sediul \u00een&hellip;<\/p>\n                    <\/div>\n                                    <div class=\"astra-post-grid-item\">\n                        <a href=\"http:\/\/muzeubuzau.ro\/en\/events\/ziua-drapelului-national-2019\/\" class=\"astra-post-grid-link\">\n                                                            <div class=\"astra-post-grid-thumbnail thumb\" style=\"width: 300px; height: 200px; overflow: hidden;\">\n                                    <img loading=\"lazy\" decoding=\"async\" width=\"960\" height=\"540\" src=\"https:\/\/muzeubuzau.ro\/wp-content\/uploads\/2019\/06\/foto-drapel.jpg\" class=\"attachment-full size-full wp-post-image\" alt=\"\" style=\"width: 100%; height: 100%; object-fit: cover;\" srcset=\"https:\/\/muzeubuzau.ro\/wp-content\/uploads\/2019\/06\/foto-drapel.jpg 960w, https:\/\/muzeubuzau.ro\/wp-content\/uploads\/2019\/06\/foto-drapel-300x169.jpg 300w, https:\/\/muzeubuzau.ro\/wp-content\/uploads\/2019\/06\/foto-drapel-768x432.jpg 768w, https:\/\/muzeubuzau.ro\/wp-content\/uploads\/2019\/06\/foto-drapel-18x10.jpg 18w\" sizes=\"(max-width: 960px) 100vw, 960px\" \/>\n                                <\/div>\n                                                        <h2 class=\"astra-post-grid-title\">National Flag Day 2019<\/h2>\n                        <\/a>\n                        <p class=\"astra-post-grid-excerpt\">Comunicat de pres\u0103 &nbsp; Data de 26 iunie a fost desemnat\u0103 prin Legea 96\/20 mai 1998 ca Ziua Drapelului Na\u021bional,&hellip;<\/p>\n                    <\/div>\n                                    <div class=\"astra-post-grid-item\">\n                        <a href=\"http:\/\/muzeubuzau.ro\/en\/events\/expozitia-temporara-11-12\/\" class=\"astra-post-grid-link\">\n                                                            <div class=\"astra-post-grid-thumbnail thumb\" style=\"width: 300px; height: 200px; overflow: hidden;\">\n                                    <img loading=\"lazy\" decoding=\"async\" width=\"1200\" height=\"1600\" src=\"https:\/\/muzeubuzau.ro\/wp-content\/uploads\/2019\/06\/Expozitie-temporara-11-12.jpeg\" class=\"attachment-full size-full wp-post-image\" alt=\"\" style=\"width: 100%; height: 100%; object-fit: cover;\" srcset=\"https:\/\/muzeubuzau.ro\/wp-content\/uploads\/2019\/06\/Expozitie-temporara-11-12.jpeg 1200w, https:\/\/muzeubuzau.ro\/wp-content\/uploads\/2019\/06\/Expozitie-temporara-11-12-225x300.jpeg 225w, https:\/\/muzeubuzau.ro\/wp-content\/uploads\/2019\/06\/Expozitie-temporara-11-12-768x1024.jpeg 768w, https:\/\/muzeubuzau.ro\/wp-content\/uploads\/2019\/06\/Expozitie-temporara-11-12-1152x1536.jpeg 1152w, https:\/\/muzeubuzau.ro\/wp-content\/uploads\/2019\/06\/Expozitie-temporara-11-12-9x12.jpeg 9w\" sizes=\"(max-width: 1200px) 100vw, 1200px\" \/>\n                                <\/div>\n                                                        <h2 class=\"astra-post-grid-title\">Temporary exhibition 11-12<\/h2>\n                        <\/a>\n                        <p class=\"astra-post-grid-excerpt\">&nbsp; Comunicat de pres\u0103 \u00a0 Muzeul Jude\u021bean Buz\u0103u, institu\u021bie de cultur\u0103 \u0219i cercetare ce func\u021bioneaz\u0103 sub autoritatea Consiliului Jude\u021bean Buz\u0103u,&hellip;<\/p>\n                    <\/div>\n                                    <div class=\"astra-post-grid-item\">\n                        <a href=\"http:\/\/muzeubuzau.ro\/en\/events\/expozitia-itineranta-neonlitic\/\" class=\"astra-post-grid-link\">\n                                                            <div class=\"astra-post-grid-thumbnail thumb\" style=\"width: 300px; height: 200px; overflow: hidden;\">\n                                    <img loading=\"lazy\" decoding=\"async\" width=\"679\" height=\"960\" src=\"https:\/\/muzeubuzau.ro\/wp-content\/uploads\/2019\/05\/NeoNlitic-Afis.jpg\" class=\"attachment-full size-full wp-post-image\" alt=\"\" style=\"width: 100%; height: 100%; object-fit: cover;\" srcset=\"https:\/\/muzeubuzau.ro\/wp-content\/uploads\/2019\/05\/NeoNlitic-Afis.jpg 679w, https:\/\/muzeubuzau.ro\/wp-content\/uploads\/2019\/05\/NeoNlitic-Afis-212x300.jpg 212w, https:\/\/muzeubuzau.ro\/wp-content\/uploads\/2019\/05\/NeoNlitic-Afis-8x12.jpg 8w\" sizes=\"(max-width: 679px) 100vw, 679px\" \/>\n                                <\/div>\n                                                        <h2 class=\"astra-post-grid-title\">The itinerant exhibition NeoNlitic<\/h2>\n                        <\/a>\n                        <p class=\"astra-post-grid-excerpt\">Muzeul Jude\u021bean Buz\u0103u, institu\u021bie de cultur\u0103 ce func\u021bioneaz\u0103 sub autoritatea Consiliului Jude\u021bean Buz\u0103u, cu sediul \u00een mun. Buz\u0103u, Aleea Castanilor,&hellip;<\/p>\n                    <\/div>\n                                    <div class=\"astra-post-grid-item\">\n                        <a href=\"http:\/\/muzeubuzau.ro\/en\/events\/noaptea-muzeelor-ed-2019\/\" class=\"astra-post-grid-link\">\n                                                            <div class=\"astra-post-grid-thumbnail thumb\" style=\"width: 300px; height: 200px; overflow: hidden;\">\n                                    <img loading=\"lazy\" decoding=\"async\" width=\"3312\" height=\"1260\" src=\"https:\/\/muzeubuzau.ro\/wp-content\/uploads\/2019\/05\/NoapteaMuzeelor-min-5.png\" class=\"attachment-full size-full wp-post-image\" alt=\"\" style=\"width: 100%; height: 100%; object-fit: cover;\" srcset=\"https:\/\/muzeubuzau.ro\/wp-content\/uploads\/2019\/05\/NoapteaMuzeelor-min-5.png 3312w, https:\/\/muzeubuzau.ro\/wp-content\/uploads\/2019\/05\/NoapteaMuzeelor-min-5-300x114.png 300w, https:\/\/muzeubuzau.ro\/wp-content\/uploads\/2019\/05\/NoapteaMuzeelor-min-5-1024x390.png 1024w, https:\/\/muzeubuzau.ro\/wp-content\/uploads\/2019\/05\/NoapteaMuzeelor-min-5-768x292.png 768w, https:\/\/muzeubuzau.ro\/wp-content\/uploads\/2019\/05\/NoapteaMuzeelor-min-5-1536x584.png 1536w, https:\/\/muzeubuzau.ro\/wp-content\/uploads\/2019\/05\/NoapteaMuzeelor-min-5-2048x779.png 2048w, https:\/\/muzeubuzau.ro\/wp-content\/uploads\/2019\/05\/NoapteaMuzeelor-min-5-18x7.png 18w\" sizes=\"(max-width: 3312px) 100vw, 3312px\" \/>\n                                <\/div>\n                                                        <h2 class=\"astra-post-grid-title\">Night of Museums 2019<\/h2>\n                        <\/a>\n                        <p class=\"astra-post-grid-excerpt\">Comunicat de pres\u0103 &nbsp; Muzeul Jude\u021bean Buz\u0103u, institu\u021bie de cultur\u0103 \u0219i cercetare ce func\u021bioneaz\u0103 sub autoritatea Consiliului Jude\u021bean Buz\u0103u, cu&hellip;<\/p>\n                    <\/div>\n                                    <div class=\"astra-post-grid-item\">\n                        <a href=\"http:\/\/muzeubuzau.ro\/en\/events\/museumfest-ed-ii-a\/\" class=\"astra-post-grid-link\">\n                                                            <div class=\"astra-post-grid-thumbnail thumb\" style=\"width: 300px; height: 200px; overflow: hidden;\">\n                                    <img loading=\"lazy\" decoding=\"async\" width=\"797\" height=\"800\" src=\"https:\/\/muzeubuzau.ro\/wp-content\/uploads\/2019\/04\/MuseumFest.png\" class=\"attachment-full size-full wp-post-image\" alt=\"\" style=\"width: 100%; height: 100%; object-fit: cover;\" srcset=\"https:\/\/muzeubuzau.ro\/wp-content\/uploads\/2019\/04\/MuseumFest.png 797w, https:\/\/muzeubuzau.ro\/wp-content\/uploads\/2019\/04\/MuseumFest-300x300.png 300w, https:\/\/muzeubuzau.ro\/wp-content\/uploads\/2019\/04\/MuseumFest-150x150.png 150w, https:\/\/muzeubuzau.ro\/wp-content\/uploads\/2019\/04\/MuseumFest-768x771.png 768w, https:\/\/muzeubuzau.ro\/wp-content\/uploads\/2019\/04\/MuseumFest-12x12.png 12w, https:\/\/muzeubuzau.ro\/wp-content\/uploads\/2019\/04\/MuseumFest-200x200.png 200w\" sizes=\"(max-width: 797px) 100vw, 797px\" \/>\n                                <\/div>\n                                                        <h2 class=\"astra-post-grid-title\">MuseumFest,   ed.   II-a<\/h2>\n                        <\/a>\n                        <p class=\"astra-post-grid-excerpt\">Comunicat de pres\u0103 &nbsp; Muzeul Jude\u021bean Buz\u0103u, institu\u021bie de cultur\u0103 \u0219i cercetare ce func\u021bioneaz\u0103 sub autoritatea Consiliului Jude\u021bean Buz\u0103u, cu&hellip;<\/p>\n                    <\/div>\n                                    <div class=\"astra-post-grid-item\">\n                        <a href=\"http:\/\/muzeubuzau.ro\/en\/events\/targul-de-oferte-educationale-a-universitatilor-de-stat-din-romania-buzau-2019\/\" class=\"astra-post-grid-link\">\n                                                            <div class=\"astra-post-grid-thumbnail thumb\" style=\"width: 300px; height: 200px; overflow: hidden;\">\n                                    <img loading=\"lazy\" decoding=\"async\" width=\"1080\" height=\"998\" src=\"https:\/\/muzeubuzau.ro\/wp-content\/uploads\/2019\/03\/CarieraTaIncepeAici.png\" class=\"attachment-full size-full wp-post-image\" alt=\"\" style=\"width: 100%; height: 100%; object-fit: cover;\" srcset=\"https:\/\/muzeubuzau.ro\/wp-content\/uploads\/2019\/03\/CarieraTaIncepeAici.png 1080w, https:\/\/muzeubuzau.ro\/wp-content\/uploads\/2019\/03\/CarieraTaIncepeAici-300x277.png 300w, https:\/\/muzeubuzau.ro\/wp-content\/uploads\/2019\/03\/CarieraTaIncepeAici-1024x946.png 1024w, https:\/\/muzeubuzau.ro\/wp-content\/uploads\/2019\/03\/CarieraTaIncepeAici-768x710.png 768w, https:\/\/muzeubuzau.ro\/wp-content\/uploads\/2019\/03\/CarieraTaIncepeAici-13x12.png 13w\" sizes=\"(max-width: 1080px) 100vw, 1080px\" \/>\n                                <\/div>\n                                                        <h2 class=\"astra-post-grid-title\">Educational Offers Fair of the Romanian State Universities, Buz\u0103u 2019<\/h2>\n                        <\/a>\n                        <p class=\"astra-post-grid-excerpt\">[dropcap type=&#8221;secondary&#8221;] Muzeul Jude\u021bean Buz\u0103u, institu\u021bie de cultur\u0103 \u0219i cercetare ce func\u021bioneaz\u0103 sub autoritatea Consiliului Jude\u021bean Buz\u0103u, cu sediul \u00een&hellip;<\/p>\n                    <\/div>\n                                    <div class=\"astra-post-grid-item\">\n                        <a href=\"http:\/\/muzeubuzau.ro\/en\/events\/trofeul-dumitru-dan\/\" class=\"astra-post-grid-link\">\n                                                            <div class=\"astra-post-grid-thumbnail thumb\" style=\"width: 300px; height: 200px; overflow: hidden;\">\n                                    <img loading=\"lazy\" decoding=\"async\" width=\"681\" height=\"960\" src=\"https:\/\/muzeubuzau.ro\/wp-content\/uploads\/2019\/03\/54435054_2242714902713260_402638271873548288_n.jpg\" class=\"attachment-full size-full wp-post-image\" alt=\"\" style=\"width: 100%; height: 100%; object-fit: cover;\" srcset=\"https:\/\/muzeubuzau.ro\/wp-content\/uploads\/2019\/03\/54435054_2242714902713260_402638271873548288_n.jpg 681w, https:\/\/muzeubuzau.ro\/wp-content\/uploads\/2019\/03\/54435054_2242714902713260_402638271873548288_n-213x300.jpg 213w, https:\/\/muzeubuzau.ro\/wp-content\/uploads\/2019\/03\/54435054_2242714902713260_402638271873548288_n-9x12.jpg 9w\" sizes=\"(max-width: 681px) 100vw, 681px\" \/>\n                                <\/div>\n                                                        <h2 class=\"astra-post-grid-title\">Dumitru Dan Trophy<\/h2>\n                        <\/a>\n                        <p class=\"astra-post-grid-excerpt\">Comunicat de pres\u0103 \u00a0 \u00a0\u00a0\u00a0\u00a0\u00a0\u00a0\u00a0\u00a0\u00a0\u00a0\u00a0\u00a0 Muzeul Jude\u021bean Buz\u0103u, institu\u021bie de cultur\u0103 \u0219i cercetare ce func\u021bioneaz\u0103 sub autoritatea Consiliului Jude\u021bean Buz\u0103u,&hellip;<\/p>\n                    <\/div>\n                                    <div class=\"astra-post-grid-item\">\n                        <a href=\"http:\/\/muzeubuzau.ro\/en\/events\/zilele-femeii-la-muzeul-judetean-buzau-2\/\" class=\"astra-post-grid-link\">\n                                                            <div class=\"astra-post-grid-thumbnail thumb\" style=\"width: 300px; height: 200px; overflow: hidden;\">\n                                    <img loading=\"lazy\" decoding=\"async\" width=\"1818\" height=\"2560\" src=\"https:\/\/muzeubuzau.ro\/wp-content\/uploads\/2019\/02\/Afis-general-MARTIE-2019-01-min-scaled.jpg\" class=\"attachment-full size-full wp-post-image\" alt=\"\" style=\"width: 100%; height: 100%; object-fit: cover;\" srcset=\"https:\/\/muzeubuzau.ro\/wp-content\/uploads\/2019\/02\/Afis-general-MARTIE-2019-01-min-scaled.jpg 1818w, https:\/\/muzeubuzau.ro\/wp-content\/uploads\/2019\/02\/Afis-general-MARTIE-2019-01-min-213x300.jpg 213w, https:\/\/muzeubuzau.ro\/wp-content\/uploads\/2019\/02\/Afis-general-MARTIE-2019-01-min-727x1024.jpg 727w, https:\/\/muzeubuzau.ro\/wp-content\/uploads\/2019\/02\/Afis-general-MARTIE-2019-01-min-768x1082.jpg 768w, https:\/\/muzeubuzau.ro\/wp-content\/uploads\/2019\/02\/Afis-general-MARTIE-2019-01-min-1091x1536.jpg 1091w, https:\/\/muzeubuzau.ro\/wp-content\/uploads\/2019\/02\/Afis-general-MARTIE-2019-01-min-1454x2048.jpg 1454w, https:\/\/muzeubuzau.ro\/wp-content\/uploads\/2019\/02\/Afis-general-MARTIE-2019-01-min-9x12.jpg 9w\" sizes=\"(max-width: 1818px) 100vw, 1818px\" \/>\n                                <\/div>\n                                                        <h2 class=\"astra-post-grid-title\">Women's Days at Buzau County Museum<\/h2>\n                        <\/a>\n                        <p class=\"astra-post-grid-excerpt\">Comunicat de pres\u0103 &nbsp; [dropcap type=&#8221;secondary&#8221;]Muzeul Jude\u021bean Buz\u0103u, institu\u021bie de cultur\u0103 \u0219i cercetare ce func\u021bioneaz\u0103 sub autoritatea Consiliului Jude\u021bean Buz\u0103u,&hellip;<\/p>\n                    <\/div>\n                                    <div class=\"astra-post-grid-item\">\n                        <a href=\"http:\/\/muzeubuzau.ro\/en\/events\/zilei-culturii-nationale\/\" class=\"astra-post-grid-link\">\n                                                            <div class=\"astra-post-grid-thumbnail thumb\" style=\"width: 300px; height: 200px; overflow: hidden;\">\n                                    <img loading=\"lazy\" decoding=\"async\" width=\"1649\" height=\"1109\" src=\"https:\/\/muzeubuzau.ro\/wp-content\/uploads\/2019\/01\/49517139_215937929349137_8226395997287219200_n.jpg\" class=\"attachment-full size-full wp-post-image\" alt=\"\" style=\"width: 100%; height: 100%; object-fit: cover;\" srcset=\"https:\/\/muzeubuzau.ro\/wp-content\/uploads\/2019\/01\/49517139_215937929349137_8226395997287219200_n.jpg 1649w, https:\/\/muzeubuzau.ro\/wp-content\/uploads\/2019\/01\/49517139_215937929349137_8226395997287219200_n-300x202.jpg 300w, https:\/\/muzeubuzau.ro\/wp-content\/uploads\/2019\/01\/49517139_215937929349137_8226395997287219200_n-1024x689.jpg 1024w, https:\/\/muzeubuzau.ro\/wp-content\/uploads\/2019\/01\/49517139_215937929349137_8226395997287219200_n-768x517.jpg 768w, https:\/\/muzeubuzau.ro\/wp-content\/uploads\/2019\/01\/49517139_215937929349137_8226395997287219200_n-1536x1033.jpg 1536w, https:\/\/muzeubuzau.ro\/wp-content\/uploads\/2019\/01\/49517139_215937929349137_8226395997287219200_n-18x12.jpg 18w\" sizes=\"(max-width: 1649px) 100vw, 1649px\" \/>\n                                <\/div>\n                                                        <h2 class=\"astra-post-grid-title\">National Culture Day<\/h2>\n                        <\/a>\n                        <p class=\"astra-post-grid-excerpt\">Comunicat de pres\u0103 &nbsp; [dropcap type=&#8221;secondary&#8221;]Muzeul Jude\u021bean Buz\u0103u, institu\u021bie de cultur\u0103 \u0219i cercetare ce func\u021bioneaz\u0103 sub autoritatea Consiliului Jude\u021bean Buz\u0103u,&hellip;<\/p>\n                    <\/div>\n                                    <div class=\"astra-post-grid-item\">\n                        <a href=\"http:\/\/muzeubuzau.ro\/en\/events\/semne-traditionale-cusute\/\" class=\"astra-post-grid-link\">\n                                                            <div class=\"astra-post-grid-thumbnail thumb\" style=\"width: 300px; height: 200px; overflow: hidden;\">\n                                    <img loading=\"lazy\" decoding=\"async\" width=\"2414\" height=\"1714\" src=\"https:\/\/muzeubuzau.ro\/wp-content\/uploads\/2018\/12\/SEMNE_TRADITIONALE_CUSUTE-min.jpg\" class=\"attachment-full size-full wp-post-image\" alt=\"\" style=\"width: 100%; height: 100%; object-fit: cover;\" srcset=\"https:\/\/muzeubuzau.ro\/wp-content\/uploads\/2018\/12\/SEMNE_TRADITIONALE_CUSUTE-min.jpg 2414w, https:\/\/muzeubuzau.ro\/wp-content\/uploads\/2018\/12\/SEMNE_TRADITIONALE_CUSUTE-min-300x213.jpg 300w, https:\/\/muzeubuzau.ro\/wp-content\/uploads\/2018\/12\/SEMNE_TRADITIONALE_CUSUTE-min-1024x727.jpg 1024w, https:\/\/muzeubuzau.ro\/wp-content\/uploads\/2018\/12\/SEMNE_TRADITIONALE_CUSUTE-min-768x545.jpg 768w, https:\/\/muzeubuzau.ro\/wp-content\/uploads\/2018\/12\/SEMNE_TRADITIONALE_CUSUTE-min-1536x1091.jpg 1536w, https:\/\/muzeubuzau.ro\/wp-content\/uploads\/2018\/12\/SEMNE_TRADITIONALE_CUSUTE-min-2048x1454.jpg 2048w, https:\/\/muzeubuzau.ro\/wp-content\/uploads\/2018\/12\/SEMNE_TRADITIONALE_CUSUTE-min-18x12.jpg 18w\" sizes=\"(max-width: 2414px) 100vw, 2414px\" \/>\n                                <\/div>\n                                                        <h2 class=\"astra-post-grid-title\">TRADITIONAL SIGNS OF STRACT<\/h2>\n                        <\/a>\n                        <p class=\"astra-post-grid-excerpt\">COMUNICAT [dropcap type=&#8221;secondary&#8221;]Muzeul Jude\u021bean Buz\u0103u, institu\u021bie de cultur\u0103 \u0219i cercetare ce func\u021bioneaz\u0103 sub autoritatea Consiliului Jude\u021bean Buz\u0103u, cu sediul \u00een&hellip;<\/p>\n                    <\/div>\n                                    <div class=\"astra-post-grid-item\">\n                        <a href=\"http:\/\/muzeubuzau.ro\/en\/events\/in-memoriam-eroii-nostri-din-primul-razboi-mondial-1916-1918\/\" class=\"astra-post-grid-link\">\n                                                            <div class=\"astra-post-grid-thumbnail thumb\" style=\"width: 300px; height: 200px; overflow: hidden;\">\n                                    <img loading=\"lazy\" decoding=\"async\" width=\"1096\" height=\"1239\" src=\"https:\/\/muzeubuzau.ro\/wp-content\/uploads\/2018\/11\/MEMORIAM-BANNER-web-FINAL-BT-min.jpg\" class=\"attachment-full size-full wp-post-image\" alt=\"\" style=\"width: 100%; height: 100%; object-fit: cover;\" srcset=\"https:\/\/muzeubuzau.ro\/wp-content\/uploads\/2018\/11\/MEMORIAM-BANNER-web-FINAL-BT-min.jpg 1096w, https:\/\/muzeubuzau.ro\/wp-content\/uploads\/2018\/11\/MEMORIAM-BANNER-web-FINAL-BT-min-265x300.jpg 265w, https:\/\/muzeubuzau.ro\/wp-content\/uploads\/2018\/11\/MEMORIAM-BANNER-web-FINAL-BT-min-906x1024.jpg 906w, https:\/\/muzeubuzau.ro\/wp-content\/uploads\/2018\/11\/MEMORIAM-BANNER-web-FINAL-BT-min-768x868.jpg 768w, https:\/\/muzeubuzau.ro\/wp-content\/uploads\/2018\/11\/MEMORIAM-BANNER-web-FINAL-BT-min-11x12.jpg 11w\" sizes=\"(max-width: 1096px) 100vw, 1096px\" \/>\n                                <\/div>\n                                                        <h2 class=\"astra-post-grid-title\">IN MEMORIAM: OWN HEROES OF THE FIRST-WRISING OF THE FIRST-WRISE (1916-1918)<\/h2>\n                        <\/a>\n                        <p class=\"astra-post-grid-excerpt\">COMUNICAT DE PRES\u0102 &nbsp; [dropcap type=&#8221;secondary&#8221;]Muzeul Jude\u021bean Buz\u0103u, institu\u021bie de cultur\u0103 \u0219i cercetare ce func\u021bioneaz\u0103 sub autoritatea Consiliului Jude\u021bean Buz\u0103u,&hellip;<\/p>\n                    <\/div>\n                                    <div class=\"astra-post-grid-item\">\n                        <a href=\"http:\/\/muzeubuzau.ro\/en\/events\/atelierele-telephone-collection-buzau-county-museum-hands-on-creative-workshop\/\" class=\"astra-post-grid-link\">\n                                                            <div class=\"astra-post-grid-thumbnail thumb\" style=\"width: 300px; height: 200px; overflow: hidden;\">\n                                    <img loading=\"lazy\" decoding=\"async\" width=\"1131\" height=\"800\" src=\"https:\/\/muzeubuzau.ro\/wp-content\/uploads\/2018\/11\/45801288_194993244725029_1105770352903979008_n.jpg\" class=\"attachment-full size-full wp-post-image\" alt=\"\" style=\"width: 100%; height: 100%; object-fit: cover;\" srcset=\"https:\/\/muzeubuzau.ro\/wp-content\/uploads\/2018\/11\/45801288_194993244725029_1105770352903979008_n.jpg 1131w, https:\/\/muzeubuzau.ro\/wp-content\/uploads\/2018\/11\/45801288_194993244725029_1105770352903979008_n-300x212.jpg 300w, https:\/\/muzeubuzau.ro\/wp-content\/uploads\/2018\/11\/45801288_194993244725029_1105770352903979008_n-1024x724.jpg 1024w, https:\/\/muzeubuzau.ro\/wp-content\/uploads\/2018\/11\/45801288_194993244725029_1105770352903979008_n-768x543.jpg 768w, https:\/\/muzeubuzau.ro\/wp-content\/uploads\/2018\/11\/45801288_194993244725029_1105770352903979008_n-18x12.jpg 18w\" sizes=\"(max-width: 1131px) 100vw, 1131px\" \/>\n                                <\/div>\n                                                        <h2 class=\"astra-post-grid-title\">Telephone Collection @ Buzau County Museum (Hands-on Creative Workshop)<\/h2>\n                        <\/a>\n                        <p class=\"astra-post-grid-excerpt\">COMUNICAT &nbsp; &nbsp; Muzeul Jude\u021bean Buz\u0103u, institu\u021bie de cultur\u0103 \u0219i cercetare ce func\u021bioneaz\u0103 sub autoritatea Consiliului Jude\u021bean Buz\u0103u, cu sediul&hellip;<\/p>\n                    <\/div>\n                                    <div class=\"astra-post-grid-item\">\n                        <a href=\"http:\/\/muzeubuzau.ro\/en\/events\/milenii-tezaurizate-creatie-si-spiritualitate\/\" class=\"astra-post-grid-link\">\n                                                            <div class=\"astra-post-grid-thumbnail thumb\" style=\"width: 300px; height: 200px; overflow: hidden;\">\n                                    <img loading=\"lazy\" decoding=\"async\" width=\"2300\" height=\"1713\" src=\"https:\/\/muzeubuzau.ro\/wp-content\/uploads\/2018\/10\/AFIS-general-ses-2018-01-min.jpg\" class=\"attachment-full size-full wp-post-image\" alt=\"\" style=\"width: 100%; height: 100%; object-fit: cover;\" srcset=\"https:\/\/muzeubuzau.ro\/wp-content\/uploads\/2018\/10\/AFIS-general-ses-2018-01-min.jpg 2300w, https:\/\/muzeubuzau.ro\/wp-content\/uploads\/2018\/10\/AFIS-general-ses-2018-01-min-300x223.jpg 300w, https:\/\/muzeubuzau.ro\/wp-content\/uploads\/2018\/10\/AFIS-general-ses-2018-01-min-1024x763.jpg 1024w, https:\/\/muzeubuzau.ro\/wp-content\/uploads\/2018\/10\/AFIS-general-ses-2018-01-min-768x572.jpg 768w, https:\/\/muzeubuzau.ro\/wp-content\/uploads\/2018\/10\/AFIS-general-ses-2018-01-min-1536x1144.jpg 1536w, https:\/\/muzeubuzau.ro\/wp-content\/uploads\/2018\/10\/AFIS-general-ses-2018-01-min-2048x1525.jpg 2048w, https:\/\/muzeubuzau.ro\/wp-content\/uploads\/2018\/10\/AFIS-general-ses-2018-01-min-16x12.jpg 16w\" sizes=\"(max-width: 2300px) 100vw, 2300px\" \/>\n                                <\/div>\n                                                        <h2 class=\"astra-post-grid-title\">The thessized milleni people. Creation and spirituality<\/h2>\n                        <\/a>\n                        <p class=\"astra-post-grid-excerpt\">Comunicat [dropcap type=&#8221;secondary&#8221;]Muzeul Jude\u021bean Buz\u0103u, institu\u021bie de cultur\u0103 \u0219i cercetare ce func\u021bioneaz\u0103 sub autoritatea Consiliului Jude\u021bean Buz\u0103u, cu sediul \u00een&hellip;<\/p>\n                    <\/div>\n                                    <div class=\"astra-post-grid-item\">\n                        <a href=\"http:\/\/muzeubuzau.ro\/en\/events\/a-xxx-a-editie-a-galei-premiilor-concursului-national-de-creatie-literara-vasile-voiculescu\/\" class=\"astra-post-grid-link\">\n                                                            <div class=\"astra-post-grid-thumbnail thumb\" style=\"width: 300px; height: 200px; overflow: hidden;\">\n                                    <img loading=\"lazy\" decoding=\"async\" width=\"2560\" height=\"1706\" src=\"https:\/\/muzeubuzau.ro\/wp-content\/uploads\/2018\/10\/Casa-V-Voiculescu--scaled.jpg\" class=\"attachment-full size-full wp-post-image\" alt=\"\" style=\"width: 100%; height: 100%; object-fit: cover;\" srcset=\"https:\/\/muzeubuzau.ro\/wp-content\/uploads\/2018\/10\/Casa-V-Voiculescu--scaled.jpg 2560w, https:\/\/muzeubuzau.ro\/wp-content\/uploads\/2018\/10\/Casa-V-Voiculescu--300x200.jpg 300w, https:\/\/muzeubuzau.ro\/wp-content\/uploads\/2018\/10\/Casa-V-Voiculescu--1024x683.jpg 1024w, https:\/\/muzeubuzau.ro\/wp-content\/uploads\/2018\/10\/Casa-V-Voiculescu--768x512.jpg 768w, https:\/\/muzeubuzau.ro\/wp-content\/uploads\/2018\/10\/Casa-V-Voiculescu--1536x1024.jpg 1536w, https:\/\/muzeubuzau.ro\/wp-content\/uploads\/2018\/10\/Casa-V-Voiculescu--2048x1365.jpg 2048w, https:\/\/muzeubuzau.ro\/wp-content\/uploads\/2018\/10\/Casa-V-Voiculescu--18x12.jpg 18w\" sizes=\"(max-width: 2560px) 100vw, 2560px\" \/>\n                                <\/div>\n                                                        <h2 class=\"astra-post-grid-title\">XXXth edition of the Gala of the National Contest of Literary Creation National Contest \u201cVasile Voiculescu\u201d<\/h2>\n                        <\/a>\n                        <p class=\"astra-post-grid-excerpt\">Muzeul Jude\u021bean Buz\u0103u, institu\u021bie de cultur\u0103 \u0219i cercetare ce func\u021bioneaz\u0103 sub autoritatea Consiliului Jude\u021bean Buz\u0103u, cu sediul \u00een mun. Buz\u0103u,&hellip;<\/p>\n                    <\/div>\n                                    <div class=\"astra-post-grid-item\">\n                        <a href=\"http:\/\/muzeubuzau.ro\/en\/events\/noaptea-cercetatorilor-europeni\/\" class=\"astra-post-grid-link\">\n                                                            <div class=\"astra-post-grid-thumbnail thumb\" style=\"width: 300px; height: 200px; overflow: hidden;\">\n                                    <img loading=\"lazy\" decoding=\"async\" width=\"739\" height=\"1034\" src=\"https:\/\/muzeubuzau.ro\/wp-content\/uploads\/2018\/09\/NoapteaCercetatorilor-resize.png\" class=\"attachment-full size-full wp-post-image\" alt=\"\" style=\"width: 100%; height: 100%; object-fit: cover;\" srcset=\"https:\/\/muzeubuzau.ro\/wp-content\/uploads\/2018\/09\/NoapteaCercetatorilor-resize.png 739w, https:\/\/muzeubuzau.ro\/wp-content\/uploads\/2018\/09\/NoapteaCercetatorilor-resize-214x300.png 214w, https:\/\/muzeubuzau.ro\/wp-content\/uploads\/2018\/09\/NoapteaCercetatorilor-resize-732x1024.png 732w, https:\/\/muzeubuzau.ro\/wp-content\/uploads\/2018\/09\/NoapteaCercetatorilor-resize-9x12.png 9w\" sizes=\"(max-width: 739px) 100vw, 739px\" \/>\n                                <\/div>\n                                                        <h2 class=\"astra-post-grid-title\">European Researchers Night<\/h2>\n                        <\/a>\n                        <p class=\"astra-post-grid-excerpt\">Comunicat de pres\u0103 &nbsp; Muzeul Jude\u021bean Buz\u0103u, institu\u021bie de cultur\u0103 ce func\u021bioneaz\u0103 sub autoritatea Consiliului Jude\u021bean Buz\u0103u, cu sediul \u00een&hellip;<\/p>\n                    <\/div>\n                                    <div class=\"astra-post-grid-item\">\n                        <a href=\"http:\/\/muzeubuzau.ro\/en\/events\/comemorare-joi-13-septembrie-2018-la-buzau-a-celebrului-globetrotter-roman-dumitru-dan\/\" class=\"astra-post-grid-link\">\n                                                            <div class=\"astra-post-grid-thumbnail thumb\" style=\"width: 300px; height: 200px; overflow: hidden;\">\n                                    <img loading=\"lazy\" decoding=\"async\" width=\"350\" height=\"350\" src=\"https:\/\/muzeubuzau.ro\/wp-content\/uploads\/2018\/09\/AFIR.png\" class=\"attachment-full size-full wp-post-image\" alt=\"\" style=\"width: 100%; height: 100%; object-fit: cover;\" srcset=\"https:\/\/muzeubuzau.ro\/wp-content\/uploads\/2018\/09\/AFIR.png 350w, https:\/\/muzeubuzau.ro\/wp-content\/uploads\/2018\/09\/AFIR-300x300.png 300w, https:\/\/muzeubuzau.ro\/wp-content\/uploads\/2018\/09\/AFIR-150x150.png 150w, https:\/\/muzeubuzau.ro\/wp-content\/uploads\/2018\/09\/AFIR-12x12.png 12w, https:\/\/muzeubuzau.ro\/wp-content\/uploads\/2018\/09\/AFIR-200x200.png 200w\" sizes=\"(max-width: 350px) 100vw, 350px\" \/>\n                                <\/div>\n                                                        <h2 class=\"astra-post-grid-title\">Commemoration, Thursday, September 13, 2018, in Buzau, of the famous Romanian globetrotter, Dumitru Dan<\/h2>\n                        <\/a>\n                        <p class=\"astra-post-grid-excerpt\">COMUNICAT DE PRES\u0102 &nbsp; Asocia\u021bia Jurnali\u0219tilor \u0219i Scriitorilor de Turism din Rom\u00e2nia, organiza\u021bie care \u00eempline\u0219te, anul acesta, 60 de ani&hellip;<\/p>\n                    <\/div>\n                                    <div class=\"astra-post-grid-item\">\n                        <a href=\"http:\/\/muzeubuzau.ro\/en\/events\/ziua-portilor-deschise-pe-santierul-arheologic-pietroasa-mica-gruiu-darii\/\" class=\"astra-post-grid-link\">\n                                                            <div class=\"astra-post-grid-thumbnail thumb\" style=\"width: 300px; height: 200px; overflow: hidden;\">\n                                    <img loading=\"lazy\" decoding=\"async\" width=\"640\" height=\"401\" src=\"https:\/\/muzeubuzau.ro\/wp-content\/uploads\/2018\/08\/GD3.jpg\" class=\"attachment-full size-full wp-post-image\" alt=\"\" style=\"width: 100%; height: 100%; object-fit: cover;\" srcset=\"https:\/\/muzeubuzau.ro\/wp-content\/uploads\/2018\/08\/GD3.jpg 640w, https:\/\/muzeubuzau.ro\/wp-content\/uploads\/2018\/08\/GD3-300x188.jpg 300w, https:\/\/muzeubuzau.ro\/wp-content\/uploads\/2018\/08\/GD3-18x12.jpg 18w\" sizes=\"(max-width: 640px) 100vw, 640px\" \/>\n                                <\/div>\n                                                        <h2 class=\"astra-post-grid-title\">Open Doors Day at the Pietroasa Mic\u0103 - Gruiu D\u0103rii archaeological siteOpen Doors Day on the archaeological site Pietroasa Mic \u2013 Gruiu D\u0103rii<\/h2>\n                        <\/a>\n                        <p class=\"astra-post-grid-excerpt\">Comunicat de pres\u0103 \u00a0 Muzeul Jude\u021bean Buz\u0103u, institu\u021bie de cultur\u0103 ce func\u021bioneaz\u0103 sub autoritatea Consiliului Jude\u021bean Buz\u0103u, cu sediul \u00een&hellip;<\/p>\n                    <\/div>\n                                    <div class=\"astra-post-grid-item\">\n                        <a href=\"http:\/\/muzeubuzau.ro\/en\/events\/intalnire-cu-artistii-grupului-ziarul-neconventional-romania\/\" class=\"astra-post-grid-link\">\n                                                            <div class=\"astra-post-grid-thumbnail thumb\" style=\"width: 300px; height: 200px; overflow: hidden;\">\n                                    <img loading=\"lazy\" decoding=\"async\" width=\"529\" height=\"960\" src=\"https:\/\/muzeubuzau.ro\/wp-content\/uploads\/2018\/07\/KeepingTheExhibitionAlive.jpg\" class=\"attachment-full size-full wp-post-image\" alt=\"\" style=\"width: 100%; height: 100%; object-fit: cover;\" srcset=\"https:\/\/muzeubuzau.ro\/wp-content\/uploads\/2018\/07\/KeepingTheExhibitionAlive.jpg 529w, https:\/\/muzeubuzau.ro\/wp-content\/uploads\/2018\/07\/KeepingTheExhibitionAlive-165x300.jpg 165w, https:\/\/muzeubuzau.ro\/wp-content\/uploads\/2018\/07\/KeepingTheExhibitionAlive-7x12.jpg 7w\" sizes=\"(max-width: 529px) 100vw, 529px\" \/>\n                                <\/div>\n                                                        <h2 class=\"astra-post-grid-title\">Meeting with the artists of the group \u201cZiarul Neconventional Romania\u201d<\/h2>\n                        <\/a>\n                        <p class=\"astra-post-grid-excerpt\">\u201dKeeping the exhibition alive\u201d &#8211; proiectul cultural-educativ al Muzeului Jude\u021bean Buz\u0103u continu\u0103. Astfel, v\u0103 invit\u0103m duminic\u0103, 05.08.2018, ora 17.00 la&hellip;<\/p>\n                    <\/div>\n                                    <div class=\"astra-post-grid-item\">\n                        <a href=\"http:\/\/muzeubuzau.ro\/en\/events\/atelierul-digital\/\" class=\"astra-post-grid-link\">\n                                                            <div class=\"astra-post-grid-thumbnail thumb\" style=\"width: 300px; height: 200px; overflow: hidden;\">\n                                    <img loading=\"lazy\" decoding=\"async\" width=\"853\" height=\"1201\" src=\"https:\/\/muzeubuzau.ro\/wp-content\/uploads\/2018\/07\/AtelierulDigital.jpg\" class=\"attachment-full size-full wp-post-image\" alt=\"\" style=\"width: 100%; height: 100%; object-fit: cover;\" srcset=\"https:\/\/muzeubuzau.ro\/wp-content\/uploads\/2018\/07\/AtelierulDigital.jpg 853w, https:\/\/muzeubuzau.ro\/wp-content\/uploads\/2018\/07\/AtelierulDigital-213x300.jpg 213w, https:\/\/muzeubuzau.ro\/wp-content\/uploads\/2018\/07\/AtelierulDigital-727x1024.jpg 727w, https:\/\/muzeubuzau.ro\/wp-content\/uploads\/2018\/07\/AtelierulDigital-768x1081.jpg 768w, https:\/\/muzeubuzau.ro\/wp-content\/uploads\/2018\/07\/AtelierulDigital-9x12.jpg 9w\" sizes=\"(max-width: 853px) 100vw, 853px\" \/>\n                                <\/div>\n                                                        <h2 class=\"astra-post-grid-title\">The Digital Workshop<\/h2>\n                        <\/a>\n                        <p class=\"astra-post-grid-excerpt\">Comunicat de pres\u0103 \u00a0 \u00a0\u00a0\u00a0\u00a0\u00a0\u00a0\u00a0\u00a0\u00a0\u00a0\u00a0 Muzeul Jude\u021bean Buz\u0103u, institu\u021bie de cultur\u0103 ce func\u021bioneaz\u0103 sub autoritatea Consiliului Jude\u021bean Buz\u0103u, cu sediul&hellip;<\/p>\n                    <\/div>\n                                    <div class=\"astra-post-grid-item\">\n                        <a href=\"http:\/\/muzeubuzau.ro\/en\/events\/vacante-si-concedii-in-perioada-comunista\/\" class=\"astra-post-grid-link\">\n                                                            <div class=\"astra-post-grid-thumbnail thumb\" style=\"width: 300px; height: 200px; overflow: hidden;\">\n                                    <img loading=\"lazy\" decoding=\"async\" width=\"1817\" height=\"2560\" src=\"https:\/\/muzeubuzau.ro\/wp-content\/uploads\/2018\/07\/Vacante-Comunism-01-copy-min-scaled.jpg\" class=\"attachment-full size-full wp-post-image\" alt=\"\" style=\"width: 100%; height: 100%; object-fit: cover;\" srcset=\"https:\/\/muzeubuzau.ro\/wp-content\/uploads\/2018\/07\/Vacante-Comunism-01-copy-min-scaled.jpg 1817w, https:\/\/muzeubuzau.ro\/wp-content\/uploads\/2018\/07\/Vacante-Comunism-01-copy-min-213x300.jpg 213w, https:\/\/muzeubuzau.ro\/wp-content\/uploads\/2018\/07\/Vacante-Comunism-01-copy-min-727x1024.jpg 727w, https:\/\/muzeubuzau.ro\/wp-content\/uploads\/2018\/07\/Vacante-Comunism-01-copy-min-768x1082.jpg 768w, https:\/\/muzeubuzau.ro\/wp-content\/uploads\/2018\/07\/Vacante-Comunism-01-copy-min-1090x1536.jpg 1090w, https:\/\/muzeubuzau.ro\/wp-content\/uploads\/2018\/07\/Vacante-Comunism-01-copy-min-1454x2048.jpg 1454w, https:\/\/muzeubuzau.ro\/wp-content\/uploads\/2018\/07\/Vacante-Comunism-01-copy-min-9x12.jpg 9w\" sizes=\"(max-width: 1817px) 100vw, 1817px\" \/>\n                                <\/div>\n                                                        <h2 class=\"astra-post-grid-title\">Vaccancies and holidays during the communist period<\/h2>\n                        <\/a>\n                        <p class=\"astra-post-grid-excerpt\">Vacante-Comunism Este vacan\u021b\u0103, este perioada concediilor. Muzeul Jude\u021bean Buz\u0103u, institu\u021bie de cultur\u0103 ce func\u021bioneaz\u0103 sub autoritatea Consiliului Jude\u021bean Buz\u0103u, cu&hellip;<\/p>\n                    <\/div>\n                                    <div class=\"astra-post-grid-item\">\n                        <a href=\"http:\/\/muzeubuzau.ro\/en\/events\/ziua-internationala-a-copilului-la-muzeul-judetean-buzau-ed-a-iii-a\/\" class=\"astra-post-grid-link\">\n                                                            <div class=\"astra-post-grid-thumbnail thumb\" style=\"width: 300px; height: 200px; overflow: hidden;\">\n                                    <img loading=\"lazy\" decoding=\"async\" width=\"1818\" height=\"2560\" src=\"https:\/\/muzeubuzau.ro\/wp-content\/uploads\/2018\/07\/AFIS-1-iunie-01-scaled.jpg\" class=\"attachment-full size-full wp-post-image\" alt=\"\" style=\"width: 100%; height: 100%; object-fit: cover;\" srcset=\"https:\/\/muzeubuzau.ro\/wp-content\/uploads\/2018\/07\/AFIS-1-iunie-01-scaled.jpg 1818w, https:\/\/muzeubuzau.ro\/wp-content\/uploads\/2018\/07\/AFIS-1-iunie-01-213x300.jpg 213w, https:\/\/muzeubuzau.ro\/wp-content\/uploads\/2018\/07\/AFIS-1-iunie-01-727x1024.jpg 727w, https:\/\/muzeubuzau.ro\/wp-content\/uploads\/2018\/07\/AFIS-1-iunie-01-768x1082.jpg 768w, https:\/\/muzeubuzau.ro\/wp-content\/uploads\/2018\/07\/AFIS-1-iunie-01-1091x1536.jpg 1091w, https:\/\/muzeubuzau.ro\/wp-content\/uploads\/2018\/07\/AFIS-1-iunie-01-1454x2048.jpg 1454w, https:\/\/muzeubuzau.ro\/wp-content\/uploads\/2018\/07\/AFIS-1-iunie-01-9x12.jpg 9w\" sizes=\"(max-width: 1818px) 100vw, 1818px\" \/>\n                                <\/div>\n                                                        <h2 class=\"astra-post-grid-title\">International Children\u2019s Day at the Buzau County Museum, 3rd<\/h2>\n                        <\/a>\n                        <p class=\"astra-post-grid-excerpt\">Comunicat de pres\u0103 &nbsp; Muzeul Jude\u021bean Buz\u0103u, institu\u021bie de cultur\u0103 ce func\u021bioneaz\u0103 sub autoritatea Consiliului Jude\u021bean Buz\u0103u, cu sediul \u00een&hellip;<\/p>\n                    <\/div>\n                                    <div class=\"astra-post-grid-item\">\n                        <a href=\"http:\/\/muzeubuzau.ro\/en\/events\/1918-sfarsit-si-inceput-de-epoca\/\" class=\"astra-post-grid-link\">\n                                                            <div class=\"astra-post-grid-thumbnail thumb\" style=\"width: 300px; height: 200px; overflow: hidden;\">\n                                    <img loading=\"lazy\" decoding=\"async\" width=\"917\" height=\"1300\" src=\"https:\/\/muzeubuzau.ro\/wp-content\/uploads\/2018\/07\/31042750_2025113870849824_1754272636_o.jpg\" class=\"attachment-full size-full wp-post-image\" alt=\"\" style=\"width: 100%; height: 100%; object-fit: cover;\" srcset=\"https:\/\/muzeubuzau.ro\/wp-content\/uploads\/2018\/07\/31042750_2025113870849824_1754272636_o.jpg 917w, https:\/\/muzeubuzau.ro\/wp-content\/uploads\/2018\/07\/31042750_2025113870849824_1754272636_o-212x300.jpg 212w, https:\/\/muzeubuzau.ro\/wp-content\/uploads\/2018\/07\/31042750_2025113870849824_1754272636_o-722x1024.jpg 722w, https:\/\/muzeubuzau.ro\/wp-content\/uploads\/2018\/07\/31042750_2025113870849824_1754272636_o-768x1089.jpg 768w, https:\/\/muzeubuzau.ro\/wp-content\/uploads\/2018\/07\/31042750_2025113870849824_1754272636_o-8x12.jpg 8w\" sizes=\"(max-width: 917px) 100vw, 917px\" \/>\n                                <\/div>\n                                                        <h2 class=\"astra-post-grid-title\">1918 &#8211; sf\u00e2r\u0219it \u0219i \u00eenceput de epoc\u0103<\/h2>\n                        <\/a>\n                        <p class=\"astra-post-grid-excerpt\">COMUNICAT DE PRES\u0102 &nbsp; Muzeul Jude\u021bean Buz\u0103u, institu\u021bie de cultur\u0103 ce func\u021bioneaz\u0103 sub autoritatea Consiliului Jude\u021bean Buz\u0103u, organizeaz\u0103 \u00een perioada&hellip;<\/p>\n                    <\/div>\n                                    <div class=\"astra-post-grid-item\">\n                        <a href=\"http:\/\/muzeubuzau.ro\/en\/events\/noaptea-muzeelor-2018\/\" class=\"astra-post-grid-link\">\n                                                            <div class=\"astra-post-grid-thumbnail thumb\" style=\"width: 300px; height: 200px; overflow: hidden;\">\n                                    <img loading=\"lazy\" decoding=\"async\" width=\"1817\" height=\"2560\" src=\"https:\/\/muzeubuzau.ro\/wp-content\/uploads\/2018\/07\/31649329_2048777015150176_6684047875216769024_n-scaled.jpg\" class=\"attachment-full size-full wp-post-image\" alt=\"\" style=\"width: 100%; height: 100%; object-fit: cover;\" srcset=\"https:\/\/muzeubuzau.ro\/wp-content\/uploads\/2018\/07\/31649329_2048777015150176_6684047875216769024_n-scaled.jpg 1817w, https:\/\/muzeubuzau.ro\/wp-content\/uploads\/2018\/07\/31649329_2048777015150176_6684047875216769024_n-213x300.jpg 213w, https:\/\/muzeubuzau.ro\/wp-content\/uploads\/2018\/07\/31649329_2048777015150176_6684047875216769024_n-727x1024.jpg 727w, https:\/\/muzeubuzau.ro\/wp-content\/uploads\/2018\/07\/31649329_2048777015150176_6684047875216769024_n-768x1082.jpg 768w, https:\/\/muzeubuzau.ro\/wp-content\/uploads\/2018\/07\/31649329_2048777015150176_6684047875216769024_n-1090x1536.jpg 1090w, https:\/\/muzeubuzau.ro\/wp-content\/uploads\/2018\/07\/31649329_2048777015150176_6684047875216769024_n-1453x2048.jpg 1453w, https:\/\/muzeubuzau.ro\/wp-content\/uploads\/2018\/07\/31649329_2048777015150176_6684047875216769024_n-9x12.jpg 9w\" sizes=\"(max-width: 1817px) 100vw, 1817px\" \/>\n                                <\/div>\n                                                        <h2 class=\"astra-post-grid-title\">Night of Museums 2018<\/h2>\n                        <\/a>\n                        <p class=\"astra-post-grid-excerpt\">Comunicat \u00a0\u00a0\u00a0\u00a0\u00a0\u00a0\u00a0\u00a0\u00a0\u00a0\u00a0 Muzeul Jude\u021bean Buz\u0103u, institu\u021bie de cultur\u0103 ce func\u021bioneaz\u0103 sub autoritatea Consiliului Jude\u021bean Buz\u0103u, cu sediul \u00een mun. Buz\u0103u,&hellip;<\/p>\n                    <\/div>\n                                    <div class=\"astra-post-grid-item\">\n                        <a href=\"http:\/\/muzeubuzau.ro\/en\/events\/caravana-jocurile-stiintei\/\" class=\"astra-post-grid-link\">\n                                                            <div class=\"astra-post-grid-thumbnail thumb\" style=\"width: 300px; height: 200px; overflow: hidden;\">\n                                    <img loading=\"lazy\" decoding=\"async\" width=\"1790\" height=\"2517\" src=\"https:\/\/muzeubuzau.ro\/wp-content\/uploads\/2018\/07\/30074162_2002928696401675_1763145540_o.jpg\" class=\"attachment-full size-full wp-post-image\" alt=\"\" style=\"width: 100%; height: 100%; object-fit: cover;\" srcset=\"https:\/\/muzeubuzau.ro\/wp-content\/uploads\/2018\/07\/30074162_2002928696401675_1763145540_o.jpg 1790w, https:\/\/muzeubuzau.ro\/wp-content\/uploads\/2018\/07\/30074162_2002928696401675_1763145540_o-213x300.jpg 213w, https:\/\/muzeubuzau.ro\/wp-content\/uploads\/2018\/07\/30074162_2002928696401675_1763145540_o-728x1024.jpg 728w, https:\/\/muzeubuzau.ro\/wp-content\/uploads\/2018\/07\/30074162_2002928696401675_1763145540_o-768x1080.jpg 768w, https:\/\/muzeubuzau.ro\/wp-content\/uploads\/2018\/07\/30074162_2002928696401675_1763145540_o-1092x1536.jpg 1092w, https:\/\/muzeubuzau.ro\/wp-content\/uploads\/2018\/07\/30074162_2002928696401675_1763145540_o-1456x2048.jpg 1456w, https:\/\/muzeubuzau.ro\/wp-content\/uploads\/2018\/07\/30074162_2002928696401675_1763145540_o-9x12.jpg 9w\" sizes=\"(max-width: 1790px) 100vw, 1790px\" \/>\n                                <\/div>\n                                                        <h2 class=\"astra-post-grid-title\">The Science Games Caravan<\/h2>\n                        <\/a>\n                        <p class=\"astra-post-grid-excerpt\">&nbsp; Dou\u0103 s\u0103pt\u0103m\u00e2ni de interac\u021biune cu \u0219tiin\u021ba \u00een cadrul Caravanei Jocurile \u0218tiin\u021bei, Buz\u0103u Expozi\u021bie interactiv\u0103 \u0219i ateliere de \u0219tiin\u021be pentru&hellip;<\/p>\n                    <\/div>\n                                    <div class=\"astra-post-grid-item\">\n                        <a href=\"http:\/\/muzeubuzau.ro\/en\/events\/expozitie-la-sediul-colectiei-de-arta-si-etnografie-populara-vergu-manaila\/\" class=\"astra-post-grid-link\">\n                                                            <div class=\"astra-post-grid-thumbnail thumb\" style=\"width: 300px; height: 200px; overflow: hidden;\">\n                                    <img loading=\"lazy\" decoding=\"async\" width=\"1411\" height=\"2560\" src=\"https:\/\/muzeubuzau.ro\/wp-content\/uploads\/2018\/07\/34963177_2077938882233989_8896081746349522944_n-scaled.jpg\" class=\"attachment-full size-full wp-post-image\" alt=\"\" style=\"width: 100%; height: 100%; object-fit: cover;\" srcset=\"https:\/\/muzeubuzau.ro\/wp-content\/uploads\/2018\/07\/34963177_2077938882233989_8896081746349522944_n-scaled.jpg 1411w, https:\/\/muzeubuzau.ro\/wp-content\/uploads\/2018\/07\/34963177_2077938882233989_8896081746349522944_n-165x300.jpg 165w, https:\/\/muzeubuzau.ro\/wp-content\/uploads\/2018\/07\/34963177_2077938882233989_8896081746349522944_n-564x1024.jpg 564w, https:\/\/muzeubuzau.ro\/wp-content\/uploads\/2018\/07\/34963177_2077938882233989_8896081746349522944_n-768x1393.jpg 768w, https:\/\/muzeubuzau.ro\/wp-content\/uploads\/2018\/07\/34963177_2077938882233989_8896081746349522944_n-847x1536.jpg 847w, https:\/\/muzeubuzau.ro\/wp-content\/uploads\/2018\/07\/34963177_2077938882233989_8896081746349522944_n-1129x2048.jpg 1129w, https:\/\/muzeubuzau.ro\/wp-content\/uploads\/2018\/07\/34963177_2077938882233989_8896081746349522944_n-7x12.jpg 7w\" sizes=\"(max-width: 1411px) 100vw, 1411px\" \/>\n                                <\/div>\n                                                        <h2 class=\"astra-post-grid-title\">Exhibition at the headquarters of the Collection of Art and Folk Etnography Vergu M\u0103n\u0103ila<\/h2>\n                        <\/a>\n                        <p class=\"astra-post-grid-excerpt\">Comunicat de pres\u0103 Muzeul Jude\u021bean Buz\u0103u, institu\u021bie de cultur\u0103 ce func\u021bioneaz\u0103 sub autoritatea Consiliului Jude\u021bean Buz\u0103u, cu sediul \u00een mun.&hellip;<\/p>\n                    <\/div>\n                                    <div class=\"astra-post-grid-item\">\n                        <a href=\"http:\/\/muzeubuzau.ro\/en\/events\/zilele-femeii-la-muzeul-judetean-buzau\/\" class=\"astra-post-grid-link\">\n                                                            <div class=\"astra-post-grid-thumbnail thumb\" style=\"width: 300px; height: 200px; overflow: hidden;\">\n                                    <img loading=\"lazy\" decoding=\"async\" width=\"1818\" height=\"2560\" src=\"https:\/\/muzeubuzau.ro\/wp-content\/uploads\/2018\/07\/01-scaled.jpg\" class=\"attachment-full size-full wp-post-image\" alt=\"\" style=\"width: 100%; height: 100%; object-fit: cover;\" srcset=\"https:\/\/muzeubuzau.ro\/wp-content\/uploads\/2018\/07\/01-scaled.jpg 1818w, https:\/\/muzeubuzau.ro\/wp-content\/uploads\/2018\/07\/01-213x300.jpg 213w, https:\/\/muzeubuzau.ro\/wp-content\/uploads\/2018\/07\/01-727x1024.jpg 727w, https:\/\/muzeubuzau.ro\/wp-content\/uploads\/2018\/07\/01-768x1082.jpg 768w, https:\/\/muzeubuzau.ro\/wp-content\/uploads\/2018\/07\/01-1091x1536.jpg 1091w, https:\/\/muzeubuzau.ro\/wp-content\/uploads\/2018\/07\/01-1454x2048.jpg 1454w, https:\/\/muzeubuzau.ro\/wp-content\/uploads\/2018\/07\/01-9x12.jpg 9w\" sizes=\"(max-width: 1818px) 100vw, 1818px\" \/>\n                                <\/div>\n                                                        <h2 class=\"astra-post-grid-title\">Women's Days at Buzau County Museum<\/h2>\n                        <\/a>\n                        <p class=\"astra-post-grid-excerpt\">Comunicat de pres\u0103 Muzeul Jude\u021bean Buz\u0103u, institu\u021bie de cultur\u0103 ce func\u021bioneaz\u0103 \u00een subordinea Consiliului Jude\u021bean Buz\u0103u, cu sediul \u00een mun.&hellip;<\/p>\n                    <\/div>\n                                    <div class=\"astra-post-grid-item\">\n                        <a href=\"http:\/\/muzeubuzau.ro\/en\/events\/dragobete-vs-sfantul-valentin\/\" class=\"astra-post-grid-link\">\n                                                            <div class=\"astra-post-grid-thumbnail thumb\" style=\"width: 300px; height: 200px; overflow: hidden;\">\n                                    <img loading=\"lazy\" decoding=\"async\" width=\"1920\" height=\"1363\" src=\"https:\/\/muzeubuzau.ro\/wp-content\/uploads\/2018\/07\/AFIS-Epoca-Fierului-01.jpg\" class=\"attachment-full size-full wp-post-image\" alt=\"\" style=\"width: 100%; height: 100%; object-fit: cover;\" srcset=\"https:\/\/muzeubuzau.ro\/wp-content\/uploads\/2018\/07\/AFIS-Epoca-Fierului-01.jpg 1920w, https:\/\/muzeubuzau.ro\/wp-content\/uploads\/2018\/07\/AFIS-Epoca-Fierului-01-300x213.jpg 300w, https:\/\/muzeubuzau.ro\/wp-content\/uploads\/2018\/07\/AFIS-Epoca-Fierului-01-1024x727.jpg 1024w, https:\/\/muzeubuzau.ro\/wp-content\/uploads\/2018\/07\/AFIS-Epoca-Fierului-01-768x545.jpg 768w, https:\/\/muzeubuzau.ro\/wp-content\/uploads\/2018\/07\/AFIS-Epoca-Fierului-01-1536x1090.jpg 1536w, https:\/\/muzeubuzau.ro\/wp-content\/uploads\/2018\/07\/AFIS-Epoca-Fierului-01-18x12.jpg 18w\" sizes=\"(max-width: 1920px) 100vw, 1920px\" \/>\n                                <\/div>\n                                                        <h2 class=\"astra-post-grid-title\">Dragobete vs Saint Valentine<\/h2>\n                        <\/a>\n                        <p class=\"astra-post-grid-excerpt\">Comunicat de pres\u0103 \u00a0\u00a0\u00a0\u00a0\u00a0\u00a0\u00a0\u00a0\u00a0\u00a0\u00a0 Muzeul Jude\u021bean Buz\u0103u, institu\u021bie de cultur\u0103 ce func\u021bioneaz\u0103 \u00een subordinea Consiliului Jude\u021bean Buz\u0103u, cu sediul \u00een&hellip;<\/p>\n                    <\/div>\n                                    <div class=\"astra-post-grid-item\">\n                        <a href=\"http:\/\/muzeubuzau.ro\/en\/events\/museumfest\/\" class=\"astra-post-grid-link\">\n                                                            <div class=\"astra-post-grid-thumbnail thumb\" style=\"width: 300px; height: 200px; overflow: hidden;\">\n                                    <img loading=\"lazy\" decoding=\"async\" width=\"797\" height=\"800\" src=\"https:\/\/muzeubuzau.ro\/wp-content\/uploads\/2018\/06\/MuseumFest.jpg\" class=\"attachment-full size-full wp-post-image\" alt=\"\" style=\"width: 100%; height: 100%; object-fit: cover;\" srcset=\"https:\/\/muzeubuzau.ro\/wp-content\/uploads\/2018\/06\/MuseumFest.jpg 797w, https:\/\/muzeubuzau.ro\/wp-content\/uploads\/2018\/06\/MuseumFest-300x300.jpg 300w, https:\/\/muzeubuzau.ro\/wp-content\/uploads\/2018\/06\/MuseumFest-150x150.jpg 150w, https:\/\/muzeubuzau.ro\/wp-content\/uploads\/2018\/06\/MuseumFest-768x771.jpg 768w, https:\/\/muzeubuzau.ro\/wp-content\/uploads\/2018\/06\/MuseumFest-12x12.jpg 12w, https:\/\/muzeubuzau.ro\/wp-content\/uploads\/2018\/06\/MuseumFest-200x200.jpg 200w\" sizes=\"(max-width: 797px) 100vw, 797px\" \/>\n                                <\/div>\n                                                        <h2 class=\"astra-post-grid-title\">MuseumFest<\/h2>\n                        <\/a>\n                        <p class=\"astra-post-grid-excerpt\">Comunicat de pres\u0103 Muzeul Jude\u021bean Buz\u0103u, institu\u021bie de cultur\u0103 ce func\u021bioneaz\u0103 \u00een subordinea Consiliului Jude\u021bean Buz\u0103u, cu sediul \u00een mun.&hellip;<\/p>\n                    <\/div>\n                                    <\/div>\n    <\/div>","protected":false},"excerpt":{"rendered":"","protected":false},"author":2,"featured_media":0,"parent":0,"menu_order":0,"comment_status":"closed","ping_status":"closed","template":"elementor_header_footer","meta":{"site-sidebar-layout":"default","site-content-layout":"","ast-site-content-layout":"","site-content-style":"default","site-sidebar-style":"default","ast-global-header-display":"","ast-banner-title-visibility":"","ast-main-header-display":"","ast-hfb-above-header-display":"","ast-hfb-below-header-display":"","ast-hfb-mobile-header-display":"","site-post-title":"","ast-breadcrumbs-content":"","ast-featured-img":"","footer-sml-layout":"","theme-transparent-header-meta":"","adv-header-id-meta":"","stick-header-meta":"","header-above-stick-meta":"","header-main-stick-meta":"","header-below-stick-meta":"","astra-migrate-meta-layouts":"default","ast-page-background-enabled":"default","ast-page-background-meta":{"desktop":{"background-color":"var(--ast-global-color-4)","background-image":"","background-repeat":"repeat","background-position":"center center","background-size":"auto","background-attachment":"scroll","background-type":"","background-media":"","overlay-type":"","overlay-color":"","overlay-opacity":"","overlay-gradient":""},"tablet":{"background-color":"","background-image":"","background-repeat":"repeat","background-position":"center center","background-size":"auto","background-attachment":"scroll","background-type":"","background-media":"","overlay-type":"","overlay-color":"","overlay-opacity":"","overlay-gradient":""},"mobile":{"background-color":"","background-image":"","background-repeat":"repeat","background-position":"center center","background-size":"auto","background-attachment":"scroll","background-type":"","background-media":"","overlay-type":"","overlay-color":"","overlay-opacity":"","overlay-gradient":""}},"ast-content-background-meta":{"desktop":{"background-color":"var(--ast-global-color-5)","background-image":"","background-repeat":"repeat","background-position":"center center","background-size":"auto","background-attachment":"scroll","background-type":"","background-media":"","overlay-type":"","overlay-color":"","overlay-opacity":"","overlay-gradient":""},"tablet":{"background-color":"var(--ast-global-color-5)","background-image":"","background-repeat":"repeat","background-position":"center center","background-size":"auto","background-attachment":"scroll","background-type":"","background-media":"","overlay-type":"","overlay-color":"","overlay-opacity":"","overlay-gradient":""},"mobile":{"background-color":"var(--ast-global-color-5)","background-image":"","background-repeat":"repeat","background-position":"center center","background-size":"auto","background-attachment":"scroll","background-type":"","background-media":"","overlay-type":"","overlay-color":"","overlay-opacity":"","overlay-gradient":""}},"footnotes":""},"class_list":["post-394","page","type-page","status-publish","hentry"],"_links":{"self":[{"href":"http:\/\/muzeubuzau.ro\/en\/wp-json\/wp\/v2\/pages\/394"}],"collection":[{"href":"http:\/\/muzeubuzau.ro\/en\/wp-json\/wp\/v2\/pages"}],"about":[{"href":"http:\/\/muzeubuzau.ro\/en\/wp-json\/wp\/v2\/types\/page"}],"author":[{"embeddable":true,"href":"http:\/\/muzeubuzau.ro\/en\/wp-json\/wp\/v2\/users\/2"}],"replies":[{"embeddable":true,"href":"http:\/\/muzeubuzau.ro\/en\/wp-json\/wp\/v2\/comments?post=394"}],"version-history":[{"count":2,"href":"http:\/\/muzeubuzau.ro\/en\/wp-json\/wp\/v2\/pages\/394\/revisions"}],"predecessor-version":[{"id":397,"href":"http:\/\/muzeubuzau.ro\/en\/wp-json\/wp\/v2\/pages\/394\/revisions\/397"}],"wp:attachment":[{"href":"http:\/\/muzeubuzau.ro\/en\/wp-json\/wp\/v2\/media?parent=394"}],"curies":[{"name":"wp","href":"https:\/\/api.w.org\/{rel}","templated":true}]}}