{"id":2283,"date":"2018-10-09T07:31:17","date_gmt":"2018-10-09T07:31:17","guid":{"rendered":"https:\/\/www.muzeubuzau.ro\/?post_type=event&amp;p=2283"},"modified":"2018-10-09T07:31:17","modified_gmt":"2018-10-09T07:31:17","slug":"a-xxx-a-editie-a-galei-premiilor-concursului-national-de-creatie-literara-vasile-voiculescu","status":"publish","type":"event","link":"https:\/\/muzeubuzau.ro\/en\/events\/a-xxx-a-editie-a-galei-premiilor-concursului-national-de-creatie-literara-vasile-voiculescu\/","title":{"rendered":"A XXX-a edi\u021bie a Galei Premiilor Concursului Na\u021bional de Crea\u021bie Literar\u0103 \u201dVasile Voiculescu\u201d"},"content":{"rendered":"<p>Muzeul Jude\u021bean Buz\u0103u, institu\u021bie de cultur\u0103 \u0219i cercetare ce func\u021bioneaz\u0103 sub autoritatea Consiliului Jude\u021bean Buz\u0103u, cu sediul \u00een mun. Buz\u0103u, bld. <em>Nicolae B\u0103lcescu<\/em>, nr. 50, jud. Buz\u0103u, reprezentat legal de c\u0103tre dr. Daniel Costache \u00een calitate de Manager, anun\u021b\u0103 organizarea unei serii de evenimente cultural-educative cu ocazia celei de-a XXX-a edi\u021bii a Galei Premiilor Concursului Na\u021bional de Crea\u021bie Literar\u0103 \u201dVasile Voiculescu\u201d.<\/p>\n<p>\u021ain\u00e2nd cont de faptul c\u0103 Muzeul Jude\u021bean Buz\u0103u g\u0103zduie\u0219te cu onoare de foarte mul\u021bi ani Gala acestor prestigioase premii, la sediul Casei Memoriale \u201dVasile Voiculescu\u201d, com. P\u00e2rscov, \u00een anul Centenarului Marii Uniri ne-am propus s\u0103 fim mai prezen\u021bi \u00een organizarea acestui eveniment. Astfel, s\u00e2mb\u0103t\u0103, 13 octombrie 2018, \u00een cadrul manifest\u0103rilor dedicate decern\u0103rii premiilor concursului de literatur\u0103 vor fi organizate urm\u0103toarele momente:<\/p>\n<p>&#8211; inaugurarea Cercului de Literatur\u0103 \u201dVasile Voiculescu\u201d, <em>Loc de popas \u0219i de poezie<\/em> la Casa Memorial\u0103;<\/p>\n<p>&#8211; extinderea programului <em>MuseumSmart 1.0<\/em> la Casa Memorial\u0103 \u201dVasile Voiculescu\u201d prin intermediul c\u0103ruia vizitatorii vor putea asculta piesele preferate ale marelui poet din P\u00e2rscov \u0219i vor fi introdu\u0219i \u00een atmosfera poeziei lui Vasile Voiculescu cu ajutorul unui material audio de o \u00eenalt\u0103 \u021binut\u0103 realizat de c\u0103tre poetul \u0219i interpretul Lucian Dumbrav\u0103 \u0219i de c\u0103tre jurnalista Camelia Georgiana Vl\u0103doiu;<\/p>\n<p>&#8211; extinderea programului <em>Keeping the exhibition alive<\/em> unde \u00een parteneriat cu Liceul de Arte <em>Margareta Sterian<\/em> Buz\u0103u va fi sus\u021binut un recital de muzic\u0103 clasic\u0103, de c\u0103tre orchestra acestei renumite institu\u021bii de \u00eenv\u0103\u021b\u0103m\u00e2nt buzoiene, sub bagheta dirijorului Florentin Boroghin\u0103.<\/p>\n<p>&nbsp;<\/p>\n<p>V\u0103 a\u0219tept\u0103m s\u0103 fi\u021bi al\u0103turi de noi, s\u00e2mb\u0103t\u0103, 13 octombrie, \u00eencep\u00e2nd cu ora 11.00, la sediul Casei Memoriale \u201dVasile Voiculescu\u201d, com. P\u00e2rscov, jud. Buz\u0103u.<\/p>\n<p>&nbsp;<\/p>\n<p>Intrarea este liber\u0103.<\/p>\n","protected":false},"featured_media":2284,"template":"","meta":{"site-sidebar-layout":"default","site-content-layout":"","ast-site-content-layout":"","site-content-style":"default","site-sidebar-style":"default","ast-global-header-display":"","ast-banner-title-visibility":"","ast-main-header-display":"","ast-hfb-above-header-display":"","ast-hfb-below-header-display":"","ast-hfb-mobile-header-display":"","site-post-title":"","ast-breadcrumbs-content":"","ast-featured-img":"","footer-sml-layout":"","theme-transparent-header-meta":"","adv-header-id-meta":"","stick-header-meta":"","header-above-stick-meta":"","header-main-stick-meta":"","header-below-stick-meta":"","astra-migrate-meta-layouts":"default","ast-page-background-enabled":"default","ast-page-background-meta":{"desktop":{"background-color":"var(--ast-global-color-4)","background-image":"","background-repeat":"repeat","background-position":"center center","background-size":"auto","background-attachment":"scroll","background-type":"","background-media":"","overlay-type":"","overlay-color":"","overlay-opacity":"","overlay-gradient":""},"tablet":{"background-color":"","background-image":"","background-repeat":"repeat","background-position":"center center","background-size":"auto","background-attachment":"scroll","background-type":"","background-media":"","overlay-type":"","overlay-color":"","overlay-opacity":"","overlay-gradient":""},"mobile":{"background-color":"","background-image":"","background-repeat":"repeat","background-position":"center center","background-size":"auto","background-attachment":"scroll","background-type":"","background-media":"","overlay-type":"","overlay-color":"","overlay-opacity":"","overlay-gradient":""}},"ast-content-background-meta":{"desktop":{"background-color":"var(--ast-global-color-5)","background-image":"","background-repeat":"repeat","background-position":"center center","background-size":"auto","background-attachment":"scroll","background-type":"","background-media":"","overlay-type":"","overlay-color":"","overlay-opacity":"","overlay-gradient":""},"tablet":{"background-color":"var(--ast-global-color-5)","background-image":"","background-repeat":"repeat","background-position":"center center","background-size":"auto","background-attachment":"scroll","background-type":"","background-media":"","overlay-type":"","overlay-color":"","overlay-opacity":"","overlay-gradient":""},"mobile":{"background-color":"var(--ast-global-color-5)","background-image":"","background-repeat":"repeat","background-position":"center center","background-size":"auto","background-attachment":"scroll","background-type":"","background-media":"","overlay-type":"","overlay-color":"","overlay-opacity":"","overlay-gradient":""}}},"class_list":["post-2283","event","type-event","status-publish","has-post-thumbnail","hentry"],"_links":{"self":[{"href":"https:\/\/muzeubuzau.ro\/en\/wp-json\/wp\/v2\/event\/2283"}],"collection":[{"href":"https:\/\/muzeubuzau.ro\/en\/wp-json\/wp\/v2\/event"}],"about":[{"href":"https:\/\/muzeubuzau.ro\/en\/wp-json\/wp\/v2\/types\/event"}],"wp:featuredmedia":[{"embeddable":true,"href":"https:\/\/muzeubuzau.ro\/en\/wp-json\/wp\/v2\/media\/2284"}],"wp:attachment":[{"href":"https:\/\/muzeubuzau.ro\/en\/wp-json\/wp\/v2\/media?parent=2283"}],"curies":[{"name":"wp","href":"https:\/\/api.w.org\/{rel}","templated":true}]}}