{"id":2463,"date":"2018-11-22T09:06:24","date_gmt":"2018-11-22T09:06:24","guid":{"rendered":"https:\/\/www.muzeubuzau.ro\/?post_type=event&amp;p=2463"},"modified":"2018-11-22T09:06:24","modified_gmt":"2018-11-22T09:06:24","slug":"in-memoriam-eroii-nostri-din-primul-razboi-mondial-1916-1918","status":"publish","type":"event","link":"https:\/\/muzeubuzau.ro\/en\/events\/in-memoriam-eroii-nostri-din-primul-razboi-mondial-1916-1918\/","title":{"rendered":"IN MEMORIAM: EROII NO\u0218TRI DIN PRIMUL R\u0102ZBOI MONDIAL (1916-1918)"},"content":{"rendered":"<h2 style=\"text-align: center;\"><strong>COMUNICAT DE PRES\u0102<\/strong><\/h2>\n<p>&nbsp;<\/p>\n<p>[dropcap type=&#8221;secondary&#8221;]Muzeul Jude\u021bean Buz\u0103u, institu\u021bie de cultur\u0103 \u0219i cercetare ce func\u021bioneaz\u0103 sub autoritatea Consiliului Jude\u021bean Buz\u0103u, cu sediul \u00een mun. Buz\u0103u, bd. Nicolae B\u0103lcescu, nr. 50, jud. Buz\u0103u, reprezentat\u0103 legal de c\u0103tre dr. Daniel Costache-Bolocan \u00een calitate de Manager, anun\u021b\u0103 vernisarea expozi\u021biei <strong>IN MEMORIAM: EROII NO\u0218TRI DIN PRIMUL R\u0102ZBOI MONDIAL (1916-1918)<\/strong>. Evenimentul este preg\u0103tit de Sec\u021bia de Istorie \u0219i face parte din suita de manifest\u0103ri organizate de muzeu \u00een anul <em>anivers\u0103rii Centenarului <\/em>Rom\u00e2niei Mari (1918 \u2013 2018).[\/dropcap]<\/p>\n<p>Conceput\u0103 ca o instala\u021bie de art\u0103, expozi\u021bia cuprinde multiple simboluri: crucea, clopotul, c\u0103ma\u0219a popular\u0103, puntea, c\u0103rarea. Toate elementele compozi\u021bionale contureaz\u0103 \u0219i definesc sintetic un univers apus, cel al \u021b\u0103ranului de acum 100 de ani, ajuns soldat \u00een slujba \u021b\u0103rii.<\/p>\n<p>\u00cen Anul European al Patrimoniului Cultural dorim s\u0103 atragem aten\u021bia asupra importan\u021bei unui patrimoniu aflat \u00een fiecare comun\u0103 buzoian\u0103: monumentele ridicate pentru jertfa eroilor no\u0219tri c\u0103zu\u021bi pe c\u00e2mpurile de lupt\u0103, pentru realizarea idealului na\u021bional.<\/p>\n<p>Expozi\u021bia este organizat\u0103 \u00een colaborare cu: Serviciul Jude\u021bean Buz\u0103u al Arhivelor Na\u021bionale, Muzeul Militar Na\u021bional \u201eRegele Ferdinand I\u201d, Asocia\u021bia Na\u021bional\u0103 Cultul Eroilor \u201eRegina Maria\u201d (filiala Buz\u0103u), Inspectoratul de Jandarmi Jude\u021bean Buz\u0103u \u0219i Arhiepiscopia Buz\u0103ului \u0219i Vrancei.<\/p>\n<p>Expozi\u021bia, un omagiu adus eroilor satelor noastre, buzoienilor, mul\u021bi dintre ei nenumi\u021bi, r\u0103ma\u0219i anonimi, va putea fi vizitat\u0103 p\u00e2n\u0103 \u00een data de 31.03.2019.<\/p>\n<p>Deschiderea oficial\u0103 va avea loc joi, 29 noiembrie 2018, ora 12.00, \u00een sala Amfiteatru a Muzeului Jude\u021bean Buz\u0103u, B-dul Nicolae B\u0103lcescu, Nr. 50.<\/p>\n<p>&nbsp;<\/p>\n<p style=\"text-align: center;\"><strong>Dr. Daniel Costache-Bolocan<\/strong><\/p>\n<p style=\"text-align: center;\"><strong>Manager al Muzeului Jude\u021bean Buz\u0103u<\/strong><\/p>\n","protected":false},"featured_media":2464,"template":"","meta":{"site-sidebar-layout":"default","site-content-layout":"","ast-site-content-layout":"","site-content-style":"default","site-sidebar-style":"default","ast-global-header-display":"","ast-banner-title-visibility":"","ast-main-header-display":"","ast-hfb-above-header-display":"","ast-hfb-below-header-display":"","ast-hfb-mobile-header-display":"","site-post-title":"","ast-breadcrumbs-content":"","ast-featured-img":"","footer-sml-layout":"","theme-transparent-header-meta":"","adv-header-id-meta":"","stick-header-meta":"","header-above-stick-meta":"","header-main-stick-meta":"","header-below-stick-meta":"","astra-migrate-meta-layouts":"default","ast-page-background-enabled":"default","ast-page-background-meta":{"desktop":{"background-color":"var(--ast-global-color-4)","background-image":"","background-repeat":"repeat","background-position":"center center","background-size":"auto","background-attachment":"scroll","background-type":"","background-media":"","overlay-type":"","overlay-color":"","overlay-opacity":"","overlay-gradient":""},"tablet":{"background-color":"","background-image":"","background-repeat":"repeat","background-position":"center center","background-size":"auto","background-attachment":"scroll","background-type":"","background-media":"","overlay-type":"","overlay-color":"","overlay-opacity":"","overlay-gradient":""},"mobile":{"background-color":"","background-image":"","background-repeat":"repeat","background-position":"center center","background-size":"auto","background-attachment":"scroll","background-type":"","background-media":"","overlay-type":"","overlay-color":"","overlay-opacity":"","overlay-gradient":""}},"ast-content-background-meta":{"desktop":{"background-color":"var(--ast-global-color-5)","background-image":"","background-repeat":"repeat","background-position":"center center","background-size":"auto","background-attachment":"scroll","background-type":"","background-media":"","overlay-type":"","overlay-color":"","overlay-opacity":"","overlay-gradient":""},"tablet":{"background-color":"var(--ast-global-color-5)","background-image":"","background-repeat":"repeat","background-position":"center center","background-size":"auto","background-attachment":"scroll","background-type":"","background-media":"","overlay-type":"","overlay-color":"","overlay-opacity":"","overlay-gradient":""},"mobile":{"background-color":"var(--ast-global-color-5)","background-image":"","background-repeat":"repeat","background-position":"center center","background-size":"auto","background-attachment":"scroll","background-type":"","background-media":"","overlay-type":"","overlay-color":"","overlay-opacity":"","overlay-gradient":""}}},"class_list":["post-2463","event","type-event","status-publish","has-post-thumbnail","hentry"],"_links":{"self":[{"href":"https:\/\/muzeubuzau.ro\/en\/wp-json\/wp\/v2\/event\/2463"}],"collection":[{"href":"https:\/\/muzeubuzau.ro\/en\/wp-json\/wp\/v2\/event"}],"about":[{"href":"https:\/\/muzeubuzau.ro\/en\/wp-json\/wp\/v2\/types\/event"}],"wp:featuredmedia":[{"embeddable":true,"href":"https:\/\/muzeubuzau.ro\/en\/wp-json\/wp\/v2\/media\/2464"}],"wp:attachment":[{"href":"https:\/\/muzeubuzau.ro\/en\/wp-json\/wp\/v2\/media?parent=2463"}],"curies":[{"name":"wp","href":"https:\/\/api.w.org\/{rel}","templated":true}]}}