{"id":2935,"date":"2019-08-09T20:20:13","date_gmt":"2019-08-09T20:20:13","guid":{"rendered":"https:\/\/www.muzeubuzau.ro\/?post_type=event&amp;p=2935"},"modified":"2019-08-09T20:20:13","modified_gmt":"2019-08-09T20:20:13","slug":"radu-florescu-viata-si-opera-arheologia-in-imagini-si-viata-urbana-interbelica-in-campia-baraganului-oltenita-calarasi-si-slobozia","status":"publish","type":"event","link":"https:\/\/muzeubuzau.ro\/en\/events\/radu-florescu-viata-si-opera-arheologia-in-imagini-si-viata-urbana-interbelica-in-campia-baraganului-oltenita-calarasi-si-slobozia\/","title":{"rendered":"Radu Florescu &#8211; Via\u0163a \u015fi opera, Arheologia \u00een imagini \u0219i Via\u021ba urban\u0103 interbelic\u0103 \u00een C\u00e2mpia B\u0103r\u0103ganului \u2013 Olteni\u021ba, C\u0103l\u0103ra\u0219i \u0219i Slobozia."},"content":{"rendered":"<p>&nbsp;<\/p>\n<h4 style=\"text-align: center;\">Comunicat de pres\u0103<\/h4>\n<p>&nbsp;<\/p>\n<p>Muzeul Jude\u021bean Buz\u0103u, institu\u021bie de cultur\u0103 \u0219i cercetare ce func\u021bioneaz\u0103 sub autoritatea Consiliului Jude\u021bean Buz\u0103u, cu sediul \u00een mun. Buz\u0103u, Aleea Castanilor, nr. 1, anun\u021b\u0103 vernisarea unui regal expozi\u021bional:<strong><em> Radu Florescu (13.XI.1931- 7.IX.2003) Via\u0163a \u015fi opera<\/em><\/strong>,<strong><em> Arheologia \u00een imagini<\/em><\/strong> \u0219i <strong><em>Via\u021ba urban\u0103 interbelic\u0103 \u00een C\u00e2mpia B\u0103r\u0103ganului \u2013 Olteni\u021ba, C\u0103l\u0103ra\u0219i \u0219i Slobozia<\/em><\/strong>.<\/p>\n<p>Proiectul expozi\u021bional <em>Radu Florescu (13.XI.1931- 7.IX.2003) Via\u0163a \u015fi opera,<\/em> realizat de c\u0103tre Centrul Na\u0163ional de Cercetare \u015fi Documentare \u00een Domeniul Muzeologiei, sub \u00eendrumarea prof. univ. dr. Ioan Opri\u015f, omagiaz\u0103 activitatea unei personalit\u0103\u0163i marcante a culturii noastre contemporane. Muzeolog, istoric de art\u0103, arheolog, profesor, Radu Florescu a adus contribu\u0163ii importante, de-a lungul carierei sale, la dezvoltarea cercet\u0103rii arheologice, muzeologiei, conserv\u0103rii, restaur\u0103rii \u015fi valorific\u0103rii patrimoniului cultural.<\/p>\n<p>Evoc\u00e2nd personalitatea lui Radu Florescu, Ioan Opri\u015f, care i-a fost coleg \u0219i prieten apropiat, afirma c\u0103 <em>a \u00eempletit dou\u0103 tr\u0103s\u0103turi speciale: capacitatea de a folosi cuvintele \u00eentr-o form\u0103 \u00een care pu\u0163ini reu\u015feau \u015fi dragostea de semeni, altruismul ie\u015fit din comuni.<\/em><\/p>\n<p>Expozi\u021bia panotat\u0103 <em>Arheologia \u00een imagini<\/em> organizat\u0103 de c\u0103tre Muzeul Jude\u021bean Buz\u0103u ilustreaz\u0103, \u00eentr-o manier\u0103 modern\u0103, aspecte de pe \u0219antierele arheologice din jude\u021bul nostru, unde au fost efectuate cercet\u0103ri \u00een ultimii ani: Pietroasa Mic\u0103 \u2013 <em>Gruiu D\u0103rii<\/em>, Complexul Arheologic Pietroasele, C\u00e2rlom\u0103ne\u0219ti \u2013 <em>La Arman<\/em>, C\u00e2rlom\u0103ne\u0219ti \u2013 <em>Cet\u0103\u021buia<\/em> \u0219i T\u00e2rcov \u2013 <em>Piatra cu Lilieci<\/em>. Importan\u021ba acestora s-a dovedit de mare anvergur\u0103. Valorificarea \u0219tiin\u021bific\u0103 \u0219i expozi\u021bional\u0103 a avut rolul de a edifica numeroase aspecte legate de via\u021ba comunit\u0103\u021bilor umane care au locuit \u00een zona Subcarpa\u021bilor de Curbur\u0103, \u00eencep\u00e2nd din perioada epocii pietrei \u0219i p\u00e2n\u0103 \u00een Evul Mediu. Expozi\u021bia se dore\u0219te a fi o prezentare c\u0103tre publicul larg at\u00e2t a informa\u021biei \u0219tiin\u021bifice c\u00e2t \u0219i a aspectelor legate de efectuarea cercet\u0103rilor arheologice pe teritoriul jude\u021bului Buz\u0103u.<\/p>\n<p>Expozi\u021bia de fotografie veche <em>Via\u021ba urban\u0103 interbelic\u0103 \u00een C\u00e2mpia B\u0103r\u0103ganului \u2013 Olteni\u021ba, C\u0103l\u0103ra\u0219i \u0219i Slobozia <\/em>a fost realizat\u0103 la ini\u021biativa Muzeului Civiliza\u021biei Gumelni\u021ba din Olteni\u021ba, la care au aderat Muzeul Municipal C\u0103l\u0103ra\u0219i \u0219i Muzeul Jude\u021bean Ialomi\u021ba. Expozi\u021bia cuprinde imagini din perioada interbelic\u0103 din ora\u0219ele \u00een care \u00ee\u0219i au sediul cele trei muzee. De asemenea, proiectul expozi\u021bional include reproduceri ale unor fotografii din Colec\u021bia Costic\u0103 Acsinte, care apar\u021bine patrimoniului Muzeului Jude\u021bean Ialomi\u021ba.<\/p>\n<p>Vernisajul expozi\u021biilor are loc mar\u021bi, 20 august 2019, ora 12.00, la sediul Colec\u021biei de Etnografie \u0219i Art\u0103 Popular\u0103 \u201dVergu M\u0103n\u0103il\u0103\u201d, str. <em>R\u0103zboieni<\/em>, nr. 8, mun. Buz\u0103u.<\/p>\n<p>Accesul la eveniment este gratuit.<\/p>\n<p>Expozi\u021biile sunt deschise spre vizitare p\u00e2n\u0103 \u00een data de 20 octombrie 2019.<\/p>\n<h6 style=\"text-align: center;\">Muzeul Jude\u021bean Buz\u0103u<\/h6>\n<h6 style=\"text-align: center;\">Manager<\/h6>\n<h6 style=\"text-align: center;\">Dr. Daniel Costache<\/h6>\n","protected":false},"featured_media":2936,"template":"","meta":{"site-sidebar-layout":"default","site-content-layout":"","ast-site-content-layout":"","site-content-style":"default","site-sidebar-style":"default","ast-global-header-display":"","ast-banner-title-visibility":"","ast-main-header-display":"","ast-hfb-above-header-display":"","ast-hfb-below-header-display":"","ast-hfb-mobile-header-display":"","site-post-title":"","ast-breadcrumbs-content":"","ast-featured-img":"","footer-sml-layout":"","theme-transparent-header-meta":"","adv-header-id-meta":"","stick-header-meta":"","header-above-stick-meta":"","header-main-stick-meta":"","header-below-stick-meta":"","astra-migrate-meta-layouts":"default","ast-page-background-enabled":"default","ast-page-background-meta":{"desktop":{"background-color":"var(--ast-global-color-4)","background-image":"","background-repeat":"repeat","background-position":"center center","background-size":"auto","background-attachment":"scroll","background-type":"","background-media":"","overlay-type":"","overlay-color":"","overlay-opacity":"","overlay-gradient":""},"tablet":{"background-color":"","background-image":"","background-repeat":"repeat","background-position":"center center","background-size":"auto","background-attachment":"scroll","background-type":"","background-media":"","overlay-type":"","overlay-color":"","overlay-opacity":"","overlay-gradient":""},"mobile":{"background-color":"","background-image":"","background-repeat":"repeat","background-position":"center center","background-size":"auto","background-attachment":"scroll","background-type":"","background-media":"","overlay-type":"","overlay-color":"","overlay-opacity":"","overlay-gradient":""}},"ast-content-background-meta":{"desktop":{"background-color":"var(--ast-global-color-5)","background-image":"","background-repeat":"repeat","background-position":"center center","background-size":"auto","background-attachment":"scroll","background-type":"","background-media":"","overlay-type":"","overlay-color":"","overlay-opacity":"","overlay-gradient":""},"tablet":{"background-color":"var(--ast-global-color-5)","background-image":"","background-repeat":"repeat","background-position":"center center","background-size":"auto","background-attachment":"scroll","background-type":"","background-media":"","overlay-type":"","overlay-color":"","overlay-opacity":"","overlay-gradient":""},"mobile":{"background-color":"var(--ast-global-color-5)","background-image":"","background-repeat":"repeat","background-position":"center center","background-size":"auto","background-attachment":"scroll","background-type":"","background-media":"","overlay-type":"","overlay-color":"","overlay-opacity":"","overlay-gradient":""}}},"class_list":["post-2935","event","type-event","status-publish","has-post-thumbnail","hentry"],"_links":{"self":[{"href":"https:\/\/muzeubuzau.ro\/en\/wp-json\/wp\/v2\/event\/2935"}],"collection":[{"href":"https:\/\/muzeubuzau.ro\/en\/wp-json\/wp\/v2\/event"}],"about":[{"href":"https:\/\/muzeubuzau.ro\/en\/wp-json\/wp\/v2\/types\/event"}],"wp:featuredmedia":[{"embeddable":true,"href":"https:\/\/muzeubuzau.ro\/en\/wp-json\/wp\/v2\/media\/2936"}],"wp:attachment":[{"href":"https:\/\/muzeubuzau.ro\/en\/wp-json\/wp\/v2\/media?parent=2935"}],"curies":[{"name":"wp","href":"https:\/\/api.w.org\/{rel}","templated":true}]}}