{"id":3641,"date":"2020-08-20T09:38:06","date_gmt":"2020-08-20T09:38:06","guid":{"rendered":"https:\/\/www.muzeubuzau.ro\/?post_type=event&amp;p=3641"},"modified":"2020-08-20T09:38:06","modified_gmt":"2020-08-20T09:38:06","slug":"redeschiderea-expozitiei-de-baza-din-cadrul-muzeului-chihlimbarului","status":"publish","type":"event","link":"https:\/\/muzeubuzau.ro\/en\/events\/redeschiderea-expozitiei-de-baza-din-cadrul-muzeului-chihlimbarului\/","title":{"rendered":"Redeschiderea expozitiei de baza din cadrul Muzeului Chihlimbarului"},"content":{"rendered":"<h4 style=\"text-align: center;\">Comunicat \u2013 Deschiderea Muzeului Chihlimbarului de la Col\u021bi<\/h4>\n<p>&nbsp;<\/p>\n<p>Muzeul Jude\u021bean Buz\u0103u, institu\u021bie de cultur\u0103\u00a0\u0219i cercetare ce func\u021bioneaz\u0103 sub autoritatea Consiliului Jude\u021bean Buz\u0103u, cu sediul \u00een mun. Buz\u0103u, Aleea Castanilor, nr. 1, jud. Buz\u0103u, anun\u021b\u0103 redeschiderea expozi\u021biei de baz\u0103 din cadrul Muzeului Chihlimbarului, eveniment ce va avea loc vineri, 21 august 2020, \u00eencep\u00e2nd cu ora 12:00.<\/p>\n<p>Muzeul Jude\u021bean Buz\u0103u devine astfel prima institu\u021bie muzeal\u0103 din \u021bar\u0103 care deschide, \u00een aceast\u0103 perioad\u0103 de criz\u0103 generat\u0103 de pandemie, dou\u0103 expozi\u021bii permanente la sediile externe.<\/p>\n<p>Dup\u0103 un amplu proces de reabilitare \u0219i modernizare, Muzeul Chihlimbarului se prezint\u0103 publicului ca o institu\u021bie modern\u0103, din secolul XXI, devenind, prin solu\u021biile muzeotehnice propuse, un muzeu de referin\u021b\u0103 \u00een peisajul cultural rom\u00e2nesc.<\/p>\n<p>Pepite de chihlimbar, bijuterii (inele, cercei, pandantive, \u015firaguri de m\u0103rgele etc.), unelte de extrac\u021bie \u0219i prelucrare a chihlimbarului (strung din lemn, ciocane, l\u0103mpa\u015fe, t\u00e2rn\u0103cop), toate vor putea fi admirate de c\u0103tre vizitatori \u00eentr-un concept expozi\u021bional nou.<\/p>\n<p>Expozi\u021biile de baz\u0103 valorific\u0103, de asemenea, colec\u021bia de flori de min\u0103 \u0219i exponate de paleofaun\u0103, din patrimoniul Muzeului Jude\u021bean Buz\u0103u, precum femurul unui mamut, care a tr\u0103it acum 2,5 milioane de ani pe teritoriul jude\u021bului Buz\u0103u. Totodat\u0103, o parte important\u0103 a conceptului expozi\u021bional este dedicat\u0103 \u201cGrotei Nucu-Bozioru\u201d, monument unic al artei preistorice din spa\u021biul \u021b\u0103rii noastre<\/p>\n<p>Printre surprizele preg\u0103tite publicului se num\u0103r\u0103 vitrina smart, prima de acest fel \u00eentr-un muzeu rom\u00e2nesc, \u0219i magazinul de suveniruri, de unde vizitatorii pot achizi\u021biona amintiri din Buz\u0103u &#8211; obiecte personalizate cu imagini din colec\u021biile muzeului, dar \u0219i ale unor monumente istorice din jude\u021b.<\/p>\n<p>Accesul la vernisaj este permis cu respectarea normelor de igien\u0103 \u0219i distan\u021bare social\u0103, pentru prevenirea \u0219i combaterea efectelor pandemiei de COVID-19.<\/p>\n<h5 style=\"text-align: center;\">Manager<\/h5>\n<h5 style=\"text-align: center;\">Dr. Daniel Costache<\/h5>\n","protected":false},"featured_media":3652,"template":"","meta":{"site-sidebar-layout":"default","site-content-layout":"","ast-site-content-layout":"","site-content-style":"default","site-sidebar-style":"default","ast-global-header-display":"","ast-banner-title-visibility":"","ast-main-header-display":"","ast-hfb-above-header-display":"","ast-hfb-below-header-display":"","ast-hfb-mobile-header-display":"","site-post-title":"","ast-breadcrumbs-content":"","ast-featured-img":"","footer-sml-layout":"","theme-transparent-header-meta":"","adv-header-id-meta":"","stick-header-meta":"","header-above-stick-meta":"","header-main-stick-meta":"","header-below-stick-meta":"","astra-migrate-meta-layouts":"default","ast-page-background-enabled":"default","ast-page-background-meta":{"desktop":{"background-color":"var(--ast-global-color-4)","background-image":"","background-repeat":"repeat","background-position":"center center","background-size":"auto","background-attachment":"scroll","background-type":"","background-media":"","overlay-type":"","overlay-color":"","overlay-opacity":"","overlay-gradient":""},"tablet":{"background-color":"","background-image":"","background-repeat":"repeat","background-position":"center center","background-size":"auto","background-attachment":"scroll","background-type":"","background-media":"","overlay-type":"","overlay-color":"","overlay-opacity":"","overlay-gradient":""},"mobile":{"background-color":"","background-image":"","background-repeat":"repeat","background-position":"center center","background-size":"auto","background-attachment":"scroll","background-type":"","background-media":"","overlay-type":"","overlay-color":"","overlay-opacity":"","overlay-gradient":""}},"ast-content-background-meta":{"desktop":{"background-color":"var(--ast-global-color-5)","background-image":"","background-repeat":"repeat","background-position":"center center","background-size":"auto","background-attachment":"scroll","background-type":"","background-media":"","overlay-type":"","overlay-color":"","overlay-opacity":"","overlay-gradient":""},"tablet":{"background-color":"var(--ast-global-color-5)","background-image":"","background-repeat":"repeat","background-position":"center center","background-size":"auto","background-attachment":"scroll","background-type":"","background-media":"","overlay-type":"","overlay-color":"","overlay-opacity":"","overlay-gradient":""},"mobile":{"background-color":"var(--ast-global-color-5)","background-image":"","background-repeat":"repeat","background-position":"center center","background-size":"auto","background-attachment":"scroll","background-type":"","background-media":"","overlay-type":"","overlay-color":"","overlay-opacity":"","overlay-gradient":""}}},"class_list":["post-3641","event","type-event","status-publish","has-post-thumbnail","hentry"],"_links":{"self":[{"href":"https:\/\/muzeubuzau.ro\/en\/wp-json\/wp\/v2\/event\/3641"}],"collection":[{"href":"https:\/\/muzeubuzau.ro\/en\/wp-json\/wp\/v2\/event"}],"about":[{"href":"https:\/\/muzeubuzau.ro\/en\/wp-json\/wp\/v2\/types\/event"}],"wp:featuredmedia":[{"embeddable":true,"href":"https:\/\/muzeubuzau.ro\/en\/wp-json\/wp\/v2\/media\/3652"}],"wp:attachment":[{"href":"https:\/\/muzeubuzau.ro\/en\/wp-json\/wp\/v2\/media?parent=3641"}],"curies":[{"name":"wp","href":"https:\/\/api.w.org\/{rel}","templated":true}]}}