{"id":4271,"date":"2021-05-14T13:51:39","date_gmt":"2021-05-14T13:51:39","guid":{"rendered":"https:\/\/www.muzeubuzau.ro\/?post_type=event&amp;p=4271"},"modified":"2021-05-14T13:51:39","modified_gmt":"2021-05-14T13:51:39","slug":"expozitia-ermetic","status":"publish","type":"event","link":"https:\/\/muzeubuzau.ro\/en\/events\/expozitia-ermetic\/","title":{"rendered":"Expozi\u021bia \u201dErmetic\u201d"},"content":{"rendered":"<h3><\/h3>\n<h3 style=\"text-align: center;\"><strong>Comunicat de pres\u0103<\/strong><\/h3>\n<h1 style=\"text-align: center;\">Deschiderea expozi\u021biei \u201dErmetic\u201d<\/h1>\n<p>&nbsp;<\/p>\n<p>&nbsp;<\/p>\n<p><strong>Muzeul Judetean Buzau<\/strong>, institu\u021bie de cultur\u0103 \u0219i cercetare ce func\u021bioneaz\u0103 sub autoritatea Consiliului Jude\u021bean Buz\u0103u, g\u0103zduie\u0219te, \u00een perioada <strong>18.05.2021 &#8211; 27.06.2021<\/strong>, expozi\u021bia <strong>\u201dErmetic\u201d<\/strong>, cu lucr\u0103ri semnate de artistul <strong>Ion Anghel<\/strong>.<\/p>\n<p>&nbsp;<\/p>\n<p>Bine consacrat \u00een lumea artelor, cu o activitate expozi\u021bional\u0103 abundent\u0103, c\u00e2\u0219tig\u0103tor a numeroase premii \u0219i doctor \u00een acest domeniu, Ion Anghel expune la Muzeul Jude\u021bean Buz\u0103u o serie de lucr\u0103ri de colaj, pictur\u0103 \u0219i picto-obiecte, \u00een expozi\u021bia \u201dErmetic\u201d, unde aplic\u0103 conceptul de prezentare prin \u00eencapsularea operelor sale \u00een vitrine. Astfel, acestea \u00eemprumut\u0103 din caracterul exponatelor muzeale \u0219i din pre\u021biozitatea acestora, integr\u00e2ndu-se perfect \u00een conceptul de afi\u0219are aflat aici.<\/p>\n<p>&nbsp;<\/p>\n<p>Lucr\u0103rile au un aer etnografic puternic \u00eentruc\u00e2t materia prim\u0103 folosit\u0103 \u00een realizarea acestora provine din lumea bogat\u0103 \u00een inspira\u021bie a satului, din obiecte g\u0103site \u00eent\u00e2mpl\u0103tor dar totu\u0219i \u00een urma unei st\u0103ri de c\u0103utare permanent\u0103 contopit\u0103 cu intui\u021bia, cercetarea \u0219i \u00een\u021belegerea din punct de vedere plastic al lumii. Aspectul \u0219i patina de uzur\u0103 duce aceast\u0103 expozi\u021bie \u00een universul artei povera, unde Ion Anghel folose\u0219te major plastica lucrurilor g\u0103site, ajung\u00e2nd uneori p\u00e2n\u0103 la efectul artei ready-made, dar \u00een aceia\u0219i m\u0103sur\u0103 \u0219i intervine pe acestea comunic\u00e2nd direct, simplu \u0219i brut.<\/p>\n<p>&nbsp;<\/p>\n<p>Deschiderea expozi\u021biei va avea loc <strong>mar\u021bi, 18 mai 2021<\/strong>, \u00eencep\u00e2nd cu ora 11:00, la sediul central al Muzeului Jude\u021bean Buz\u0103u.<\/p>\n<p>&nbsp;<\/p>\n<p>V\u0103 a\u0219tept\u0103m la muzeu!<\/p>\n<p>&nbsp;<\/p>\n<h4 style=\"text-align: center;\"><strong>Manager<\/strong><\/h4>\n<h4 style=\"text-align: center;\"><strong>Dr. Daniel Costache<\/strong><\/h4>\n","protected":false},"featured_media":4272,"template":"","meta":{"site-sidebar-layout":"default","site-content-layout":"","ast-site-content-layout":"","site-content-style":"default","site-sidebar-style":"default","ast-global-header-display":"","ast-banner-title-visibility":"","ast-main-header-display":"","ast-hfb-above-header-display":"","ast-hfb-below-header-display":"","ast-hfb-mobile-header-display":"","site-post-title":"","ast-breadcrumbs-content":"","ast-featured-img":"","footer-sml-layout":"","theme-transparent-header-meta":"","adv-header-id-meta":"","stick-header-meta":"","header-above-stick-meta":"","header-main-stick-meta":"","header-below-stick-meta":"","astra-migrate-meta-layouts":"default","ast-page-background-enabled":"default","ast-page-background-meta":{"desktop":{"background-color":"var(--ast-global-color-4)","background-image":"","background-repeat":"repeat","background-position":"center center","background-size":"auto","background-attachment":"scroll","background-type":"","background-media":"","overlay-type":"","overlay-color":"","overlay-opacity":"","overlay-gradient":""},"tablet":{"background-color":"","background-image":"","background-repeat":"repeat","background-position":"center center","background-size":"auto","background-attachment":"scroll","background-type":"","background-media":"","overlay-type":"","overlay-color":"","overlay-opacity":"","overlay-gradient":""},"mobile":{"background-color":"","background-image":"","background-repeat":"repeat","background-position":"center center","background-size":"auto","background-attachment":"scroll","background-type":"","background-media":"","overlay-type":"","overlay-color":"","overlay-opacity":"","overlay-gradient":""}},"ast-content-background-meta":{"desktop":{"background-color":"var(--ast-global-color-5)","background-image":"","background-repeat":"repeat","background-position":"center center","background-size":"auto","background-attachment":"scroll","background-type":"","background-media":"","overlay-type":"","overlay-color":"","overlay-opacity":"","overlay-gradient":""},"tablet":{"background-color":"var(--ast-global-color-5)","background-image":"","background-repeat":"repeat","background-position":"center center","background-size":"auto","background-attachment":"scroll","background-type":"","background-media":"","overlay-type":"","overlay-color":"","overlay-opacity":"","overlay-gradient":""},"mobile":{"background-color":"var(--ast-global-color-5)","background-image":"","background-repeat":"repeat","background-position":"center center","background-size":"auto","background-attachment":"scroll","background-type":"","background-media":"","overlay-type":"","overlay-color":"","overlay-opacity":"","overlay-gradient":""}}},"class_list":["post-4271","event","type-event","status-publish","has-post-thumbnail","hentry"],"_links":{"self":[{"href":"https:\/\/muzeubuzau.ro\/en\/wp-json\/wp\/v2\/event\/4271"}],"collection":[{"href":"https:\/\/muzeubuzau.ro\/en\/wp-json\/wp\/v2\/event"}],"about":[{"href":"https:\/\/muzeubuzau.ro\/en\/wp-json\/wp\/v2\/types\/event"}],"wp:featuredmedia":[{"embeddable":true,"href":"https:\/\/muzeubuzau.ro\/en\/wp-json\/wp\/v2\/media\/4272"}],"wp:attachment":[{"href":"https:\/\/muzeubuzau.ro\/en\/wp-json\/wp\/v2\/media?parent=4271"}],"curies":[{"name":"wp","href":"https:\/\/api.w.org\/{rel}","templated":true}]}}