{"id":4422,"date":"2021-06-16T13:27:54","date_gmt":"2021-06-16T13:27:54","guid":{"rendered":"https:\/\/www.muzeubuzau.ro\/?post_type=event&amp;p=4422"},"modified":"2021-06-16T13:27:54","modified_gmt":"2021-06-16T13:27:54","slug":"atelier-de-cusut-motive-traditionale","status":"publish","type":"event","link":"https:\/\/muzeubuzau.ro\/en\/events\/atelier-de-cusut-motive-traditionale\/","title":{"rendered":"Atelier de cusut motive tradi\u021bionale"},"content":{"rendered":"<div id=\"pl-4422\"  class=\"panel-layout\" >\n<div id=\"pg-4422-0\"  class=\"panel-grid panel-no-style\"  data-style=\"{&quot;background_image_attachment&quot;:false,&quot;background_display&quot;:&quot;tile&quot;,&quot;cell_alignment&quot;:&quot;flex-start&quot;}\"  data-ratio=\"1\"  data-ratio-direction=\"right\" >\n<div id=\"pgc-4422-0-0\"  class=\"panel-grid-cell\"  data-weight=\"1\" >\n<div id=\"panel-4422-0-0-0\" class=\"so-panel widget widget_sow-editor panel-first-child panel-last-child\" data-index=\"0\" data-style=\"{&quot;background_image_attachment&quot;:false,&quot;background_display&quot;:&quot;tile&quot;}\" >\n<div class=\"so-widget-sow-editor so-widget-sow-editor-base\">\n<div class=\"siteorigin-widget-tinymce textwidget\">\n<p>&nbsp;<\/p>\n<h4 style=\"text-align: center;\">Comunicat<\/h4>\n<h1 style=\"text-align: center;\">Atelier de cusut motive tradi\u021bionale<\/h1>\n<p style=\"text-align: left;\">Cu prilejul <strong>\u201eZilei Universale a Iei\u201d<\/strong>, <strong>Muzeul Jude\u021bean Buz\u0103u<\/strong>, institu\u021bie de cultur\u0103, art\u0103 \u0219i cercetare ce func\u021bioneaz\u0103 sub autoritatea Consiliului Jude\u021bean Buz\u0103u, anun\u021b\u0103 organizarea unui <strong>Atelier de cusut motive tradi\u021bionale<\/strong> de pe iile din zona etnografic\u0103 a Buz\u0103ului. \u00cen cadrul atelierului, participan\u021bii vor avea posibilitatea s\u0103 realizeze c\u00e2te un semn de carte din etamin\u0103 pe care vor putea coase un motiv ornamental reg\u0103sit pe iile din <strong>colec\u021bia Muzeului de Etnografie \u201eVergu-M\u0103n\u0103il\u0103\u201d<\/strong>, Buz\u0103u.<\/p>\n<p style=\"text-align: left;\">Participan\u021bii la atelier vor beneficia gratuit \u0219i de turul ghidat al expozi\u021biei permanente de etnografie \u00een care vor putea admira ii, din zona etnografic\u0103 a Buz\u0103ului, create \u00een prima jum\u0103tate a secolului trecut. De asemenea, vor putea afla informa\u021bii despre cum erau realizate iile, materialele utilizate, modul de ornamentare \u0219i semnifica\u021biile motivelor ornamentale.<\/p>\n<p>Atelierul de cusut va avea loc la sediul <strong>Muzeului de Etnografie \u201eVergu-M\u0103n\u0103il\u0103\u201d<\/strong> din municipiul Buz\u0103u, \u00een ziua de <strong>24 iunie<\/strong>, \u00eentre orele <strong>12:00 \u0219i 14:00<\/strong>. V\u00e2rsta minim\u0103 pentru participarea la ateliere este de 10 ani, num\u0103rul maxim al participan\u021bilor este de 12 persoane, iar accesul este gratuit.<\/p>\n<p>Pentru a celebra ia rom\u00e2neasc\u0103, vom oferi tuturor doamnelor \u0219i domni\u0219oarelor care poart\u0103 ie, \u00een data de 24 iunie, oportunitatea de a realiza fotografii, gratuit, al\u0103turi de iile din expozi\u021bia permanent\u0103 de etnografie.<\/p>\n<p>Pentru detalii \u0219i program\u0103ri la atelierul de cusut, v\u0103 rug\u0103m s\u0103 trimite\u021bi un e-mail p\u00e2n\u0103 la data de 23 iunie 2021 la adresa <a href=\"mailto:atelieremuzeubuzau@gmail.com\">atelieremuzeubuzau@gmail.com<\/a>. Pentru participarea minorilor este necesar\u0103 completarea unei declara\u021bii pe proprie r\u0103spundere, conform modeluluide mai jos:<\/p>\n<p>\u201eSubsemnatul\/a,\u2026, domiciliat\/\u0103 \u00een\u2026, str\u2026., nr\u2026., bl\u2026 ap\u2026, telefon\u2026., e-mail\u2026, p\u0103rintele\/reprezentantul legal al elevului\/elevei\u2026 \u00eemi exprim acordul pentru participarea copilului meu la atelierul\/atelierele\u2026 organizat\/e \u00een data\/datele \u2026&#8230; Declar pe propria r\u0103spundere c\u0103 am fost informat cu privire la activit\u0103\u021bile atelierului amintit. De asemenea, declar c\u0103 sunt de acord ca fotografiile rezultate \u00een urma activit\u0103\u0163ilor s\u0103 fie utilizate pentru promovarea atelierelor de \u00eencondeiat ou\u0103 \u0219i pe canalele social media ale Muzeului Jude\u021bean Buz\u0103u \u0219i ale Muzeului de Etnografie \u201eVergu-M\u0103n\u0103il\u0103\u201d din Buz\u0103u.\u201d<\/p>\n<p>V\u0103 a\u0219tept\u0103m la muzeu!<\/p>\n<h3 style=\"text-align: center;\">MANAGER<\/h3>\n<h3 style=\"text-align: center;\">DANIEL COSTACHE<\/h3>\n<\/div>\n<\/div>\n<\/div>\n<\/div>\n<\/div>\n<\/div>\n","protected":false},"featured_media":4423,"template":"","meta":{"site-sidebar-layout":"default","site-content-layout":"","ast-site-content-layout":"","site-content-style":"default","site-sidebar-style":"default","ast-global-header-display":"","ast-banner-title-visibility":"","ast-main-header-display":"","ast-hfb-above-header-display":"","ast-hfb-below-header-display":"","ast-hfb-mobile-header-display":"","site-post-title":"","ast-breadcrumbs-content":"","ast-featured-img":"","footer-sml-layout":"","theme-transparent-header-meta":"","adv-header-id-meta":"","stick-header-meta":"","header-above-stick-meta":"","header-main-stick-meta":"","header-below-stick-meta":"","astra-migrate-meta-layouts":"default","ast-page-background-enabled":"default","ast-page-background-meta":{"desktop":{"background-color":"var(--ast-global-color-4)","background-image":"","background-repeat":"repeat","background-position":"center center","background-size":"auto","background-attachment":"scroll","background-type":"","background-media":"","overlay-type":"","overlay-color":"","overlay-opacity":"","overlay-gradient":""},"tablet":{"background-color":"","background-image":"","background-repeat":"repeat","background-position":"center center","background-size":"auto","background-attachment":"scroll","background-type":"","background-media":"","overlay-type":"","overlay-color":"","overlay-opacity":"","overlay-gradient":""},"mobile":{"background-color":"","background-image":"","background-repeat":"repeat","background-position":"center center","background-size":"auto","background-attachment":"scroll","background-type":"","background-media":"","overlay-type":"","overlay-color":"","overlay-opacity":"","overlay-gradient":""}},"ast-content-background-meta":{"desktop":{"background-color":"var(--ast-global-color-5)","background-image":"","background-repeat":"repeat","background-position":"center center","background-size":"auto","background-attachment":"scroll","background-type":"","background-media":"","overlay-type":"","overlay-color":"","overlay-opacity":"","overlay-gradient":""},"tablet":{"background-color":"var(--ast-global-color-5)","background-image":"","background-repeat":"repeat","background-position":"center center","background-size":"auto","background-attachment":"scroll","background-type":"","background-media":"","overlay-type":"","overlay-color":"","overlay-opacity":"","overlay-gradient":""},"mobile":{"background-color":"var(--ast-global-color-5)","background-image":"","background-repeat":"repeat","background-position":"center center","background-size":"auto","background-attachment":"scroll","background-type":"","background-media":"","overlay-type":"","overlay-color":"","overlay-opacity":"","overlay-gradient":""}}},"class_list":["post-4422","event","type-event","status-publish","has-post-thumbnail","hentry"],"_links":{"self":[{"href":"https:\/\/muzeubuzau.ro\/en\/wp-json\/wp\/v2\/event\/4422"}],"collection":[{"href":"https:\/\/muzeubuzau.ro\/en\/wp-json\/wp\/v2\/event"}],"about":[{"href":"https:\/\/muzeubuzau.ro\/en\/wp-json\/wp\/v2\/types\/event"}],"wp:featuredmedia":[{"embeddable":true,"href":"https:\/\/muzeubuzau.ro\/en\/wp-json\/wp\/v2\/media\/4423"}],"wp:attachment":[{"href":"https:\/\/muzeubuzau.ro\/en\/wp-json\/wp\/v2\/media?parent=4422"}],"curies":[{"name":"wp","href":"https:\/\/api.w.org\/{rel}","templated":true}]}}