{"id":5571,"date":"2023-03-14T10:17:39","date_gmt":"2023-03-14T10:17:39","guid":{"rendered":"https:\/\/www.muzeubuzau.ro\/?post_type=event&amp;p=5571"},"modified":"2023-03-14T10:17:39","modified_gmt":"2023-03-14T10:17:39","slug":"ziua-internationala-a-francofoniei-sarbatorita-prin-proiectul-ocolul-lumii-pe-jos-povestea-celor-497-perechi-de-opinci-expozitie-proiectia-filmului-opinci-si-prelegeri","status":"publish","type":"event","link":"https:\/\/muzeubuzau.ro\/en\/events\/ziua-internationala-a-francofoniei-sarbatorita-prin-proiectul-ocolul-lumii-pe-jos-povestea-celor-497-perechi-de-opinci-expozitie-proiectia-filmului-opinci-si-prelegeri\/","title":{"rendered":"Ziua Interna\u021bional\u0103 a Francofoniei s\u0103rb\u0103torit\u0103 prin proiectul  \u201eOcolul lumii pe jos. Povestea celor 497 perechi de opinci\u201d"},"content":{"rendered":"<p>Pentru a s\u0103rb\u0103tori Ziua Interna\u021bional\u0103 a Francofoniei, ICR Bruxelles \u00een colaborare cu Muzeul Jude\u021bean Buz\u0103u \u0219i Consiliul Jude\u021bean Buz\u0103u, Asocia\u021bia RoAth, Prim\u0103ria ora\u0219ului Ath \u2013 Valonia \u0219i Ambasada Rom\u00e2niei \u00een Regatul Belgiei prezint\u0103 proiectul <strong>\u201eOcolul lumii pe jos. Povestea celor 497 perechi de opinci\u201d, expozi\u021bie panotat\u0103, proiec\u021bia filmului OPINCI \u0219i prelegeri.<\/strong><\/p>\n<p>Evenimentul de deschidere va avea loc pe 18 martie \u0219i va cuprinde vernisajul expozi\u021biei panotate \u201eOcolul lumii pe jos. Povestea celor 497 perechi de opinci\u201d, prezentarea filmului de scurt metraj \u201eOpinci\u201d \u00een regia lui Anton \u0219i Damian Groves, prelegeri sus\u021binute de dr. Daniel Costache \u0219i Alexandru Anghel, reprezentan\u021bi ai Muzeului Jude\u021bean Buz\u0103u. Expozi\u021bia va putea fi vizitat\u0103 pan\u0103 pe 31 martie.<\/p>\n<p>La deschidere vor participa Ambasadorul Rom\u00e2niei \u00een Regatul Belgiei, Andreea P\u0103st\u00e2rnac, reprezentan\u021bii Institutului Cultural Rom\u00e2n de la Bruxelles, ai Asocia\u021biei RoAth, ai Muzeului Ath, c\u00e2t \u0219i reprezentan\u021bii prim\u0103riei din Ath.<\/p>\n<p><strong>Expozi\u021bia<\/strong> cuprinde 20 imagini care valorific\u0103 patrimoniul inedit legat de personalitatea globe-trotter-ului rom\u00e2n Dumitru Dan, imagini cu documente din timpul c\u0103l\u0103toriei, cu obiecte personale, contribuind la cre\u0219terea nivelului de informare \u0219i con\u0219tientizare a importan\u021bei \u0219i unicit\u0103\u021bii acestui patrimoniu inedit.<\/p>\n<p>Cu ocazia \u00eemplinirii a 100 de ani de la ocolul lumii pe jos realizat de primul globe-trotter rom\u00e2n, Muzeul Jude\u021bean Buz\u0103u a organizat o expozi\u021bie permanent\u0103, \u201eOcolul lumii pe jos. Povestea celor 497 perechi de opinci\u201d, \u00een cadrul c\u0103reia, printr-o cercetare pluridisciplinar\u0103 a bunurilor cu valoare istorico-documentar\u0103, s-a valorificat patrimoniul inedit legat de personalitatea lui Dumitru Dan prin expunerea \u00een premier\u0103 a obiectelor personale ale acestuia, a documentelor de c\u0103l\u0103torie, prin digitalizarea unui num\u0103r de 677 de bunuri de patrimoniu de\u021binute de trei institu\u021bii publice, Muzeul Jude\u021bean Buz\u0103u, Complexul Muzeal \u201eIulian Antonescu\u201d Bac\u0103u, Muzeul Sportului Bucure\u0219ti.<\/p>\n<p><strong>Dumitru Dan<\/strong> (<a href=\"https:\/\/ro.wikipedia.org\/wiki\/14_iulie\">14 iulie<\/a> <a href=\"https:\/\/ro.wikipedia.org\/wiki\/1889\">1889<\/a>, <a href=\"https:\/\/ro.wikipedia.org\/wiki\/Buhu%C8%99i\">Buhu\u0219i<\/a> \u2013 <a href=\"https:\/\/ro.wikipedia.org\/wiki\/4_decembrie\">4 decembrie<\/a> <a href=\"https:\/\/ro.wikipedia.org\/wiki\/1978\">1978<\/a>, <a href=\"https:\/\/ro.wikipedia.org\/wiki\/Buz%C4%83u\">Buz\u0103u<\/a>) a fost <a href=\"https:\/\/ro.wikipedia.org\/wiki\/Geograf\">geograf<\/a>, <a href=\"https:\/\/ro.wikipedia.org\/wiki\/Profesor\">profesor<\/a> de geografie \u0219i <a href=\"https:\/\/ro.wikipedia.org\/w\/index.php?title=Globe-trotter&amp;action=edit&amp;redlink=1\">globe-trotter<\/a> rom\u00e2n. \u00cen perioada 1910-1916, Dumitru Dan, al\u0103turi de al\u021bi trei rom\u00e2ni, a luat parte la concursul organizat de <strong>Touring Club de France<\/strong>, concurs \u00eentrerupt din cauza Primului R\u0103zboi Mondial \u015fi finalizat pe 14 iulie 1923 la Paris, unde i s-au \u00eenm\u00e2nat premiul \u015fi titlul de campion mondial. Patru temerari studen\u021bi rom\u00e2ni au preg\u0103tit periplul \u00een timp ce se aflau la Paris, imediat ce au aflat despre marele concurs organizat de Touring Club de France, de a ocoli p\u0103m\u00e2ntul pe jos. Dumitru Dan \u015fi Paul P\u00e2rvu erau studen\u0163i la Facultatea de Geografie de la Sorbona, iar ceilal\u0163i doi \u2013 la Conservatorul de Muzic\u0103.<\/p>\n<p>Din jurnalul pe care Dumitru Dan l-a \u021binut, afl\u0103m informa\u021bii pre\u021bioase despre c\u0103l\u0103torie, despre obstacolele \u00eent\u00e2mpinate, despre moartea celor trei tovar\u0103\u0219i de drum (Alexandru Pascu, pe 17 iulie 1911, la Bombay, \u00een India, George Negreanu a c\u0103zut \u00eentr-o pr\u0103pastie la traversarea mun\u0163ilor Nan-Ling din China, Paul P\u00e2rvu, \u00een ianuarie 1915, la Jacksonville, Florida, c\u00e2nd c\u0103l\u0103toria adunase deja aproape 90.000 de kilometri).<\/p>\n<p>\u00cen luna iulie a anului 1923, \u00een cadrul unei ceremonii organizat\u0103 de <strong>Touring Club de France<\/strong>, lui Dumitru Dan i-a fost decernat titlul de campion mondial \u015fi \u00eenm\u00e2nat premiul de 100.000 de franci francezi pentru finalizarea extraordinarei c\u0103l\u0103torii de 100.000 de kilometri parcur\u015fi pe jos \u00een jurul P\u0103m\u00e2ntului.<\/p>\n<p>Pe parcursul c\u0103l\u0103toriei \u00een jurul lumii, Dumitru Dan a folosit 497 de perechi de opinci \u015fi 28 de costume na\u0163ionale \u015fi a vizitat peste 1.500 de ora\u015fe mari din 74 de \u0163\u0103ri ale lumii \u0219i 30 colonii de pe cinci continente, a traversat trei oceane \u0219i 7 m\u0103ri.<\/p>\n<p>Performan\u021ba sa a r\u0103mas neegalat\u0103, fiind \u00eenscris\u0103 \u00een Cartea Recordurilor \u00een anul 1985.<\/p>\n<p>Pentru a marca Ziua Interna\u021bional\u0103 a Francofoniei, ICR Bruxelles consider\u0103 c\u0103 proiectul\u00a0 se \u00eencadreaz\u0103 \u00een obiectivele Organiza\u021biei Interna\u021bionale a Francofoniei \u201ede a promova \u0219i proteja diversitatea expresiilor culturale \u00een politica de sus\u021binere a patrimoniului cultural \u0219i a crea\u021biei artistice ca nou\u0103 form\u0103 de solidaritate uman\u0103.\u201d<\/p>\n<p>De asemenea, <strong>\u201eOcolul lumii pe jos. Povestea celor 497 perechi de opinci\u201d<\/strong> este un proiect g\u00e2ndit pentru a \u00eent\u0103ri leg\u0103turile dintre cele dou\u0103 culturi, prin (re)descoperirea \u0219i cunoa\u0219terea \u201eceluilalt\u201d, pun\u00e2nd \u00een paralel trecutul cultural \u0219i valorile rom\u00e2ne\u0219ti vis-\u00e0-vis de cele belgiene, \u00eentr-un ora\u0219 \u00een care f<strong>olclorul \u015fi tradi\u0163iile au servit ca punct de plecare pentru o campanie re\u00eennoit\u0103 cu scopul de a le promova.<\/strong><\/p>\n<p>Proiectul se adreseaz\u0103 locuitorilor ora\u0219ului \u0219i regiunii Ath, indiferent de v\u00e2rst\u0103 \u0219i contribuie la cunoa\u0219terea unui eveniment important pentru istoria local\u0103 \u0219i na\u021bional\u0103 a Rom\u00e2niei, legat de personalitatea primului globe-trotter rom\u00e2n, o persoan\u0103 cu merite \u0219i calit\u0103\u021bi deosebite, care s-a remarcat \u0219i ulterior prin promovarea la nivel na\u021bional a activit\u0103\u021bilor sportive \u0219i a turismului.<\/p>\n<p>Prin acest proiect, ICR Bruxelles s\u0103rb\u0103tore\u0219te Ziua Interna\u021bional\u0103 a Francofoniei \u00een anul \u00een care se \u00eemplinesc 30 de ani de la aderarea Rom\u00e2niei la OIF (1993) \u0219i continu\u0103 promovarea patrimoniului cultural rom\u00e2nesc, \u00eendeplinindu-\u0219i menirea de a transmite valori culturale na\u021bionale publicului din spa\u021biul de referin\u021b\u0103.<\/p>\n","protected":false},"featured_media":5572,"template":"","meta":{"site-sidebar-layout":"default","site-content-layout":"","ast-site-content-layout":"","site-content-style":"default","site-sidebar-style":"default","ast-global-header-display":"","ast-banner-title-visibility":"","ast-main-header-display":"","ast-hfb-above-header-display":"","ast-hfb-below-header-display":"","ast-hfb-mobile-header-display":"","site-post-title":"","ast-breadcrumbs-content":"","ast-featured-img":"","footer-sml-layout":"","theme-transparent-header-meta":"","adv-header-id-meta":"","stick-header-meta":"","header-above-stick-meta":"","header-main-stick-meta":"","header-below-stick-meta":"","astra-migrate-meta-layouts":"default","ast-page-background-enabled":"default","ast-page-background-meta":{"desktop":{"background-color":"var(--ast-global-color-4)","background-image":"","background-repeat":"repeat","background-position":"center center","background-size":"auto","background-attachment":"scroll","background-type":"","background-media":"","overlay-type":"","overlay-color":"","overlay-opacity":"","overlay-gradient":""},"tablet":{"background-color":"","background-image":"","background-repeat":"repeat","background-position":"center center","background-size":"auto","background-attachment":"scroll","background-type":"","background-media":"","overlay-type":"","overlay-color":"","overlay-opacity":"","overlay-gradient":""},"mobile":{"background-color":"","background-image":"","background-repeat":"repeat","background-position":"center center","background-size":"auto","background-attachment":"scroll","background-type":"","background-media":"","overlay-type":"","overlay-color":"","overlay-opacity":"","overlay-gradient":""}},"ast-content-background-meta":{"desktop":{"background-color":"var(--ast-global-color-5)","background-image":"","background-repeat":"repeat","background-position":"center center","background-size":"auto","background-attachment":"scroll","background-type":"","background-media":"","overlay-type":"","overlay-color":"","overlay-opacity":"","overlay-gradient":""},"tablet":{"background-color":"var(--ast-global-color-5)","background-image":"","background-repeat":"repeat","background-position":"center center","background-size":"auto","background-attachment":"scroll","background-type":"","background-media":"","overlay-type":"","overlay-color":"","overlay-opacity":"","overlay-gradient":""},"mobile":{"background-color":"var(--ast-global-color-5)","background-image":"","background-repeat":"repeat","background-position":"center center","background-size":"auto","background-attachment":"scroll","background-type":"","background-media":"","overlay-type":"","overlay-color":"","overlay-opacity":"","overlay-gradient":""}}},"class_list":["post-5571","event","type-event","status-publish","has-post-thumbnail","hentry"],"_links":{"self":[{"href":"https:\/\/muzeubuzau.ro\/en\/wp-json\/wp\/v2\/event\/5571"}],"collection":[{"href":"https:\/\/muzeubuzau.ro\/en\/wp-json\/wp\/v2\/event"}],"about":[{"href":"https:\/\/muzeubuzau.ro\/en\/wp-json\/wp\/v2\/types\/event"}],"wp:featuredmedia":[{"embeddable":true,"href":"https:\/\/muzeubuzau.ro\/en\/wp-json\/wp\/v2\/media\/5572"}],"wp:attachment":[{"href":"https:\/\/muzeubuzau.ro\/en\/wp-json\/wp\/v2\/media?parent=5571"}],"curies":[{"name":"wp","href":"https:\/\/api.w.org\/{rel}","templated":true}]}}