{"id":5797,"date":"2023-10-05T08:23:30","date_gmt":"2023-10-05T08:23:30","guid":{"rendered":"https:\/\/www.muzeubuzau.ro\/?post_type=event&amp;p=5797"},"modified":"2023-10-05T08:23:30","modified_gmt":"2023-10-05T08:23:30","slug":"minirecitaluri-adelina-dedu","status":"publish","type":"event","link":"https:\/\/muzeubuzau.ro\/en\/events\/minirecitaluri-adelina-dedu\/","title":{"rendered":"Minirecitaluri Adelina Dedu"},"content":{"rendered":"<div id=\"pl-5797\"  class=\"panel-layout\" >\n<div id=\"pg-5797-0\"  class=\"panel-grid panel-no-style\"  data-style=\"{&quot;background_image_attachment&quot;:false,&quot;background_display&quot;:&quot;tile&quot;,&quot;background_image_size&quot;:&quot;full&quot;,&quot;border_thickness&quot;:&quot;1px&quot;,&quot;full_height&quot;:&quot;&quot;,&quot;cell_alignment&quot;:&quot;flex-start&quot;}\"  data-ratio=\"1\"  data-ratio-direction=\"right\" >\n<div id=\"pgc-5797-0-0\"  class=\"panel-grid-cell panel-grid-cell-empty\"  data-weight=\"0.15\" ><\/div>\n<div id=\"pgc-5797-0-1\"  class=\"panel-grid-cell panel-grid-cell-mobile-last\"  data-weight=\"0.7\" >\n<div id=\"panel-5797-0-1-0\" class=\"so-panel widget widget_sow-editor panel-first-child panel-last-child\" data-index=\"0\" data-style=\"{&quot;background_image_attachment&quot;:false,&quot;background_display&quot;:&quot;tile&quot;,&quot;background_image_size&quot;:&quot;full&quot;,&quot;border_thickness&quot;:&quot;1px&quot;}\" >\n<div\n\t\t\t\n\t\t\tclass=\"so-widget-sow-editor so-widget-sow-editor-base\"\n\t\t\t\n\t\t><\/p>\n<div class=\"siteorigin-widget-tinymce textwidget\">\n<h1 style=\"text-align: center;\"><strong>Comunicat de pres\u0103<\/strong><\/h1>\n<h1 style=\"text-align: center;\"><strong>minirecitaluri Adelina Dedu<\/strong><\/h1>\n<p>&nbsp;<\/p>\n<p>Muzeul Jude\u021bean Buz\u0103u, institu\u021bie de cultur\u0103, art\u0103 \u0219i cercetare, ce func\u021bioneaz\u0103 sub autoritatea Consiliului Jude\u021bean Buz\u0103u, anun\u021b\u0103 organizarea a dou\u0103 minirecitaluri sus\u021binute de domni\u0219oara Adelina Dedu.<\/p>\n<p>Domni\u0219oara Adelina Dedu a \u00eenceput s\u0103 studieze fluierul de la v\u00e2rsta de 7 ani, \u00een cadrul Centrului Jude\u021bean de Cultur\u0103 \u0219i Art\u0103 Buz\u0103u, la clasa domnului Traian Popescu. \u00cen prezent, este elev\u0103 a Liceului de Arte \u201eMargareta Sterian\u201d din Buz\u0103u, unde studiaz\u0103 flautul la clasa domnului profesor Marius B\u0103d\u0103ru\u021b\u0103. \u00cen timpul liber studiaz\u0103 naiul cu doamna Loredana Streche \u0219i fluierul \u0219i cavalul cu domnul Teodor Geani Busnea.<\/p>\n<p>Minirecitalurile vor avea loc \u00een cadrul expozi\u021biei \u201eSunet \u0219i melos \u2013 instrumente muzicale aerofone din spa\u021biul rural rom\u00e2nesc\u201d, expozi\u021bie temporar\u0103 dedicat\u0103 instrumentelor muzicale aerofone, \u00een cadrul c\u0103reia sunt expuse instrumente muzicale din colec\u021bia Muzeului de Etnografie \u201eVergu-M\u0103n\u0103il\u0103\u201d, din colec\u021bia personal\u0103 a domnului Cristian Micu \u0219i din colec\u021bia personal\u0103 a domnului Ion Zecheru. Expozi\u021bia \u201eSunet \u0219i melos \u2013 instrumente muzicale aerofone din spa\u021biul rural rom\u00e2nesc\u201d aduce \u00een aten\u021bia publicului instrumente muzicale aerofone utilizate \u00een lumea rural\u0103 rom\u00e2neasc\u0103 (tilinca, fluierul, cavalul, buciumul \u0219i cimpoiul) \u0219i sunetul acestora \u00een zona etnografic\u0103 a Buz\u0103ului.<\/p>\n<p>Minirecitalurile se vor desf\u0103\u0219ura, \u00een datele de 15 \u0219i 22 octombrie 2023, \u00een intervalul orar\u00a0 12:00 \u2013 12:30, la sediul Muzeului de Etnografie \u201eVergu-M\u0103n\u0103il\u0103\u201d din strada R\u0103zboieni, nr. 8, municipiul Buz\u0103u.<\/p>\n<p>Expozi\u021bia temporar\u0103 \u201eSunet \u0219i melos \u2013 instrumente muzicale aerofone din spa\u021biul rural rom\u00e2nesc\u201d poate fi vizitat\u0103 p\u00e2n\u0103 \u00een data de 22.10.2023.<\/p>\n<p><strong>\u00a0<\/strong><\/p>\n<p><strong>Program vizitare:<\/strong><\/p>\n<ul>\n<li>9:00 \u2013 17:00, ultima intrare la ora 16:15<\/li>\n<li>mar\u021bi \u2013 duminic\u0103: deschis<\/li>\n<li>luni: \u00eenchis<\/li>\n<\/ul>\n<p>Accesul este gratuit \u00een timpul minirecitalurilor.<\/p>\n<p>V\u0103 a\u0219tept\u0103m la muzeu!<\/p>\n<p>&nbsp;<\/p>\n<h5 style=\"text-align: center;\">Manager,<\/h5>\n<h5 style=\"text-align: center;\"><strong>dr. Daniel COSTACHE-BOLOCAN<\/strong><\/h5>\n<\/div>\n<\/div>\n<\/div>\n<\/div>\n<div id=\"pgc-5797-0-2\"  class=\"panel-grid-cell panel-grid-cell-empty\"  data-weight=\"0.15\" ><\/div>\n<\/div>\n<\/div>\n","protected":false},"featured_media":5798,"template":"","meta":{"site-sidebar-layout":"default","site-content-layout":"","ast-site-content-layout":"","site-content-style":"default","site-sidebar-style":"default","ast-global-header-display":"","ast-banner-title-visibility":"","ast-main-header-display":"","ast-hfb-above-header-display":"","ast-hfb-below-header-display":"","ast-hfb-mobile-header-display":"","site-post-title":"","ast-breadcrumbs-content":"","ast-featured-img":"","footer-sml-layout":"","theme-transparent-header-meta":"","adv-header-id-meta":"","stick-header-meta":"","header-above-stick-meta":"","header-main-stick-meta":"","header-below-stick-meta":"","astra-migrate-meta-layouts":"default","ast-page-background-enabled":"default","ast-page-background-meta":{"desktop":{"background-color":"var(--ast-global-color-4)","background-image":"","background-repeat":"repeat","background-position":"center center","background-size":"auto","background-attachment":"scroll","background-type":"","background-media":"","overlay-type":"","overlay-color":"","overlay-opacity":"","overlay-gradient":""},"tablet":{"background-color":"","background-image":"","background-repeat":"repeat","background-position":"center center","background-size":"auto","background-attachment":"scroll","background-type":"","background-media":"","overlay-type":"","overlay-color":"","overlay-opacity":"","overlay-gradient":""},"mobile":{"background-color":"","background-image":"","background-repeat":"repeat","background-position":"center center","background-size":"auto","background-attachment":"scroll","background-type":"","background-media":"","overlay-type":"","overlay-color":"","overlay-opacity":"","overlay-gradient":""}},"ast-content-background-meta":{"desktop":{"background-color":"var(--ast-global-color-5)","background-image":"","background-repeat":"repeat","background-position":"center center","background-size":"auto","background-attachment":"scroll","background-type":"","background-media":"","overlay-type":"","overlay-color":"","overlay-opacity":"","overlay-gradient":""},"tablet":{"background-color":"var(--ast-global-color-5)","background-image":"","background-repeat":"repeat","background-position":"center center","background-size":"auto","background-attachment":"scroll","background-type":"","background-media":"","overlay-type":"","overlay-color":"","overlay-opacity":"","overlay-gradient":""},"mobile":{"background-color":"var(--ast-global-color-5)","background-image":"","background-repeat":"repeat","background-position":"center center","background-size":"auto","background-attachment":"scroll","background-type":"","background-media":"","overlay-type":"","overlay-color":"","overlay-opacity":"","overlay-gradient":""}}},"class_list":["post-5797","event","type-event","status-publish","has-post-thumbnail","hentry"],"_links":{"self":[{"href":"https:\/\/muzeubuzau.ro\/en\/wp-json\/wp\/v2\/event\/5797"}],"collection":[{"href":"https:\/\/muzeubuzau.ro\/en\/wp-json\/wp\/v2\/event"}],"about":[{"href":"https:\/\/muzeubuzau.ro\/en\/wp-json\/wp\/v2\/types\/event"}],"wp:featuredmedia":[{"embeddable":true,"href":"https:\/\/muzeubuzau.ro\/en\/wp-json\/wp\/v2\/media\/5798"}],"wp:attachment":[{"href":"https:\/\/muzeubuzau.ro\/en\/wp-json\/wp\/v2\/media?parent=5797"}],"curies":[{"name":"wp","href":"https:\/\/api.w.org\/{rel}","templated":true}]}}