{"id":6631,"date":"2025-02-03T14:05:33","date_gmt":"2025-02-03T14:05:33","guid":{"rendered":"https:\/\/muzeubuzau.ro\/?post_type=event&#038;p=6631"},"modified":"2025-02-04T06:11:17","modified_gmt":"2025-02-04T06:11:17","slug":"concursul-national-de-arta-margareta-sterian-ed-a-xv-a","status":"publish","type":"event","link":"https:\/\/muzeubuzau.ro\/en\/events\/concursul-national-de-arta-margareta-sterian-ed-a-xv-a\/","title":{"rendered":"Concursul Na\u021bional de Art\u0103 \u201eMargareta Sterian\u201d, ed. a XV-a"},"content":{"rendered":"<p class=\"MsoNormal\" style=\"margin-bottom: 0cm; margin-top: 0cm; mso-margin-bottom-alt: 8.0pt; mso-margin-top-alt: 0cm; mso-add-space: auto; text-align: center; line-height: 150%;\" align=\"center\"><b><span lang=\"RO\" style=\"font-size: 12.0pt; line-height: 150%; font-family: 'Times New Roman',serif; mso-ascii-theme-font: major-bidi; mso-hansi-theme-font: major-bidi; mso-bidi-theme-font: major-bidi; mso-ansi-language: RO;\">Comunicat de pres\u0103<\/span><\/b><\/p>\n<p class=\"MsoNormal\" style=\"margin-bottom: 0cm; margin-top: 0cm; mso-margin-bottom-alt: 8.0pt; mso-margin-top-alt: 0cm; mso-add-space: auto; text-align: center; line-height: 150%;\" align=\"center\"><b><span lang=\"RO\" style=\"font-size: 12.0pt; line-height: 150%; font-family: 'Times New Roman',serif; mso-ascii-theme-font: major-bidi; mso-hansi-theme-font: major-bidi; mso-bidi-theme-font: major-bidi; mso-ansi-language: RO;\">\u00a0<\/span><\/b><\/p>\n<p class=\"MsoNormal\" style=\"margin-bottom: 0cm; margin-top: 0cm; mso-margin-bottom-alt: 8.0pt; mso-margin-top-alt: 0cm; mso-add-space: auto; text-align: center; line-height: 150%;\" align=\"center\"><b><span lang=\"RO\" style=\"font-size: 12.0pt; line-height: 150%; font-family: 'Times New Roman',serif; mso-ascii-theme-font: major-bidi; mso-hansi-theme-font: major-bidi; mso-bidi-theme-font: major-bidi; mso-ansi-language: RO;\">Vernisajul expozi\u021biei lucr\u0103rilor de art\u0103 premiate \u00een<br \/>\ncadrul celei de-a XV-a edi\u021bii a Concursului Na\u021bional de Art\u0103 \u201eMargareta Sterian\u201d<\/span><\/b><\/p>\n<p class=\"MsoNormal\" style=\"margin-bottom: 0cm; margin-top: 0cm; mso-margin-bottom-alt: 8.0pt; mso-margin-top-alt: 0cm; mso-add-space: auto; text-align: justify; text-indent: 36.0pt; line-height: 150%;\"><span lang=\"RO\" style=\"font-size: 12.0pt; line-height: 150%; font-family: 'Times New Roman',serif; mso-ascii-theme-font: major-bidi; mso-hansi-theme-font: major-bidi; mso-bidi-theme-font: major-bidi; mso-ansi-language: RO;\">\u00a0<\/span><\/p>\n<p class=\"MsoNormal\" style=\"margin-bottom: 0cm; margin-top: 0cm; mso-margin-bottom-alt: 8.0pt; mso-margin-top-alt: 0cm; mso-add-space: auto; text-align: justify; text-indent: 36.0pt; line-height: 150%;\"><span lang=\"RO\" style=\"font-size: 12.0pt; line-height: 150%; font-family: 'Times New Roman',serif; mso-ascii-theme-font: major-bidi; mso-hansi-theme-font: major-bidi; mso-bidi-theme-font: major-bidi; mso-ansi-language: RO;\">Muzeul Jude\u021bean Buz\u0103u, institu\u021bie de cultur\u0103, art\u0103 \u0219i cercetare, ce func\u021bioneaz\u0103 sub autoritatea Consiliului Jude\u021bean Buz\u0103u, \u0219i Liceul de Arte \u201eMargareta Sterian\u201d Buz\u0103u anun\u021b\u0103 deschiderea expozi\u021biei lucr\u0103rilor de art\u0103 premiate \u00een cadrul celei de-a XV-a edi\u021bii a Concursului Na\u021bional de Art\u0103 \u201eMargareta Sterian\u201d. Evenimentul este dedicat promov\u0103rii talentului tinerilor arti\u0219ti din \u00eenv\u0103\u021b\u0103m\u00e2ntul de mas\u0103 \u0219i \u00eenv\u0103\u021b\u0103m\u00e2ntul voca\u021bional, clasele a V-a \u2013 a XII-a.<\/span><\/p>\n<p class=\"MsoNormal\" style=\"margin-bottom: 0cm; margin-top: 0cm; mso-margin-bottom-alt: 8.0pt; mso-margin-top-alt: 0cm; mso-add-space: auto; text-align: justify; text-indent: 36.0pt; line-height: 150%;\"><span lang=\"RO\" style=\"font-size: 12.0pt; line-height: 150%; font-family: 'Times New Roman',serif; mso-ascii-theme-font: major-bidi; mso-hansi-theme-font: major-bidi; mso-bidi-theme-font: major-bidi; mso-ansi-language: RO;\">Expozi\u021bia va fi organizat\u0103 la Centrul Muzeal \u201eI. C. Br\u0103tianu\u201d, \u00een perioada 28 februarie \u2013 9 martie 2025, iar vernisajul va avea loc \u00een data de 28 februarie 2025, \u00eencep\u00e2nd cu ora 9:00. Acest eveniment reprezint\u0103 o ocazie unic\u0103 de a descoperi crea\u021biile remarcabile ale elevilor din toat\u0103 \u021bara care s-au afirmat prin originalitate, expresivitate \u0219i m\u0103iestrie artistic\u0103. Expozi\u021bia reune\u0219te lucr\u0103ri de pictur\u0103, grafic\u0103, arte decorative, sculptur\u0103 \u0219i fotografie.<\/span><\/p>\n<p class=\"MsoNormal\" style=\"margin-bottom: 0cm; margin-top: 0cm; mso-margin-bottom-alt: 8.0pt; mso-margin-top-alt: 0cm; mso-add-space: auto; text-align: justify; text-indent: 36.0pt; line-height: 150%;\"><span lang=\"RO\" style=\"font-size: 12.0pt; line-height: 150%; font-family: 'Times New Roman',serif; mso-ascii-theme-font: major-bidi; mso-hansi-theme-font: major-bidi; mso-bidi-theme-font: major-bidi; mso-ansi-language: RO;\">Concursul Na\u021bional de Art\u0103 \u201eMargareta Sterian\u201d a devenit, de-a lungul anilor, o platform\u0103 de afirmare pentru tinerii arti\u0219ti, oferindu-le posibilitatea de a-\u0219i expune lucr\u0103rile \u00eentr-un cadru profesionist \u0219i de a fi aprecia\u021bi de speciali\u0219ti din domeniul artelor vizuale. Edi\u021bia din acest an continu\u0103 tradi\u021bia excelen\u021bei artistice \u0219i aduce \u00een prim-plan viziunea creativ\u0103 a noii genera\u021bii.<\/span><\/p>\n<p class=\"MsoNormal\" style=\"margin-bottom: 0cm; margin-top: 0cm; mso-margin-bottom-alt: 8.0pt; mso-margin-top-alt: 0cm; mso-add-space: auto; text-align: justify; text-indent: 36.0pt; line-height: 150%;\"><span lang=\"RO\" style=\"font-size: 12.0pt; line-height: 150%; font-family: 'Times New Roman',serif; mso-ascii-theme-font: major-bidi; mso-hansi-theme-font: major-bidi; mso-bidi-theme-font: major-bidi; mso-ansi-language: RO;\">V\u0103 invit\u0103m s\u0103 ne fi\u021bi al\u0103turi la acest eveniment deosebit, dedicat artei \u0219i educa\u021biei\u00a0prin\u00a0art\u0103!<\/span><\/p>\n<p class=\"MsoNormal\" style=\"margin-bottom: 0cm; margin-top: 0cm; mso-margin-bottom-alt: 8.0pt; mso-margin-top-alt: 0cm; mso-add-space: auto; text-align: justify; text-indent: 36.0pt; line-height: 150%;\"><span lang=\"RO\" style=\"font-size: 12.0pt; line-height: 150%; font-family: 'Times New Roman',serif; mso-ascii-theme-font: major-bidi; mso-hansi-theme-font: major-bidi; mso-bidi-theme-font: major-bidi; mso-ansi-language: RO;\">\u00a0<\/span><\/p>\n<p class=\"MsoNormal\" style=\"margin-bottom: 0cm; margin-top: 0cm; mso-margin-bottom-alt: 8.0pt; mso-margin-top-alt: 0cm; mso-add-space: auto; text-align: center; line-height: 150%;\" align=\"center\"><span lang=\"RO\" style=\"font-size: 12.0pt; line-height: 150%; font-family: 'Times New Roman',serif; mso-ascii-theme-font: major-bidi; mso-hansi-theme-font: major-bidi; mso-bidi-theme-font: major-bidi; mso-ansi-language: RO;\">Manager,<\/span><\/p>\n<p class=\"MsoNormal\" style=\"margin-bottom: 0cm; margin-top: 0cm; mso-margin-bottom-alt: 8.0pt; mso-margin-top-alt: 0cm; mso-add-space: auto; text-align: center; line-height: 150%;\" align=\"center\"><span lang=\"RO\" style=\"font-size: 12.0pt; line-height: 150%; font-family: 'Times New Roman',serif; mso-ascii-theme-font: major-bidi; mso-hansi-theme-font: major-bidi; mso-bidi-theme-font: major-bidi; mso-ansi-language: RO;\">dr. Daniel Costache<\/span><\/p>\n","protected":false},"featured_media":6633,"template":"","meta":{"site-sidebar-layout":"default","site-content-layout":"","ast-site-content-layout":"","site-content-style":"default","site-sidebar-style":"default","ast-global-header-display":"","ast-banner-title-visibility":"","ast-main-header-display":"","ast-hfb-above-header-display":"","ast-hfb-below-header-display":"","ast-hfb-mobile-header-display":"","site-post-title":"","ast-breadcrumbs-content":"","ast-featured-img":"","footer-sml-layout":"","theme-transparent-header-meta":"","adv-header-id-meta":"","stick-header-meta":"","header-above-stick-meta":"","header-main-stick-meta":"","header-below-stick-meta":"","astra-migrate-meta-layouts":"default","ast-page-background-enabled":"default","ast-page-background-meta":{"desktop":{"background-color":"var(--ast-global-color-4)","background-image":"","background-repeat":"repeat","background-position":"center center","background-size":"auto","background-attachment":"scroll","background-type":"","background-media":"","overlay-type":"","overlay-color":"","overlay-opacity":"","overlay-gradient":""},"tablet":{"background-color":"","background-image":"","background-repeat":"repeat","background-position":"center center","background-size":"auto","background-attachment":"scroll","background-type":"","background-media":"","overlay-type":"","overlay-color":"","overlay-opacity":"","overlay-gradient":""},"mobile":{"background-color":"","background-image":"","background-repeat":"repeat","background-position":"center center","background-size":"auto","background-attachment":"scroll","background-type":"","background-media":"","overlay-type":"","overlay-color":"","overlay-opacity":"","overlay-gradient":""}},"ast-content-background-meta":{"desktop":{"background-color":"var(--ast-global-color-5)","background-image":"","background-repeat":"repeat","background-position":"center center","background-size":"auto","background-attachment":"scroll","background-type":"","background-media":"","overlay-type":"","overlay-color":"","overlay-opacity":"","overlay-gradient":""},"tablet":{"background-color":"var(--ast-global-color-5)","background-image":"","background-repeat":"repeat","background-position":"center center","background-size":"auto","background-attachment":"scroll","background-type":"","background-media":"","overlay-type":"","overlay-color":"","overlay-opacity":"","overlay-gradient":""},"mobile":{"background-color":"var(--ast-global-color-5)","background-image":"","background-repeat":"repeat","background-position":"center center","background-size":"auto","background-attachment":"scroll","background-type":"","background-media":"","overlay-type":"","overlay-color":"","overlay-opacity":"","overlay-gradient":""}}},"class_list":["post-6631","event","type-event","status-publish","has-post-thumbnail","hentry"],"_links":{"self":[{"href":"https:\/\/muzeubuzau.ro\/en\/wp-json\/wp\/v2\/event\/6631"}],"collection":[{"href":"https:\/\/muzeubuzau.ro\/en\/wp-json\/wp\/v2\/event"}],"about":[{"href":"https:\/\/muzeubuzau.ro\/en\/wp-json\/wp\/v2\/types\/event"}],"wp:featuredmedia":[{"embeddable":true,"href":"https:\/\/muzeubuzau.ro\/en\/wp-json\/wp\/v2\/media\/6633"}],"wp:attachment":[{"href":"https:\/\/muzeubuzau.ro\/en\/wp-json\/wp\/v2\/media?parent=6631"}],"curies":[{"name":"wp","href":"https:\/\/api.w.org\/{rel}","templated":true}]}}