{"id":7547,"date":"2025-09-12T06:56:20","date_gmt":"2025-09-12T06:56:20","guid":{"rendered":"https:\/\/muzeubuzau.ro\/?post_type=event&#038;p=7547"},"modified":"2025-09-12T06:56:20","modified_gmt":"2025-09-12T06:56:20","slug":"expozitia-temporara-satul-romanesc-si-tragedia-colectivizarii","status":"publish","type":"event","link":"https:\/\/muzeubuzau.ro\/en\/events\/expozitia-temporara-satul-romanesc-si-tragedia-colectivizarii\/","title":{"rendered":"Expozi\u021bia temporar\u0103 \u201eSatul rom\u00e2nesc \u0219i tragedia colectiviz\u0103rii\u201d"},"content":{"rendered":"<p class=\"MsoNormal\" style=\"text-align: center;\" align=\"center\"><b><span lang=\"RO\" style=\"font-family: 'Times New Roman',serif; mso-ansi-language: RO;\">Comunicat de pres\u0103<\/span><\/b><\/p>\n<p class=\"MsoNormal\" style=\"margin-bottom: 0cm; text-align: justify; text-indent: 36.0pt; line-height: 150%;\"><span lang=\"RO\" style=\"font-family: 'Times New Roman',serif; mso-ansi-language: RO;\">Muzeul Jude\u021bean Buz\u0103u, \u00een parteneriat cu Muzeul Ororilor Comunismului din Rom\u00e2nia, anun\u021b\u0103 deschiderea expozi\u021biei temporare \u201eSatul rom\u00e2nesc \u0219i tragedia colectiviz\u0103rii\u201d, un eveniment cultural de mare importan\u021b\u0103 pentru recuperarea memoriei istorice recente. Expozi\u021bia va fi g\u0103zduit\u0103 de Muzeul de Etnografie \u201eVergu-M\u0103n\u0103il\u0103\u201d, spa\u021biu dedicat punerii \u00een valoare a <\/span><span lang=\"RO\" style=\"font-family: 'Times New Roman',serif; mso-ansi-language: RO;\">tradi\u021biilor rurale \u0219i a patrimoniului etnografic buzoian.<\/span><\/p>\n<p class=\"MsoNormal\" style=\"margin-bottom: 0cm; text-align: justify; text-indent: 36.0pt; line-height: 150%;\"><span lang=\"RO\" style=\"font-family: 'Times New Roman',serif; mso-ansi-language: RO;\">Prin aceast\u0103 ini\u021biativ\u0103, Muzeul Jude\u021bean Buz\u0103u \u00ee\u0219i reafirm\u0103 rolul educativ \u0219i misiunea de a aborda, \u00een interesul publicului s\u0103u teme de larg interes privind istoria recent\u0103. Expozi\u021bia \u00ee\u0219i propune s\u0103 aduc\u0103 \u00een fa\u021ba vizitatorilor drama satului rom\u00e2nesc din perioada comunist\u0103, marcat\u0103 de procesul for\u021bat al colectiviz\u0103rii agriculturii (1949\u20131962). Fotografii de epoc\u0103, documente de arhiv\u0103, analize istorice, m\u0103rturii scrise \u0219i pove\u0219ti de via\u021b\u0103 vor ilustra destinele unor comunit\u0103\u021bi si ale unor \u021b\u0103rani, inclusiv buzoieni care au suferit sub represiunea regimului totalitar. Al\u0103turi de prezentarea unor istorii locale, experien\u021ba colegilor de la Muzeul Ororilor Comunismului din Rom\u00e2nia va aduce un plus de rigoare documentar\u0103 \u0219i expertiz\u0103 \u00een valorificarea patrimoniului memoriei recente.<\/span><\/p>\n<p class=\"MsoNormal\" style=\"margin-bottom: 0cm; text-align: justify; text-indent: 36.0pt; line-height: 150%;\"><span lang=\"RO\" style=\"font-family: 'Times New Roman',serif; mso-ansi-language: RO;\">Aceast\u0103 expozi\u021bie reprezint\u0103 un demers de recuperare a memoriei colective \u0219i de reafirmare a valorilor fundamentale ale libert\u0103\u021bii \u0219i demnit\u0103\u021bii umane. Dorim s\u0103 oferim publicului nu doar informa\u021bii istorice, ci \u0219i o experien\u021b\u0103 de reflec\u021bie \u0219i \u00een\u021belegere asupra suferin\u021belor prin care a trecut satul rom\u00e2nesc \u00een perioada comunist\u0103. Expozi\u021bia va fi deschis\u0103 publicului \u00eencep\u00e2nd cu data de 28 septembrie 2025, ora 12.00, respect\u00e2nd programul obi\u0219nuit de vizitare al institu\u021biei \u0219i va putea fi vizitat\u0103 p\u00e2n\u0103 pe data de 08 februarie 2026.<\/span><\/p>\n<p class=\"MsoNormal\" style=\"margin-bottom: 0cm; text-align: justify; text-indent: 36.0pt; line-height: 150%;\"><span lang=\"RO\" style=\"font-family: 'Times New Roman',serif; mso-ansi-language: RO;\">Prin acest parteneriat, Muzeul Jude\u021bean Buz\u0103u \u0219i Muzeul Ororilor Comunismului din Rom\u00e2nia ofer\u0103 comunit\u0103\u021bii buzoiene \u0219i publicului larg o ocazie unic\u0103 de a \u00een\u021belege \u0219i de a reflecta asupra unuia dintre cele mai dramatice episoade din istoria recent\u0103 a Rom\u00e2niei.<\/span><\/p>\n","protected":false},"featured_media":7548,"template":"","meta":{"site-sidebar-layout":"default","site-content-layout":"","ast-site-content-layout":"","site-content-style":"default","site-sidebar-style":"default","ast-global-header-display":"","ast-banner-title-visibility":"","ast-main-header-display":"","ast-hfb-above-header-display":"","ast-hfb-below-header-display":"","ast-hfb-mobile-header-display":"","site-post-title":"","ast-breadcrumbs-content":"","ast-featured-img":"","footer-sml-layout":"","theme-transparent-header-meta":"","adv-header-id-meta":"","stick-header-meta":"","header-above-stick-meta":"","header-main-stick-meta":"","header-below-stick-meta":"","astra-migrate-meta-layouts":"default","ast-page-background-enabled":"default","ast-page-background-meta":{"desktop":{"background-color":"var(--ast-global-color-4)","background-image":"","background-repeat":"repeat","background-position":"center center","background-size":"auto","background-attachment":"scroll","background-type":"","background-media":"","overlay-type":"","overlay-color":"","overlay-opacity":"","overlay-gradient":""},"tablet":{"background-color":"","background-image":"","background-repeat":"repeat","background-position":"center center","background-size":"auto","background-attachment":"scroll","background-type":"","background-media":"","overlay-type":"","overlay-color":"","overlay-opacity":"","overlay-gradient":""},"mobile":{"background-color":"","background-image":"","background-repeat":"repeat","background-position":"center center","background-size":"auto","background-attachment":"scroll","background-type":"","background-media":"","overlay-type":"","overlay-color":"","overlay-opacity":"","overlay-gradient":""}},"ast-content-background-meta":{"desktop":{"background-color":"var(--ast-global-color-5)","background-image":"","background-repeat":"repeat","background-position":"center center","background-size":"auto","background-attachment":"scroll","background-type":"","background-media":"","overlay-type":"","overlay-color":"","overlay-opacity":"","overlay-gradient":""},"tablet":{"background-color":"var(--ast-global-color-5)","background-image":"","background-repeat":"repeat","background-position":"center center","background-size":"auto","background-attachment":"scroll","background-type":"","background-media":"","overlay-type":"","overlay-color":"","overlay-opacity":"","overlay-gradient":""},"mobile":{"background-color":"var(--ast-global-color-5)","background-image":"","background-repeat":"repeat","background-position":"center center","background-size":"auto","background-attachment":"scroll","background-type":"","background-media":"","overlay-type":"","overlay-color":"","overlay-opacity":"","overlay-gradient":""}}},"class_list":["post-7547","event","type-event","status-publish","has-post-thumbnail","hentry"],"_links":{"self":[{"href":"https:\/\/muzeubuzau.ro\/en\/wp-json\/wp\/v2\/event\/7547"}],"collection":[{"href":"https:\/\/muzeubuzau.ro\/en\/wp-json\/wp\/v2\/event"}],"about":[{"href":"https:\/\/muzeubuzau.ro\/en\/wp-json\/wp\/v2\/types\/event"}],"wp:featuredmedia":[{"embeddable":true,"href":"https:\/\/muzeubuzau.ro\/en\/wp-json\/wp\/v2\/media\/7548"}],"wp:attachment":[{"href":"https:\/\/muzeubuzau.ro\/en\/wp-json\/wp\/v2\/media?parent=7547"}],"curies":[{"name":"wp","href":"https:\/\/api.w.org\/{rel}","templated":true}]}}