{"id":7567,"date":"2025-11-18T13:52:53","date_gmt":"2025-11-18T13:52:53","guid":{"rendered":"https:\/\/muzeubuzau.ro\/?post_type=event&#038;p=7567"},"modified":"2025-11-18T13:52:53","modified_gmt":"2025-11-18T13:52:53","slug":"in-memoriam-alexandru-marghiloman-1854-1925","status":"publish","type":"event","link":"https:\/\/muzeubuzau.ro\/en\/events\/in-memoriam-alexandru-marghiloman-1854-1925\/","title":{"rendered":"In memoriam Alexandru Marghiloman (1854-1925)"},"content":{"rendered":"\n<p><br><p class=\"MsoNormal\" style=\"margin-bottom:0cm;text-align:center;\nline-height:150%\" align=\"center\"><b><span lang=\"RO\" style=\"font-size:12.0pt;line-height:150%;\nfont-family:&quot;Times New Roman&quot;,serif\">COMUNICAT DE PRES\u0102\u00a0<\/span><\/b><\/p><p class=\"MsoNormal\" style=\"margin-bottom:0cm;text-align:center;\nline-height:150%\" align=\"center\"><b><i><span lang=\"RO\" style=\"font-size:12.0pt;line-height:150%;\nfont-family:&quot;Times New Roman&quot;,serif\">In memoriam Alexandru Marghiloman (1854 &#8211; 1925)\u00a0<\/span><\/i><\/b><\/p><p class=\"MsoNoSpacing\" style=\"text-align:justify;line-height:150%\"><span lang=\"RO\" style=\"font-size:12.0pt;line-height:150%;font-family:&quot;Times New Roman&quot;,serif;\nmso-ansi-language:RO\"><span style=\"mso-tab-count:1\">\u00a0\u00a0\u00a0\u00a0\u00a0\u00a0\u00a0\u00a0\u00a0\u00a0\u00a0 <\/span>Muzeul Jude\u021bean Buz\u0103u \u00een parteneriat cu Muzeul Na\u021bional de Istorie a Rom\u00e2niei, Muzeul Na\u021bional al Literaturii Rom\u00e2ne Ia\u0219i, Biblioteca Na\u021bional\u0103 a Rom\u00e2niei, Arhiva Diplomatic\u0103 a Ministerului Afacerilor Externe, Serviciul Jude\u021bean Buz\u0103u al Arhivelor Na\u021bionale ale Rom\u00e2niei, Centrul Cultural, Educa\u021bional \u201eAlexandru Marghiloman\u201d Buz\u0103u, Regia Na\u021bional\u0103 a P\u0103durilor \u2013 ROMSILVA, Direc\u021bia de Cre\u0219tere, Exploatare \u0219i Ameliorare a Cabalinelor R.A. \u0219i Inspectoratul de Jandarmi Jude\u021bean Buz\u0103u \u201eGeneral de brigad\u0103 Gheorghe Constantinescu\u201d organizeaz\u0103, cu ocazia Zilei Na\u021bionale a Rom\u00e2niei, expozi\u021bia temporar\u0103 <b><i>In memoriam Alexandru Marghiloman (1854 &#8211; 1925)<\/i><\/b>.<\/span><\/p><p class=\"MsoNoSpacing\" style=\"text-align:justify;line-height:150%\"><span lang=\"RO\" style=\"font-size:12.0pt;line-height:150%;font-family:&quot;Times New Roman&quot;,serif;\nmso-ansi-language:RO\"><span style=\"mso-tab-count:1\">\u00a0\u00a0\u00a0\u00a0\u00a0\u00a0\u00a0\u00a0\u00a0\u00a0\u00a0 <\/span>Evenimentul se \u00eenscrie \u00een sfera marilor proiecte muzeale na\u021bionale dedicate recuper\u0103rii \u0219i promov\u0103rii personalit\u0103\u021bilor reprezentative ale istoriei Rom\u00e2niei moderne. Nivelul excep\u021bional al documentelor, obiectelor \u0219i materialelor prezente &#8211; unele expuse public \u00een premier\u0103 &#8211; confer\u0103 expozi\u021biei o valoare cultural\u0103 \u0219i istoric\u0103 de prim rang. Realizarea acesteia a fost posibil\u0103 datorit\u0103 unei colabor\u0103ri exemplare \u00eentre institu\u021bii cu responsabilit\u0103\u021bi majore \u00een conservarea, cercetarea \u0219i valorificarea patrimoniului cultural. Sprijinul acordat de prestigio\u0219ii no\u0219tri parteneri &#8211; muzee, arhive \u0219i biblioteci &#8211; a permis selec\u021bia \u0219i prezentarea unor documente rare, manuscrise, fotografii, acte diplomatice \u0219i obiecte personale, oferind publicului o perspectiv\u0103 ampl\u0103 \u0219i profund\u0103 asupra vie\u021bii \u0219i activit\u0103\u021bii lui Alexandru Marghiloman. Aceast\u0103 cooperare demonstreaz\u0103 importan\u021ba parteneriatelor interinstitu\u021bionale \u00een valorificarea patrimoniului cultural, confirm\u00e2nd rolul Muzeului Jude\u021bean Buz\u0103u \u00een re\u021beaua muzeal\u0103 na\u021bional\u0103.<\/span><\/p><p class=\"MsoNoSpacing\" style=\"text-align:justify;text-indent:36.0pt;line-height:\n150%\"><span lang=\"RO\" style=\"font-size:12.0pt;line-height:150%;font-family:&quot;Times New Roman&quot;,serif;\nmso-ansi-language:RO\">Jurist sofisticat \u0219i om politic influent, Alexandru Marghiloman, r\u0103m\u00e2ne una dintre figurile definitorii ale Rom\u00e2niei de la finalul secolului al XIX-lea \u0219i \u00eenceputul secolului XX. Contribu\u021biile sale decisive, \u00een contextul Primului R\u0103zboi Mondial, pentru realizarea Unirii Basarabiei cu Rom\u00e2nia <span style=\"mso-spacerun:yes\">\u00a0<\/span>la 27 martie 1918, c\u00e2t \u0219i pentru men\u021binerea statalit\u0103\u021bii \u0219i a dinastiei prin \u00eencheierea unei \u201ep\u0103ci punice\u201d cu Puterile Centrale, la 7 mai 1918, au fost momentele care l-au a\u0219ezat pe prim-ministrul de atunci, Alexandru Marghiloman, \u00een r\u00e2ndul personalit\u0103\u021bilor istoriei noastre na\u021bionale.<span style=\"mso-bidi-font-weight:bold\"> <\/span><\/span><\/p><p class=\"MsoNoSpacing\" style=\"text-align:justify;text-indent:36.0pt;line-height:\n150%\"><span lang=\"RO\" style=\"font-size:12.0pt;line-height:150%;font-family:&quot;Times New Roman&quot;,serif;\nmso-ansi-language:RO\">\u00centreaga expozi\u021bie este construit\u0103 pentru a eviden\u021bia complexitatea personalit\u0103\u021bii sale \u0219i pentru a readuce \u00een con\u0219tiin\u021ba publicului imaginea unui om de stat care a d\u0103ruit timp Monarhiei \u0219i Rom\u00e2niei, sacrific\u00e2ndu-\u0219i propria carier\u0103 politic\u0103 \u0219i destinul Partidului Conservator pe care-l conducea. Zeci de ani mai t\u00e2rziu, reevalu\u0103rile istoriografice au clarificat \u00een profunzime semnifica\u021bia, demnitatea \u0219i curajul gestului s\u0103u, oferindu-i \u00een sf\u00e2r\u0219it recunoa\u0219terea \u0219i repara\u021biile pe care le merit\u0103. \u00cen aceast\u0103 perspectiv\u0103 reparatorie se \u00eenscrie \u0219i demersul nostru comemorativ, organizat la centenar, ca o form\u0103 de restituire simbolic\u0103 \u0219i de reafirmare a valorii sale \u00een memoria colectiv\u0103.<\/span><\/p><p class=\"MsoNoSpacing\" style=\"text-align:justify;text-indent:36.0pt;line-height:\n150%\"><span lang=\"RO\" style=\"font-size:12.0pt;line-height:150%;font-family:&quot;Times New Roman&quot;,serif;\nmso-ansi-language:RO\">\u00centr-un moment de mare cump\u0103n\u0103, dou\u0103 treimi din Rom\u00e2nia anului 1918 se aflau sub un regim dur de ocupa\u021bie militar\u0103 iar restul teritoriului, cel neocupat, era izolat, f\u0103r\u0103 sprijin militar, \u00eenconjurat de inamic \u0219i cu trupele epuizate. \u00cen acest context, agravat \u0219i de revolu\u021bia bol\u0219evic\u0103, Rom\u00e2nia a fost for\u021bat\u0103 s\u0103 \u00eencheie o pace foarte grea. Expozi\u021bia cuprinde, ca o noutate <span style=\"mso-bidi-font-weight:bold\">pentru noi buzoienii, \u0219i Actele Tratatului de Pace de la Bucure\u0219ti, din 7 mai 1918 (textul rom\u00e2nesc), prin amabilitatea <\/span>Arhivei Diplomatice a Ministerului Afacerilor Externe.<span style=\"mso-bidi-font-weight:bold\"><\/span><\/span><\/p><p class=\"MsoNoSpacing\" style=\"text-align:justify;text-indent:36.0pt;line-height:\n150%\"><span lang=\"RO\" style=\"font-size:12.0pt;line-height:150%;font-family:&quot;Times New Roman&quot;,serif;\nmso-ansi-language:RO;mso-bidi-font-weight:bold\">Expozi\u021bia este augmentat\u0103 cu fi\u0219iere video documentare \u0219i totodat\u0103, ofer\u0103 vizitatorilor posibilitatea de a explora prin intermediul QR codurilor con\u021binutul unor documente, albume \u0219i dosare de arhiv\u0103 expuse \u00een vitrine.<\/span><\/p><p class=\"MsoNoSpacing\" style=\"text-align:justify;text-indent:36.0pt;line-height:\n150%\"><span lang=\"RO\" style=\"font-size:12.0pt;line-height:150%;font-family:&quot;Times New Roman&quot;,serif;\nmso-fareast-font-family:&quot;Times New Roman&quot;;mso-ansi-language:RO\">Tematica vizual\u0103 a expozi\u021biei are un <\/span><span lang=\"RO\" style=\"font-size:12.0pt;\nline-height:150%;font-family:&quot;Times New Roman&quot;,serif;mso-ansi-language:RO\">caracter socio-documentar \u0219i aducem aici mul\u021bumiri speciale Bibliotecii Na\u021bionale a Rom\u00e2niei pentru contribu\u021bia la acest proiect centenar comemorativ<\/span><span lang=\"RO\" style=\"font-size:12.0pt;line-height:150%;font-family:&quot;Times New Roman&quot;,serif;\nmso-fareast-font-family:&quot;Times New Roman&quot;;mso-ansi-language:RO\">. \u00cen mare parte inedite, at\u00e2t pentru speciali\u0219ti, c\u00e2t \u0219i pentru publicul larg, fotografiile surprind aspecte diverse din via\u021ba public\u0103 \u0219i privat\u0103 a lui Alexandru Marghiloman: momente din cariera sa politic\u0103, episoade din existen\u021ba luxoas\u0103 de la Buz\u0103u \u0219i Bucure\u0219ti, imagini ale membrilor familiei extinse, precum \u0219i ipostaze care \u00eel prezint\u0103 ca mare proprietar de mo\u0219ii \u0219i cresc\u0103tor de cai de ras\u0103 purs\u00e2nge englez. Afi\u0219ul expozi\u021biei a fost conceput tocmai pentru a ilustra aceast\u0103 pasiune definitorie &#8211; cea mai \u00eendelungat\u0103 constant\u0103 \u0219i cea mai mare bucurie a vie\u021bii sale &#8211; care i-a adus, pe bun\u0103 dreptate, renumele de \u201ep\u0103rinte al hipismului rom\u00e2nesc\u201d.<\/span><span lang=\"RO\" style=\"font-size:12.0pt;\nline-height:150%;font-family:&quot;Times New Roman&quot;,serif;mso-ansi-language:RO;\nmso-bidi-font-weight:bold\"><\/span><\/p><p class=\"MsoNoSpacing\" style=\"text-align:justify;text-indent:36.0pt;line-height:\n150%\"><span lang=\"RO\" style=\"font-size:12.0pt;line-height:150%;font-family:&quot;Times New Roman&quot;,serif;\nmso-ansi-language:RO\">Prin mo\u0219tenirea sa cultural\u0103, prin cavalerismul sacrificiului manifestat pe scena politic\u0103 \u00een ultimii ani de activitate, prin pasiunile sale &#8211; de la tehnologiile agricole \u0219i cre\u0219terea cailor de ras\u0103, p\u00e2n\u0103 la c\u0103l\u0103torii, amenaj\u0103rile arhitecturale \u0219i peisagistice ale domeniilor sale &#8211; prin elegan\u021ba cu care primea \u0219i organiza evenimente mondene \u0219i printr-un stil de via\u021b\u0103 rafinat, Alexandru Marghiloman s-a impus drept unul dintre cei mai str\u0103luci\u021bi reprezentan\u021bi ai genera\u021biei sale, introduc\u00e2nd \u00een Rom\u00e2nia preocup\u0103rile aristocra\u021biei occidentale de tip <i>la belle \u00e9poque<\/i>.<\/span><\/p><p class=\"MsoNoSpacing\" style=\"text-align:justify;line-height:150%\"><\/p><p class=\"MsoNoSpacing\" style=\"text-align:justify;text-indent:36.0pt;line-height:\n150%\"><span lang=\"RO\" style=\"font-size:12.0pt;line-height:150%;font-family:&quot;Times New Roman&quot;,serif;\nmso-ansi-language:RO\">Expozi\u021bia <b><i>In memoriam Alexandru Marghiloman (1854-1925)<\/i><\/b> va fi deschis\u0103 publicului \u00een perioada 28 noiembrie 2025 \u2013 20 februarie 2026 \u0219i va putea fi vizitat\u0103 de mar\u021bi p\u00e2n\u0103 duminic\u0103 \u00eentre orele 09.00 \u2013 17.00. \u00cen ziua vernisajului vor putea fi admirate, prin amabilitatea Regiei Na\u021bionale a P\u0103durilor \u2013 ROMSILVA, Direc\u021bia de Cre\u0219tere, Exploatare \u0219i Ameliorare a Cabalinelor R.A, exemplare cabaline de ras\u0103 purs\u00e2nge englez de la Herghelia Cisl\u0103u, arm\u0103sari descenden\u021bi din Frozen Fire.<\/span><\/p><p class=\"MsoNoSpacing\" style=\"text-align:justify;line-height:150%\"><\/p><p class=\"MsoNoSpacing\" style=\"text-align:justify;text-indent:36.0pt;line-height:\n150%\"><span lang=\"RO\" style=\"font-size:12.0pt;line-height:150%;font-family:&quot;Times New Roman&quot;,serif;\nmso-ansi-language:RO\">V\u0103 invit\u0103m s\u0103 fi\u021bi al\u0103turi de noi la vernisajul acestei expozi\u021bii de importan\u021b\u0103 na\u021bional\u0103, <b>vineri, 28 noiembrie 2025, \u00eencep\u00e2nd cu ora 11.00<\/b>, proiectul fiind rezultatul unei colabor\u0103ri institu\u021bionale remarcabile \u0219i dedicat\u0103 comemor\u0103rii unui mare om de stat rom\u00e2n. Reunirea \u00eentr-un singur proiect a patrimoniului provenit din institu\u021bii na\u021bionale de prim\u0103 importan\u021b\u0103 transform\u0103 aceast\u0103 expozi\u021bie \u00eentr-un act de recuperare a memoriei istorice cu rezonan\u021b\u0103 pentru \u00eentreaga \u021bar\u0103.<\/span><\/p><p class=\"MsoNoSpacing\" style=\"text-align:justify;line-height:150%\"><\/p><p class=\"MsoNoSpacing\" style=\"text-align:justify;text-indent:36.0pt;line-height:\n150%\"><span lang=\"RO\" style=\"font-size:12.0pt;line-height:150%;font-family:&quot;Times New Roman&quot;,serif;\nmso-ansi-language:RO\">Accesul la vernisaj este gratuit.<\/span><\/p><\/p>\n","protected":false},"featured_media":7568,"template":"","meta":{"site-sidebar-layout":"default","site-content-layout":"","ast-site-content-layout":"","site-content-style":"default","site-sidebar-style":"default","ast-global-header-display":"","ast-banner-title-visibility":"","ast-main-header-display":"","ast-hfb-above-header-display":"","ast-hfb-below-header-display":"","ast-hfb-mobile-header-display":"","site-post-title":"","ast-breadcrumbs-content":"","ast-featured-img":"","footer-sml-layout":"","theme-transparent-header-meta":"","adv-header-id-meta":"","stick-header-meta":"","header-above-stick-meta":"","header-main-stick-meta":"","header-below-stick-meta":"","astra-migrate-meta-layouts":"default","ast-page-background-enabled":"default","ast-page-background-meta":{"desktop":{"background-color":"var(--ast-global-color-4)","background-image":"","background-repeat":"repeat","background-position":"center center","background-size":"auto","background-attachment":"scroll","background-type":"","background-media":"","overlay-type":"","overlay-color":"","overlay-opacity":"","overlay-gradient":""},"tablet":{"background-color":"","background-image":"","background-repeat":"repeat","background-position":"center center","background-size":"auto","background-attachment":"scroll","background-type":"","background-media":"","overlay-type":"","overlay-color":"","overlay-opacity":"","overlay-gradient":""},"mobile":{"background-color":"","background-image":"","background-repeat":"repeat","background-position":"center center","background-size":"auto","background-attachment":"scroll","background-type":"","background-media":"","overlay-type":"","overlay-color":"","overlay-opacity":"","overlay-gradient":""}},"ast-content-background-meta":{"desktop":{"background-color":"var(--ast-global-color-5)","background-image":"","background-repeat":"repeat","background-position":"center center","background-size":"auto","background-attachment":"scroll","background-type":"","background-media":"","overlay-type":"","overlay-color":"","overlay-opacity":"","overlay-gradient":""},"tablet":{"background-color":"var(--ast-global-color-5)","background-image":"","background-repeat":"repeat","background-position":"center center","background-size":"auto","background-attachment":"scroll","background-type":"","background-media":"","overlay-type":"","overlay-color":"","overlay-opacity":"","overlay-gradient":""},"mobile":{"background-color":"var(--ast-global-color-5)","background-image":"","background-repeat":"repeat","background-position":"center center","background-size":"auto","background-attachment":"scroll","background-type":"","background-media":"","overlay-type":"","overlay-color":"","overlay-opacity":"","overlay-gradient":""}}},"class_list":["post-7567","event","type-event","status-publish","has-post-thumbnail","hentry"],"_links":{"self":[{"href":"https:\/\/muzeubuzau.ro\/en\/wp-json\/wp\/v2\/event\/7567"}],"collection":[{"href":"https:\/\/muzeubuzau.ro\/en\/wp-json\/wp\/v2\/event"}],"about":[{"href":"https:\/\/muzeubuzau.ro\/en\/wp-json\/wp\/v2\/types\/event"}],"wp:featuredmedia":[{"embeddable":true,"href":"https:\/\/muzeubuzau.ro\/en\/wp-json\/wp\/v2\/media\/7568"}],"wp:attachment":[{"href":"https:\/\/muzeubuzau.ro\/en\/wp-json\/wp\/v2\/media?parent=7567"}],"curies":[{"name":"wp","href":"https:\/\/api.w.org\/{rel}","templated":true}]}}