{"id":7625,"date":"2026-03-10T09:28:00","date_gmt":"2026-03-10T09:28:00","guid":{"rendered":"https:\/\/muzeubuzau.ro\/?post_type=event&#038;p=7625"},"modified":"2026-03-10T09:28:00","modified_gmt":"2026-03-10T09:28:00","slug":"expozitia-temporara-miros-de-paine-calda-painea-in-epoca-regatului-dac","status":"publish","type":"event","link":"https:\/\/muzeubuzau.ro\/en\/events\/expozitia-temporara-miros-de-paine-calda-painea-in-epoca-regatului-dac\/","title":{"rendered":"Expozi\u021bia temporar\u0103 \u201eMiros de p\u00e2ine cald\u0103. P\u00e2inea \u00een epoca Regatului Dac\u201d"},"content":{"rendered":"\n<p><br><p class=\"MsoNormal\" align=\"center\" style=\"margin-bottom:0cm;margin-top:0cm;\nmso-margin-bottom-alt:8.0pt;mso-margin-top-alt:0cm;mso-add-space:auto;\ntext-align:center;line-height:150%\"><b><span lang=\"RO\" style=\"font-size:12.0pt;\nline-height:150%;font-family:&quot;Times New Roman&quot;,serif\">Comunicat de pres\u0103<\/span><\/b><\/p><span lang=\"RO\" style=\"font-size:12.0pt;\nline-height:150%;font-family:&quot;Times New Roman&quot;,serif\">\u00a0<\/span><br><p class=\"MsoNormal\" align=\"center\" style=\"margin-bottom:0cm;margin-bottom:0cm;\nmargin-top:0cm;mso-margin-bottom-alt:8.0pt;mso-margin-top-alt:0cm;mso-add-space:\nauto;text-align:center;line-height:150%\"><b><span lang=\"RO\" style=\"font-size:\n12.0pt;line-height:150%;font-family:&quot;Times New Roman&quot;,serif\">Expozi\u021bia temporar\u0103 \u201eMiros de p\u00e2ine cald\u0103. P\u00e2inea \u00een epoca Regatului Dac\u201d<\/span><\/b><\/p><br><br><p class=\"MsoNormal\" align=\"center\" style=\"margin-bottom:0cm;margin-bottom:0cm;\nmargin-top:0cm;mso-margin-bottom-alt:8.0pt;mso-margin-top-alt:0cm;mso-add-space:\nauto;text-align:center;line-height:150%\"><\/p><br><p class=\"MsoNormal\" style=\"margin-bottom:0cm;margin-bottom:0cm;margin-top:0cm;\nmso-margin-bottom-alt:8.0pt;mso-margin-top-alt:0cm;mso-add-space:auto;\ntext-align:justify;text-indent:36.0pt;line-height:150%\"><span lang=\"RO\" style=\"font-size:12.0pt;line-height:150%;font-family:&quot;Times New Roman&quot;,serif\">Muzeul Jude\u021bean Buz\u0103u, institu\u021bie de cultur\u0103 \u0219i cercetare ce func\u021bioneaz\u0103 sub autoritatea Consiliului Jude\u021bean Buz\u0103u, \u00een parteneriat cu Muzeul Jude\u021bean de Istorie \u0219i Art\u0103 Zal\u0103u \u0219i Muzeul Civiliza\u021biei Dacice \u0219i Romane din Deva organizeaz\u0103 expozi\u021bia temporar\u0103 <b>\u201eMiros de p\u00e2ine cald\u0103. P\u00e2inea \u00een epoca Regatului Dac\u201d<\/b>.<\/span><\/p><br><br><p class=\"MsoNormal\" style=\"margin-bottom:0cm;margin-bottom:0cm;margin-top:0cm;\nmso-margin-bottom-alt:8.0pt;mso-margin-top-alt:0cm;mso-add-space:auto;\ntext-align:justify;text-indent:36.0pt;line-height:150%\"><span lang=\"RO\" style=\"font-size:12.0pt;line-height:150%;font-family:&quot;Times New Roman&quot;,serif\">P\u00e2inea a fost, din cele mai vechi timpuri, unul dintre alimentele fundamentale ale omenirii. Dincolo de rolul s\u0103u esen\u021bial \u00een hran\u0103, ea a influen\u021bat evolu\u021bia comunit\u0103\u021bilor, a stat la baza multor transform\u0103ri economice \u0219i sociale \u0219i a fost legat\u0103, de-a lungul istoriei, de agricultur\u0103, consum, organizare politic\u0103 \u0219i raporturi \u00eentre oameni. Atunci c\u00e2nd vorbim despre p\u00e2ine, vorbim, de fapt, despre o \u00eentreag\u0103 lume a vie\u021bii cotidiene.<\/span><\/p><br><br><p class=\"MsoNormal\" style=\"margin-bottom:0cm;margin-bottom:0cm;margin-top:0cm;\nmso-margin-bottom-alt:8.0pt;mso-margin-top-alt:0cm;mso-add-space:auto;\ntext-align:justify;text-indent:36.0pt;line-height:150%\"><span lang=\"RO\" style=\"font-size:12.0pt;line-height:150%;font-family:&quot;Times New Roman&quot;,serif\">\u00cen spa\u021biul rural rom\u00e2nesc, seceri\u0219ul manual \u0219i \u00eentregul ritual al cultiv\u0103rii gr\u00e2ului, al recolt\u0103rii, m\u0103cin\u0103rii \u0219i fr\u0103m\u00e2nt\u0103rii p\u00e2inii au supravie\u021buit p\u00e2n\u0103 relativ recent, pentru ca apoi s\u0103 se estompeze treptat, odat\u0103 cu schimb\u0103rile tehnologice \u0219i cu renun\u021barea la unelte tradi\u021bionale precum secera de fier.<\/span><\/p><br><br><p class=\"MsoNormal\" style=\"margin-bottom:0cm;margin-bottom:0cm;margin-top:0cm;\nmso-margin-bottom-alt:8.0pt;mso-margin-top-alt:0cm;mso-add-space:auto;\ntext-align:justify;text-indent:36.0pt;line-height:150%\"><span lang=\"RO\" style=\"font-size:12.0pt;line-height:150%;font-family:&quot;Times New Roman&quot;,serif\">Expozi\u021bia de la Buz\u0103u \u00ee\u0219i propune s\u0103 reconstituie o secven\u021b\u0103 relevant\u0103 din via\u021ba de zi cu zi a dacilor, pornind de la o \u00eentrebare simpl\u0103 \u0219i esen\u021bial\u0103: <b>cum preparau dacii p\u00e2inea?<\/b> Mai exact, cum poate fi reconstituit acest proces pe baza vestigiilor \u0219i urmelor documentate de arheologi? R\u0103spunsurile oferite de expozi\u021bie sunt rezultatul unor ani de cercetare desf\u0103\u0219urat\u0103 \u00een biblioteci, muzee \u0219i pe \u0219antierele arheologice, precum \u0219i al colabor\u0103rii dintre speciali\u0219ti din domeniile arheologiei \u0219i etnografiei.<\/span><\/p><br><br><p class=\"MsoNormal\" style=\"margin-bottom:0cm;margin-bottom:0cm;margin-top:0cm;\nmso-margin-bottom-alt:8.0pt;mso-margin-top-alt:0cm;mso-add-space:auto;\ntext-align:justify;text-indent:36.0pt;line-height:150%\"><span lang=\"RO\" style=\"font-size:12.0pt;line-height:150%;font-family:&quot;Times New Roman&quot;,serif\">Vizitatorii vor avea ocazia s\u0103 descopere artefacte dacice provenite din cercet\u0103ri arheologice \u0219i s\u0103 afle informa\u021bii valoroase despre producerea p\u00e2inii \u00een epoca Regatului Dac, \u00eentr-un demers expozi\u021bional care aduce mai aproape de public un aspect esen\u021bial al civiliza\u021biei dacice: via\u021ba cotidian\u0103.<\/span><\/p><br><br><p class=\"MsoNormal\" style=\"margin-bottom:0cm;margin-bottom:0cm;margin-top:0cm;\nmso-margin-bottom-alt:8.0pt;mso-margin-top-alt:0cm;mso-add-space:auto;\ntext-align:justify;text-indent:36.0pt;line-height:150%\"><span lang=\"RO\" style=\"font-size:12.0pt;line-height:150%;font-family:&quot;Times New Roman&quot;,serif\">Expozi\u021bia <b>\u201eMiros de p\u00e2ine cald\u0103. P\u00e2inea \u00een epoca Regatului Dac\u201d<\/b> va fi deschis\u0103 publicului \u00een perioada <b>17 martie \u2013 24 mai 2026<\/b> \u0219i va putea fi vizitat\u0103 <b>de mar\u021bi p\u00e2n\u0103 duminic\u0103<\/b>, \u00eentre orele <b>09:00\u201317:00<\/b>, p\u00e2n\u0103 la data de <b>30 aprilie<\/b>, respectiv \u00eentre <b>10:00\u201318:00<\/b>, \u00een perioada <b>1\u201324 mai 2026<\/b>.<\/span><\/p><br><p class=\"MsoNormal\" style=\"margin-bottom:0cm;margin-bottom:0cm;margin-top:0cm;\nmso-margin-bottom-alt:8.0pt;mso-margin-top-alt:0cm;mso-add-space:auto;\ntext-align:justify;text-indent:36.0pt;line-height:150%\"><span lang=\"RO\" style=\"font-size:12.0pt;line-height:150%;font-family:&quot;Times New Roman&quot;,serif\">Publicul este invitat la vernisajul expozi\u021biei, care va avea loc <b>mar\u021bi, 17 martie 2026, de la ora 14:00<\/b>, la sediul <b>Muzeului de Arheologie, Istorie \u0219i Art\u0103<\/b>, din <b>Aleea Castanilor, nr. 1, Buz\u0103u<\/b>.<\/span><\/p><br><br><p class=\"MsoNormal\" style=\"margin-bottom:0cm;margin-bottom:0cm;margin-top:0cm;\nmso-margin-bottom-alt:8.0pt;mso-margin-top-alt:0cm;mso-add-space:auto;\ntext-align:justify;line-height:150%\"><span lang=\"RO\" style=\"font-size:12.0pt;\nline-height:150%;font-family:&quot;Times New Roman&quot;,serif\">\u00a0<\/span><\/p><p class=\"MsoNormal\" style=\"margin-bottom:0cm;margin-bottom:0cm;\nmargin-top:0cm;mso-margin-bottom-alt:8.0pt;mso-margin-top-alt:0cm;mso-add-space:\nauto;text-align:center;line-height:150%\" align=\"center\"><span lang=\"RO\" style=\"font-size:12.0pt;\nline-height:150%;font-family:&quot;Times New Roman&quot;,serif\">Accesul la vernisaj este gratuit!<\/span><\/p><br><br><p class=\"MsoNormal\" style=\"margin-bottom:0cm;margin-bottom:0cm;\nmargin-top:0cm;mso-margin-bottom-alt:8.0pt;mso-margin-top-alt:0cm;mso-add-space:\nauto;text-align:center;line-height:150%\" align=\"center\"><\/p><p class=\"MsoNormal\" style=\"margin-bottom:0cm;margin-bottom:0cm;\nmargin-top:0cm;mso-margin-bottom-alt:8.0pt;mso-margin-top-alt:0cm;mso-add-space:\nauto;text-align:center;line-height:150%\" align=\"center\"><span lang=\"RO\" style=\"font-size:12.0pt;\nline-height:150%;font-family:&quot;Times New Roman&quot;,serif\">Muzeul Jude\u021bean Buz\u0103u<\/span><\/p><br><p class=\"MsoNormal\" align=\"center\" style=\"margin-bottom:0cm;margin-bottom:0cm;\nmargin-top:0cm;mso-margin-bottom-alt:8.0pt;mso-margin-top-alt:0cm;mso-add-space:\nauto;text-align:center;line-height:150%\"><span lang=\"RO\" style=\"font-size:12.0pt;\nline-height:150%;font-family:&quot;Times New Roman&quot;,serif\">Manager, dr. Daniel Costache<\/span><\/p><br><\/p>\n","protected":false},"featured_media":7621,"template":"","meta":{"site-sidebar-layout":"default","site-content-layout":"","ast-site-content-layout":"","site-content-style":"default","site-sidebar-style":"default","ast-global-header-display":"","ast-banner-title-visibility":"","ast-main-header-display":"","ast-hfb-above-header-display":"","ast-hfb-below-header-display":"","ast-hfb-mobile-header-display":"","site-post-title":"","ast-breadcrumbs-content":"","ast-featured-img":"","footer-sml-layout":"","theme-transparent-header-meta":"","adv-header-id-meta":"","stick-header-meta":"","header-above-stick-meta":"","header-main-stick-meta":"","header-below-stick-meta":"","astra-migrate-meta-layouts":"default","ast-page-background-enabled":"default","ast-page-background-meta":{"desktop":{"background-color":"var(--ast-global-color-4)","background-image":"","background-repeat":"repeat","background-position":"center center","background-size":"auto","background-attachment":"scroll","background-type":"","background-media":"","overlay-type":"","overlay-color":"","overlay-opacity":"","overlay-gradient":""},"tablet":{"background-color":"","background-image":"","background-repeat":"repeat","background-position":"center center","background-size":"auto","background-attachment":"scroll","background-type":"","background-media":"","overlay-type":"","overlay-color":"","overlay-opacity":"","overlay-gradient":""},"mobile":{"background-color":"","background-image":"","background-repeat":"repeat","background-position":"center center","background-size":"auto","background-attachment":"scroll","background-type":"","background-media":"","overlay-type":"","overlay-color":"","overlay-opacity":"","overlay-gradient":""}},"ast-content-background-meta":{"desktop":{"background-color":"var(--ast-global-color-5)","background-image":"","background-repeat":"repeat","background-position":"center center","background-size":"auto","background-attachment":"scroll","background-type":"","background-media":"","overlay-type":"","overlay-color":"","overlay-opacity":"","overlay-gradient":""},"tablet":{"background-color":"var(--ast-global-color-5)","background-image":"","background-repeat":"repeat","background-position":"center center","background-size":"auto","background-attachment":"scroll","background-type":"","background-media":"","overlay-type":"","overlay-color":"","overlay-opacity":"","overlay-gradient":""},"mobile":{"background-color":"var(--ast-global-color-5)","background-image":"","background-repeat":"repeat","background-position":"center center","background-size":"auto","background-attachment":"scroll","background-type":"","background-media":"","overlay-type":"","overlay-color":"","overlay-opacity":"","overlay-gradient":""}}},"class_list":["post-7625","event","type-event","status-publish","has-post-thumbnail","hentry"],"_links":{"self":[{"href":"https:\/\/muzeubuzau.ro\/en\/wp-json\/wp\/v2\/event\/7625"}],"collection":[{"href":"https:\/\/muzeubuzau.ro\/en\/wp-json\/wp\/v2\/event"}],"about":[{"href":"https:\/\/muzeubuzau.ro\/en\/wp-json\/wp\/v2\/types\/event"}],"wp:featuredmedia":[{"embeddable":true,"href":"https:\/\/muzeubuzau.ro\/en\/wp-json\/wp\/v2\/media\/7621"}],"wp:attachment":[{"href":"https:\/\/muzeubuzau.ro\/en\/wp-json\/wp\/v2\/media?parent=7625"}],"curies":[{"name":"wp","href":"https:\/\/api.w.org\/{rel}","templated":true}]}}